{"id":6520,"date":"2021-07-21T10:39:29","date_gmt":"2021-07-21T10:39:29","guid":{"rendered":"https:\/\/ascensoresramase.com\/?page_id=6520"},"modified":"2021-07-30T11:04:53","modified_gmt":"2021-07-30T09:04:53","slug":"elevadors-industrials","status":"publish","type":"page","link":"https:\/\/ascensoresramase.com\/ca\/solucions-daccessibilitat\/elevadors-industrials\/","title":{"rendered":"Sectors d&#8217;activitat"},"content":{"rendered":"<p><div class=\"fusion-fullwidth fullwidth-box fusion-builder-row-1 fusion-flex-container hundred-percent-fullwidth non-hundred-percent-height-scrolling\" style=\"--awb-border-radius-top-left:0px;--awb-border-radius-top-right:0px;--awb-border-radius-bottom-right:0px;--awb-border-radius-bottom-left:0px;--awb-padding-right:8%;--awb-padding-bottom:4%;--awb-padding-left:8%;--awb-padding-right-small:4%;--awb-padding-left-small:4%;--awb-background-color:rgba(255,255,255,0);--awb-flex-wrap:wrap;\" ><div class=\"fusion-builder-row fusion-row fusion-flex-align-items-flex-start fusion-flex-content-wrap\" style=\"width:104% !important;max-width:104% !important;margin-left: calc(-4% \/ 2 );margin-right: calc(-4% \/ 2 );\"><div class=\"fusion-layout-column fusion_builder_column fusion-builder-column-0 fusion_builder_column_1_1 1_1 fusion-flex-column\" style=\"--awb-bg-size:cover;--awb-width-large:100%;--awb-margin-top-large:0px;--awb-spacing-right-large:1.92%;--awb-margin-bottom-large:20px;--awb-spacing-left-large:1.92%;--awb-width-medium:100%;--awb-order-medium:0;--awb-spacing-right-medium:1.92%;--awb-spacing-left-medium:1.92%;--awb-width-small:100%;--awb-order-small:0;--awb-spacing-right-small:1.92%;--awb-spacing-left-small:1.92%;\"><div class=\"fusion-column-wrapper fusion-column-has-shadow fusion-flex-justify-content-flex-start fusion-content-layout-column\"><div class=\"fusion-title title fusion-title-1 fusion-sep-none fusion-title-center fusion-title-text fusion-title-size-two subrayado\" style=\"--awb-margin-bottom:0px;--awb-margin-top-small:10px;--awb-margin-right-small:0px;--awb-margin-bottom-small:10px;--awb-margin-left-small:0px;\"><h2 class=\"fusion-title-heading title-heading-center\" style=\"margin:0;\">ASCENSORS D&#8217;\u00daS PROFESSIONAL<\/h2><\/div><div class=\"fusion-separator\" style=\"align-self: center;margin-left: auto;margin-right: auto;flex-grow:1;margin-top:5px;margin-bottom:35px;width:100%;max-width:200px;\"><div class=\"fusion-separator-border sep-single sep-solid\" style=\"--awb-height:20px;--awb-amount:20px;--awb-sep-color:#af2626;border-color:#af2626;border-top-width:2px;\"><\/div><\/div><\/div><\/div><div class=\"fusion-layout-column fusion_builder_column fusion-builder-column-1 fusion_builder_column_1_5 1_5 fusion-flex-column\" style=\"--awb-padding-right:6%;--awb-padding-left:6%;--awb-padding-right-small:0px;--awb-padding-left-small:0px;--awb-bg-size:cover;--awb-width-large:20%;--awb-margin-top-large:0px;--awb-spacing-right-large:0px;--awb-margin-bottom-large:0px;--awb-spacing-left-large:0px;--awb-width-medium:20%;--awb-order-medium:0;--awb-spacing-right-medium:0px;--awb-spacing-left-medium:0px;--awb-width-small:100%;--awb-order-small:0;--awb-spacing-right-small:1.92%;--awb-spacing-left-small:1.92%;\"><div class=\"fusion-column-wrapper fusion-column-has-shadow fusion-flex-justify-content-flex-start fusion-content-layout-column\"><div class=\"fusion-separator fusion-no-medium-visibility fusion-no-large-visibility fusion-full-width-sep\" style=\"align-self: center;margin-left: auto;margin-right: auto;margin-bottom:20px;width:100%;\"><\/div><div class=\"fusion-title title fusion-title-2 fusion-sep-none fusion-title-center fusion-title-text fusion-title-size-three enlacesecciones\" style=\"--awb-margin-bottom:0px;--awb-margin-top-small:10px;--awb-margin-right-small:0px;--awb-margin-bottom-small:10px;--awb-margin-left-small:0px;--awb-font-size:24px;\"><h3 class=\"fusion-title-heading title-heading-center\" style=\"margin:0;font-size:1em;\"><a href=\"https:\/\/ascensoresramase.com\/ca\/solucions-daccessibilitat\/ascensors-industrials\/\">ASCENSORS INDUSTRIALS<\/a><\/h3><\/div><div class=\"fusion-separator\" style=\"align-self: center;margin-left: auto;margin-right: auto;flex-grow:1;margin-top:5px;margin-bottom:20px;width:100%;max-width:200px;\"><div class=\"fusion-separator-border sep-single sep-solid\" style=\"--awb-height:20px;--awb-amount:20px;--awb-sep-color:#af2626;border-color:#af2626;border-top-width:2px;\"><\/div><\/div><div class=\"fusion-text fusion-text-1\" style=\"--awb-content-alignment:justify;\"><p><strong>D&#8217;alta resist\u00e8ncia i fiabilitat<\/strong>, es construeixen amb la capacitat, dimensi\u00f3 i rangs de c\u00e0rrega que precisa cada empresa.<\/p>\n<\/div><div style=\"text-align:center;\"><a class=\"fusion-button button-flat button-medium button-default fusion-button-default button-1 fusion-button-default-span fusion-button-default-type\" target=\"_self\" href=\"\/ca\/solucions-daccessibilitat\/ascensors-industrials\/\"><span class=\"fusion-button-text awb-button__text awb-button__text--default\">Saber m\u00e9s<\/span><\/a><\/div><div class=\"fusion-separator fusion-no-medium-visibility fusion-no-large-visibility fusion-full-width-sep\" style=\"align-self: center;margin-left: auto;margin-right: auto;margin-bottom:20px;width:100%;\"><\/div><\/div><\/div><div class=\"fusion-layout-column fusion_builder_column fusion-builder-column-2 fusion_builder_column_1_5 1_5 fusion-flex-column\" style=\"--awb-padding-right:6%;--awb-padding-left:6%;--awb-padding-right-small:0px;--awb-padding-left-small:0px;--awb-bg-size:cover;--awb-width-large:20%;--awb-margin-top-large:0px;--awb-spacing-right-large:0px;--awb-margin-bottom-large:0px;--awb-spacing-left-large:0px;--awb-width-medium:20%;--awb-order-medium:0;--awb-spacing-right-medium:0px;--awb-spacing-left-medium:0px;--awb-width-small:100%;--awb-order-small:0;--awb-spacing-right-small:1.92%;--awb-spacing-left-small:1.92%;\"><div class=\"fusion-column-wrapper fusion-column-has-shadow fusion-flex-justify-content-flex-start fusion-content-layout-column\"><div class=\"fusion-title title fusion-title-3 fusion-sep-none fusion-title-center fusion-title-text fusion-title-size-three enlacesecciones\" style=\"--awb-margin-bottom:0px;--awb-margin-top-small:10px;--awb-margin-right-small:0px;--awb-margin-bottom-small:10px;--awb-margin-left-small:0px;--awb-font-size:24px;\"><h3 class=\"fusion-title-heading title-heading-center\" style=\"margin:0;font-size:1em;\"><a href=\"https:\/\/ascensoresramase.com\/ca\/solucions-daccessibilitat\/ascensors-de-publica-concurrencia\/\">ESPAIS DE P\u00daBLICA CONCURR\u00c8NCIA<\/a><\/h3><\/div><div class=\"fusion-separator\" style=\"align-self: center;margin-left: auto;margin-right: auto;flex-grow:1;margin-top:5px;margin-bottom:20px;width:100%;max-width:200px;\"><div class=\"fusion-separator-border sep-single sep-solid\" style=\"--awb-height:20px;--awb-amount:20px;--awb-sep-color:#af2626;border-color:#af2626;border-top-width:2px;\"><\/div><\/div><div class=\"fusion-text fusion-text-2\" style=\"--awb-content-alignment:justify;\"><p>En edificis p\u00fablics i d&#8217;oficines es fa un \u00fas intensiu i concentrat de l&#8217;ascensor, pel que es precisa una velocitat \u00f2ptima.<\/p>\n<\/div><div style=\"text-align:center;\"><a class=\"fusion-button button-flat button-medium button-default fusion-button-default button-2 fusion-button-default-span fusion-button-default-type\" target=\"_self\" href=\"\/ca\/solucions-daccessibilitat\/ascensors-de-publica-concurrencia\/\"><span class=\"fusion-button-text awb-button__text awb-button__text--default\">Saber m\u00e9s<\/span><\/a><\/div><div class=\"fusion-separator fusion-no-medium-visibility fusion-no-large-visibility fusion-full-width-sep\" style=\"align-self: center;margin-left: auto;margin-right: auto;margin-bottom:20px;width:100%;\"><\/div><\/div><\/div><div class=\"fusion-layout-column fusion_builder_column fusion-builder-column-3 fusion_builder_column_1_5 1_5 fusion-flex-column\" style=\"--awb-padding-right:6%;--awb-padding-left:6%;--awb-padding-right-small:0px;--awb-padding-left-small:0px;--awb-bg-size:cover;--awb-width-large:20%;--awb-margin-top-large:0px;--awb-spacing-right-large:0px;--awb-margin-bottom-large:0px;--awb-spacing-left-large:0px;--awb-width-medium:20%;--awb-order-medium:0;--awb-spacing-right-medium:0px;--awb-spacing-left-medium:0px;--awb-width-small:100%;--awb-order-small:0;--awb-spacing-right-small:1.92%;--awb-spacing-left-small:1.92%;\"><div class=\"fusion-column-wrapper fusion-column-has-shadow fusion-flex-justify-content-flex-start fusion-content-layout-column\"><div class=\"fusion-title title fusion-title-4 fusion-sep-none fusion-title-center fusion-title-text fusion-title-size-three enlacesecciones\" style=\"--awb-margin-bottom:0px;--awb-margin-top-small:10px;--awb-margin-right-small:0px;--awb-margin-bottom-small:10px;--awb-margin-left-small:0px;--awb-font-size:24px;\"><h3 class=\"fusion-title-heading title-heading-center\" style=\"margin:0;font-size:1em;\"><a href=\"https:\/\/ascensoresramase.com\/ca\/solucions-daccessibilitat\/ascensors-panoramics-envidrats\/\">ELEVADORS PANOR\u00c0MICS<\/a><\/h3><\/div><div class=\"fusion-separator\" style=\"align-self: center;margin-left: auto;margin-right: auto;flex-grow:1;margin-top:5px;margin-bottom:20px;width:100%;max-width:200px;\"><div class=\"fusion-separator-border sep-single sep-solid\" style=\"--awb-height:20px;--awb-amount:20px;--awb-sep-color:#af2626;border-color:#af2626;border-top-width:2px;\"><\/div><\/div><div class=\"fusion-text fusion-text-3\" style=\"--awb-content-alignment:justify;\"><p>Els ascensors envidrats transparents s&#8217;integren amb l&#8217;arquitectura i no resten espai visualment.<\/p>\n<\/div><div style=\"text-align:center;\"><a class=\"fusion-button button-flat button-medium button-default fusion-button-default button-3 fusion-button-default-span fusion-button-default-type\" target=\"_self\" href=\"\/ca\/solucions-daccessibilitat\/ascensors-panoramics-envidrats\/\"><span class=\"fusion-button-text awb-button__text awb-button__text--default\">Saber m\u00e9s<\/span><\/a><\/div><div class=\"fusion-separator fusion-no-medium-visibility fusion-no-large-visibility fusion-full-width-sep\" style=\"align-self: center;margin-left: auto;margin-right: auto;margin-bottom:20px;width:100%;\"><\/div><\/div><\/div><div class=\"fusion-layout-column fusion_builder_column fusion-builder-column-4 fusion_builder_column_1_5 1_5 fusion-flex-column\" style=\"--awb-padding-right:6%;--awb-padding-left:6%;--awb-padding-right-small:0px;--awb-padding-left-small:0px;--awb-bg-size:cover;--awb-width-large:20%;--awb-margin-top-large:0px;--awb-spacing-right-large:0px;--awb-margin-bottom-large:0px;--awb-spacing-left-large:0px;--awb-width-medium:20%;--awb-order-medium:0;--awb-spacing-right-medium:0px;--awb-spacing-left-medium:0px;--awb-width-small:100%;--awb-order-small:0;--awb-spacing-right-small:1.92%;--awb-spacing-left-small:1.92%;\"><div class=\"fusion-column-wrapper fusion-column-has-shadow fusion-flex-justify-content-flex-start fusion-content-layout-column\"><div class=\"fusion-title title fusion-title-5 fusion-sep-none fusion-title-center fusion-title-text fusion-title-size-three enlacesecciones\" style=\"--awb-margin-bottom:0px;--awb-margin-top-small:10px;--awb-margin-right-small:0px;--awb-margin-bottom-small:10px;--awb-margin-left-small:0px;--awb-font-size:24px;\"><h3 class=\"fusion-title-heading title-heading-center\" style=\"margin:0;font-size:1em;\"><a href=\"https:\/\/ascensoresramase.com\/ca\/solucions-daccessibilitat\/muntalliteres-i-muntallits\/\">SECTOR SANITARI<\/a><\/h3><\/div><div class=\"fusion-separator\" style=\"align-self: center;margin-left: auto;margin-right: auto;flex-grow:1;margin-top:5px;margin-bottom:20px;width:100%;max-width:200px;\"><div class=\"fusion-separator-border sep-single sep-solid\" style=\"--awb-height:20px;--awb-amount:20px;--awb-sep-color:#af2626;border-color:#af2626;border-top-width:2px;\"><\/div><\/div><div class=\"fusion-text fusion-text-4\" style=\"--awb-content-alignment:justify;\"><p>Els muntallits i muntalliteres del sector sanitari tenen unes dimensions especials i un moviment m\u00e9s suau.<\/p>\n<\/div><div style=\"text-align:center;\"><a class=\"fusion-button button-flat button-medium button-default fusion-button-default button-4 fusion-button-default-span fusion-button-default-type\" target=\"_self\" href=\"\/ca\/solucions-daccessibilitat\/muntalliteres-i-muntallits\/\"><span class=\"fusion-button-text awb-button__text awb-button__text--default\">Saber m\u00e9s<\/span><\/a><\/div><div class=\"fusion-separator fusion-no-medium-visibility fusion-no-large-visibility fusion-full-width-sep\" style=\"align-self: center;margin-left: auto;margin-right: auto;margin-bottom:20px;width:100%;\"><\/div><\/div><\/div><div class=\"fusion-layout-column fusion_builder_column fusion-builder-column-5 fusion_builder_column_1_5 1_5 fusion-flex-column fusion-flex-align-self-flex-end\" style=\"--awb-padding-right:6%;--awb-padding-left:6%;--awb-padding-right-small:0px;--awb-padding-left-small:0px;--awb-bg-size:cover;--awb-width-large:20%;--awb-margin-top-large:0px;--awb-spacing-right-large:0px;--awb-margin-bottom-large:0px;--awb-spacing-left-large:0px;--awb-width-medium:20%;--awb-order-medium:0;--awb-spacing-right-medium:0px;--awb-spacing-left-medium:0px;--awb-width-small:100%;--awb-order-small:0;--awb-spacing-right-small:1.92%;--awb-spacing-left-small:1.92%;\"><div class=\"fusion-column-wrapper fusion-column-has-shadow fusion-flex-justify-content-flex-start fusion-content-layout-column\"><div class=\"fusion-title title fusion-title-6 fusion-sep-none fusion-title-center fusion-title-text fusion-title-size-three enlacesecciones\" style=\"--awb-margin-bottom:0px;--awb-margin-top-small:10px;--awb-margin-right-small:0px;--awb-margin-bottom-small:10px;--awb-margin-left-small:0px;--awb-font-size:24px;\"><h3 class=\"fusion-title-heading title-heading-center\" style=\"margin:0;font-size:1em;\"><a href=\"https:\/\/ascensoresramase.com\/ca\/solucions-daccessibilitat\/muntacotxes\/\">PLATAF-CAR (MUNTACOTXES)<\/a><\/h3><\/div><div class=\"fusion-separator\" style=\"align-self: center;margin-left: auto;margin-right: auto;flex-grow:1;margin-top:5px;margin-bottom:20px;width:100%;max-width:200px;\"><div class=\"fusion-separator-border sep-single sep-solid\" style=\"--awb-height:20px;--awb-amount:20px;--awb-sep-color:#af2626;border-color:#af2626;border-top-width:2px;\"><\/div><\/div><div class=\"fusion-text fusion-text-5\" style=\"--awb-content-alignment:justify;\"><p>Optimitzen l&#8217;espai, pel que s\u00f3n ideals per a garatges, p\u00e0rquings i tallers que no poden construir rampa d&#8217;acc\u00e9s.<\/p>\n<\/div><div style=\"text-align:center;\"><a class=\"fusion-button button-flat button-medium button-default fusion-button-default button-5 fusion-button-default-span fusion-button-default-type\" target=\"_self\" href=\"\/ca\/solucions-daccessibilitat\/muntacotxes\/\"><span class=\"fusion-button-text awb-button__text awb-button__text--default\">Saber m\u00e9s<\/span><\/a><\/div><\/div><\/div><\/div><\/div><div class=\"fusion-fullwidth fullwidth-box fusion-builder-row-2 fusion-flex-container nonhundred-percent-fullwidth non-hundred-percent-height-scrolling\" style=\"--awb-border-radius-top-left:0px;--awb-border-radius-top-right:0px;--awb-border-radius-bottom-right:0px;--awb-border-radius-bottom-left:0px;--awb-padding-top:0px;--awb-padding-bottom:3%;--awb-flex-wrap:wrap;\" ><div class=\"fusion-builder-row fusion-row fusion-flex-align-items-flex-start fusion-flex-content-wrap\" style=\"max-width:1248px;margin-left: calc(-4% \/ 2 );margin-right: calc(-4% \/ 2 );\"><div class=\"fusion-layout-column fusion_builder_column fusion-builder-column-6 fusion_builder_column_1_5 1_5 fusion-flex-column\" style=\"--awb-bg-size:cover;--awb-width-large:20%;--awb-margin-top-large:0px;--awb-spacing-right-large:9.6%;--awb-margin-bottom-large:20px;--awb-spacing-left-large:9.6%;--awb-width-medium:20%;--awb-order-medium:0;--awb-spacing-right-medium:9.6%;--awb-spacing-left-medium:9.6%;--awb-width-small:100%;--awb-order-small:0;--awb-spacing-right-small:1.92%;--awb-spacing-left-small:1.92%;\"><div class=\"fusion-column-wrapper fusion-column-has-shadow fusion-flex-justify-content-flex-start fusion-content-layout-column\"><\/div><\/div><div class=\"fusion-layout-column fusion_builder_column fusion-builder-column-7 fusion_builder_column_3_5 3_5 fusion-flex-column\" style=\"--awb-bg-size:cover;--awb-width-large:60%;--awb-margin-top-large:0px;--awb-spacing-right-large:3.2%;--awb-margin-bottom-large:20px;--awb-spacing-left-large:3.2%;--awb-width-medium:60%;--awb-order-medium:0;--awb-spacing-right-medium:3.2%;--awb-spacing-left-medium:3.2%;--awb-width-small:100%;--awb-order-small:0;--awb-spacing-right-small:1.92%;--awb-spacing-left-small:1.92%;\"><div class=\"fusion-column-wrapper fusion-column-has-shadow fusion-flex-justify-content-flex-start fusion-content-layout-column\"><div class=\"fusion-text fusion-text-6 destacado\" style=\"--awb-content-alignment:justify;\"><p style=\"text-align: center;\">Si vols informaci\u00f3 sobre transport vertical de mercaderia (no de persones) consulta tamb\u00e9 la secci\u00f3 de <a href=\"\/ca\/solucions-daccessibilitat\/muntacarregues\/\">Muntac\u00e0rregues<\/a>.<\/p>\n<\/div><\/div><\/div><div class=\"fusion-layout-column fusion_builder_column fusion-builder-column-8 fusion_builder_column_1_5 1_5 fusion-flex-column\" style=\"--awb-bg-size:cover;--awb-width-large:20%;--awb-margin-top-large:0px;--awb-spacing-right-large:9.6%;--awb-margin-bottom-large:20px;--awb-spacing-left-large:9.6%;--awb-width-medium:20%;--awb-order-medium:0;--awb-spacing-right-medium:9.6%;--awb-spacing-left-medium:9.6%;--awb-width-small:100%;--awb-order-small:0;--awb-spacing-right-small:1.92%;--awb-spacing-left-small:1.92%;\"><div class=\"fusion-column-wrapper fusion-column-has-shadow fusion-flex-justify-content-flex-start fusion-content-layout-column\"><\/div><\/div><\/div><\/div><div class=\"fusion-fullwidth fullwidth-box fusion-builder-row-3 fusion-flex-container fusion-parallax-none hundred-percent-fullwidth non-hundred-percent-height-scrolling fondomov\" style=\"--awb-border-color:#ffffff;--awb-border-radius-top-left:0px;--awb-border-radius-top-right:0px;--awb-border-radius-bottom-right:0px;--awb-border-radius-bottom-left:0px;--awb-padding-top:8%;--awb-padding-bottom:8%;--awb-padding-right-medium:40px;--awb-padding-right-small:1%;--awb-padding-left-small:1%;--awb-margin-top:0px;--awb-margin-bottom:0px;--awb-margin-top-small:45px;--awb-background-image:linear-gradient(0deg, rgba(0,0,0,0.35) 37%,rgba(0,0,0,0.38) 61%),url(https:\/\/ascensoresramase.com\/wp-content\/uploads\/cta-ascensoresramase.jpg);;--awb-background-size:cover;--awb-flex-wrap:wrap;\" ><div class=\"fusion-builder-row fusion-row fusion-flex-align-items-flex-start fusion-flex-content-wrap\" style=\"width:calc( 100% + 0px ) !important;max-width:calc( 100% + 0px ) !important;margin-left: calc(-0px \/ 2 );margin-right: calc(-0px \/ 2 );\"><div class=\"fusion-layout-column fusion_builder_column fusion-builder-column-9 fusion_builder_column_1_6 1_6 fusion-flex-column\" style=\"--awb-bg-size:cover;--awb-width-large:16.666666666667%;--awb-margin-top-large:0px;--awb-spacing-right-large:0px;--awb-margin-bottom-large:0px;--awb-spacing-left-large:0px;--awb-width-medium:16.666666666667%;--awb-order-medium:0;--awb-spacing-right-medium:0px;--awb-spacing-left-medium:0px;--awb-width-small:100%;--awb-order-small:0;--awb-spacing-right-small:0px;--awb-spacing-left-small:0px;\"><div class=\"fusion-column-wrapper fusion-column-has-shadow fusion-flex-justify-content-flex-start fusion-content-layout-column\"><\/div><\/div><div class=\"fusion-layout-column fusion_builder_column fusion-builder-column-10 fusion_builder_column_2_3 2_3 fusion-flex-column fusion-flex-align-self-center fusion-animated\" style=\"--awb-padding-bottom-small:0px;--awb-bg-size:cover;--awb-width-large:66.666666666667%;--awb-margin-top-large:0px;--awb-spacing-right-large:0px;--awb-margin-bottom-large:0px;--awb-spacing-left-large:0px;--awb-width-medium:66.666666666667%;--awb-order-medium:0;--awb-spacing-right-medium:0px;--awb-spacing-left-medium:0px;--awb-width-small:100%;--awb-order-small:0;--awb-spacing-right-small:0px;--awb-spacing-left-small:0px;\" data-animationType=\"fadeInLeft\" data-animationDuration=\"1.0\" data-animationOffset=\"top-into-view\"><div class=\"fusion-column-wrapper fusion-column-has-shadow fusion-flex-justify-content-center fusion-content-layout-column\"><div class=\"fusion-title title fusion-title-7 fusion-sep-none fusion-title-center fusion-title-text fusion-title-size-two subrayado\" style=\"--awb-text-color:#ffffff;--awb-margin-top-small:10px;--awb-margin-right-small:0px;--awb-margin-bottom-small:10px;--awb-margin-left-small:0px;\"><h2 class=\"fusion-title-heading title-heading-center\" style=\"margin:0;\">CONSULTA&#8217;NS EL TEU CAS<\/h2><\/div><div class=\"fusion-title title fusion-title-8 fusion-sep-none fusion-title-center fusion-title-text fusion-title-size-div subtitulomov\" style=\"--awb-text-color:#ffffff;--awb-margin-top:0px;--awb-margin-top-small:10px;--awb-margin-right-small:0px;--awb-margin-bottom-small:10px;--awb-margin-left-small:0px;--awb-font-size:40px;\"><div class=\"fusion-title-heading title-heading-center title-heading-tag\" style=\"font-family:&quot;Yanone Kaffeesatz&quot;;font-style:normal;font-weight:400;margin:0;font-size:1em;line-height:1.2em;\">T&#8217;informem sobre les teves opcions disponibles en elevadors industrials.<br \/>\nPreu ajustat a les teves necessitats reals.<\/div><\/div><div style=\"text-align:center;\"><a class=\"fusion-button button-flat button-large button-default fusion-button-default button-6 fusion-button-default-span fusion-button-default-type\" target=\"_self\" href=\"\/ca\/pressupost-ascensor-elevador\/\"><span class=\"fusion-button-text awb-button__text awb-button__text--default\">Contacta amb nosaltres<\/span><\/a><\/div><\/div><\/div><div class=\"fusion-layout-column fusion_builder_column fusion-builder-column-11 fusion_builder_column_1_6 1_6 fusion-flex-column\" style=\"--awb-bg-size:cover;--awb-width-large:16.666666666667%;--awb-margin-top-large:0px;--awb-spacing-right-large:0px;--awb-margin-bottom-large:20px;--awb-spacing-left-large:0px;--awb-width-medium:16.666666666667%;--awb-order-medium:0;--awb-spacing-right-medium:0px;--awb-spacing-left-medium:0px;--awb-width-small:100%;--awb-order-small:0;--awb-spacing-right-small:0px;--awb-spacing-left-small:0px;\"><div class=\"fusion-column-wrapper fusion-column-has-shadow fusion-flex-justify-content-flex-start fusion-content-layout-column\"><\/div><\/div><\/div><\/div><\/p>\n","protected":false},"excerpt":{"rendered":"","protected":false},"author":1,"featured_media":5920,"parent":6189,"menu_order":0,"comment_status":"closed","ping_status":"closed","template":"100-width.php","meta":{"footnotes":""},"class_list":["post-6520","page","type-page","status-publish","has-post-thumbnail","hentry"],"yoast_head":"<!-- This site is optimized with the Yoast SEO plugin v27.4 - https:\/\/yoast.com\/product\/yoast-seo-wordpress\/ -->\n<title>Elevadors industrials i ascensors d&#039;\u00fas professional - Ascensors Ramase<\/title>\n<meta name=\"description\" content=\"A Ascensors Ramase comptem amb ascensors d&#039;\u00fas professional i elevadors industrials per les empreses.\" \/>\n<meta name=\"robots\" content=\"index, follow, max-snippet:-1, max-image-preview:large, max-video-preview:-1\" \/>\n<link rel=\"canonical\" href=\"https:\/\/ascensoresramase.com\/ca\/solucions-daccessibilitat\/elevadors-industrials\/\" \/>\n<meta property=\"og:locale\" content=\"ca_ES\" \/>\n<meta property=\"og:type\" content=\"article\" \/>\n<meta property=\"og:title\" content=\"Elevadors industrials i ascensors d&#039;\u00fas professional - Ascensors Ramase\" \/>\n<meta property=\"og:description\" content=\"A Ascensors Ramase comptem amb ascensors d&#039;\u00fas professional i elevadors industrials per les empreses.\" \/>\n<meta property=\"og:url\" content=\"https:\/\/ascensoresramase.com\/ca\/solucions-daccessibilitat\/elevadors-industrials\/\" \/>\n<meta property=\"og:site_name\" content=\"Empresa mantenimiento ascensores Barcelona - Ascensores Ramase\" \/>\n<meta property=\"article:modified_time\" content=\"2021-07-30T09:04:53+00:00\" \/>\n<meta property=\"og:image\" content=\"https:\/\/ascensoresramase.com\/wp-content\/uploads\/cabecera-sectores-actividad.jpg\" \/>\n\t<meta property=\"og:image:width\" content=\"1920\" \/>\n\t<meta property=\"og:image:height\" content=\"370\" \/>\n\t<meta property=\"og:image:type\" content=\"image\/jpeg\" \/>\n<meta name=\"twitter:card\" content=\"summary_large_image\" \/>\n<meta name=\"twitter:label1\" content=\"Temps estimat de lectura\" \/>\n\t<meta name=\"twitter:data1\" content=\"33 minuts\" \/>\n<script type=\"application\/ld+json\" class=\"yoast-schema-graph\">{\"@context\":\"https:\\\/\\\/schema.org\",\"@graph\":[{\"@type\":\"WebPage\",\"@id\":\"https:\\\/\\\/ascensoresramase.com\\\/ca\\\/solucions-daccessibilitat\\\/elevadors-industrials\\\/\",\"url\":\"https:\\\/\\\/ascensoresramase.com\\\/ca\\\/solucions-daccessibilitat\\\/elevadors-industrials\\\/\",\"name\":\"Elevadors industrials i ascensors d'\u00fas professional - Ascensors Ramase\",\"isPartOf\":{\"@id\":\"https:\\\/\\\/ascensoresramase.com\\\/ca\\\/#website\"},\"primaryImageOfPage\":{\"@id\":\"https:\\\/\\\/ascensoresramase.com\\\/ca\\\/solucions-daccessibilitat\\\/elevadors-industrials\\\/#primaryimage\"},\"image\":{\"@id\":\"https:\\\/\\\/ascensoresramase.com\\\/ca\\\/solucions-daccessibilitat\\\/elevadors-industrials\\\/#primaryimage\"},\"thumbnailUrl\":\"https:\\\/\\\/ascensoresramase.com\\\/wp-content\\\/uploads\\\/cabecera-sectores-actividad.jpg\",\"datePublished\":\"2021-07-21T10:39:29+00:00\",\"dateModified\":\"2021-07-30T09:04:53+00:00\",\"description\":\"A Ascensors Ramase comptem amb ascensors d'\u00fas professional i elevadors industrials per les empreses.\",\"breadcrumb\":{\"@id\":\"https:\\\/\\\/ascensoresramase.com\\\/ca\\\/solucions-daccessibilitat\\\/elevadors-industrials\\\/#breadcrumb\"},\"inLanguage\":\"ca\",\"potentialAction\":[{\"@type\":\"ReadAction\",\"target\":[\"https:\\\/\\\/ascensoresramase.com\\\/ca\\\/solucions-daccessibilitat\\\/elevadors-industrials\\\/\"]}]},{\"@type\":\"ImageObject\",\"inLanguage\":\"ca\",\"@id\":\"https:\\\/\\\/ascensoresramase.com\\\/ca\\\/solucions-daccessibilitat\\\/elevadors-industrials\\\/#primaryimage\",\"url\":\"https:\\\/\\\/ascensoresramase.com\\\/wp-content\\\/uploads\\\/cabecera-sectores-actividad.jpg\",\"contentUrl\":\"https:\\\/\\\/ascensoresramase.com\\\/wp-content\\\/uploads\\\/cabecera-sectores-actividad.jpg\",\"width\":1920,\"height\":370,\"caption\":\"Elevadores industriales y ascensores de uso profesional - Ascensores Ramase\"},{\"@type\":\"BreadcrumbList\",\"@id\":\"https:\\\/\\\/ascensoresramase.com\\\/ca\\\/solucions-daccessibilitat\\\/elevadors-industrials\\\/#breadcrumb\",\"itemListElement\":[{\"@type\":\"ListItem\",\"position\":1,\"name\":\"Inicio\",\"item\":\"https:\\\/\\\/ascensoresramase.com\\\/ca\\\/\"},{\"@type\":\"ListItem\",\"position\":2,\"name\":\"Solucions d&#8217;accessibilitat\",\"item\":\"https:\\\/\\\/ascensoresramase.com\\\/ca\\\/solucions-daccessibilitat\\\/\"},{\"@type\":\"ListItem\",\"position\":3,\"name\":\"Sectors d&#8217;activitat\"}]},{\"@type\":\"WebSite\",\"@id\":\"https:\\\/\\\/ascensoresramase.com\\\/ca\\\/#website\",\"url\":\"https:\\\/\\\/ascensoresramase.com\\\/ca\\\/\",\"name\":\"Empresa mantenimiento ascensores Barcelona - Ascensores Ramase\",\"description\":\"\",\"publisher\":{\"@id\":\"https:\\\/\\\/ascensoresramase.com\\\/ca\\\/#organization\"},\"potentialAction\":[{\"@type\":\"SearchAction\",\"target\":{\"@type\":\"EntryPoint\",\"urlTemplate\":\"https:\\\/\\\/ascensoresramase.com\\\/ca\\\/?s={search_term_string}\"},\"query-input\":{\"@type\":\"PropertyValueSpecification\",\"valueRequired\":true,\"valueName\":\"search_term_string\"}}],\"inLanguage\":\"ca\"},{\"@type\":\"Organization\",\"@id\":\"https:\\\/\\\/ascensoresramase.com\\\/ca\\\/#organization\",\"name\":\"RAMASE, S.A\",\"url\":\"https:\\\/\\\/ascensoresramase.com\\\/ca\\\/\",\"logo\":{\"@type\":\"ImageObject\",\"inLanguage\":\"ca\",\"@id\":\"https:\\\/\\\/ascensoresramase.com\\\/ca\\\/#\\\/schema\\\/logo\\\/image\\\/\",\"url\":\"https:\\\/\\\/ascensoresramase.com\\\/wp-content\\\/uploads\\\/LOGO_ramase-web-1.png\",\"contentUrl\":\"https:\\\/\\\/ascensoresramase.com\\\/wp-content\\\/uploads\\\/LOGO_ramase-web-1.png\",\"width\":234,\"height\":150,\"caption\":\"RAMASE, S.A\"},\"image\":{\"@id\":\"https:\\\/\\\/ascensoresramase.com\\\/ca\\\/#\\\/schema\\\/logo\\\/image\\\/\"}}]}<\/script>\n<!-- \/ Yoast SEO plugin. -->","yoast_head_json":{"title":"Elevadors industrials i ascensors d'\u00fas professional - Ascensors Ramase","description":"A Ascensors Ramase comptem amb ascensors d'\u00fas professional i elevadors industrials per les empreses.","robots":{"index":"index","follow":"follow","max-snippet":"max-snippet:-1","max-image-preview":"max-image-preview:large","max-video-preview":"max-video-preview:-1"},"canonical":"https:\/\/ascensoresramase.com\/ca\/solucions-daccessibilitat\/elevadors-industrials\/","og_locale":"ca_ES","og_type":"article","og_title":"Elevadors industrials i ascensors d'\u00fas professional - Ascensors Ramase","og_description":"A Ascensors Ramase comptem amb ascensors d'\u00fas professional i elevadors industrials per les empreses.","og_url":"https:\/\/ascensoresramase.com\/ca\/solucions-daccessibilitat\/elevadors-industrials\/","og_site_name":"Empresa mantenimiento ascensores Barcelona - Ascensores Ramase","article_modified_time":"2021-07-30T09:04:53+00:00","og_image":[{"width":1920,"height":370,"url":"https:\/\/ascensoresramase.com\/wp-content\/uploads\/cabecera-sectores-actividad.jpg","type":"image\/jpeg"}],"twitter_card":"summary_large_image","twitter_misc":{"Temps estimat de lectura":"33 minuts"},"schema":{"@context":"https:\/\/schema.org","@graph":[{"@type":"WebPage","@id":"https:\/\/ascensoresramase.com\/ca\/solucions-daccessibilitat\/elevadors-industrials\/","url":"https:\/\/ascensoresramase.com\/ca\/solucions-daccessibilitat\/elevadors-industrials\/","name":"Elevadors industrials i ascensors d'\u00fas professional - Ascensors Ramase","isPartOf":{"@id":"https:\/\/ascensoresramase.com\/ca\/#website"},"primaryImageOfPage":{"@id":"https:\/\/ascensoresramase.com\/ca\/solucions-daccessibilitat\/elevadors-industrials\/#primaryimage"},"image":{"@id":"https:\/\/ascensoresramase.com\/ca\/solucions-daccessibilitat\/elevadors-industrials\/#primaryimage"},"thumbnailUrl":"https:\/\/ascensoresramase.com\/wp-content\/uploads\/cabecera-sectores-actividad.jpg","datePublished":"2021-07-21T10:39:29+00:00","dateModified":"2021-07-30T09:04:53+00:00","description":"A Ascensors Ramase comptem amb ascensors d'\u00fas professional i elevadors industrials per les empreses.","breadcrumb":{"@id":"https:\/\/ascensoresramase.com\/ca\/solucions-daccessibilitat\/elevadors-industrials\/#breadcrumb"},"inLanguage":"ca","potentialAction":[{"@type":"ReadAction","target":["https:\/\/ascensoresramase.com\/ca\/solucions-daccessibilitat\/elevadors-industrials\/"]}]},{"@type":"ImageObject","inLanguage":"ca","@id":"https:\/\/ascensoresramase.com\/ca\/solucions-daccessibilitat\/elevadors-industrials\/#primaryimage","url":"https:\/\/ascensoresramase.com\/wp-content\/uploads\/cabecera-sectores-actividad.jpg","contentUrl":"https:\/\/ascensoresramase.com\/wp-content\/uploads\/cabecera-sectores-actividad.jpg","width":1920,"height":370,"caption":"Elevadores industriales y ascensores de uso profesional - Ascensores Ramase"},{"@type":"BreadcrumbList","@id":"https:\/\/ascensoresramase.com\/ca\/solucions-daccessibilitat\/elevadors-industrials\/#breadcrumb","itemListElement":[{"@type":"ListItem","position":1,"name":"Inicio","item":"https:\/\/ascensoresramase.com\/ca\/"},{"@type":"ListItem","position":2,"name":"Solucions d&#8217;accessibilitat","item":"https:\/\/ascensoresramase.com\/ca\/solucions-daccessibilitat\/"},{"@type":"ListItem","position":3,"name":"Sectors d&#8217;activitat"}]},{"@type":"WebSite","@id":"https:\/\/ascensoresramase.com\/ca\/#website","url":"https:\/\/ascensoresramase.com\/ca\/","name":"Empresa mantenimiento ascensores Barcelona - Ascensores Ramase","description":"","publisher":{"@id":"https:\/\/ascensoresramase.com\/ca\/#organization"},"potentialAction":[{"@type":"SearchAction","target":{"@type":"EntryPoint","urlTemplate":"https:\/\/ascensoresramase.com\/ca\/?s={search_term_string}"},"query-input":{"@type":"PropertyValueSpecification","valueRequired":true,"valueName":"search_term_string"}}],"inLanguage":"ca"},{"@type":"Organization","@id":"https:\/\/ascensoresramase.com\/ca\/#organization","name":"RAMASE, S.A","url":"https:\/\/ascensoresramase.com\/ca\/","logo":{"@type":"ImageObject","inLanguage":"ca","@id":"https:\/\/ascensoresramase.com\/ca\/#\/schema\/logo\/image\/","url":"https:\/\/ascensoresramase.com\/wp-content\/uploads\/LOGO_ramase-web-1.png","contentUrl":"https:\/\/ascensoresramase.com\/wp-content\/uploads\/LOGO_ramase-web-1.png","width":234,"height":150,"caption":"RAMASE, S.A"},"image":{"@id":"https:\/\/ascensoresramase.com\/ca\/#\/schema\/logo\/image\/"}}]}},"_links":{"self":[{"href":"https:\/\/ascensoresramase.com\/ca\/wp-json\/wp\/v2\/pages\/6520","targetHints":{"allow":["GET"]}}],"collection":[{"href":"https:\/\/ascensoresramase.com\/ca\/wp-json\/wp\/v2\/pages"}],"about":[{"href":"https:\/\/ascensoresramase.com\/ca\/wp-json\/wp\/v2\/types\/page"}],"author":[{"embeddable":true,"href":"https:\/\/ascensoresramase.com\/ca\/wp-json\/wp\/v2\/users\/1"}],"replies":[{"embeddable":true,"href":"https:\/\/ascensoresramase.com\/ca\/wp-json\/wp\/v2\/comments?post=6520"}],"version-history":[{"count":0,"href":"https:\/\/ascensoresramase.com\/ca\/wp-json\/wp\/v2\/pages\/6520\/revisions"}],"up":[{"embeddable":true,"href":"https:\/\/ascensoresramase.com\/ca\/wp-json\/wp\/v2\/pages\/6189"}],"wp:featuredmedia":[{"embeddable":true,"href":"https:\/\/ascensoresramase.com\/ca\/wp-json\/wp\/v2\/media\/5920"}],"wp:attachment":[{"href":"https:\/\/ascensoresramase.com\/ca\/wp-json\/wp\/v2\/media?parent=6520"}],"curies":[{"name":"wp","href":"https:\/\/api.w.org\/{rel}","templated":true}]}}