{"id":7438,"date":"2016-05-18T09:37:15","date_gmt":"2016-05-18T07:37:15","guid":{"rendered":"https:\/\/ascensoresramase.com\/?post_type=avada_portfolio&#038;p=7438"},"modified":"2026-04-27T15:11:50","modified_gmt":"2026-04-27T13:11:50","slug":"ascensor-sense-sala-de-maquines-sant-boi","status":"publish","type":"avada_portfolio","link":"https:\/\/ascensoresramase.com\/ca\/treballs-realitzats\/ascensor-sense-sala-de-maquines-sant-boi\/","title":{"rendered":"Ascensor electromec\u00e0nic pel forat de l&#8217;escala \u2013 Sant Boi"},"content":{"rendered":"<p><div class=\"fusion-fullwidth fullwidth-box fusion-builder-row-1 fusion-flex-container nonhundred-percent-fullwidth non-hundred-percent-height-scrolling\" style=\"--awb-border-radius-top-left:0px;--awb-border-radius-top-right:0px;--awb-border-radius-bottom-right:0px;--awb-border-radius-bottom-left:0px;--awb-flex-wrap:wrap;\" ><div class=\"fusion-builder-row fusion-row fusion-flex-align-items-flex-start fusion-flex-content-wrap\" style=\"max-width:1248px;margin-left: calc(-4% \/ 2 );margin-right: calc(-4% \/ 2 );\"><div class=\"fusion-layout-column fusion_builder_column fusion-builder-column-0 fusion_builder_column_1_1 1_1 fusion-flex-column\" style=\"--awb-padding-top:20px;--awb-padding-right:25px;--awb-padding-bottom:20px;--awb-padding-left:25px;--awb-bg-color:var(--awb-custom13);--awb-bg-color-hover:var(--awb-custom13);--awb-bg-size:cover;--awb-border-color:var(--awb-color6);--awb-border-top:3px;--awb-border-style:solid;--awb-width-large:100%;--awb-margin-top-large:0px;--awb-spacing-right-large:1.92%;--awb-margin-bottom-large:20px;--awb-spacing-left-large:1.92%;--awb-width-medium:100%;--awb-order-medium:0;--awb-spacing-right-medium:1.92%;--awb-spacing-left-medium:1.92%;--awb-width-small:100%;--awb-order-small:0;--awb-spacing-right-small:1.92%;--awb-spacing-left-small:1.92%;\" data-scroll-devices=\"small-visibility,medium-visibility,large-visibility\"><div class=\"fusion-column-wrapper fusion-column-has-shadow fusion-flex-justify-content-flex-start fusion-content-layout-column\"><div class=\"fusion-title title fusion-title-1 fusion-sep-none fusion-title-center fusion-title-text fusion-title-size-three\" style=\"--awb-margin-top-small:10px;--awb-margin-right-small:0px;--awb-margin-bottom-small:10px;--awb-margin-left-small:0px;\"><h3 class=\"fusion-title-heading title-heading-center\" style=\"margin:0;\">Instal\u00b7laci\u00f3 d&#8217;ascensor i accions realitzades<\/h3><\/div><div class=\"fusion-text fusion-text-1\" style=\"--awb-content-alignment:center;\"><p>En aquesta finca de Sant Boi de Llobregat s\u2019ha instal\u00b7lat un <strong>ascensor electromec\u00e0nic pel forat de l&#8217;escala<\/strong> sense sala de m\u00e0quines i amb <strong>capacitat per a 4 persones<\/strong>. L\u2019eliminaci\u00f3 de la sala de m\u00e0quines \u00e9s un avantatge especialment valorat en edificis antics on l\u2019espai \u00e9s esc\u00e0s: en integrar el sistema de tracci\u00f3 directament al buit, s\u2019evita haver de destinar una sala espec\u00edfica per a la maquin\u00e0ria, simplificant la instal\u00b7laci\u00f3 i reduint l\u2019impacte en l\u2019edifici.<\/p>\n<p>Per encaixar correctament l\u2019ascensor al forat disponible, va ser necessari refer el primer tram d\u2019escales de la planta baixa, adaptant la distribuci\u00f3 del replant\u00e0 a la nova instal\u00b7laci\u00f3.<\/p>\n<\/div><\/div><\/div><\/div><\/div><div class=\"fusion-fullwidth fullwidth-box fusion-builder-row-2 fusion-flex-container nonhundred-percent-fullwidth non-hundred-percent-height-scrolling\" style=\"--awb-border-radius-top-left:0px;--awb-border-radius-top-right:0px;--awb-border-radius-bottom-right:0px;--awb-border-radius-bottom-left:0px;--awb-flex-wrap:wrap;\" ><div class=\"fusion-builder-row fusion-row fusion-flex-align-items-stretch fusion-flex-content-wrap\" style=\"max-width:1248px;margin-left: calc(-4% \/ 2 );margin-right: calc(-4% \/ 2 );\"><div class=\"fusion-layout-column fusion_builder_column fusion-builder-column-1 fusion_builder_column_1_1 1_1 fusion-flex-column\" style=\"--awb-bg-size:cover;--awb-width-large:100%;--awb-margin-top-large:0px;--awb-spacing-right-large:1.92%;--awb-margin-bottom-large:20px;--awb-spacing-left-large:1.92%;--awb-width-medium:100%;--awb-order-medium:0;--awb-spacing-right-medium:1.92%;--awb-spacing-left-medium:1.92%;--awb-width-small:100%;--awb-order-small:0;--awb-spacing-right-small:1.92%;--awb-spacing-left-small:1.92%;\"><div class=\"fusion-column-wrapper fusion-column-has-shadow fusion-flex-justify-content-flex-start fusion-content-layout-column\"><div class=\"awb-gallery-wrapper awb-gallery-wrapper-1 button-span-no\"><div style=\"margin:-5px;--awb-bordersize:0px;\" class=\"fusion-gallery fusion-gallery-container fusion-grid-3 fusion-columns-total-21 fusion-gallery-layout-masonry fusion-gallery-1\"><div class=\"fusion-grid-column fusion-gallery-column fusion-gallery-column-3 hover-type-none fusion-grid-sizer\"><\/div><div style=\"padding:5px;\" class=\"fusion-grid-column fusion-gallery-column fusion-gallery-column-3 hover-type-none fusion-element-grid\"><div class=\"fusion-gallery-image\"><a href=\"https:\/\/ascensoresramase.com\/wp-content\/uploads\/PM54-ENTRADA2.jpg\" rel=\"noreferrer\" data-rel=\"iLightbox[gallery_image_1]\" class=\"fusion-lightbox\" target=\"_self\"><div style=\"background-image:url(https:\/\/ascensoresramase.com\/wp-content\/uploads\/PM54-ENTRADA2.jpg);padding-top:calc((100% + 10px) * 0.8 - 5px);background-position:;\" class=\"fusion-masonry-element-container\"><img decoding=\"async\" src=\"https:\/\/ascensoresramase.com\/wp-content\/uploads\/PM54-ENTRADA2.jpg\" width=\"563\" height=\"1000\" alt=\"\" title=\"PM54-ENTRADA2\" aria-label=\"PM54-ENTRADA2\" class=\"img-responsive wp-image-7450\" srcset=\"https:\/\/ascensoresramase.com\/wp-content\/uploads\/PM54-ENTRADA2-200x355.jpg 200w, https:\/\/ascensoresramase.com\/wp-content\/uploads\/PM54-ENTRADA2-400x710.jpg 400w, https:\/\/ascensoresramase.com\/wp-content\/uploads\/PM54-ENTRADA2.jpg 563w\" sizes=\"(min-width: 2200px) 100vw, (min-width: 784px) 397px, (min-width: 712px) 595px, (min-width: 640px) 712px, \" \/><\/div><\/a><\/div><\/div><div style=\"padding:5px;\" class=\"fusion-grid-column fusion-gallery-column fusion-gallery-column-3 hover-type-none fusion-element-grid\"><div class=\"fusion-gallery-image\"><a href=\"https:\/\/ascensoresramase.com\/wp-content\/uploads\/ESTRUCTURA2-1.jpg\" rel=\"noreferrer\" data-rel=\"iLightbox[gallery_image_1]\" class=\"fusion-lightbox\" target=\"_self\"><div style=\"background-image:url(https:\/\/ascensoresramase.com\/wp-content\/uploads\/ESTRUCTURA2-1.jpg);padding-top:calc((100% + 10px) * 0.8 - 5px);background-position:;\" class=\"fusion-masonry-element-container\"><img decoding=\"async\" src=\"https:\/\/ascensoresramase.com\/wp-content\/uploads\/ESTRUCTURA2-1.jpg\" width=\"561\" height=\"1000\" alt=\"\" title=\"ESTRUCTURA2-1\" aria-label=\"ESTRUCTURA2-1\" class=\"img-responsive wp-image-7457\" srcset=\"https:\/\/ascensoresramase.com\/wp-content\/uploads\/ESTRUCTURA2-1-200x357.jpg 200w, https:\/\/ascensoresramase.com\/wp-content\/uploads\/ESTRUCTURA2-1-400x713.jpg 400w, https:\/\/ascensoresramase.com\/wp-content\/uploads\/ESTRUCTURA2-1.jpg 561w\" sizes=\"(min-width: 2200px) 100vw, (min-width: 784px) 397px, (min-width: 712px) 595px, (min-width: 640px) 712px, \" \/><\/div><\/a><\/div><\/div><div style=\"padding:5px;\" class=\"fusion-grid-column fusion-gallery-column fusion-gallery-column-3 hover-type-none fusion-element-grid\"><div class=\"fusion-gallery-image\"><a href=\"https:\/\/ascensoresramase.com\/wp-content\/uploads\/ESTRUCTURA3.jpg\" rel=\"noreferrer\" data-rel=\"iLightbox[gallery_image_1]\" class=\"fusion-lightbox\" target=\"_self\"><div style=\"background-image:url(https:\/\/ascensoresramase.com\/wp-content\/uploads\/ESTRUCTURA3.jpg);padding-top:calc((100% + 10px) * 0.8 - 5px);background-position:;\" class=\"fusion-masonry-element-container\"><img decoding=\"async\" src=\"https:\/\/ascensoresramase.com\/wp-content\/uploads\/ESTRUCTURA3.jpg\" width=\"561\" height=\"1000\" alt=\"\" title=\"ESTRUCTURA3\" aria-label=\"ESTRUCTURA3\" class=\"img-responsive wp-image-7458\" srcset=\"https:\/\/ascensoresramase.com\/wp-content\/uploads\/ESTRUCTURA3-200x357.jpg 200w, https:\/\/ascensoresramase.com\/wp-content\/uploads\/ESTRUCTURA3-400x713.jpg 400w, https:\/\/ascensoresramase.com\/wp-content\/uploads\/ESTRUCTURA3.jpg 561w\" sizes=\"(min-width: 2200px) 100vw, (min-width: 784px) 397px, (min-width: 712px) 595px, (min-width: 640px) 712px, \" \/><\/div><\/a><\/div><\/div><div style=\"padding:5px;\" class=\"fusion-grid-column fusion-gallery-column fusion-gallery-column-3 hover-type-none fusion-element-grid\"><div class=\"fusion-gallery-image\"><a href=\"https:\/\/ascensoresramase.com\/wp-content\/uploads\/ESTRUCTURA8.jpg\" rel=\"noreferrer\" data-rel=\"iLightbox[gallery_image_1]\" class=\"fusion-lightbox\" target=\"_self\"><div style=\"background-image:url(https:\/\/ascensoresramase.com\/wp-content\/uploads\/ESTRUCTURA8.jpg);padding-top:calc((100% + 10px) * 0.8 - 5px);background-position:;\" class=\"fusion-masonry-element-container\"><img decoding=\"async\" src=\"https:\/\/ascensoresramase.com\/wp-content\/uploads\/ESTRUCTURA8.jpg\" width=\"1000\" height=\"561\" alt=\"\" title=\"ESTRUCTURA8\" aria-label=\"ESTRUCTURA8\" class=\"img-responsive wp-image-7440\" srcset=\"https:\/\/ascensoresramase.com\/wp-content\/uploads\/ESTRUCTURA8-200x112.jpg 200w, https:\/\/ascensoresramase.com\/wp-content\/uploads\/ESTRUCTURA8-400x224.jpg 400w, https:\/\/ascensoresramase.com\/wp-content\/uploads\/ESTRUCTURA8-600x337.jpg 600w, https:\/\/ascensoresramase.com\/wp-content\/uploads\/ESTRUCTURA8-800x449.jpg 800w, https:\/\/ascensoresramase.com\/wp-content\/uploads\/ESTRUCTURA8.jpg 1000w\" sizes=\"(min-width: 2200px) 100vw, (min-width: 784px) 397px, (min-width: 712px) 595px, (min-width: 640px) 712px, \" \/><\/div><\/a><\/div><\/div><div style=\"padding:5px;\" class=\"fusion-grid-column fusion-gallery-column fusion-gallery-column-3 hover-type-none fusion-element-grid\"><div class=\"fusion-gallery-image\"><a href=\"https:\/\/ascensoresramase.com\/wp-content\/uploads\/nuevo-arranque-escalera.jpg\" rel=\"noreferrer\" data-rel=\"iLightbox[gallery_image_1]\" class=\"fusion-lightbox\" target=\"_self\"><div style=\"background-image:url(https:\/\/ascensoresramase.com\/wp-content\/uploads\/nuevo-arranque-escalera.jpg);padding-top:calc((100% + 10px) * 0.8 - 5px);background-position:;\" class=\"fusion-masonry-element-container\"><img decoding=\"async\" src=\"https:\/\/ascensoresramase.com\/wp-content\/uploads\/nuevo-arranque-escalera.jpg\" width=\"563\" height=\"1000\" alt=\"\" title=\"nuevo-arranque-escalera\" aria-label=\"nuevo-arranque-escalera\" class=\"img-responsive wp-image-7448\" srcset=\"https:\/\/ascensoresramase.com\/wp-content\/uploads\/nuevo-arranque-escalera-200x355.jpg 200w, https:\/\/ascensoresramase.com\/wp-content\/uploads\/nuevo-arranque-escalera-400x710.jpg 400w, https:\/\/ascensoresramase.com\/wp-content\/uploads\/nuevo-arranque-escalera.jpg 563w\" sizes=\"(min-width: 2200px) 100vw, (min-width: 784px) 397px, (min-width: 712px) 595px, (min-width: 640px) 712px, \" \/><\/div><\/a><\/div><\/div><div style=\"padding:5px;\" class=\"fusion-grid-column fusion-gallery-column fusion-gallery-column-3 hover-type-none fusion-element-grid\"><div class=\"fusion-gallery-image\"><a href=\"https:\/\/ascensoresramase.com\/wp-content\/uploads\/estructura9.jpg\" rel=\"noreferrer\" data-rel=\"iLightbox[gallery_image_1]\" class=\"fusion-lightbox\" target=\"_self\"><div style=\"background-image:url(https:\/\/ascensoresramase.com\/wp-content\/uploads\/estructura9.jpg);padding-top:calc((100% + 10px) * 0.8 - 5px);background-position:;\" class=\"fusion-masonry-element-container\"><img decoding=\"async\" src=\"https:\/\/ascensoresramase.com\/wp-content\/uploads\/estructura9.jpg\" width=\"1000\" height=\"563\" alt=\"\" title=\"estructura9\" aria-label=\"estructura9\" class=\"img-responsive wp-image-7441\" srcset=\"https:\/\/ascensoresramase.com\/wp-content\/uploads\/estructura9-200x113.jpg 200w, https:\/\/ascensoresramase.com\/wp-content\/uploads\/estructura9-400x225.jpg 400w, https:\/\/ascensoresramase.com\/wp-content\/uploads\/estructura9-600x338.jpg 600w, https:\/\/ascensoresramase.com\/wp-content\/uploads\/estructura9-800x450.jpg 800w, https:\/\/ascensoresramase.com\/wp-content\/uploads\/estructura9.jpg 1000w\" sizes=\"(min-width: 2200px) 100vw, (min-width: 784px) 397px, (min-width: 712px) 595px, (min-width: 640px) 712px, \" \/><\/div><\/a><\/div><\/div><div style=\"padding:5px;\" class=\"fusion-grid-column fusion-gallery-column fusion-gallery-column-3 hover-type-none fusion-element-grid\"><div class=\"fusion-gallery-image\"><a href=\"https:\/\/ascensoresramase.com\/wp-content\/uploads\/apertura-accesos.jpg\" rel=\"noreferrer\" data-rel=\"iLightbox[gallery_image_1]\" class=\"fusion-lightbox\" target=\"_self\"><div style=\"background-image:url(https:\/\/ascensoresramase.com\/wp-content\/uploads\/apertura-accesos.jpg);padding-top:calc((100% + 10px) * 0.8 - 5px);background-position:;\" class=\"fusion-masonry-element-container\"><img decoding=\"async\" src=\"https:\/\/ascensoresramase.com\/wp-content\/uploads\/apertura-accesos.jpg\" width=\"561\" height=\"1000\" alt=\"\" title=\"apertura-accesos\" aria-label=\"apertura-accesos\" class=\"img-responsive wp-image-7454\" srcset=\"https:\/\/ascensoresramase.com\/wp-content\/uploads\/apertura-accesos-200x357.jpg 200w, https:\/\/ascensoresramase.com\/wp-content\/uploads\/apertura-accesos-400x713.jpg 400w, https:\/\/ascensoresramase.com\/wp-content\/uploads\/apertura-accesos.jpg 561w\" sizes=\"(min-width: 2200px) 100vw, (min-width: 784px) 397px, (min-width: 712px) 595px, (min-width: 640px) 712px, \" \/><\/div><\/a><\/div><\/div><div style=\"padding:5px;\" class=\"fusion-grid-column fusion-gallery-column fusion-gallery-column-3 hover-type-none fusion-element-grid\"><div class=\"fusion-gallery-image\"><a href=\"https:\/\/ascensoresramase.com\/wp-content\/uploads\/recorte-escalera2.jpg\" rel=\"noreferrer\" data-rel=\"iLightbox[gallery_image_1]\" class=\"fusion-lightbox\" target=\"_self\"><div style=\"background-image:url(https:\/\/ascensoresramase.com\/wp-content\/uploads\/recorte-escalera2.jpg);padding-top:calc((100% + 10px) * 0.8 - 5px);background-position:;\" class=\"fusion-masonry-element-container\"><img decoding=\"async\" src=\"https:\/\/ascensoresramase.com\/wp-content\/uploads\/recorte-escalera2.jpg\" width=\"561\" height=\"1000\" alt=\"\" title=\"recorte-escalera2\" aria-label=\"recorte-escalera2\" class=\"img-responsive wp-image-7452\" srcset=\"https:\/\/ascensoresramase.com\/wp-content\/uploads\/recorte-escalera2-200x357.jpg 200w, https:\/\/ascensoresramase.com\/wp-content\/uploads\/recorte-escalera2-400x713.jpg 400w, https:\/\/ascensoresramase.com\/wp-content\/uploads\/recorte-escalera2.jpg 561w\" sizes=\"(min-width: 2200px) 100vw, (min-width: 784px) 397px, (min-width: 712px) 595px, (min-width: 640px) 712px, \" \/><\/div><\/a><\/div><\/div><div style=\"padding:5px;\" class=\"fusion-grid-column fusion-gallery-column fusion-gallery-column-3 hover-type-none fusion-element-grid\"><div class=\"fusion-gallery-image\"><a href=\"https:\/\/ascensoresramase.com\/wp-content\/uploads\/MONTAJE-MEC2.jpg\" rel=\"noreferrer\" data-rel=\"iLightbox[gallery_image_1]\" class=\"fusion-lightbox\" target=\"_self\"><div style=\"background-image:url(https:\/\/ascensoresramase.com\/wp-content\/uploads\/MONTAJE-MEC2.jpg);padding-top:calc((100% + 10px) * 0.8 - 5px);background-position:;\" class=\"fusion-masonry-element-container\"><img decoding=\"async\" src=\"https:\/\/ascensoresramase.com\/wp-content\/uploads\/MONTAJE-MEC2.jpg\" width=\"563\" height=\"1000\" alt=\"\" title=\"MONTAJE-MEC2\" aria-label=\"MONTAJE-MEC2\" class=\"img-responsive wp-image-7444\" srcset=\"https:\/\/ascensoresramase.com\/wp-content\/uploads\/MONTAJE-MEC2-200x355.jpg 200w, https:\/\/ascensoresramase.com\/wp-content\/uploads\/MONTAJE-MEC2-400x710.jpg 400w, https:\/\/ascensoresramase.com\/wp-content\/uploads\/MONTAJE-MEC2.jpg 563w\" sizes=\"(min-width: 2200px) 100vw, (min-width: 784px) 397px, (min-width: 712px) 595px, (min-width: 640px) 712px, \" \/><\/div><\/a><\/div><\/div><div style=\"padding:5px;\" class=\"fusion-grid-column fusion-gallery-column fusion-gallery-column-3 hover-type-none fusion-element-grid\"><div class=\"fusion-gallery-image\"><a href=\"https:\/\/ascensoresramase.com\/wp-content\/uploads\/MONTAJE-MEC4.jpg\" rel=\"noreferrer\" data-rel=\"iLightbox[gallery_image_1]\" class=\"fusion-lightbox\" target=\"_self\"><div style=\"background-image:url(https:\/\/ascensoresramase.com\/wp-content\/uploads\/MONTAJE-MEC4.jpg);padding-top:calc((100% + 10px) * 0.8 - 5px);background-position:;\" class=\"fusion-masonry-element-container\"><img decoding=\"async\" src=\"https:\/\/ascensoresramase.com\/wp-content\/uploads\/MONTAJE-MEC4.jpg\" width=\"563\" height=\"1000\" alt=\"\" title=\"MONTAJE-MEC4\" aria-label=\"MONTAJE-MEC4\" class=\"img-responsive wp-image-7445\" srcset=\"https:\/\/ascensoresramase.com\/wp-content\/uploads\/MONTAJE-MEC4-200x355.jpg 200w, https:\/\/ascensoresramase.com\/wp-content\/uploads\/MONTAJE-MEC4-400x710.jpg 400w, https:\/\/ascensoresramase.com\/wp-content\/uploads\/MONTAJE-MEC4.jpg 563w\" sizes=\"(min-width: 2200px) 100vw, (min-width: 784px) 397px, (min-width: 712px) 595px, (min-width: 640px) 712px, \" \/><\/div><\/a><\/div><\/div><div style=\"padding:5px;\" class=\"fusion-grid-column fusion-gallery-column fusion-gallery-column-3 hover-type-none fusion-element-grid\"><div class=\"fusion-gallery-image\"><a href=\"https:\/\/ascensoresramase.com\/wp-content\/uploads\/MONTAJE-MEC5.jpg\" rel=\"noreferrer\" data-rel=\"iLightbox[gallery_image_1]\" class=\"fusion-lightbox\" target=\"_self\"><div style=\"background-image:url(https:\/\/ascensoresramase.com\/wp-content\/uploads\/MONTAJE-MEC5.jpg);padding-top:calc((100% + 10px) * 0.8 - 5px);background-position:;\" class=\"fusion-masonry-element-container\"><img decoding=\"async\" src=\"https:\/\/ascensoresramase.com\/wp-content\/uploads\/MONTAJE-MEC5.jpg\" width=\"1000\" height=\"561\" alt=\"\" title=\"MONTAJE-MEC5\" aria-label=\"MONTAJE-MEC5\" class=\"img-responsive wp-image-7446\" srcset=\"https:\/\/ascensoresramase.com\/wp-content\/uploads\/MONTAJE-MEC5-200x112.jpg 200w, https:\/\/ascensoresramase.com\/wp-content\/uploads\/MONTAJE-MEC5-400x224.jpg 400w, https:\/\/ascensoresramase.com\/wp-content\/uploads\/MONTAJE-MEC5-600x337.jpg 600w, https:\/\/ascensoresramase.com\/wp-content\/uploads\/MONTAJE-MEC5-800x449.jpg 800w, https:\/\/ascensoresramase.com\/wp-content\/uploads\/MONTAJE-MEC5.jpg 1000w\" sizes=\"(min-width: 2200px) 100vw, (min-width: 784px) 397px, (min-width: 712px) 595px, (min-width: 640px) 712px, \" \/><\/div><\/a><\/div><\/div><div style=\"padding:5px;\" class=\"fusion-grid-column fusion-gallery-column fusion-gallery-column-3 hover-type-none fusion-element-grid\"><div class=\"fusion-gallery-image\"><a href=\"https:\/\/ascensoresramase.com\/wp-content\/uploads\/MONTAJE-MEC6.jpg\" rel=\"noreferrer\" data-rel=\"iLightbox[gallery_image_1]\" class=\"fusion-lightbox\" target=\"_self\"><div style=\"background-image:url(https:\/\/ascensoresramase.com\/wp-content\/uploads\/MONTAJE-MEC6.jpg);padding-top:calc((100% + 10px) * 0.8 - 5px);background-position:;\" class=\"fusion-masonry-element-container\"><img decoding=\"async\" src=\"https:\/\/ascensoresramase.com\/wp-content\/uploads\/MONTAJE-MEC6.jpg\" width=\"1000\" height=\"561\" alt=\"\" title=\"MONTAJE-MEC6\" aria-label=\"MONTAJE-MEC6\" class=\"img-responsive wp-image-7447\" srcset=\"https:\/\/ascensoresramase.com\/wp-content\/uploads\/MONTAJE-MEC6-200x112.jpg 200w, https:\/\/ascensoresramase.com\/wp-content\/uploads\/MONTAJE-MEC6-400x224.jpg 400w, https:\/\/ascensoresramase.com\/wp-content\/uploads\/MONTAJE-MEC6-600x337.jpg 600w, https:\/\/ascensoresramase.com\/wp-content\/uploads\/MONTAJE-MEC6-800x449.jpg 800w, https:\/\/ascensoresramase.com\/wp-content\/uploads\/MONTAJE-MEC6.jpg 1000w\" sizes=\"(min-width: 2200px) 100vw, (min-width: 784px) 397px, (min-width: 712px) 595px, (min-width: 640px) 712px, \" \/><\/div><\/a><\/div><\/div><div style=\"padding:5px;\" class=\"fusion-grid-column fusion-gallery-column fusion-gallery-column-3 hover-type-none fusion-element-grid\"><div class=\"fusion-gallery-image\"><a href=\"https:\/\/ascensoresramase.com\/wp-content\/uploads\/ESTRUCTURA-HUECO.jpg\" rel=\"noreferrer\" data-rel=\"iLightbox[gallery_image_1]\" class=\"fusion-lightbox\" target=\"_self\"><div style=\"background-image:url(https:\/\/ascensoresramase.com\/wp-content\/uploads\/ESTRUCTURA-HUECO.jpg);padding-top:calc((100% + 10px) * 0.8 - 5px);background-position:;\" class=\"fusion-masonry-element-container\"><img decoding=\"async\" src=\"https:\/\/ascensoresramase.com\/wp-content\/uploads\/ESTRUCTURA-HUECO.jpg\" width=\"750\" height=\"1000\" alt=\"\" title=\"ESTRUCTURA-HUECO\" aria-label=\"ESTRUCTURA-HUECO\" class=\"img-responsive wp-image-7442\" srcset=\"https:\/\/ascensoresramase.com\/wp-content\/uploads\/ESTRUCTURA-HUECO-200x267.jpg 200w, https:\/\/ascensoresramase.com\/wp-content\/uploads\/ESTRUCTURA-HUECO-400x533.jpg 400w, https:\/\/ascensoresramase.com\/wp-content\/uploads\/ESTRUCTURA-HUECO-600x800.jpg 600w, https:\/\/ascensoresramase.com\/wp-content\/uploads\/ESTRUCTURA-HUECO.jpg 750w\" sizes=\"(min-width: 2200px) 100vw, (min-width: 784px) 397px, (min-width: 712px) 595px, (min-width: 640px) 712px, \" \/><\/div><\/a><\/div><\/div><div style=\"padding:5px;\" class=\"fusion-grid-column fusion-gallery-column fusion-gallery-column-3 hover-type-none fusion-element-grid\"><div class=\"fusion-gallery-image\"><a href=\"https:\/\/ascensoresramase.com\/wp-content\/uploads\/Instalacion-de-un-ascensor.jpg\" rel=\"noreferrer\" data-rel=\"iLightbox[gallery_image_1]\" class=\"fusion-lightbox\" target=\"_self\"><div style=\"background-image:url(https:\/\/ascensoresramase.com\/wp-content\/uploads\/Instalacion-de-un-ascensor.jpg);padding-top:calc((100% + 10px) * 0.8 - 5px);background-position:;\" class=\"fusion-masonry-element-container\"><img decoding=\"async\" src=\"https:\/\/ascensoresramase.com\/wp-content\/uploads\/Instalacion-de-un-ascensor.jpg\" width=\"750\" height=\"500\" alt=\"Ascensor electromec\u00e1nico en hueco escalera - A. Ramase\" title=\"Instalaci\u00f3n-de-un-ascensor\" aria-label=\"Instalaci\u00f3n-de-un-ascensor\" class=\"img-responsive wp-image-7459\" srcset=\"https:\/\/ascensoresramase.com\/wp-content\/uploads\/Instalacion-de-un-ascensor-200x133.jpg 200w, https:\/\/ascensoresramase.com\/wp-content\/uploads\/Instalacion-de-un-ascensor-400x267.jpg 400w, https:\/\/ascensoresramase.com\/wp-content\/uploads\/Instalacion-de-un-ascensor-600x400.jpg 600w, https:\/\/ascensoresramase.com\/wp-content\/uploads\/Instalacion-de-un-ascensor.jpg 750w\" sizes=\"(min-width: 2200px) 100vw, (min-width: 784px) 397px, (min-width: 712px) 595px, (min-width: 640px) 712px, \" \/><\/div><\/a><\/div><\/div><div style=\"padding:5px;\" class=\"fusion-grid-column fusion-gallery-column fusion-gallery-column-3 hover-type-none fusion-element-grid\"><div class=\"fusion-gallery-image\"><a href=\"https:\/\/ascensoresramase.com\/wp-content\/uploads\/ESTRUCTURA-PINTADA.jpg\" rel=\"noreferrer\" data-rel=\"iLightbox[gallery_image_1]\" class=\"fusion-lightbox\" target=\"_self\"><div style=\"background-image:url(https:\/\/ascensoresramase.com\/wp-content\/uploads\/ESTRUCTURA-PINTADA.jpg);padding-top:calc((100% + 10px) * 0.8 - 5px);background-position:;\" class=\"fusion-masonry-element-container\"><img decoding=\"async\" src=\"https:\/\/ascensoresramase.com\/wp-content\/uploads\/ESTRUCTURA-PINTADA.jpg\" width=\"563\" height=\"1000\" alt=\"\" title=\"ESTRUCTURA-PINTADA\" aria-label=\"ESTRUCTURA-PINTADA\" class=\"img-responsive wp-image-7443\" srcset=\"https:\/\/ascensoresramase.com\/wp-content\/uploads\/ESTRUCTURA-PINTADA-200x355.jpg 200w, https:\/\/ascensoresramase.com\/wp-content\/uploads\/ESTRUCTURA-PINTADA-400x710.jpg 400w, https:\/\/ascensoresramase.com\/wp-content\/uploads\/ESTRUCTURA-PINTADA.jpg 563w\" sizes=\"(min-width: 2200px) 100vw, (min-width: 784px) 397px, (min-width: 712px) 595px, (min-width: 640px) 712px, \" \/><\/div><\/a><\/div><\/div><div style=\"padding:5px;\" class=\"fusion-grid-column fusion-gallery-column fusion-gallery-column-3 hover-type-none fusion-element-grid\"><div class=\"fusion-gallery-image\"><a href=\"https:\/\/ascensoresramase.com\/wp-content\/uploads\/DETALLE-ACABADO-ESTRUCTURA.jpg\" rel=\"noreferrer\" data-rel=\"iLightbox[gallery_image_1]\" class=\"fusion-lightbox\" target=\"_self\"><div style=\"background-image:url(https:\/\/ascensoresramase.com\/wp-content\/uploads\/DETALLE-ACABADO-ESTRUCTURA.jpg);padding-top:calc((100% + 10px) * 0.8 - 5px);background-position:;\" class=\"fusion-masonry-element-container\"><img decoding=\"async\" src=\"https:\/\/ascensoresramase.com\/wp-content\/uploads\/DETALLE-ACABADO-ESTRUCTURA.jpg\" width=\"563\" height=\"1000\" alt=\"\" title=\"DETALLE-ACABADO-ESTRUCTURA\" aria-label=\"DETALLE-ACABADO-ESTRUCTURA\" class=\"img-responsive wp-image-7456\" srcset=\"https:\/\/ascensoresramase.com\/wp-content\/uploads\/DETALLE-ACABADO-ESTRUCTURA-200x355.jpg 200w, https:\/\/ascensoresramase.com\/wp-content\/uploads\/DETALLE-ACABADO-ESTRUCTURA-400x710.jpg 400w, https:\/\/ascensoresramase.com\/wp-content\/uploads\/DETALLE-ACABADO-ESTRUCTURA.jpg 563w\" sizes=\"(min-width: 2200px) 100vw, (min-width: 784px) 397px, (min-width: 712px) 595px, (min-width: 640px) 712px, \" \/><\/div><\/a><\/div><\/div><div style=\"padding:5px;\" class=\"fusion-grid-column fusion-gallery-column fusion-gallery-column-3 hover-type-none fusion-element-grid\"><div class=\"fusion-gallery-image\"><a href=\"https:\/\/ascensoresramase.com\/wp-content\/uploads\/ARMARIO-ACABADO.jpg\" rel=\"noreferrer\" data-rel=\"iLightbox[gallery_image_1]\" class=\"fusion-lightbox\" target=\"_self\"><div style=\"background-image:url(https:\/\/ascensoresramase.com\/wp-content\/uploads\/ARMARIO-ACABADO.jpg);padding-top:calc((100% + 10px) * 0.8 - 5px);background-position:;\" class=\"fusion-masonry-element-container\"><img decoding=\"async\" src=\"https:\/\/ascensoresramase.com\/wp-content\/uploads\/ARMARIO-ACABADO.jpg\" width=\"750\" height=\"1000\" alt=\"\" title=\"ARMARIO-ACABADO\" aria-label=\"ARMARIO-ACABADO\" class=\"img-responsive wp-image-7455\" srcset=\"https:\/\/ascensoresramase.com\/wp-content\/uploads\/ARMARIO-ACABADO-200x267.jpg 200w, https:\/\/ascensoresramase.com\/wp-content\/uploads\/ARMARIO-ACABADO-400x533.jpg 400w, https:\/\/ascensoresramase.com\/wp-content\/uploads\/ARMARIO-ACABADO-600x800.jpg 600w, https:\/\/ascensoresramase.com\/wp-content\/uploads\/ARMARIO-ACABADO.jpg 750w\" sizes=\"(min-width: 2200px) 100vw, (min-width: 784px) 397px, (min-width: 712px) 595px, (min-width: 640px) 712px, \" \/><\/div><\/a><\/div><\/div><div style=\"padding:5px;\" class=\"fusion-grid-column fusion-gallery-column fusion-gallery-column-3 hover-type-none fusion-element-grid\"><div class=\"fusion-gallery-image\"><a href=\"https:\/\/ascensoresramase.com\/wp-content\/uploads\/PORTERIA-ACABADA.jpg\" rel=\"noreferrer\" data-rel=\"iLightbox[gallery_image_1]\" class=\"fusion-lightbox\" target=\"_self\"><div style=\"background-image:url(https:\/\/ascensoresramase.com\/wp-content\/uploads\/PORTERIA-ACABADA.jpg);padding-top:calc((100% + 10px) * 0.8 - 5px);background-position:;\" class=\"fusion-masonry-element-container\"><img decoding=\"async\" src=\"https:\/\/ascensoresramase.com\/wp-content\/uploads\/PORTERIA-ACABADA.jpg\" width=\"563\" height=\"1000\" alt=\"\" title=\"PORTERIA-ACABADA\" aria-label=\"PORTERIA-ACABADA\" class=\"img-responsive wp-image-7451\" srcset=\"https:\/\/ascensoresramase.com\/wp-content\/uploads\/PORTERIA-ACABADA-200x355.jpg 200w, https:\/\/ascensoresramase.com\/wp-content\/uploads\/PORTERIA-ACABADA-400x710.jpg 400w, https:\/\/ascensoresramase.com\/wp-content\/uploads\/PORTERIA-ACABADA.jpg 563w\" sizes=\"(min-width: 2200px) 100vw, (min-width: 784px) 397px, (min-width: 712px) 595px, (min-width: 640px) 712px, \" \/><\/div><\/a><\/div><\/div><div style=\"padding:5px;\" class=\"fusion-grid-column fusion-gallery-column fusion-gallery-column-3 hover-type-none fusion-element-grid\"><div class=\"fusion-gallery-image\"><a href=\"https:\/\/ascensoresramase.com\/wp-content\/uploads\/PORTERIA-ACABADA.jpg\" rel=\"noreferrer\" data-rel=\"iLightbox[gallery_image_1]\" class=\"fusion-lightbox\" target=\"_self\"><div style=\"background-image:url(https:\/\/ascensoresramase.com\/wp-content\/uploads\/PORTERIA-ACABADA.jpg);padding-top:calc((100% + 10px) * 0.8 - 5px);background-position:;\" class=\"fusion-masonry-element-container\"><img decoding=\"async\" src=\"https:\/\/ascensoresramase.com\/wp-content\/uploads\/PORTERIA-ACABADA.jpg\" width=\"563\" height=\"1000\" alt=\"\" title=\"PORTERIA-ACABADA\" aria-label=\"PORTERIA-ACABADA\" class=\"img-responsive wp-image-7451\" srcset=\"https:\/\/ascensoresramase.com\/wp-content\/uploads\/PORTERIA-ACABADA-200x355.jpg 200w, https:\/\/ascensoresramase.com\/wp-content\/uploads\/PORTERIA-ACABADA-400x710.jpg 400w, https:\/\/ascensoresramase.com\/wp-content\/uploads\/PORTERIA-ACABADA.jpg 563w\" sizes=\"(min-width: 2200px) 100vw, (min-width: 784px) 397px, (min-width: 712px) 595px, (min-width: 640px) 712px, \" \/><\/div><\/a><\/div><\/div><div style=\"padding:5px;\" class=\"fusion-grid-column fusion-gallery-column fusion-gallery-column-3 hover-type-none fusion-element-grid\"><div class=\"fusion-gallery-image\"><a href=\"https:\/\/ascensoresramase.com\/wp-content\/uploads\/PLANTA-BAJA-ACABADA.jpg\" rel=\"noreferrer\" data-rel=\"iLightbox[gallery_image_1]\" class=\"fusion-lightbox\" target=\"_self\"><div style=\"background-image:url(https:\/\/ascensoresramase.com\/wp-content\/uploads\/PLANTA-BAJA-ACABADA.jpg);padding-top:calc((100% + 10px) * 0.8 - 5px);background-position:;\" class=\"fusion-masonry-element-container\"><img decoding=\"async\" src=\"https:\/\/ascensoresramase.com\/wp-content\/uploads\/PLANTA-BAJA-ACABADA.jpg\" width=\"563\" height=\"1000\" alt=\"Ascensor electromec\u00e1nico en hueco escalera - A. Ramase\" title=\"PLANTA-BAJA-ACABADA\" aria-label=\"PLANTA-BAJA-ACABADA\" class=\"img-responsive wp-image-7449\" srcset=\"https:\/\/ascensoresramase.com\/wp-content\/uploads\/PLANTA-BAJA-ACABADA-200x355.jpg 200w, https:\/\/ascensoresramase.com\/wp-content\/uploads\/PLANTA-BAJA-ACABADA-400x710.jpg 400w, https:\/\/ascensoresramase.com\/wp-content\/uploads\/PLANTA-BAJA-ACABADA.jpg 563w\" sizes=\"(min-width: 2200px) 100vw, (min-width: 784px) 397px, (min-width: 712px) 595px, (min-width: 640px) 712px, \" \/><\/div><\/a><\/div><\/div><div style=\"padding:5px;\" class=\"fusion-grid-column fusion-gallery-column fusion-gallery-column-3 hover-type-none fusion-element-grid\"><div class=\"fusion-gallery-image\"><a href=\"https:\/\/ascensoresramase.com\/wp-content\/uploads\/HUIDA-ACABADA.jpg\" rel=\"noreferrer\" data-rel=\"iLightbox[gallery_image_1]\" class=\"fusion-lightbox\" target=\"_self\"><div style=\"background-image:url(https:\/\/ascensoresramase.com\/wp-content\/uploads\/HUIDA-ACABADA.jpg);padding-top:calc((100% + 10px) * 0.8 - 5px);background-position:;\" class=\"fusion-masonry-element-container\"><img decoding=\"async\" src=\"https:\/\/ascensoresramase.com\/wp-content\/uploads\/HUIDA-ACABADA.jpg\" width=\"563\" height=\"1000\" alt=\"\" title=\"HUIDA-ACABADA\" aria-label=\"HUIDA-ACABADA\" class=\"img-responsive wp-image-7453\" srcset=\"https:\/\/ascensoresramase.com\/wp-content\/uploads\/HUIDA-ACABADA-200x355.jpg 200w, https:\/\/ascensoresramase.com\/wp-content\/uploads\/HUIDA-ACABADA-400x710.jpg 400w, https:\/\/ascensoresramase.com\/wp-content\/uploads\/HUIDA-ACABADA.jpg 563w\" sizes=\"(min-width: 2200px) 100vw, (min-width: 784px) 397px, (min-width: 712px) 595px, (min-width: 640px) 712px, \" \/><\/div><\/a><\/div><\/div><\/div><\/div><\/div><\/div><\/div><\/div><\/p>\n","protected":false},"excerpt":{"rendered":"","protected":false},"author":1,"featured_media":14784,"menu_order":0,"comment_status":"closed","ping_status":"closed","template":"","format":"standard","meta":{"footnotes":""},"portfolio_category":[34],"portfolio_skills":[],"portfolio_tags":[],"class_list":["post-7438","avada_portfolio","type-avada_portfolio","status-publish","format-standard","has-post-thumbnail","hentry","portfolio_category-obres-acabades"],"yoast_head":"<!-- This site is optimized with the Yoast SEO plugin v27.5 - https:\/\/yoast.com\/product\/yoast-seo-wordpress\/ -->\n<title>Ascensor electromec\u00e0nic pel forat de l&#039;escala - A. Ramase<\/title>\n<meta name=\"description\" content=\"Instal\u00b7laci\u00f3 d&#039;ascensor electromec\u00e0nic pel forat de l&#039;escala sense sala de m\u00e0squines en Sant Boi. Capacitat per a 4 persones.\" \/>\n<meta name=\"robots\" content=\"index, follow, max-snippet:-1, max-image-preview:large, max-video-preview:-1\" \/>\n<link rel=\"canonical\" href=\"https:\/\/ascensoresramase.com\/ca\/treballs-realitzats\/ascensor-sense-sala-de-maquines-sant-boi\/\" \/>\n<meta property=\"og:locale\" content=\"ca_ES\" \/>\n<meta property=\"og:type\" content=\"article\" \/>\n<meta property=\"og:title\" content=\"Ascensor electromec\u00e0nic pel forat de l&#039;escala - A. Ramase\" \/>\n<meta property=\"og:description\" content=\"Instal\u00b7laci\u00f3 d&#039;ascensor electromec\u00e0nic pel forat de l&#039;escala sense sala de m\u00e0squines en Sant Boi. Capacitat per a 4 persones.\" \/>\n<meta property=\"og:url\" content=\"https:\/\/ascensoresramase.com\/ca\/treballs-realitzats\/ascensor-sense-sala-de-maquines-sant-boi\/\" \/>\n<meta property=\"og:site_name\" content=\"Empresa mantenimiento ascensores Barcelona - Ascensores Ramase\" \/>\n<meta property=\"article:modified_time\" content=\"2026-04-27T13:11:50+00:00\" \/>\n<meta property=\"og:image\" content=\"https:\/\/ascensoresramase.com\/wp-content\/uploads\/ascensorElectromecanico-SantBoui.webp\" \/>\n\t<meta property=\"og:image:width\" content=\"750\" \/>\n\t<meta property=\"og:image:height\" content=\"1000\" \/>\n\t<meta property=\"og:image:type\" content=\"image\/webp\" \/>\n<meta name=\"twitter:card\" content=\"summary_large_image\" \/>\n<meta name=\"twitter:label1\" content=\"Temps estimat de lectura\" \/>\n\t<meta name=\"twitter:data1\" content=\"5 minuts\" \/>\n<script type=\"application\/ld+json\" class=\"yoast-schema-graph\">{\"@context\":\"https:\\\/\\\/schema.org\",\"@graph\":[{\"@type\":\"WebPage\",\"@id\":\"https:\\\/\\\/ascensoresramase.com\\\/ca\\\/treballs-realitzats\\\/ascensor-sense-sala-de-maquines-sant-boi\\\/\",\"url\":\"https:\\\/\\\/ascensoresramase.com\\\/ca\\\/treballs-realitzats\\\/ascensor-sense-sala-de-maquines-sant-boi\\\/\",\"name\":\"Ascensor electromec\u00e0nic pel forat de l'escala - A. Ramase\",\"isPartOf\":{\"@id\":\"https:\\\/\\\/ascensoresramase.com\\\/ca\\\/#website\"},\"primaryImageOfPage\":{\"@id\":\"https:\\\/\\\/ascensoresramase.com\\\/ca\\\/treballs-realitzats\\\/ascensor-sense-sala-de-maquines-sant-boi\\\/#primaryimage\"},\"image\":{\"@id\":\"https:\\\/\\\/ascensoresramase.com\\\/ca\\\/treballs-realitzats\\\/ascensor-sense-sala-de-maquines-sant-boi\\\/#primaryimage\"},\"thumbnailUrl\":\"https:\\\/\\\/ascensoresramase.com\\\/wp-content\\\/uploads\\\/ascensorElectromecanico-SantBoui.webp\",\"datePublished\":\"2016-05-18T07:37:15+00:00\",\"dateModified\":\"2026-04-27T13:11:50+00:00\",\"description\":\"Instal\u00b7laci\u00f3 d'ascensor electromec\u00e0nic pel forat de l'escala sense sala de m\u00e0squines en Sant Boi. Capacitat per a 4 persones.\",\"breadcrumb\":{\"@id\":\"https:\\\/\\\/ascensoresramase.com\\\/ca\\\/treballs-realitzats\\\/ascensor-sense-sala-de-maquines-sant-boi\\\/#breadcrumb\"},\"inLanguage\":\"ca\",\"potentialAction\":[{\"@type\":\"ReadAction\",\"target\":[\"https:\\\/\\\/ascensoresramase.com\\\/ca\\\/treballs-realitzats\\\/ascensor-sense-sala-de-maquines-sant-boi\\\/\"]}]},{\"@type\":\"ImageObject\",\"inLanguage\":\"ca\",\"@id\":\"https:\\\/\\\/ascensoresramase.com\\\/ca\\\/treballs-realitzats\\\/ascensor-sense-sala-de-maquines-sant-boi\\\/#primaryimage\",\"url\":\"https:\\\/\\\/ascensoresramase.com\\\/wp-content\\\/uploads\\\/ascensorElectromecanico-SantBoui.webp\",\"contentUrl\":\"https:\\\/\\\/ascensoresramase.com\\\/wp-content\\\/uploads\\\/ascensorElectromecanico-SantBoui.webp\",\"width\":750,\"height\":1000,\"caption\":\"Ascensor electromec\u00e1nico en hueco escalera - Ascensores Ramase\"},{\"@type\":\"BreadcrumbList\",\"@id\":\"https:\\\/\\\/ascensoresramase.com\\\/ca\\\/treballs-realitzats\\\/ascensor-sense-sala-de-maquines-sant-boi\\\/#breadcrumb\",\"itemListElement\":[{\"@type\":\"ListItem\",\"position\":1,\"name\":\"Inicio\",\"item\":\"https:\\\/\\\/ascensoresramase.com\\\/ca\\\/\"},{\"@type\":\"ListItem\",\"position\":2,\"name\":\"Portfolio\",\"item\":\"https:\\\/\\\/ascensoresramase.com\\\/ca\\\/treballs-realitzats\\\/\"},{\"@type\":\"ListItem\",\"position\":3,\"name\":\"Ascensor electromec\u00e0nic pel forat de l&#8217;escala \u2013 Sant Boi\"}]},{\"@type\":\"WebSite\",\"@id\":\"https:\\\/\\\/ascensoresramase.com\\\/ca\\\/#website\",\"url\":\"https:\\\/\\\/ascensoresramase.com\\\/ca\\\/\",\"name\":\"Empresa mantenimiento ascensores Barcelona - Ascensores Ramase\",\"description\":\"\",\"publisher\":{\"@id\":\"https:\\\/\\\/ascensoresramase.com\\\/ca\\\/#organization\"},\"potentialAction\":[{\"@type\":\"SearchAction\",\"target\":{\"@type\":\"EntryPoint\",\"urlTemplate\":\"https:\\\/\\\/ascensoresramase.com\\\/ca\\\/?s={search_term_string}\"},\"query-input\":{\"@type\":\"PropertyValueSpecification\",\"valueRequired\":true,\"valueName\":\"search_term_string\"}}],\"inLanguage\":\"ca\"},{\"@type\":\"Organization\",\"@id\":\"https:\\\/\\\/ascensoresramase.com\\\/ca\\\/#organization\",\"name\":\"RAMASE, S.A\",\"url\":\"https:\\\/\\\/ascensoresramase.com\\\/ca\\\/\",\"logo\":{\"@type\":\"ImageObject\",\"inLanguage\":\"ca\",\"@id\":\"https:\\\/\\\/ascensoresramase.com\\\/ca\\\/#\\\/schema\\\/logo\\\/image\\\/\",\"url\":\"https:\\\/\\\/ascensoresramase.com\\\/wp-content\\\/uploads\\\/LOGO_ramase-web-1.png\",\"contentUrl\":\"https:\\\/\\\/ascensoresramase.com\\\/wp-content\\\/uploads\\\/LOGO_ramase-web-1.png\",\"width\":234,\"height\":150,\"caption\":\"RAMASE, S.A\"},\"image\":{\"@id\":\"https:\\\/\\\/ascensoresramase.com\\\/ca\\\/#\\\/schema\\\/logo\\\/image\\\/\"}}]}<\/script>\n<!-- \/ Yoast SEO plugin. -->","yoast_head_json":{"title":"Ascensor electromec\u00e0nic pel forat de l'escala - A. Ramase","description":"Instal\u00b7laci\u00f3 d'ascensor electromec\u00e0nic pel forat de l'escala sense sala de m\u00e0squines en Sant Boi. Capacitat per a 4 persones.","robots":{"index":"index","follow":"follow","max-snippet":"max-snippet:-1","max-image-preview":"max-image-preview:large","max-video-preview":"max-video-preview:-1"},"canonical":"https:\/\/ascensoresramase.com\/ca\/treballs-realitzats\/ascensor-sense-sala-de-maquines-sant-boi\/","og_locale":"ca_ES","og_type":"article","og_title":"Ascensor electromec\u00e0nic pel forat de l'escala - A. Ramase","og_description":"Instal\u00b7laci\u00f3 d'ascensor electromec\u00e0nic pel forat de l'escala sense sala de m\u00e0squines en Sant Boi. Capacitat per a 4 persones.","og_url":"https:\/\/ascensoresramase.com\/ca\/treballs-realitzats\/ascensor-sense-sala-de-maquines-sant-boi\/","og_site_name":"Empresa mantenimiento ascensores Barcelona - Ascensores Ramase","article_modified_time":"2026-04-27T13:11:50+00:00","og_image":[{"width":750,"height":1000,"url":"https:\/\/ascensoresramase.com\/wp-content\/uploads\/ascensorElectromecanico-SantBoui.webp","type":"image\/webp"}],"twitter_card":"summary_large_image","twitter_misc":{"Temps estimat de lectura":"5 minuts"},"schema":{"@context":"https:\/\/schema.org","@graph":[{"@type":"WebPage","@id":"https:\/\/ascensoresramase.com\/ca\/treballs-realitzats\/ascensor-sense-sala-de-maquines-sant-boi\/","url":"https:\/\/ascensoresramase.com\/ca\/treballs-realitzats\/ascensor-sense-sala-de-maquines-sant-boi\/","name":"Ascensor electromec\u00e0nic pel forat de l'escala - A. Ramase","isPartOf":{"@id":"https:\/\/ascensoresramase.com\/ca\/#website"},"primaryImageOfPage":{"@id":"https:\/\/ascensoresramase.com\/ca\/treballs-realitzats\/ascensor-sense-sala-de-maquines-sant-boi\/#primaryimage"},"image":{"@id":"https:\/\/ascensoresramase.com\/ca\/treballs-realitzats\/ascensor-sense-sala-de-maquines-sant-boi\/#primaryimage"},"thumbnailUrl":"https:\/\/ascensoresramase.com\/wp-content\/uploads\/ascensorElectromecanico-SantBoui.webp","datePublished":"2016-05-18T07:37:15+00:00","dateModified":"2026-04-27T13:11:50+00:00","description":"Instal\u00b7laci\u00f3 d'ascensor electromec\u00e0nic pel forat de l'escala sense sala de m\u00e0squines en Sant Boi. Capacitat per a 4 persones.","breadcrumb":{"@id":"https:\/\/ascensoresramase.com\/ca\/treballs-realitzats\/ascensor-sense-sala-de-maquines-sant-boi\/#breadcrumb"},"inLanguage":"ca","potentialAction":[{"@type":"ReadAction","target":["https:\/\/ascensoresramase.com\/ca\/treballs-realitzats\/ascensor-sense-sala-de-maquines-sant-boi\/"]}]},{"@type":"ImageObject","inLanguage":"ca","@id":"https:\/\/ascensoresramase.com\/ca\/treballs-realitzats\/ascensor-sense-sala-de-maquines-sant-boi\/#primaryimage","url":"https:\/\/ascensoresramase.com\/wp-content\/uploads\/ascensorElectromecanico-SantBoui.webp","contentUrl":"https:\/\/ascensoresramase.com\/wp-content\/uploads\/ascensorElectromecanico-SantBoui.webp","width":750,"height":1000,"caption":"Ascensor electromec\u00e1nico en hueco escalera - Ascensores Ramase"},{"@type":"BreadcrumbList","@id":"https:\/\/ascensoresramase.com\/ca\/treballs-realitzats\/ascensor-sense-sala-de-maquines-sant-boi\/#breadcrumb","itemListElement":[{"@type":"ListItem","position":1,"name":"Inicio","item":"https:\/\/ascensoresramase.com\/ca\/"},{"@type":"ListItem","position":2,"name":"Portfolio","item":"https:\/\/ascensoresramase.com\/ca\/treballs-realitzats\/"},{"@type":"ListItem","position":3,"name":"Ascensor electromec\u00e0nic pel forat de l&#8217;escala \u2013 Sant Boi"}]},{"@type":"WebSite","@id":"https:\/\/ascensoresramase.com\/ca\/#website","url":"https:\/\/ascensoresramase.com\/ca\/","name":"Empresa mantenimiento ascensores Barcelona - Ascensores Ramase","description":"","publisher":{"@id":"https:\/\/ascensoresramase.com\/ca\/#organization"},"potentialAction":[{"@type":"SearchAction","target":{"@type":"EntryPoint","urlTemplate":"https:\/\/ascensoresramase.com\/ca\/?s={search_term_string}"},"query-input":{"@type":"PropertyValueSpecification","valueRequired":true,"valueName":"search_term_string"}}],"inLanguage":"ca"},{"@type":"Organization","@id":"https:\/\/ascensoresramase.com\/ca\/#organization","name":"RAMASE, S.A","url":"https:\/\/ascensoresramase.com\/ca\/","logo":{"@type":"ImageObject","inLanguage":"ca","@id":"https:\/\/ascensoresramase.com\/ca\/#\/schema\/logo\/image\/","url":"https:\/\/ascensoresramase.com\/wp-content\/uploads\/LOGO_ramase-web-1.png","contentUrl":"https:\/\/ascensoresramase.com\/wp-content\/uploads\/LOGO_ramase-web-1.png","width":234,"height":150,"caption":"RAMASE, S.A"},"image":{"@id":"https:\/\/ascensoresramase.com\/ca\/#\/schema\/logo\/image\/"}}]}},"_links":{"self":[{"href":"https:\/\/ascensoresramase.com\/ca\/wp-json\/wp\/v2\/avada_portfolio\/7438","targetHints":{"allow":["GET"]}}],"collection":[{"href":"https:\/\/ascensoresramase.com\/ca\/wp-json\/wp\/v2\/avada_portfolio"}],"about":[{"href":"https:\/\/ascensoresramase.com\/ca\/wp-json\/wp\/v2\/types\/avada_portfolio"}],"author":[{"embeddable":true,"href":"https:\/\/ascensoresramase.com\/ca\/wp-json\/wp\/v2\/users\/1"}],"replies":[{"embeddable":true,"href":"https:\/\/ascensoresramase.com\/ca\/wp-json\/wp\/v2\/comments?post=7438"}],"version-history":[{"count":4,"href":"https:\/\/ascensoresramase.com\/ca\/wp-json\/wp\/v2\/avada_portfolio\/7438\/revisions"}],"predecessor-version":[{"id":14959,"href":"https:\/\/ascensoresramase.com\/ca\/wp-json\/wp\/v2\/avada_portfolio\/7438\/revisions\/14959"}],"wp:featuredmedia":[{"embeddable":true,"href":"https:\/\/ascensoresramase.com\/ca\/wp-json\/wp\/v2\/media\/14784"}],"wp:attachment":[{"href":"https:\/\/ascensoresramase.com\/ca\/wp-json\/wp\/v2\/media?parent=7438"}],"wp:term":[{"taxonomy":"portfolio_category","embeddable":true,"href":"https:\/\/ascensoresramase.com\/ca\/wp-json\/wp\/v2\/portfolio_category?post=7438"},{"taxonomy":"portfolio_skills","embeddable":true,"href":"https:\/\/ascensoresramase.com\/ca\/wp-json\/wp\/v2\/portfolio_skills?post=7438"},{"taxonomy":"portfolio_tags","embeddable":true,"href":"https:\/\/ascensoresramase.com\/ca\/wp-json\/wp\/v2\/portfolio_tags?post=7438"}],"curies":[{"name":"wp","href":"https:\/\/api.w.org\/{rel}","templated":true}]}}