{"id":7312,"date":"2017-04-13T08:26:18","date_gmt":"2017-04-13T06:26:18","guid":{"rendered":"https:\/\/ascensoresramase.com\/?post_type=avada_portfolio&#038;p=7312"},"modified":"2026-04-27T13:45:37","modified_gmt":"2026-04-27T11:45:37","slug":"rehabilitacio-i-instalacio-ascensor-cornella","status":"publish","type":"avada_portfolio","link":"https:\/\/ascensoresramase.com\/ca\/treballs-realitzats\/rehabilitacio-i-instalacio-ascensor-cornella\/","title":{"rendered":"Ascensor amb fossa redu\u00efda per celobert \u2013 Cornell\u00e0 de Llobregat"},"content":{"rendered":"<p><div class=\"fusion-fullwidth fullwidth-box fusion-builder-row-1 fusion-flex-container nonhundred-percent-fullwidth non-hundred-percent-height-scrolling\" style=\"--awb-border-radius-top-left:0px;--awb-border-radius-top-right:0px;--awb-border-radius-bottom-right:0px;--awb-border-radius-bottom-left:0px;--awb-flex-wrap:wrap;\" ><div class=\"fusion-builder-row fusion-row fusion-flex-align-items-flex-start fusion-flex-content-wrap\" style=\"max-width:1248px;margin-left: calc(-4% \/ 2 );margin-right: calc(-4% \/ 2 );\"><div class=\"fusion-layout-column fusion_builder_column fusion-builder-column-0 fusion_builder_column_1_1 1_1 fusion-flex-column\" style=\"--awb-padding-top:20px;--awb-padding-right:25px;--awb-padding-bottom:20px;--awb-padding-left:25px;--awb-bg-color:var(--awb-custom13);--awb-bg-color-hover:var(--awb-custom13);--awb-bg-size:cover;--awb-border-color:var(--awb-color6);--awb-border-top:3px;--awb-border-style:solid;--awb-width-large:100%;--awb-margin-top-large:0px;--awb-spacing-right-large:1.92%;--awb-margin-bottom-large:20px;--awb-spacing-left-large:1.92%;--awb-width-medium:100%;--awb-order-medium:0;--awb-spacing-right-medium:1.92%;--awb-spacing-left-medium:1.92%;--awb-width-small:100%;--awb-order-small:0;--awb-spacing-right-small:1.92%;--awb-spacing-left-small:1.92%;\" data-scroll-devices=\"small-visibility,medium-visibility,large-visibility\"><div class=\"fusion-column-wrapper fusion-column-has-shadow fusion-flex-justify-content-flex-start fusion-content-layout-column\"><div class=\"fusion-title title fusion-title-1 fusion-sep-none fusion-title-center fusion-title-text fusion-title-size-three\" style=\"--awb-margin-top-small:10px;--awb-margin-right-small:0px;--awb-margin-bottom-small:10px;--awb-margin-left-small:0px;\"><h3 class=\"fusion-title-heading title-heading-center\" style=\"margin:0;\">Instal\u00b7laci\u00f3 d&#8217;ascensor i accions realitzades<\/h3><\/div><div class=\"fusion-text fusion-text-1\" style=\"--awb-content-alignment:center;\"><p>En aquesta finca de Cornell\u00e0 de Llobregat s\u2019ha instal\u00b7lat un <strong>ascensor amb fossa redu\u00efda pel celobert<\/strong>, ja que era la millor ubicaci\u00f3 tenint en compte la distribuci\u00f3 de l\u2019edifici. Aquest model compta amb una <strong>capacitat per a 5 persones<\/strong> i un recorregut que arriba fins a la planta del terrat. La intervenci\u00f3 ha incl\u00f2s el redisseny de les galeries existents del pati per adaptar-les a la nova estructura de l\u2019ascensor, integrant el conjunt de forma coherent amb l\u2019arquitectura de l\u2019edifici.<\/p>\n<p>A m\u00e9s de l\u2019ascensor principal, s\u2019ha instal\u00b7lat un elevador a la planta baixa per salvar el desnivell existent a l\u2019entrada de la finca, garantint que l\u2019acc\u00e9s des del carrer fins a l\u2019ascensor sigui completament accessible per a tots els ve\u00efns des del primer esgla\u00f3.<\/p>\n<\/div><\/div><\/div><\/div><\/div><div class=\"fusion-fullwidth fullwidth-box fusion-builder-row-2 fusion-flex-container nonhundred-percent-fullwidth non-hundred-percent-height-scrolling\" style=\"--awb-border-radius-top-left:0px;--awb-border-radius-top-right:0px;--awb-border-radius-bottom-right:0px;--awb-border-radius-bottom-left:0px;--awb-flex-wrap:wrap;\" ><div class=\"fusion-builder-row fusion-row fusion-flex-align-items-stretch fusion-flex-content-wrap\" style=\"max-width:1248px;margin-left: calc(-4% \/ 2 );margin-right: calc(-4% \/ 2 );\"><div class=\"fusion-layout-column fusion_builder_column fusion-builder-column-1 fusion_builder_column_1_1 1_1 fusion-flex-column\" style=\"--awb-bg-size:cover;--awb-width-large:100%;--awb-margin-top-large:0px;--awb-spacing-right-large:1.92%;--awb-margin-bottom-large:20px;--awb-spacing-left-large:1.92%;--awb-width-medium:100%;--awb-order-medium:0;--awb-spacing-right-medium:1.92%;--awb-spacing-left-medium:1.92%;--awb-width-small:100%;--awb-order-small:0;--awb-spacing-right-small:1.92%;--awb-spacing-left-small:1.92%;\"><div class=\"fusion-column-wrapper fusion-column-has-shadow fusion-flex-justify-content-flex-start fusion-content-layout-column\"><div class=\"awb-gallery-wrapper awb-gallery-wrapper-1 button-span-no\"><div style=\"margin:-5px;--awb-bordersize:0px;\" class=\"fusion-gallery fusion-gallery-container fusion-grid-3 fusion-columns-total-24 fusion-gallery-layout-masonry fusion-gallery-1\"><div class=\"fusion-grid-column fusion-gallery-column fusion-gallery-column-3 hover-type-none fusion-grid-sizer\"><\/div><div style=\"padding:5px;\" class=\"fusion-grid-column fusion-gallery-column fusion-gallery-column-3 hover-type-none fusion-element-grid\"><div class=\"fusion-gallery-image\"><a href=\"https:\/\/ascensoresramase.com\/wp-content\/uploads\/Hueco-Ascensor-1-1.jpg\" rel=\"noreferrer\" data-rel=\"iLightbox[gallery_image_1]\" class=\"fusion-lightbox\" target=\"_self\"><div style=\"background-image:url(https:\/\/ascensoresramase.com\/wp-content\/uploads\/Hueco-Ascensor-1-1.jpg);padding-top:calc((100% + 10px) * 0.8 - 5px);background-position:;\" class=\"fusion-masonry-element-container\"><img decoding=\"async\" src=\"https:\/\/ascensoresramase.com\/wp-content\/uploads\/Hueco-Ascensor-1-1.jpg\" width=\"1333\" height=\"1000\" alt=\"\" title=\"Hueco-Ascensor-1-1\" aria-label=\"Hueco-Ascensor-1-1\" class=\"img-responsive wp-image-7325\" srcset=\"https:\/\/ascensoresramase.com\/wp-content\/uploads\/Hueco-Ascensor-1-1-200x150.jpg 200w, https:\/\/ascensoresramase.com\/wp-content\/uploads\/Hueco-Ascensor-1-1-400x300.jpg 400w, https:\/\/ascensoresramase.com\/wp-content\/uploads\/Hueco-Ascensor-1-1-600x450.jpg 600w, https:\/\/ascensoresramase.com\/wp-content\/uploads\/Hueco-Ascensor-1-1-800x600.jpg 800w, https:\/\/ascensoresramase.com\/wp-content\/uploads\/Hueco-Ascensor-1-1-1200x900.jpg 1200w, https:\/\/ascensoresramase.com\/wp-content\/uploads\/Hueco-Ascensor-1-1.jpg 1333w\" sizes=\"(min-width: 2200px) 100vw, (min-width: 784px) 397px, (min-width: 712px) 595px, (min-width: 640px) 712px, \" \/><\/div><\/a><\/div><\/div><div style=\"padding:5px;\" class=\"fusion-grid-column fusion-gallery-column fusion-gallery-column-3 hover-type-none fusion-element-grid\"><div class=\"fusion-gallery-image\"><a href=\"https:\/\/ascensoresramase.com\/wp-content\/uploads\/Ascensor-2.jpg\" rel=\"noreferrer\" data-rel=\"iLightbox[gallery_image_1]\" class=\"fusion-lightbox\" target=\"_self\"><div style=\"background-image:url(https:\/\/ascensoresramase.com\/wp-content\/uploads\/Ascensor-2.jpg);padding-top:calc((100% + 10px) * 0.8 - 5px);background-position:;\" class=\"fusion-masonry-element-container\"><img decoding=\"async\" src=\"https:\/\/ascensoresramase.com\/wp-content\/uploads\/Ascensor-2.jpg\" width=\"1313\" height=\"1000\" alt=\"\" title=\"Ascensor-2\" aria-label=\"Ascensor-2\" class=\"img-responsive wp-image-7317\" srcset=\"https:\/\/ascensoresramase.com\/wp-content\/uploads\/Ascensor-2-200x152.jpg 200w, https:\/\/ascensoresramase.com\/wp-content\/uploads\/Ascensor-2-400x305.jpg 400w, https:\/\/ascensoresramase.com\/wp-content\/uploads\/Ascensor-2-600x457.jpg 600w, https:\/\/ascensoresramase.com\/wp-content\/uploads\/Ascensor-2-800x609.jpg 800w, https:\/\/ascensoresramase.com\/wp-content\/uploads\/Ascensor-2-1200x914.jpg 1200w, https:\/\/ascensoresramase.com\/wp-content\/uploads\/Ascensor-2.jpg 1313w\" sizes=\"(min-width: 2200px) 100vw, (min-width: 784px) 397px, (min-width: 712px) 595px, (min-width: 640px) 712px, \" \/><\/div><\/a><\/div><\/div><div style=\"padding:5px;\" class=\"fusion-grid-column fusion-gallery-column fusion-gallery-column-3 hover-type-none fusion-element-grid\"><div class=\"fusion-gallery-image\"><a href=\"https:\/\/ascensoresramase.com\/wp-content\/uploads\/Ascensor1-1.jpg\" rel=\"noreferrer\" data-rel=\"iLightbox[gallery_image_1]\" class=\"fusion-lightbox\" target=\"_self\"><div style=\"background-image:url(https:\/\/ascensoresramase.com\/wp-content\/uploads\/Ascensor1-1.jpg);padding-top:calc((100% + 10px) * 0.8 - 5px);background-position:;\" class=\"fusion-masonry-element-container\"><img decoding=\"async\" src=\"https:\/\/ascensoresramase.com\/wp-content\/uploads\/Ascensor1-1.jpg\" width=\"750\" height=\"1000\" alt=\"\" title=\"Ascensor1-1\" aria-label=\"Ascensor1-1\" class=\"img-responsive wp-image-7316\" srcset=\"https:\/\/ascensoresramase.com\/wp-content\/uploads\/Ascensor1-1-200x267.jpg 200w, https:\/\/ascensoresramase.com\/wp-content\/uploads\/Ascensor1-1-400x533.jpg 400w, https:\/\/ascensoresramase.com\/wp-content\/uploads\/Ascensor1-1-600x800.jpg 600w, https:\/\/ascensoresramase.com\/wp-content\/uploads\/Ascensor1-1.jpg 750w\" sizes=\"(min-width: 2200px) 100vw, (min-width: 784px) 397px, (min-width: 712px) 595px, (min-width: 640px) 712px, \" \/><\/div><\/a><\/div><\/div><div style=\"padding:5px;\" class=\"fusion-grid-column fusion-gallery-column fusion-gallery-column-3 hover-type-none fusion-element-grid\"><div class=\"fusion-gallery-image\"><a href=\"https:\/\/ascensoresramase.com\/wp-content\/uploads\/Hueco-Ascensor-3-1.jpg\" rel=\"noreferrer\" data-rel=\"iLightbox[gallery_image_1]\" class=\"fusion-lightbox\" target=\"_self\"><div style=\"background-image:url(https:\/\/ascensoresramase.com\/wp-content\/uploads\/Hueco-Ascensor-3-1.jpg);padding-top:calc((100% + 10px) * 0.8 - 5px);background-position:;\" class=\"fusion-masonry-element-container\"><img decoding=\"async\" src=\"https:\/\/ascensoresramase.com\/wp-content\/uploads\/Hueco-Ascensor-3-1.jpg\" width=\"750\" height=\"1332\" alt=\"\" title=\"Hueco-Ascensor-3-1\" aria-label=\"Hueco-Ascensor-3-1\" class=\"img-responsive wp-image-7327\" srcset=\"https:\/\/ascensoresramase.com\/wp-content\/uploads\/Hueco-Ascensor-3-1-200x355.jpg 200w, https:\/\/ascensoresramase.com\/wp-content\/uploads\/Hueco-Ascensor-3-1-400x710.jpg 400w, https:\/\/ascensoresramase.com\/wp-content\/uploads\/Hueco-Ascensor-3-1-600x1066.jpg 600w, https:\/\/ascensoresramase.com\/wp-content\/uploads\/Hueco-Ascensor-3-1.jpg 750w\" sizes=\"(min-width: 2200px) 100vw, (min-width: 784px) 397px, (min-width: 712px) 595px, (min-width: 640px) 712px, \" \/><\/div><\/a><\/div><\/div><div style=\"padding:5px;\" class=\"fusion-grid-column fusion-gallery-column fusion-gallery-column-3 hover-type-none fusion-element-grid\"><div class=\"fusion-gallery-image\"><a href=\"https:\/\/ascensoresramase.com\/wp-content\/uploads\/Entrada-escalera.jpg\" rel=\"noreferrer\" data-rel=\"iLightbox[gallery_image_1]\" class=\"fusion-lightbox\" target=\"_self\"><div style=\"background-image:url(https:\/\/ascensoresramase.com\/wp-content\/uploads\/Entrada-escalera.jpg);padding-top:calc((100% + 10px) * 0.8 - 5px);background-position:;\" class=\"fusion-masonry-element-container\"><img decoding=\"async\" src=\"https:\/\/ascensoresramase.com\/wp-content\/uploads\/Entrada-escalera.jpg\" width=\"750\" height=\"1000\" alt=\"\" title=\"Entrada-escalera\" aria-label=\"Entrada-escalera\" class=\"img-responsive wp-image-7322\" srcset=\"https:\/\/ascensoresramase.com\/wp-content\/uploads\/Entrada-escalera-200x267.jpg 200w, https:\/\/ascensoresramase.com\/wp-content\/uploads\/Entrada-escalera-400x533.jpg 400w, https:\/\/ascensoresramase.com\/wp-content\/uploads\/Entrada-escalera-600x800.jpg 600w, https:\/\/ascensoresramase.com\/wp-content\/uploads\/Entrada-escalera.jpg 750w\" sizes=\"(min-width: 2200px) 100vw, (min-width: 784px) 397px, (min-width: 712px) 595px, (min-width: 640px) 712px, \" \/><\/div><\/a><\/div><\/div><div style=\"padding:5px;\" class=\"fusion-grid-column fusion-gallery-column fusion-gallery-column-3 hover-type-none fusion-element-grid\"><div class=\"fusion-gallery-image\"><a href=\"https:\/\/ascensoresramase.com\/wp-content\/uploads\/Hueco-Ascensor-5.jpg\" rel=\"noreferrer\" data-rel=\"iLightbox[gallery_image_1]\" class=\"fusion-lightbox\" target=\"_self\"><div style=\"background-image:url(https:\/\/ascensoresramase.com\/wp-content\/uploads\/Hueco-Ascensor-5.jpg);padding-top:calc((100% + 10px) * 0.8 - 5px);background-position:;\" class=\"fusion-masonry-element-container\"><img decoding=\"async\" src=\"https:\/\/ascensoresramase.com\/wp-content\/uploads\/Hueco-Ascensor-5.jpg\" width=\"750\" height=\"1332\" alt=\"\" title=\"Hueco-Ascensor-5\" aria-label=\"Hueco-Ascensor-5\" class=\"img-responsive wp-image-7328\" srcset=\"https:\/\/ascensoresramase.com\/wp-content\/uploads\/Hueco-Ascensor-5-200x355.jpg 200w, https:\/\/ascensoresramase.com\/wp-content\/uploads\/Hueco-Ascensor-5-400x710.jpg 400w, https:\/\/ascensoresramase.com\/wp-content\/uploads\/Hueco-Ascensor-5-600x1066.jpg 600w, https:\/\/ascensoresramase.com\/wp-content\/uploads\/Hueco-Ascensor-5.jpg 750w\" sizes=\"(min-width: 2200px) 100vw, (min-width: 784px) 397px, (min-width: 712px) 595px, (min-width: 640px) 712px, \" \/><\/div><\/a><\/div><\/div><div style=\"padding:5px;\" class=\"fusion-grid-column fusion-gallery-column fusion-gallery-column-3 hover-type-none fusion-element-grid\"><div class=\"fusion-gallery-image\"><a href=\"https:\/\/ascensoresramase.com\/wp-content\/uploads\/Hueco-Ascensor-2-1.jpg\" rel=\"noreferrer\" data-rel=\"iLightbox[gallery_image_1]\" class=\"fusion-lightbox\" target=\"_self\"><div style=\"background-image:url(https:\/\/ascensoresramase.com\/wp-content\/uploads\/Hueco-Ascensor-2-1.jpg);padding-top:calc((100% + 10px) * 0.8 - 5px);background-position:;\" class=\"fusion-masonry-element-container\"><img decoding=\"async\" src=\"https:\/\/ascensoresramase.com\/wp-content\/uploads\/Hueco-Ascensor-2-1.jpg\" width=\"750\" height=\"1000\" alt=\"\" title=\"Hueco-Ascensor-2-1\" aria-label=\"Hueco-Ascensor-2-1\" class=\"img-responsive wp-image-7326\" srcset=\"https:\/\/ascensoresramase.com\/wp-content\/uploads\/Hueco-Ascensor-2-1-200x267.jpg 200w, https:\/\/ascensoresramase.com\/wp-content\/uploads\/Hueco-Ascensor-2-1-400x533.jpg 400w, https:\/\/ascensoresramase.com\/wp-content\/uploads\/Hueco-Ascensor-2-1-600x800.jpg 600w, https:\/\/ascensoresramase.com\/wp-content\/uploads\/Hueco-Ascensor-2-1.jpg 750w\" sizes=\"(min-width: 2200px) 100vw, (min-width: 784px) 397px, (min-width: 712px) 595px, (min-width: 640px) 712px, \" \/><\/div><\/a><\/div><\/div><div style=\"padding:5px;\" class=\"fusion-grid-column fusion-gallery-column fusion-gallery-column-3 hover-type-none fusion-element-grid\"><div class=\"fusion-gallery-image\"><a href=\"https:\/\/ascensoresramase.com\/wp-content\/uploads\/Escalera-6.webp\" rel=\"noreferrer\" data-rel=\"iLightbox[gallery_image_1]\" class=\"fusion-lightbox\" target=\"_self\"><div style=\"background-image:url(https:\/\/ascensoresramase.com\/wp-content\/uploads\/Escalera-6.webp);padding-top:calc((100% + 10px) * 0.8 - 5px);background-position:;\" class=\"fusion-masonry-element-container\"><img decoding=\"async\" src=\"https:\/\/ascensoresramase.com\/wp-content\/uploads\/Escalera-6.webp\" width=\"750\" height=\"1000\" alt=\"\" title=\"Escalera-6\" aria-label=\"Escalera-6\" class=\"img-responsive wp-image-7323\"  \/><\/div><\/a><\/div><\/div><div style=\"padding:5px;\" class=\"fusion-grid-column fusion-gallery-column fusion-gallery-column-3 hover-type-none fusion-element-grid\"><div class=\"fusion-gallery-image\"><a href=\"https:\/\/ascensoresramase.com\/wp-content\/uploads\/ARRANQUE-ESTRUCT-1-cornella.jpg\" rel=\"noreferrer\" data-rel=\"iLightbox[gallery_image_1]\" class=\"fusion-lightbox\" target=\"_self\"><div style=\"background-image:url(https:\/\/ascensoresramase.com\/wp-content\/uploads\/ARRANQUE-ESTRUCT-1-cornella.jpg);padding-top:calc((100% + 10px) * 0.8 - 5px);background-position:;\" class=\"fusion-masonry-element-container\"><img decoding=\"async\" src=\"https:\/\/ascensoresramase.com\/wp-content\/uploads\/ARRANQUE-ESTRUCT-1-cornella.jpg\" width=\"1067\" height=\"600\" alt=\"\" title=\"ARRANQUE-ESTRUCT-1-cornella\" aria-label=\"ARRANQUE-ESTRUCT-1-cornella\" class=\"img-responsive wp-image-7339\" srcset=\"https:\/\/ascensoresramase.com\/wp-content\/uploads\/ARRANQUE-ESTRUCT-1-cornella-200x112.jpg 200w, https:\/\/ascensoresramase.com\/wp-content\/uploads\/ARRANQUE-ESTRUCT-1-cornella-400x225.jpg 400w, https:\/\/ascensoresramase.com\/wp-content\/uploads\/ARRANQUE-ESTRUCT-1-cornella-600x337.jpg 600w, https:\/\/ascensoresramase.com\/wp-content\/uploads\/ARRANQUE-ESTRUCT-1-cornella-800x450.jpg 800w, https:\/\/ascensoresramase.com\/wp-content\/uploads\/ARRANQUE-ESTRUCT-1-cornella.jpg 1067w\" sizes=\"(min-width: 2200px) 100vw, (min-width: 784px) 397px, (min-width: 712px) 595px, (min-width: 640px) 712px, \" \/><\/div><\/a><\/div><\/div><div style=\"padding:5px;\" class=\"fusion-grid-column fusion-gallery-column fusion-gallery-column-3 hover-type-none fusion-element-grid\"><div class=\"fusion-gallery-image\"><a href=\"https:\/\/ascensoresramase.com\/wp-content\/uploads\/INSTALACION-SALVAESCALERAS-B-cornella.jpg\" rel=\"noreferrer\" data-rel=\"iLightbox[gallery_image_1]\" class=\"fusion-lightbox\" target=\"_self\"><div style=\"background-image:url(https:\/\/ascensoresramase.com\/wp-content\/uploads\/INSTALACION-SALVAESCALERAS-B-cornella.jpg);padding-top:calc((100% + 10px) * 0.8 - 5px);background-position:;\" class=\"fusion-masonry-element-container\"><img decoding=\"async\" src=\"https:\/\/ascensoresramase.com\/wp-content\/uploads\/INSTALACION-SALVAESCALERAS-B-cornella.jpg\" width=\"800\" height=\"1067\" alt=\"\" title=\"INSTALACION-SALVAESCALERAS-B-cornella\" aria-label=\"INSTALACION-SALVAESCALERAS-B-cornella\" class=\"img-responsive wp-image-7329\" srcset=\"https:\/\/ascensoresramase.com\/wp-content\/uploads\/INSTALACION-SALVAESCALERAS-B-cornella-200x267.jpg 200w, https:\/\/ascensoresramase.com\/wp-content\/uploads\/INSTALACION-SALVAESCALERAS-B-cornella-400x534.jpg 400w, https:\/\/ascensoresramase.com\/wp-content\/uploads\/INSTALACION-SALVAESCALERAS-B-cornella-600x800.jpg 600w, https:\/\/ascensoresramase.com\/wp-content\/uploads\/INSTALACION-SALVAESCALERAS-B-cornella.jpg 800w\" sizes=\"(min-width: 2200px) 100vw, (min-width: 784px) 397px, (min-width: 712px) 595px, (min-width: 640px) 712px, \" \/><\/div><\/a><\/div><\/div><div style=\"padding:5px;\" class=\"fusion-grid-column fusion-gallery-column fusion-gallery-column-3 hover-type-none fusion-element-grid\"><div class=\"fusion-gallery-image\"><a href=\"https:\/\/ascensoresramase.com\/wp-content\/uploads\/ESTRUCTURA-AUTOPORTANTE-2-cornella-1.jpg\" rel=\"noreferrer\" data-rel=\"iLightbox[gallery_image_1]\" class=\"fusion-lightbox\" target=\"_self\"><div style=\"background-image:url(https:\/\/ascensoresramase.com\/wp-content\/uploads\/ESTRUCTURA-AUTOPORTANTE-2-cornella-1.jpg);padding-top:calc((100% + 10px) * 0.8 - 5px);background-position:;\" class=\"fusion-masonry-element-container\"><img decoding=\"async\" src=\"https:\/\/ascensoresramase.com\/wp-content\/uploads\/ESTRUCTURA-AUTOPORTANTE-2-cornella-1.jpg\" width=\"600\" height=\"1067\" alt=\"\" title=\"ESTRUCTURA-AUTOPORTANTE-2-cornella-1\" aria-label=\"ESTRUCTURA-AUTOPORTANTE-2-cornella-1\" class=\"img-responsive wp-image-7324\" srcset=\"https:\/\/ascensoresramase.com\/wp-content\/uploads\/ESTRUCTURA-AUTOPORTANTE-2-cornella-1-200x356.jpg 200w, https:\/\/ascensoresramase.com\/wp-content\/uploads\/ESTRUCTURA-AUTOPORTANTE-2-cornella-1-400x711.jpg 400w, https:\/\/ascensoresramase.com\/wp-content\/uploads\/ESTRUCTURA-AUTOPORTANTE-2-cornella-1.jpg 600w\" sizes=\"(min-width: 2200px) 100vw, (min-width: 784px) 397px, (min-width: 712px) 595px, (min-width: 640px) 712px, \" \/><\/div><\/a><\/div><\/div><div style=\"padding:5px;\" class=\"fusion-grid-column fusion-gallery-column fusion-gallery-column-3 hover-type-none fusion-element-grid\"><div class=\"fusion-gallery-image\"><a href=\"https:\/\/ascensoresramase.com\/wp-content\/uploads\/MECANICA-7-cornella.jpg\" rel=\"noreferrer\" data-rel=\"iLightbox[gallery_image_1]\" class=\"fusion-lightbox\" target=\"_self\"><div style=\"background-image:url(https:\/\/ascensoresramase.com\/wp-content\/uploads\/MECANICA-7-cornella.jpg);padding-top:calc((100% + 10px) * 0.8 - 5px);background-position:;\" class=\"fusion-masonry-element-container\"><img decoding=\"async\" src=\"https:\/\/ascensoresramase.com\/wp-content\/uploads\/MECANICA-7-cornella.jpg\" width=\"800\" height=\"1067\" alt=\"\" title=\"MECANICA-7-cornella\" aria-label=\"MECANICA-7-cornella\" class=\"img-responsive wp-image-7330\" srcset=\"https:\/\/ascensoresramase.com\/wp-content\/uploads\/MECANICA-7-cornella-200x267.jpg 200w, https:\/\/ascensoresramase.com\/wp-content\/uploads\/MECANICA-7-cornella-400x534.jpg 400w, https:\/\/ascensoresramase.com\/wp-content\/uploads\/MECANICA-7-cornella-600x800.jpg 600w, https:\/\/ascensoresramase.com\/wp-content\/uploads\/MECANICA-7-cornella.jpg 800w\" sizes=\"(min-width: 2200px) 100vw, (min-width: 784px) 397px, (min-width: 712px) 595px, (min-width: 640px) 712px, \" \/><\/div><\/a><\/div><\/div><div style=\"padding:5px;\" class=\"fusion-grid-column fusion-gallery-column fusion-gallery-column-3 hover-type-none fusion-element-grid\"><div class=\"fusion-gallery-image\"><a href=\"https:\/\/ascensoresramase.com\/wp-content\/uploads\/CERRAMIENTO-ESTRUCT-5-cornella.jpg\" rel=\"noreferrer\" data-rel=\"iLightbox[gallery_image_1]\" class=\"fusion-lightbox\" target=\"_self\"><div style=\"background-image:url(https:\/\/ascensoresramase.com\/wp-content\/uploads\/CERRAMIENTO-ESTRUCT-5-cornella.jpg);padding-top:calc((100% + 10px) * 0.8 - 5px);background-position:;\" class=\"fusion-masonry-element-container\"><img decoding=\"async\" src=\"https:\/\/ascensoresramase.com\/wp-content\/uploads\/CERRAMIENTO-ESTRUCT-5-cornella.jpg\" width=\"800\" height=\"1067\" alt=\"\" title=\"CERRAMIENTO-ESTRUCT-5-cornella\" aria-label=\"CERRAMIENTO-ESTRUCT-5-cornella\" class=\"img-responsive wp-image-7319\" srcset=\"https:\/\/ascensoresramase.com\/wp-content\/uploads\/CERRAMIENTO-ESTRUCT-5-cornella-200x267.jpg 200w, https:\/\/ascensoresramase.com\/wp-content\/uploads\/CERRAMIENTO-ESTRUCT-5-cornella-400x534.jpg 400w, https:\/\/ascensoresramase.com\/wp-content\/uploads\/CERRAMIENTO-ESTRUCT-5-cornella-600x800.jpg 600w, https:\/\/ascensoresramase.com\/wp-content\/uploads\/CERRAMIENTO-ESTRUCT-5-cornella.jpg 800w\" sizes=\"(min-width: 2200px) 100vw, (min-width: 784px) 397px, (min-width: 712px) 595px, (min-width: 640px) 712px, \" \/><\/div><\/a><\/div><\/div><div style=\"padding:5px;\" class=\"fusion-grid-column fusion-gallery-column fusion-gallery-column-3 hover-type-none fusion-element-grid\"><div class=\"fusion-gallery-image\"><a href=\"https:\/\/ascensoresramase.com\/wp-content\/uploads\/CERRAMIENTO-4-cornella.jpg\" rel=\"noreferrer\" data-rel=\"iLightbox[gallery_image_1]\" class=\"fusion-lightbox\" target=\"_self\"><div style=\"background-image:url(https:\/\/ascensoresramase.com\/wp-content\/uploads\/CERRAMIENTO-4-cornella.jpg);padding-top:calc((100% + 10px) * 0.8 - 5px);background-position:;\" class=\"fusion-masonry-element-container\"><img decoding=\"async\" src=\"https:\/\/ascensoresramase.com\/wp-content\/uploads\/CERRAMIENTO-4-cornella.jpg\" width=\"1067\" height=\"601\" alt=\"\" title=\"CERRAMIENTO-4-cornella\" aria-label=\"CERRAMIENTO-4-cornella\" class=\"img-responsive wp-image-7318\" srcset=\"https:\/\/ascensoresramase.com\/wp-content\/uploads\/CERRAMIENTO-4-cornella-200x113.jpg 200w, https:\/\/ascensoresramase.com\/wp-content\/uploads\/CERRAMIENTO-4-cornella-400x225.jpg 400w, https:\/\/ascensoresramase.com\/wp-content\/uploads\/CERRAMIENTO-4-cornella-600x338.jpg 600w, https:\/\/ascensoresramase.com\/wp-content\/uploads\/CERRAMIENTO-4-cornella-800x451.jpg 800w, https:\/\/ascensoresramase.com\/wp-content\/uploads\/CERRAMIENTO-4-cornella.jpg 1067w\" sizes=\"(min-width: 2200px) 100vw, (min-width: 784px) 397px, (min-width: 712px) 595px, (min-width: 640px) 712px, \" \/><\/div><\/a><\/div><\/div><div style=\"padding:5px;\" class=\"fusion-grid-column fusion-gallery-column fusion-gallery-column-3 hover-type-none fusion-element-grid\"><div class=\"fusion-gallery-image\"><a href=\"https:\/\/ascensoresramase.com\/wp-content\/uploads\/EMBARQUE-SUPERIOR-SALVAESCALERAS-E-cornella.jpg\" rel=\"noreferrer\" data-rel=\"iLightbox[gallery_image_1]\" class=\"fusion-lightbox\" target=\"_self\"><div style=\"background-image:url(https:\/\/ascensoresramase.com\/wp-content\/uploads\/EMBARQUE-SUPERIOR-SALVAESCALERAS-E-cornella.jpg);padding-top:calc((100% + 10px) * 0.8 - 5px);background-position:;\" class=\"fusion-masonry-element-container\"><img decoding=\"async\" src=\"https:\/\/ascensoresramase.com\/wp-content\/uploads\/EMBARQUE-SUPERIOR-SALVAESCALERAS-E-cornella.jpg\" width=\"800\" height=\"1067\" alt=\"\" title=\"EMBARQUE-SUPERIOR-SALVAESCALERAS-E-cornella\" aria-label=\"EMBARQUE-SUPERIOR-SALVAESCALERAS-E-cornella\" class=\"img-responsive wp-image-7321\" srcset=\"https:\/\/ascensoresramase.com\/wp-content\/uploads\/EMBARQUE-SUPERIOR-SALVAESCALERAS-E-cornella-200x267.jpg 200w, https:\/\/ascensoresramase.com\/wp-content\/uploads\/EMBARQUE-SUPERIOR-SALVAESCALERAS-E-cornella-400x534.jpg 400w, https:\/\/ascensoresramase.com\/wp-content\/uploads\/EMBARQUE-SUPERIOR-SALVAESCALERAS-E-cornella-600x800.jpg 600w, https:\/\/ascensoresramase.com\/wp-content\/uploads\/EMBARQUE-SUPERIOR-SALVAESCALERAS-E-cornella.jpg 800w\" sizes=\"(min-width: 2200px) 100vw, (min-width: 784px) 397px, (min-width: 712px) 595px, (min-width: 640px) 712px, \" \/><\/div><\/a><\/div><\/div><div style=\"padding:5px;\" class=\"fusion-grid-column fusion-gallery-column fusion-gallery-column-3 hover-type-none fusion-element-grid\"><div class=\"fusion-gallery-image\"><a href=\"https:\/\/ascensoresramase.com\/wp-content\/uploads\/ACABADO-ESCALERA-PB-cornella.jpg\" rel=\"noreferrer\" data-rel=\"iLightbox[gallery_image_1]\" class=\"fusion-lightbox\" target=\"_self\"><div style=\"background-image:url(https:\/\/ascensoresramase.com\/wp-content\/uploads\/ACABADO-ESCALERA-PB-cornella.jpg);padding-top:calc((100% + 10px) * 0.8 - 5px);background-position:;\" class=\"fusion-masonry-element-container\"><img decoding=\"async\" src=\"https:\/\/ascensoresramase.com\/wp-content\/uploads\/ACABADO-ESCALERA-PB-cornella.jpg\" width=\"800\" height=\"1067\" alt=\"\" title=\"ACABADO-ESCALERA-PB-cornella\" aria-label=\"ACABADO-ESCALERA-PB-cornella\" class=\"img-responsive wp-image-7337\" srcset=\"https:\/\/ascensoresramase.com\/wp-content\/uploads\/ACABADO-ESCALERA-PB-cornella-200x267.jpg 200w, https:\/\/ascensoresramase.com\/wp-content\/uploads\/ACABADO-ESCALERA-PB-cornella-400x534.jpg 400w, https:\/\/ascensoresramase.com\/wp-content\/uploads\/ACABADO-ESCALERA-PB-cornella-600x800.jpg 600w, https:\/\/ascensoresramase.com\/wp-content\/uploads\/ACABADO-ESCALERA-PB-cornella.jpg 800w\" sizes=\"(min-width: 2200px) 100vw, (min-width: 784px) 397px, (min-width: 712px) 595px, (min-width: 640px) 712px, \" \/><\/div><\/a><\/div><\/div><div style=\"padding:5px;\" class=\"fusion-grid-column fusion-gallery-column fusion-gallery-column-3 hover-type-none fusion-element-grid\"><div class=\"fusion-gallery-image\"><a href=\"https:\/\/ascensoresramase.com\/wp-content\/uploads\/MONTAJE-CHASIS-8-cornella.jpg\" rel=\"noreferrer\" data-rel=\"iLightbox[gallery_image_1]\" class=\"fusion-lightbox\" target=\"_self\"><div style=\"background-image:url(https:\/\/ascensoresramase.com\/wp-content\/uploads\/MONTAJE-CHASIS-8-cornella.jpg);padding-top:calc((100% + 10px) * 0.8 - 5px);background-position:;\" class=\"fusion-masonry-element-container\"><img decoding=\"async\" src=\"https:\/\/ascensoresramase.com\/wp-content\/uploads\/MONTAJE-CHASIS-8-cornella.jpg\" width=\"800\" height=\"1067\" alt=\"\" title=\"MONTAJE-CHASIS-8-cornella\" aria-label=\"MONTAJE-CHASIS-8-cornella\" class=\"img-responsive wp-image-7331\" srcset=\"https:\/\/ascensoresramase.com\/wp-content\/uploads\/MONTAJE-CHASIS-8-cornella-200x267.jpg 200w, https:\/\/ascensoresramase.com\/wp-content\/uploads\/MONTAJE-CHASIS-8-cornella-400x534.jpg 400w, https:\/\/ascensoresramase.com\/wp-content\/uploads\/MONTAJE-CHASIS-8-cornella-600x800.jpg 600w, https:\/\/ascensoresramase.com\/wp-content\/uploads\/MONTAJE-CHASIS-8-cornella.jpg 800w\" sizes=\"(min-width: 2200px) 100vw, (min-width: 784px) 397px, (min-width: 712px) 595px, (min-width: 640px) 712px, \" \/><\/div><\/a><\/div><\/div><div style=\"padding:5px;\" class=\"fusion-grid-column fusion-gallery-column fusion-gallery-column-3 hover-type-none fusion-element-grid\"><div class=\"fusion-gallery-image\"><a href=\"https:\/\/ascensoresramase.com\/wp-content\/uploads\/PUERTAS-EXTERIORES-10-cornella.jpg\" rel=\"noreferrer\" data-rel=\"iLightbox[gallery_image_1]\" class=\"fusion-lightbox\" target=\"_self\"><div style=\"background-image:url(https:\/\/ascensoresramase.com\/wp-content\/uploads\/PUERTAS-EXTERIORES-10-cornella.jpg);padding-top:calc((100% + 10px) * 0.8 - 5px);background-position:;\" class=\"fusion-masonry-element-container\"><img decoding=\"async\" src=\"https:\/\/ascensoresramase.com\/wp-content\/uploads\/PUERTAS-EXTERIORES-10-cornella.jpg\" width=\"800\" height=\"1067\" alt=\"\" title=\"PUERTAS-EXTERIORES-10-cornella\" aria-label=\"PUERTAS-EXTERIORES-10-cornella\" class=\"img-responsive wp-image-7334\" srcset=\"https:\/\/ascensoresramase.com\/wp-content\/uploads\/PUERTAS-EXTERIORES-10-cornella-200x267.jpg 200w, https:\/\/ascensoresramase.com\/wp-content\/uploads\/PUERTAS-EXTERIORES-10-cornella-400x534.jpg 400w, https:\/\/ascensoresramase.com\/wp-content\/uploads\/PUERTAS-EXTERIORES-10-cornella-600x800.jpg 600w, https:\/\/ascensoresramase.com\/wp-content\/uploads\/PUERTAS-EXTERIORES-10-cornella.jpg 800w\" sizes=\"(min-width: 2200px) 100vw, (min-width: 784px) 397px, (min-width: 712px) 595px, (min-width: 640px) 712px, \" \/><\/div><\/a><\/div><\/div><div style=\"padding:5px;\" class=\"fusion-grid-column fusion-gallery-column fusion-gallery-column-3 hover-type-none fusion-element-grid\"><div class=\"fusion-gallery-image\"><a href=\"https:\/\/ascensoresramase.com\/wp-content\/uploads\/ACCESO-SALVAESCALERAS-E-cornella.jpg\" rel=\"noreferrer\" data-rel=\"iLightbox[gallery_image_1]\" class=\"fusion-lightbox\" target=\"_self\"><div style=\"background-image:url(https:\/\/ascensoresramase.com\/wp-content\/uploads\/ACCESO-SALVAESCALERAS-E-cornella.jpg);padding-top:calc((100% + 10px) * 0.8 - 5px);background-position:;\" class=\"fusion-masonry-element-container\"><img decoding=\"async\" src=\"https:\/\/ascensoresramase.com\/wp-content\/uploads\/ACCESO-SALVAESCALERAS-E-cornella.jpg\" width=\"800\" height=\"1067\" alt=\"\" title=\"ACCESO-SALVAESCALERAS-E-cornella\" aria-label=\"ACCESO-SALVAESCALERAS-E-cornella\" class=\"img-responsive wp-image-7338\" srcset=\"https:\/\/ascensoresramase.com\/wp-content\/uploads\/ACCESO-SALVAESCALERAS-E-cornella-200x267.jpg 200w, https:\/\/ascensoresramase.com\/wp-content\/uploads\/ACCESO-SALVAESCALERAS-E-cornella-400x534.jpg 400w, https:\/\/ascensoresramase.com\/wp-content\/uploads\/ACCESO-SALVAESCALERAS-E-cornella-600x800.jpg 600w, https:\/\/ascensoresramase.com\/wp-content\/uploads\/ACCESO-SALVAESCALERAS-E-cornella.jpg 800w\" sizes=\"(min-width: 2200px) 100vw, (min-width: 784px) 397px, (min-width: 712px) 595px, (min-width: 640px) 712px, \" \/><\/div><\/a><\/div><\/div><div style=\"padding:5px;\" class=\"fusion-grid-column fusion-gallery-column fusion-gallery-column-3 hover-type-none fusion-element-grid\"><div class=\"fusion-gallery-image\"><a href=\"https:\/\/ascensoresramase.com\/wp-content\/uploads\/DETALLE-SALVAESCALERAS-D-cornella.jpg\" rel=\"noreferrer\" data-rel=\"iLightbox[gallery_image_1]\" class=\"fusion-lightbox\" target=\"_self\"><div style=\"background-image:url(https:\/\/ascensoresramase.com\/wp-content\/uploads\/DETALLE-SALVAESCALERAS-D-cornella.jpg);padding-top:calc((100% + 10px) * 0.8 - 5px);background-position:;\" class=\"fusion-masonry-element-container\"><img decoding=\"async\" src=\"https:\/\/ascensoresramase.com\/wp-content\/uploads\/DETALLE-SALVAESCALERAS-D-cornella.jpg\" width=\"800\" height=\"1067\" alt=\"\" title=\"DETALLE-SALVAESCALERAS-D-cornella\" aria-label=\"DETALLE-SALVAESCALERAS-D-cornella\" class=\"img-responsive wp-image-7320\" srcset=\"https:\/\/ascensoresramase.com\/wp-content\/uploads\/DETALLE-SALVAESCALERAS-D-cornella-200x267.jpg 200w, https:\/\/ascensoresramase.com\/wp-content\/uploads\/DETALLE-SALVAESCALERAS-D-cornella-400x534.jpg 400w, https:\/\/ascensoresramase.com\/wp-content\/uploads\/DETALLE-SALVAESCALERAS-D-cornella-600x800.jpg 600w, https:\/\/ascensoresramase.com\/wp-content\/uploads\/DETALLE-SALVAESCALERAS-D-cornella.jpg 800w\" sizes=\"(min-width: 2200px) 100vw, (min-width: 784px) 397px, (min-width: 712px) 595px, (min-width: 640px) 712px, \" \/><\/div><\/a><\/div><\/div><div style=\"padding:5px;\" class=\"fusion-grid-column fusion-gallery-column fusion-gallery-column-3 hover-type-none fusion-element-grid\"><div class=\"fusion-gallery-image\"><a href=\"https:\/\/ascensoresramase.com\/wp-content\/uploads\/NUEVA-PORTERIA.jpg\" rel=\"noreferrer\" data-rel=\"iLightbox[gallery_image_1]\" class=\"fusion-lightbox\" target=\"_self\"><div style=\"background-image:url(https:\/\/ascensoresramase.com\/wp-content\/uploads\/NUEVA-PORTERIA.jpg);padding-top:calc((100% + 10px) * 0.8 - 5px);background-position:;\" class=\"fusion-masonry-element-container\"><img decoding=\"async\" src=\"https:\/\/ascensoresramase.com\/wp-content\/uploads\/NUEVA-PORTERIA.jpg\" width=\"800\" height=\"1067\" alt=\"\" title=\"NUEVA-PORTERIA\" aria-label=\"NUEVA-PORTERIA\" class=\"img-responsive wp-image-7332\" srcset=\"https:\/\/ascensoresramase.com\/wp-content\/uploads\/NUEVA-PORTERIA-200x267.jpg 200w, https:\/\/ascensoresramase.com\/wp-content\/uploads\/NUEVA-PORTERIA-400x534.jpg 400w, https:\/\/ascensoresramase.com\/wp-content\/uploads\/NUEVA-PORTERIA-600x800.jpg 600w, https:\/\/ascensoresramase.com\/wp-content\/uploads\/NUEVA-PORTERIA.jpg 800w\" sizes=\"(min-width: 2200px) 100vw, (min-width: 784px) 397px, (min-width: 712px) 595px, (min-width: 640px) 712px, \" \/><\/div><\/a><\/div><\/div><div style=\"padding:5px;\" class=\"fusion-grid-column fusion-gallery-column fusion-gallery-column-3 hover-type-none fusion-element-grid\"><div class=\"fusion-gallery-image\"><a href=\"https:\/\/ascensoresramase.com\/wp-content\/uploads\/SALVAESCALERAS-ACABADO.jpg\" rel=\"noreferrer\" data-rel=\"iLightbox[gallery_image_1]\" class=\"fusion-lightbox\" target=\"_self\"><div style=\"background-image:url(https:\/\/ascensoresramase.com\/wp-content\/uploads\/SALVAESCALERAS-ACABADO.jpg);padding-top:calc((100% + 10px) * 0.8 - 5px);background-position:;\" class=\"fusion-masonry-element-container\"><img decoding=\"async\" src=\"https:\/\/ascensoresramase.com\/wp-content\/uploads\/SALVAESCALERAS-ACABADO.jpg\" width=\"800\" height=\"1067\" alt=\"\" title=\"SALVAESCALERAS-ACABADO\" aria-label=\"SALVAESCALERAS-ACABADO\" class=\"img-responsive wp-image-7335\" srcset=\"https:\/\/ascensoresramase.com\/wp-content\/uploads\/SALVAESCALERAS-ACABADO-200x267.jpg 200w, https:\/\/ascensoresramase.com\/wp-content\/uploads\/SALVAESCALERAS-ACABADO-400x534.jpg 400w, https:\/\/ascensoresramase.com\/wp-content\/uploads\/SALVAESCALERAS-ACABADO-600x800.jpg 600w, https:\/\/ascensoresramase.com\/wp-content\/uploads\/SALVAESCALERAS-ACABADO.jpg 800w\" sizes=\"(min-width: 2200px) 100vw, (min-width: 784px) 397px, (min-width: 712px) 595px, (min-width: 640px) 712px, \" \/><\/div><\/a><\/div><\/div><div style=\"padding:5px;\" class=\"fusion-grid-column fusion-gallery-column fusion-gallery-column-3 hover-type-none fusion-element-grid\"><div class=\"fusion-gallery-image\"><a href=\"https:\/\/ascensoresramase.com\/wp-content\/uploads\/PUERTA-RELLANO-2.jpg\" rel=\"noreferrer\" data-rel=\"iLightbox[gallery_image_1]\" class=\"fusion-lightbox\" target=\"_self\"><div style=\"background-image:url(https:\/\/ascensoresramase.com\/wp-content\/uploads\/PUERTA-RELLANO-2.jpg);padding-top:calc((100% + 10px) * 0.8 - 5px);background-position:;\" class=\"fusion-masonry-element-container\"><img decoding=\"async\" src=\"https:\/\/ascensoresramase.com\/wp-content\/uploads\/PUERTA-RELLANO-2.jpg\" width=\"800\" height=\"1067\" alt=\"Ascensor con foto por patio de luces - Ascensores Ramase\" title=\"PUERTA-RELLANO-2\" aria-label=\"PUERTA-RELLANO-2\" class=\"img-responsive wp-image-7336\" srcset=\"https:\/\/ascensoresramase.com\/wp-content\/uploads\/PUERTA-RELLANO-2-200x267.jpg 200w, https:\/\/ascensoresramase.com\/wp-content\/uploads\/PUERTA-RELLANO-2-400x534.jpg 400w, https:\/\/ascensoresramase.com\/wp-content\/uploads\/PUERTA-RELLANO-2-600x800.jpg 600w, https:\/\/ascensoresramase.com\/wp-content\/uploads\/PUERTA-RELLANO-2.jpg 800w\" sizes=\"(min-width: 2200px) 100vw, (min-width: 784px) 397px, (min-width: 712px) 595px, (min-width: 640px) 712px, \" \/><\/div><\/a><\/div><\/div><div style=\"padding:5px;\" class=\"fusion-grid-column fusion-gallery-column fusion-gallery-column-3 hover-type-none fusion-element-grid\"><div class=\"fusion-gallery-image\"><a href=\"https:\/\/ascensoresramase.com\/wp-content\/uploads\/PUERTA-RELLANO-1.jpg\" rel=\"noreferrer\" data-rel=\"iLightbox[gallery_image_1]\" class=\"fusion-lightbox\" target=\"_self\"><div style=\"background-image:url(https:\/\/ascensoresramase.com\/wp-content\/uploads\/PUERTA-RELLANO-1.jpg);padding-top:calc((100% + 10px) * 0.8 - 5px);background-position:;\" class=\"fusion-masonry-element-container\"><img decoding=\"async\" src=\"https:\/\/ascensoresramase.com\/wp-content\/uploads\/PUERTA-RELLANO-1.jpg\" width=\"1067\" height=\"800\" alt=\"\" title=\"PUERTA-RELLANO\" aria-label=\"PUERTA-RELLANO\" class=\"img-responsive wp-image-7333\" srcset=\"https:\/\/ascensoresramase.com\/wp-content\/uploads\/PUERTA-RELLANO-1-200x150.jpg 200w, https:\/\/ascensoresramase.com\/wp-content\/uploads\/PUERTA-RELLANO-1-400x300.jpg 400w, https:\/\/ascensoresramase.com\/wp-content\/uploads\/PUERTA-RELLANO-1-600x450.jpg 600w, https:\/\/ascensoresramase.com\/wp-content\/uploads\/PUERTA-RELLANO-1-800x600.jpg 800w, https:\/\/ascensoresramase.com\/wp-content\/uploads\/PUERTA-RELLANO-1.jpg 1067w\" sizes=\"(min-width: 2200px) 100vw, (min-width: 784px) 397px, (min-width: 712px) 595px, (min-width: 640px) 712px, \" \/><\/div><\/a><\/div><\/div><\/div><\/div><\/div><\/div><\/div><\/div><\/p>\n","protected":false},"excerpt":{"rendered":"","protected":false},"author":1,"featured_media":7336,"menu_order":0,"comment_status":"closed","ping_status":"closed","template":"","format":"standard","meta":{"footnotes":""},"portfolio_category":[34],"portfolio_skills":[],"portfolio_tags":[],"class_list":["post-7312","avada_portfolio","type-avada_portfolio","status-publish","format-standard","has-post-thumbnail","hentry","portfolio_category-obres-acabades"],"yoast_head":"<!-- This site is optimized with the Yoast SEO plugin v27.4 - https:\/\/yoast.com\/product\/yoast-seo-wordpress\/ -->\n<title>Ascensor amb fossa redu\u00efda per celobert - Ascensores Ramase<\/title>\n<meta name=\"description\" content=\"Instal\u00b7laci\u00f3 d&#039;ascensor al celobert i elevador a planta baixa a Cornell\u00e0. Soluci\u00f3 amb fossa redu\u00efda i acc\u00e9s total des del carrer fins al terrat.\" \/>\n<meta name=\"robots\" content=\"index, follow, max-snippet:-1, max-image-preview:large, max-video-preview:-1\" \/>\n<link rel=\"canonical\" href=\"https:\/\/ascensoresramase.com\/ca\/treballs-realitzats\/rehabilitacio-i-instalacio-ascensor-cornella\/\" \/>\n<meta property=\"og:locale\" content=\"ca_ES\" \/>\n<meta property=\"og:type\" content=\"article\" \/>\n<meta property=\"og:title\" content=\"Ascensor amb fossa redu\u00efda per celobert - Ascensores Ramase\" \/>\n<meta property=\"og:description\" content=\"Instal\u00b7laci\u00f3 d&#039;ascensor al celobert i elevador a planta baixa a Cornell\u00e0. Soluci\u00f3 amb fossa redu\u00efda i acc\u00e9s total des del carrer fins al terrat.\" \/>\n<meta property=\"og:url\" content=\"https:\/\/ascensoresramase.com\/ca\/treballs-realitzats\/rehabilitacio-i-instalacio-ascensor-cornella\/\" \/>\n<meta property=\"og:site_name\" content=\"Empresa mantenimiento ascensores Barcelona - Ascensores Ramase\" \/>\n<meta property=\"article:modified_time\" content=\"2026-04-27T11:45:37+00:00\" \/>\n<meta property=\"og:image\" content=\"https:\/\/ascensoresramase.com\/wp-content\/uploads\/PUERTA-RELLANO-2.jpg\" \/>\n\t<meta property=\"og:image:width\" content=\"800\" \/>\n\t<meta property=\"og:image:height\" content=\"1067\" \/>\n\t<meta property=\"og:image:type\" content=\"image\/jpeg\" \/>\n<meta name=\"twitter:card\" content=\"summary_large_image\" \/>\n<meta name=\"twitter:label1\" content=\"Temps estimat de lectura\" \/>\n\t<meta name=\"twitter:data1\" content=\"6 minuts\" \/>\n<script type=\"application\/ld+json\" class=\"yoast-schema-graph\">{\"@context\":\"https:\\\/\\\/schema.org\",\"@graph\":[{\"@type\":\"WebPage\",\"@id\":\"https:\\\/\\\/ascensoresramase.com\\\/ca\\\/treballs-realitzats\\\/rehabilitacio-i-instalacio-ascensor-cornella\\\/\",\"url\":\"https:\\\/\\\/ascensoresramase.com\\\/ca\\\/treballs-realitzats\\\/rehabilitacio-i-instalacio-ascensor-cornella\\\/\",\"name\":\"Ascensor amb fossa redu\u00efda per celobert - Ascensores Ramase\",\"isPartOf\":{\"@id\":\"https:\\\/\\\/ascensoresramase.com\\\/ca\\\/#website\"},\"primaryImageOfPage\":{\"@id\":\"https:\\\/\\\/ascensoresramase.com\\\/ca\\\/treballs-realitzats\\\/rehabilitacio-i-instalacio-ascensor-cornella\\\/#primaryimage\"},\"image\":{\"@id\":\"https:\\\/\\\/ascensoresramase.com\\\/ca\\\/treballs-realitzats\\\/rehabilitacio-i-instalacio-ascensor-cornella\\\/#primaryimage\"},\"thumbnailUrl\":\"https:\\\/\\\/ascensoresramase.com\\\/wp-content\\\/uploads\\\/PUERTA-RELLANO-2.jpg\",\"datePublished\":\"2017-04-13T06:26:18+00:00\",\"dateModified\":\"2026-04-27T11:45:37+00:00\",\"description\":\"Instal\u00b7laci\u00f3 d'ascensor al celobert i elevador a planta baixa a Cornell\u00e0. Soluci\u00f3 amb fossa redu\u00efda i acc\u00e9s total des del carrer fins al terrat.\",\"breadcrumb\":{\"@id\":\"https:\\\/\\\/ascensoresramase.com\\\/ca\\\/treballs-realitzats\\\/rehabilitacio-i-instalacio-ascensor-cornella\\\/#breadcrumb\"},\"inLanguage\":\"ca\",\"potentialAction\":[{\"@type\":\"ReadAction\",\"target\":[\"https:\\\/\\\/ascensoresramase.com\\\/ca\\\/treballs-realitzats\\\/rehabilitacio-i-instalacio-ascensor-cornella\\\/\"]}]},{\"@type\":\"ImageObject\",\"inLanguage\":\"ca\",\"@id\":\"https:\\\/\\\/ascensoresramase.com\\\/ca\\\/treballs-realitzats\\\/rehabilitacio-i-instalacio-ascensor-cornella\\\/#primaryimage\",\"url\":\"https:\\\/\\\/ascensoresramase.com\\\/wp-content\\\/uploads\\\/PUERTA-RELLANO-2.jpg\",\"contentUrl\":\"https:\\\/\\\/ascensoresramase.com\\\/wp-content\\\/uploads\\\/PUERTA-RELLANO-2.jpg\",\"width\":800,\"height\":1067,\"caption\":\"Ascensor con foto por patio de luces - Ascensores Ramase\"},{\"@type\":\"BreadcrumbList\",\"@id\":\"https:\\\/\\\/ascensoresramase.com\\\/ca\\\/treballs-realitzats\\\/rehabilitacio-i-instalacio-ascensor-cornella\\\/#breadcrumb\",\"itemListElement\":[{\"@type\":\"ListItem\",\"position\":1,\"name\":\"Inicio\",\"item\":\"https:\\\/\\\/ascensoresramase.com\\\/ca\\\/\"},{\"@type\":\"ListItem\",\"position\":2,\"name\":\"Portfolio\",\"item\":\"https:\\\/\\\/ascensoresramase.com\\\/ca\\\/treballs-realitzats\\\/\"},{\"@type\":\"ListItem\",\"position\":3,\"name\":\"Ascensor amb fossa redu\u00efda per celobert \u2013 Cornell\u00e0 de Llobregat\"}]},{\"@type\":\"WebSite\",\"@id\":\"https:\\\/\\\/ascensoresramase.com\\\/ca\\\/#website\",\"url\":\"https:\\\/\\\/ascensoresramase.com\\\/ca\\\/\",\"name\":\"Empresa mantenimiento ascensores Barcelona - Ascensores Ramase\",\"description\":\"\",\"publisher\":{\"@id\":\"https:\\\/\\\/ascensoresramase.com\\\/ca\\\/#organization\"},\"potentialAction\":[{\"@type\":\"SearchAction\",\"target\":{\"@type\":\"EntryPoint\",\"urlTemplate\":\"https:\\\/\\\/ascensoresramase.com\\\/ca\\\/?s={search_term_string}\"},\"query-input\":{\"@type\":\"PropertyValueSpecification\",\"valueRequired\":true,\"valueName\":\"search_term_string\"}}],\"inLanguage\":\"ca\"},{\"@type\":\"Organization\",\"@id\":\"https:\\\/\\\/ascensoresramase.com\\\/ca\\\/#organization\",\"name\":\"RAMASE, S.A\",\"url\":\"https:\\\/\\\/ascensoresramase.com\\\/ca\\\/\",\"logo\":{\"@type\":\"ImageObject\",\"inLanguage\":\"ca\",\"@id\":\"https:\\\/\\\/ascensoresramase.com\\\/ca\\\/#\\\/schema\\\/logo\\\/image\\\/\",\"url\":\"https:\\\/\\\/ascensoresramase.com\\\/wp-content\\\/uploads\\\/LOGO_ramase-web-1.png\",\"contentUrl\":\"https:\\\/\\\/ascensoresramase.com\\\/wp-content\\\/uploads\\\/LOGO_ramase-web-1.png\",\"width\":234,\"height\":150,\"caption\":\"RAMASE, S.A\"},\"image\":{\"@id\":\"https:\\\/\\\/ascensoresramase.com\\\/ca\\\/#\\\/schema\\\/logo\\\/image\\\/\"}}]}<\/script>\n<!-- \/ Yoast SEO plugin. -->","yoast_head_json":{"title":"Ascensor amb fossa redu\u00efda per celobert - Ascensores Ramase","description":"Instal\u00b7laci\u00f3 d'ascensor al celobert i elevador a planta baixa a Cornell\u00e0. Soluci\u00f3 amb fossa redu\u00efda i acc\u00e9s total des del carrer fins al terrat.","robots":{"index":"index","follow":"follow","max-snippet":"max-snippet:-1","max-image-preview":"max-image-preview:large","max-video-preview":"max-video-preview:-1"},"canonical":"https:\/\/ascensoresramase.com\/ca\/treballs-realitzats\/rehabilitacio-i-instalacio-ascensor-cornella\/","og_locale":"ca_ES","og_type":"article","og_title":"Ascensor amb fossa redu\u00efda per celobert - Ascensores Ramase","og_description":"Instal\u00b7laci\u00f3 d'ascensor al celobert i elevador a planta baixa a Cornell\u00e0. Soluci\u00f3 amb fossa redu\u00efda i acc\u00e9s total des del carrer fins al terrat.","og_url":"https:\/\/ascensoresramase.com\/ca\/treballs-realitzats\/rehabilitacio-i-instalacio-ascensor-cornella\/","og_site_name":"Empresa mantenimiento ascensores Barcelona - Ascensores Ramase","article_modified_time":"2026-04-27T11:45:37+00:00","og_image":[{"width":800,"height":1067,"url":"https:\/\/ascensoresramase.com\/wp-content\/uploads\/PUERTA-RELLANO-2.jpg","type":"image\/jpeg"}],"twitter_card":"summary_large_image","twitter_misc":{"Temps estimat de lectura":"6 minuts"},"schema":{"@context":"https:\/\/schema.org","@graph":[{"@type":"WebPage","@id":"https:\/\/ascensoresramase.com\/ca\/treballs-realitzats\/rehabilitacio-i-instalacio-ascensor-cornella\/","url":"https:\/\/ascensoresramase.com\/ca\/treballs-realitzats\/rehabilitacio-i-instalacio-ascensor-cornella\/","name":"Ascensor amb fossa redu\u00efda per celobert - Ascensores Ramase","isPartOf":{"@id":"https:\/\/ascensoresramase.com\/ca\/#website"},"primaryImageOfPage":{"@id":"https:\/\/ascensoresramase.com\/ca\/treballs-realitzats\/rehabilitacio-i-instalacio-ascensor-cornella\/#primaryimage"},"image":{"@id":"https:\/\/ascensoresramase.com\/ca\/treballs-realitzats\/rehabilitacio-i-instalacio-ascensor-cornella\/#primaryimage"},"thumbnailUrl":"https:\/\/ascensoresramase.com\/wp-content\/uploads\/PUERTA-RELLANO-2.jpg","datePublished":"2017-04-13T06:26:18+00:00","dateModified":"2026-04-27T11:45:37+00:00","description":"Instal\u00b7laci\u00f3 d'ascensor al celobert i elevador a planta baixa a Cornell\u00e0. Soluci\u00f3 amb fossa redu\u00efda i acc\u00e9s total des del carrer fins al terrat.","breadcrumb":{"@id":"https:\/\/ascensoresramase.com\/ca\/treballs-realitzats\/rehabilitacio-i-instalacio-ascensor-cornella\/#breadcrumb"},"inLanguage":"ca","potentialAction":[{"@type":"ReadAction","target":["https:\/\/ascensoresramase.com\/ca\/treballs-realitzats\/rehabilitacio-i-instalacio-ascensor-cornella\/"]}]},{"@type":"ImageObject","inLanguage":"ca","@id":"https:\/\/ascensoresramase.com\/ca\/treballs-realitzats\/rehabilitacio-i-instalacio-ascensor-cornella\/#primaryimage","url":"https:\/\/ascensoresramase.com\/wp-content\/uploads\/PUERTA-RELLANO-2.jpg","contentUrl":"https:\/\/ascensoresramase.com\/wp-content\/uploads\/PUERTA-RELLANO-2.jpg","width":800,"height":1067,"caption":"Ascensor con foto por patio de luces - Ascensores Ramase"},{"@type":"BreadcrumbList","@id":"https:\/\/ascensoresramase.com\/ca\/treballs-realitzats\/rehabilitacio-i-instalacio-ascensor-cornella\/#breadcrumb","itemListElement":[{"@type":"ListItem","position":1,"name":"Inicio","item":"https:\/\/ascensoresramase.com\/ca\/"},{"@type":"ListItem","position":2,"name":"Portfolio","item":"https:\/\/ascensoresramase.com\/ca\/treballs-realitzats\/"},{"@type":"ListItem","position":3,"name":"Ascensor amb fossa redu\u00efda per celobert \u2013 Cornell\u00e0 de Llobregat"}]},{"@type":"WebSite","@id":"https:\/\/ascensoresramase.com\/ca\/#website","url":"https:\/\/ascensoresramase.com\/ca\/","name":"Empresa mantenimiento ascensores Barcelona - Ascensores Ramase","description":"","publisher":{"@id":"https:\/\/ascensoresramase.com\/ca\/#organization"},"potentialAction":[{"@type":"SearchAction","target":{"@type":"EntryPoint","urlTemplate":"https:\/\/ascensoresramase.com\/ca\/?s={search_term_string}"},"query-input":{"@type":"PropertyValueSpecification","valueRequired":true,"valueName":"search_term_string"}}],"inLanguage":"ca"},{"@type":"Organization","@id":"https:\/\/ascensoresramase.com\/ca\/#organization","name":"RAMASE, S.A","url":"https:\/\/ascensoresramase.com\/ca\/","logo":{"@type":"ImageObject","inLanguage":"ca","@id":"https:\/\/ascensoresramase.com\/ca\/#\/schema\/logo\/image\/","url":"https:\/\/ascensoresramase.com\/wp-content\/uploads\/LOGO_ramase-web-1.png","contentUrl":"https:\/\/ascensoresramase.com\/wp-content\/uploads\/LOGO_ramase-web-1.png","width":234,"height":150,"caption":"RAMASE, S.A"},"image":{"@id":"https:\/\/ascensoresramase.com\/ca\/#\/schema\/logo\/image\/"}}]}},"_links":{"self":[{"href":"https:\/\/ascensoresramase.com\/ca\/wp-json\/wp\/v2\/avada_portfolio\/7312","targetHints":{"allow":["GET"]}}],"collection":[{"href":"https:\/\/ascensoresramase.com\/ca\/wp-json\/wp\/v2\/avada_portfolio"}],"about":[{"href":"https:\/\/ascensoresramase.com\/ca\/wp-json\/wp\/v2\/types\/avada_portfolio"}],"author":[{"embeddable":true,"href":"https:\/\/ascensoresramase.com\/ca\/wp-json\/wp\/v2\/users\/1"}],"replies":[{"embeddable":true,"href":"https:\/\/ascensoresramase.com\/ca\/wp-json\/wp\/v2\/comments?post=7312"}],"version-history":[{"count":3,"href":"https:\/\/ascensoresramase.com\/ca\/wp-json\/wp\/v2\/avada_portfolio\/7312\/revisions"}],"predecessor-version":[{"id":14941,"href":"https:\/\/ascensoresramase.com\/ca\/wp-json\/wp\/v2\/avada_portfolio\/7312\/revisions\/14941"}],"wp:featuredmedia":[{"embeddable":true,"href":"https:\/\/ascensoresramase.com\/ca\/wp-json\/wp\/v2\/media\/7336"}],"wp:attachment":[{"href":"https:\/\/ascensoresramase.com\/ca\/wp-json\/wp\/v2\/media?parent=7312"}],"wp:term":[{"taxonomy":"portfolio_category","embeddable":true,"href":"https:\/\/ascensoresramase.com\/ca\/wp-json\/wp\/v2\/portfolio_category?post=7312"},{"taxonomy":"portfolio_skills","embeddable":true,"href":"https:\/\/ascensoresramase.com\/ca\/wp-json\/wp\/v2\/portfolio_skills?post=7312"},{"taxonomy":"portfolio_tags","embeddable":true,"href":"https:\/\/ascensoresramase.com\/ca\/wp-json\/wp\/v2\/portfolio_tags?post=7312"}],"curies":[{"name":"wp","href":"https:\/\/api.w.org\/{rel}","templated":true}]}}