{"id":7208,"date":"2021-03-26T12:07:55","date_gmt":"2021-03-26T11:07:55","guid":{"rendered":"https:\/\/ascensoresramase.com\/?post_type=avada_portfolio&#038;p=7208"},"modified":"2026-04-23T15:56:46","modified_gmt":"2026-04-23T13:56:46","slug":"instalacio-ascensor-gearless-al-barri-de-vilapicina","status":"publish","type":"avada_portfolio","link":"https:\/\/ascensoresramase.com\/ca\/treballs-realitzats\/instalacio-ascensor-gearless-al-barri-de-vilapicina\/","title":{"rendered":"Instal\u00b7laci\u00f3 d&#8217;ascensor gearless de 5 parades \u2013 Vilapicina, Barcelona"},"content":{"rendered":"<p><div class=\"fusion-fullwidth fullwidth-box fusion-builder-row-1 fusion-flex-container nonhundred-percent-fullwidth non-hundred-percent-height-scrolling\" style=\"--awb-border-radius-top-left:0px;--awb-border-radius-top-right:0px;--awb-border-radius-bottom-right:0px;--awb-border-radius-bottom-left:0px;--awb-flex-wrap:wrap;\" ><div class=\"fusion-builder-row fusion-row fusion-flex-align-items-flex-start fusion-flex-content-wrap\" style=\"max-width:1248px;margin-left: calc(-4% \/ 2 );margin-right: calc(-4% \/ 2 );\"><div class=\"fusion-layout-column fusion_builder_column fusion-builder-column-0 fusion_builder_column_1_1 1_1 fusion-flex-column\" style=\"--awb-padding-top:20px;--awb-padding-right:25px;--awb-padding-bottom:20px;--awb-padding-left:25px;--awb-bg-color:var(--awb-custom13);--awb-bg-color-hover:var(--awb-custom13);--awb-bg-size:cover;--awb-border-color:var(--awb-color6);--awb-border-top:3px;--awb-border-style:solid;--awb-width-large:100%;--awb-margin-top-large:0px;--awb-spacing-right-large:1.92%;--awb-margin-bottom-large:20px;--awb-spacing-left-large:1.92%;--awb-width-medium:100%;--awb-order-medium:0;--awb-spacing-right-medium:1.92%;--awb-spacing-left-medium:1.92%;--awb-width-small:100%;--awb-order-small:0;--awb-spacing-right-small:1.92%;--awb-spacing-left-small:1.92%;\" data-scroll-devices=\"small-visibility,medium-visibility,large-visibility\"><div class=\"fusion-column-wrapper fusion-column-has-shadow fusion-flex-justify-content-flex-start fusion-content-layout-column\"><div class=\"fusion-title title fusion-title-1 fusion-sep-none fusion-title-center fusion-title-text fusion-title-size-three\" style=\"--awb-margin-top-small:10px;--awb-margin-right-small:0px;--awb-margin-bottom-small:10px;--awb-margin-left-small:0px;\"><h3 class=\"fusion-title-heading title-heading-center\" style=\"margin:0;\">Instal\u00b7laci\u00f3 d&#8217;ascensor i accions realitzades<\/h3><\/div><div class=\"fusion-text fusion-text-1\" style=\"--awb-content-alignment:center;\"><p>En aquest projecte realitzat al barri de Vilapicina, a Barcelona, part\u00edem del repte de la ubicaci\u00f3 de l&#8217;elevador. Al no disposar d&#8217;espai, es va optar per despla\u00e7ar les escales i dur a terme la instal\u00b7laci\u00f3 de <strong>l&#8217;ascensor gearless de 5 parades<\/strong> al seu lloc. D&#8217;aquesta manera, garant\u00edem un acc\u00e9s directe i centralitzat de l&#8217;ascensor a totes les plantes sense dificultats.<\/p>\n<p>Per mantenir la comunicaci\u00f3 de vianants, vam reconstruir les escales aprofitant l&#8217;espai que hi havia al celobert, integrant-les a l&#8217;interior amb el mateix disseny que tenien anteriorment. Tot el conjunt de l&#8217;ascensor compta amb un tancament de vidre, fet que garanteix que, malgrat la nova configuraci\u00f3, la llum natural continu\u00ef sent la protagonista a cada replant\u00e0.<\/p>\n<\/div><\/div><\/div><\/div><\/div><div class=\"fusion-fullwidth fullwidth-box fusion-builder-row-2 fusion-flex-container nonhundred-percent-fullwidth non-hundred-percent-height-scrolling\" style=\"--awb-border-radius-top-left:0px;--awb-border-radius-top-right:0px;--awb-border-radius-bottom-right:0px;--awb-border-radius-bottom-left:0px;--awb-flex-wrap:wrap;\" ><div class=\"fusion-builder-row fusion-row fusion-flex-align-items-stretch fusion-flex-content-wrap\" style=\"max-width:1248px;margin-left: calc(-4% \/ 2 );margin-right: calc(-4% \/ 2 );\"><div class=\"fusion-layout-column fusion_builder_column fusion-builder-column-1 fusion_builder_column_1_1 1_1 fusion-flex-column\" style=\"--awb-bg-size:cover;--awb-width-large:100%;--awb-margin-top-large:0px;--awb-spacing-right-large:1.92%;--awb-margin-bottom-large:20px;--awb-spacing-left-large:1.92%;--awb-width-medium:100%;--awb-order-medium:0;--awb-spacing-right-medium:1.92%;--awb-spacing-left-medium:1.92%;--awb-width-small:100%;--awb-order-small:0;--awb-spacing-right-small:1.92%;--awb-spacing-left-small:1.92%;\"><div class=\"fusion-column-wrapper fusion-column-has-shadow fusion-flex-justify-content-flex-start fusion-content-layout-column\"><div class=\"awb-gallery-wrapper awb-gallery-wrapper-1 button-span-no\" style=\"--more-btn-alignment:center;\"><div style=\"margin:-5px;--awb-bordersize:0px;\" class=\"fusion-gallery fusion-gallery-container fusion-grid-3 fusion-columns-total-33 fusion-gallery-layout-masonry fusion-gallery-1\"><div class=\"fusion-grid-column fusion-gallery-column fusion-gallery-column-3 hover-type-none fusion-grid-sizer\"><\/div><div style=\"padding:5px;\" class=\"fusion-grid-column fusion-gallery-column fusion-gallery-column-3 hover-type-none fusion-element-grid\"><div class=\"fusion-gallery-image\"><a href=\"https:\/\/ascensoresramase.com\/wp-content\/uploads\/PORTERIA-1.jpg\" rel=\"noreferrer\" data-rel=\"iLightbox[gallery_image_1]\" class=\"fusion-lightbox\" target=\"_self\"><div style=\"background-image:url(https:\/\/ascensoresramase.com\/wp-content\/uploads\/PORTERIA-1.jpg);padding-top:calc((100% + 10px) * 0.8 - 5px);background-position:;\" class=\"fusion-masonry-element-container\"><img decoding=\"async\" src=\"https:\/\/ascensoresramase.com\/wp-content\/uploads\/PORTERIA-1.jpg\" width=\"600\" height=\"800\" alt=\"Instalaci\u00f3n ascensor Gearless | Ascensores Ramase\" title=\"PORTERIA-1\" aria-label=\"PORTERIA-1\" class=\"img-responsive wp-image-5451\" srcset=\"https:\/\/ascensoresramase.com\/wp-content\/uploads\/PORTERIA-1-200x267.jpg 200w, https:\/\/ascensoresramase.com\/wp-content\/uploads\/PORTERIA-1-400x533.jpg 400w, https:\/\/ascensoresramase.com\/wp-content\/uploads\/PORTERIA-1.jpg 600w\" sizes=\"(min-width: 2200px) 100vw, (min-width: 784px) 397px, (min-width: 712px) 595px, (min-width: 640px) 712px, \" \/><\/div><\/a><\/div><\/div><div style=\"padding:5px;\" class=\"fusion-grid-column fusion-gallery-column fusion-gallery-column-3 hover-type-none fusion-element-grid\"><div class=\"fusion-gallery-image\"><a href=\"https:\/\/ascensoresramase.com\/wp-content\/uploads\/PB-2.jpg\" rel=\"noreferrer\" data-rel=\"iLightbox[gallery_image_1]\" class=\"fusion-lightbox\" target=\"_self\"><div style=\"background-image:url(https:\/\/ascensoresramase.com\/wp-content\/uploads\/PB-2.jpg);padding-top:calc((100% + 10px) * 0.8 - 5px);background-position:;\" class=\"fusion-masonry-element-container\"><img decoding=\"async\" src=\"https:\/\/ascensoresramase.com\/wp-content\/uploads\/PB-2.jpg\" width=\"600\" height=\"800\" alt=\"Instalaci\u00f3n ascensor Gearless | Ascensores Ramase\" title=\"PB-2\" aria-label=\"PB-2\" class=\"img-responsive wp-image-5453\" srcset=\"https:\/\/ascensoresramase.com\/wp-content\/uploads\/PB-2-200x267.jpg 200w, https:\/\/ascensoresramase.com\/wp-content\/uploads\/PB-2-400x533.jpg 400w, https:\/\/ascensoresramase.com\/wp-content\/uploads\/PB-2.jpg 600w\" sizes=\"(min-width: 2200px) 100vw, (min-width: 784px) 397px, (min-width: 712px) 595px, (min-width: 640px) 712px, \" \/><\/div><\/a><\/div><\/div><div style=\"padding:5px;\" class=\"fusion-grid-column fusion-gallery-column fusion-gallery-column-3 hover-type-none fusion-element-grid\"><div class=\"fusion-gallery-image\"><a href=\"https:\/\/ascensoresramase.com\/wp-content\/uploads\/RELLANO-INICIAL3.jpg\" rel=\"noreferrer\" data-rel=\"iLightbox[gallery_image_1]\" class=\"fusion-lightbox\" target=\"_self\"><div style=\"background-image:url(https:\/\/ascensoresramase.com\/wp-content\/uploads\/RELLANO-INICIAL3.jpg);padding-top:calc((100% + 10px) * 0.8 - 5px);background-position:;\" class=\"fusion-masonry-element-container\"><img decoding=\"async\" src=\"https:\/\/ascensoresramase.com\/wp-content\/uploads\/RELLANO-INICIAL3.jpg\" width=\"600\" height=\"800\" alt=\"Instalaci\u00f3n ascensor Gearless | Ascensores Ramase\" title=\"RELLANO-INICIAL3\" aria-label=\"RELLANO-INICIAL3\" class=\"img-responsive wp-image-5452\" srcset=\"https:\/\/ascensoresramase.com\/wp-content\/uploads\/RELLANO-INICIAL3-200x267.jpg 200w, https:\/\/ascensoresramase.com\/wp-content\/uploads\/RELLANO-INICIAL3-400x533.jpg 400w, https:\/\/ascensoresramase.com\/wp-content\/uploads\/RELLANO-INICIAL3.jpg 600w\" sizes=\"(min-width: 2200px) 100vw, (min-width: 784px) 397px, (min-width: 712px) 595px, (min-width: 640px) 712px, \" \/><\/div><\/a><\/div><\/div><div style=\"padding:5px;\" class=\"fusion-grid-column fusion-gallery-column fusion-gallery-column-3 hover-type-none fusion-element-grid\"><div class=\"fusion-gallery-image\"><a href=\"https:\/\/ascensoresramase.com\/wp-content\/uploads\/ESCALERA-INICIAL-4.jpg\" rel=\"noreferrer\" data-rel=\"iLightbox[gallery_image_1]\" class=\"fusion-lightbox\" target=\"_self\"><div style=\"background-image:url(https:\/\/ascensoresramase.com\/wp-content\/uploads\/ESCALERA-INICIAL-4.jpg);padding-top:calc((100% + 10px) * 0.8 - 5px);background-position:;\" class=\"fusion-masonry-element-container\"><img decoding=\"async\" src=\"https:\/\/ascensoresramase.com\/wp-content\/uploads\/ESCALERA-INICIAL-4.jpg\" width=\"800\" height=\"600\" alt=\"Instalaci\u00f3n ascensor Gearless | Ascensores Ramase\" title=\"ESCALERA-INICIAL-4\" aria-label=\"ESCALERA-INICIAL-4\" class=\"img-responsive wp-image-5445\" srcset=\"https:\/\/ascensoresramase.com\/wp-content\/uploads\/ESCALERA-INICIAL-4-200x150.jpg 200w, https:\/\/ascensoresramase.com\/wp-content\/uploads\/ESCALERA-INICIAL-4-400x300.jpg 400w, https:\/\/ascensoresramase.com\/wp-content\/uploads\/ESCALERA-INICIAL-4-600x450.jpg 600w, https:\/\/ascensoresramase.com\/wp-content\/uploads\/ESCALERA-INICIAL-4.jpg 800w\" sizes=\"(min-width: 2200px) 100vw, (min-width: 784px) 397px, (min-width: 712px) 595px, (min-width: 640px) 712px, \" \/><\/div><\/a><\/div><\/div><div style=\"padding:5px;\" class=\"fusion-grid-column fusion-gallery-column fusion-gallery-column-3 hover-type-none fusion-element-grid\"><div class=\"fusion-gallery-image\"><a href=\"https:\/\/ascensoresramase.com\/wp-content\/uploads\/UBICACION-NUEVA-ESCALERA6.jpg\" rel=\"noreferrer\" data-rel=\"iLightbox[gallery_image_1]\" class=\"fusion-lightbox\" target=\"_self\"><div style=\"background-image:url(https:\/\/ascensoresramase.com\/wp-content\/uploads\/UBICACION-NUEVA-ESCALERA6.jpg);padding-top:calc((100% + 10px) * 0.8 - 5px);background-position:;\" class=\"fusion-masonry-element-container\"><img decoding=\"async\" src=\"https:\/\/ascensoresramase.com\/wp-content\/uploads\/UBICACION-NUEVA-ESCALERA6.jpg\" width=\"800\" height=\"600\" alt=\"Instalaci\u00f3n ascensor Gearless | Ascensores Ramase\" title=\"UBICACION-NUEVA-ESCALERA6\" aria-label=\"UBICACION-NUEVA-ESCALERA6\" class=\"img-responsive wp-image-5449\" srcset=\"https:\/\/ascensoresramase.com\/wp-content\/uploads\/UBICACION-NUEVA-ESCALERA6-200x150.jpg 200w, https:\/\/ascensoresramase.com\/wp-content\/uploads\/UBICACION-NUEVA-ESCALERA6-400x300.jpg 400w, https:\/\/ascensoresramase.com\/wp-content\/uploads\/UBICACION-NUEVA-ESCALERA6-600x450.jpg 600w, https:\/\/ascensoresramase.com\/wp-content\/uploads\/UBICACION-NUEVA-ESCALERA6.jpg 800w\" sizes=\"(min-width: 2200px) 100vw, (min-width: 784px) 397px, (min-width: 712px) 595px, (min-width: 640px) 712px, \" \/><\/div><\/a><\/div><\/div><div style=\"padding:5px;\" class=\"fusion-grid-column fusion-gallery-column fusion-gallery-column-3 hover-type-none fusion-element-grid\"><div class=\"fusion-gallery-image\"><a href=\"https:\/\/ascensoresramase.com\/wp-content\/uploads\/UBICACION-NUEVA-ESCALERA7.jpg\" rel=\"noreferrer\" data-rel=\"iLightbox[gallery_image_1]\" class=\"fusion-lightbox\" target=\"_self\"><div style=\"background-image:url(https:\/\/ascensoresramase.com\/wp-content\/uploads\/UBICACION-NUEVA-ESCALERA7.jpg);padding-top:calc((100% + 10px) * 0.8 - 5px);background-position:;\" class=\"fusion-masonry-element-container\"><img decoding=\"async\" src=\"https:\/\/ascensoresramase.com\/wp-content\/uploads\/UBICACION-NUEVA-ESCALERA7.jpg\" width=\"600\" height=\"800\" alt=\"Instalaci\u00f3n ascensor Gearless | Ascensores Ramase\" title=\"UBICACION-NUEVA-ESCALERA7\" aria-label=\"UBICACION-NUEVA-ESCALERA7\" class=\"img-responsive wp-image-5448\" srcset=\"https:\/\/ascensoresramase.com\/wp-content\/uploads\/UBICACION-NUEVA-ESCALERA7-200x267.jpg 200w, https:\/\/ascensoresramase.com\/wp-content\/uploads\/UBICACION-NUEVA-ESCALERA7-400x533.jpg 400w, https:\/\/ascensoresramase.com\/wp-content\/uploads\/UBICACION-NUEVA-ESCALERA7.jpg 600w\" sizes=\"(min-width: 2200px) 100vw, (min-width: 784px) 397px, (min-width: 712px) 595px, (min-width: 640px) 712px, \" \/><\/div><\/a><\/div><\/div><div style=\"padding:5px;\" class=\"fusion-grid-column fusion-gallery-column fusion-gallery-column-3 hover-type-none fusion-element-grid\"><div class=\"fusion-gallery-image\"><a href=\"https:\/\/ascensoresramase.com\/wp-content\/uploads\/ESCALERA-INICIAL8.jpg\" rel=\"noreferrer\" data-rel=\"iLightbox[gallery_image_1]\" class=\"fusion-lightbox\" target=\"_self\"><div style=\"background-image:url(https:\/\/ascensoresramase.com\/wp-content\/uploads\/ESCALERA-INICIAL8.jpg);padding-top:calc((100% + 10px) * 0.8 - 5px);background-position:;\" class=\"fusion-masonry-element-container\"><img decoding=\"async\" src=\"https:\/\/ascensoresramase.com\/wp-content\/uploads\/ESCALERA-INICIAL8.jpg\" width=\"800\" height=\"1067\" alt=\"Instalaci\u00f3n ascensor Gearless | Ascensores Ramase\" title=\"ESCALERA-INICIAL8\" aria-label=\"ESCALERA-INICIAL8\" class=\"img-responsive wp-image-5444\" srcset=\"https:\/\/ascensoresramase.com\/wp-content\/uploads\/ESCALERA-INICIAL8-200x267.jpg 200w, https:\/\/ascensoresramase.com\/wp-content\/uploads\/ESCALERA-INICIAL8-400x534.jpg 400w, https:\/\/ascensoresramase.com\/wp-content\/uploads\/ESCALERA-INICIAL8-600x800.jpg 600w, https:\/\/ascensoresramase.com\/wp-content\/uploads\/ESCALERA-INICIAL8.jpg 800w\" sizes=\"(min-width: 2200px) 100vw, (min-width: 784px) 397px, (min-width: 712px) 595px, (min-width: 640px) 712px, \" \/><\/div><\/a><\/div><\/div><div style=\"padding:5px;\" class=\"fusion-grid-column fusion-gallery-column fusion-gallery-column-3 hover-type-none fusion-element-grid\"><div class=\"fusion-gallery-image\"><a href=\"https:\/\/ascensoresramase.com\/wp-content\/uploads\/RELLANO-INICIAL9.jpg\" rel=\"noreferrer\" data-rel=\"iLightbox[gallery_image_1]\" class=\"fusion-lightbox\" target=\"_self\"><div style=\"background-image:url(https:\/\/ascensoresramase.com\/wp-content\/uploads\/RELLANO-INICIAL9.jpg);padding-top:calc((100% + 10px) * 0.8 - 5px);background-position:;\" class=\"fusion-masonry-element-container\"><img decoding=\"async\" src=\"https:\/\/ascensoresramase.com\/wp-content\/uploads\/RELLANO-INICIAL9.jpg\" width=\"600\" height=\"800\" alt=\"Instalaci\u00f3n ascensor Gearless | Ascensores Ramase\" title=\"RELLANO-INICIAL9\" aria-label=\"RELLANO-INICIAL9\" class=\"img-responsive wp-image-5450\" srcset=\"https:\/\/ascensoresramase.com\/wp-content\/uploads\/RELLANO-INICIAL9-200x267.jpg 200w, https:\/\/ascensoresramase.com\/wp-content\/uploads\/RELLANO-INICIAL9-400x533.jpg 400w, https:\/\/ascensoresramase.com\/wp-content\/uploads\/RELLANO-INICIAL9.jpg 600w\" sizes=\"(min-width: 2200px) 100vw, (min-width: 784px) 397px, (min-width: 712px) 595px, (min-width: 640px) 712px, \" \/><\/div><\/a><\/div><\/div><div style=\"padding:5px;\" class=\"fusion-grid-column fusion-gallery-column fusion-gallery-column-3 hover-type-none fusion-element-grid\"><div class=\"fusion-gallery-image\"><a href=\"https:\/\/ascensoresramase.com\/wp-content\/uploads\/UBICACION-PB11.jpg\" rel=\"noreferrer\" data-rel=\"iLightbox[gallery_image_1]\" class=\"fusion-lightbox\" target=\"_self\"><div style=\"background-image:url(https:\/\/ascensoresramase.com\/wp-content\/uploads\/UBICACION-PB11.jpg);padding-top:calc((100% + 10px) * 0.8 - 5px);background-position:;\" class=\"fusion-masonry-element-container\"><img decoding=\"async\" src=\"https:\/\/ascensoresramase.com\/wp-content\/uploads\/UBICACION-PB11.jpg\" width=\"600\" height=\"800\" alt=\"Instalaci\u00f3n ascensor Gearless | Ascensores Ramase\" title=\"UBICACI\u00d3N-PB11\" aria-label=\"UBICACI\u00d3N-PB11\" class=\"img-responsive wp-image-5447\" srcset=\"https:\/\/ascensoresramase.com\/wp-content\/uploads\/UBICACION-PB11-200x267.jpg 200w, https:\/\/ascensoresramase.com\/wp-content\/uploads\/UBICACION-PB11-400x533.jpg 400w, https:\/\/ascensoresramase.com\/wp-content\/uploads\/UBICACION-PB11.jpg 600w\" sizes=\"(min-width: 2200px) 100vw, (min-width: 784px) 397px, (min-width: 712px) 595px, (min-width: 640px) 712px, \" \/><\/div><\/a><\/div><\/div><div style=\"padding:5px;\" class=\"fusion-grid-column fusion-gallery-column fusion-gallery-column-3 hover-type-none fusion-element-grid\"><div class=\"fusion-gallery-image\"><a href=\"https:\/\/ascensoresramase.com\/wp-content\/uploads\/ESCALERA-METALICA12.jpg\" rel=\"noreferrer\" data-rel=\"iLightbox[gallery_image_1]\" class=\"fusion-lightbox\" target=\"_self\"><div style=\"background-image:url(https:\/\/ascensoresramase.com\/wp-content\/uploads\/ESCALERA-METALICA12.jpg);padding-top:calc((100% + 10px) * 0.8 - 5px);background-position:;\" class=\"fusion-masonry-element-container\"><img decoding=\"async\" src=\"https:\/\/ascensoresramase.com\/wp-content\/uploads\/ESCALERA-METALICA12.jpg\" width=\"600\" height=\"800\" alt=\"Instalaci\u00f3n ascensor Gearless | Ascensores Ramase\" title=\"ESCALERA-METALICA12\" aria-label=\"ESCALERA-METALICA12\" class=\"img-responsive wp-image-5443\" srcset=\"https:\/\/ascensoresramase.com\/wp-content\/uploads\/ESCALERA-METALICA12-200x267.jpg 200w, https:\/\/ascensoresramase.com\/wp-content\/uploads\/ESCALERA-METALICA12-400x533.jpg 400w, https:\/\/ascensoresramase.com\/wp-content\/uploads\/ESCALERA-METALICA12.jpg 600w\" sizes=\"(min-width: 2200px) 100vw, (min-width: 784px) 397px, (min-width: 712px) 595px, (min-width: 640px) 712px, \" \/><\/div><\/a><\/div><\/div><div style=\"padding:5px;\" class=\"fusion-grid-column fusion-gallery-column fusion-gallery-column-3 hover-type-none fusion-element-grid\"><div class=\"fusion-gallery-image\"><a href=\"https:\/\/ascensoresramase.com\/wp-content\/uploads\/ESCALERA-METALICA14.jpg\" rel=\"noreferrer\" data-rel=\"iLightbox[gallery_image_1]\" class=\"fusion-lightbox\" target=\"_self\"><div style=\"background-image:url(https:\/\/ascensoresramase.com\/wp-content\/uploads\/ESCALERA-METALICA14.jpg);padding-top:calc((100% + 10px) * 0.8 - 5px);background-position:;\" class=\"fusion-masonry-element-container\"><img decoding=\"async\" src=\"https:\/\/ascensoresramase.com\/wp-content\/uploads\/ESCALERA-METALICA14.jpg\" width=\"600\" height=\"800\" alt=\"Instalaci\u00f3n ascensor Gearless | Ascensores Ramase\" title=\"ESCALERA-METALICA14\" aria-label=\"ESCALERA-METALICA14\" class=\"img-responsive wp-image-5454\" srcset=\"https:\/\/ascensoresramase.com\/wp-content\/uploads\/ESCALERA-METALICA14-200x267.jpg 200w, https:\/\/ascensoresramase.com\/wp-content\/uploads\/ESCALERA-METALICA14-400x533.jpg 400w, https:\/\/ascensoresramase.com\/wp-content\/uploads\/ESCALERA-METALICA14.jpg 600w\" sizes=\"(min-width: 2200px) 100vw, (min-width: 784px) 397px, (min-width: 712px) 595px, (min-width: 640px) 712px, \" \/><\/div><\/a><\/div><\/div><div style=\"padding:5px;\" class=\"fusion-grid-column fusion-gallery-column fusion-gallery-column-3 hover-type-none fusion-element-grid\"><div class=\"fusion-gallery-image\"><a href=\"https:\/\/ascensoresramase.com\/wp-content\/uploads\/ESCALERA-METALICA13.jpg\" rel=\"noreferrer\" data-rel=\"iLightbox[gallery_image_1]\" class=\"fusion-lightbox\" target=\"_self\"><div style=\"background-image:url(https:\/\/ascensoresramase.com\/wp-content\/uploads\/ESCALERA-METALICA13.jpg);padding-top:calc((100% + 10px) * 0.8 - 5px);background-position:;\" class=\"fusion-masonry-element-container\"><img decoding=\"async\" src=\"https:\/\/ascensoresramase.com\/wp-content\/uploads\/ESCALERA-METALICA13.jpg\" width=\"600\" height=\"800\" alt=\"Instalaci\u00f3n ascensor Gearless | Ascensores Ramase\" title=\"ESCALERA-METALICA13\" aria-label=\"ESCALERA-METALICA13\" class=\"img-responsive wp-image-5442\" srcset=\"https:\/\/ascensoresramase.com\/wp-content\/uploads\/ESCALERA-METALICA13-200x267.jpg 200w, https:\/\/ascensoresramase.com\/wp-content\/uploads\/ESCALERA-METALICA13-400x533.jpg 400w, https:\/\/ascensoresramase.com\/wp-content\/uploads\/ESCALERA-METALICA13.jpg 600w\" sizes=\"(min-width: 2200px) 100vw, (min-width: 784px) 397px, (min-width: 712px) 595px, (min-width: 640px) 712px, \" \/><\/div><\/a><\/div><\/div><div style=\"padding:5px;\" class=\"fusion-grid-column fusion-gallery-column fusion-gallery-column-3 hover-type-none fusion-element-grid\"><div class=\"fusion-gallery-image\"><a href=\"https:\/\/ascensoresramase.com\/wp-content\/uploads\/NUEVA-UBICACION-HUECO-ASCENSOR16.jpg\" rel=\"noreferrer\" data-rel=\"iLightbox[gallery_image_1]\" class=\"fusion-lightbox\" target=\"_self\"><div style=\"background-image:url(https:\/\/ascensoresramase.com\/wp-content\/uploads\/NUEVA-UBICACION-HUECO-ASCENSOR16.jpg);padding-top:calc((100% + 10px) * 0.8 - 5px);background-position:;\" class=\"fusion-masonry-element-container\"><img decoding=\"async\" src=\"https:\/\/ascensoresramase.com\/wp-content\/uploads\/NUEVA-UBICACION-HUECO-ASCENSOR16.jpg\" width=\"800\" height=\"600\" alt=\"Instalaci\u00f3n ascensor Gearless | Ascensores Ramase\" title=\"NUEVA-UBICACION-HUECO-ASCENSOR16\" aria-label=\"NUEVA-UBICACION-HUECO-ASCENSOR16\" class=\"img-responsive wp-image-5446\" srcset=\"https:\/\/ascensoresramase.com\/wp-content\/uploads\/NUEVA-UBICACION-HUECO-ASCENSOR16-200x150.jpg 200w, https:\/\/ascensoresramase.com\/wp-content\/uploads\/NUEVA-UBICACION-HUECO-ASCENSOR16-400x300.jpg 400w, https:\/\/ascensoresramase.com\/wp-content\/uploads\/NUEVA-UBICACION-HUECO-ASCENSOR16-600x450.jpg 600w, https:\/\/ascensoresramase.com\/wp-content\/uploads\/NUEVA-UBICACION-HUECO-ASCENSOR16.jpg 800w\" sizes=\"(min-width: 2200px) 100vw, (min-width: 784px) 397px, (min-width: 712px) 595px, (min-width: 640px) 712px, \" \/><\/div><\/a><\/div><\/div><div style=\"padding:5px;\" class=\"fusion-grid-column fusion-gallery-column fusion-gallery-column-3 hover-type-none fusion-element-grid\"><div class=\"fusion-gallery-image\"><a href=\"https:\/\/ascensoresramase.com\/wp-content\/uploads\/Palmeres-14_4062.webp\" rel=\"noreferrer\" data-rel=\"iLightbox[gallery_image_1]\" class=\"fusion-lightbox\" target=\"_self\"><div style=\"background-image:url(https:\/\/ascensoresramase.com\/wp-content\/uploads\/Palmeres-14_4062.webp);padding-top:calc((100% + 10px) * 0.8 - 5px);background-position:;\" class=\"fusion-masonry-element-container\"><img decoding=\"async\" src=\"https:\/\/ascensoresramase.com\/wp-content\/uploads\/Palmeres-14_4062.webp\" width=\"800\" height=\"1067\" alt=\"Palmeres 14 - Obra Barri Vilapicina\" title=\"Palmeres-14_4062\" aria-label=\"Palmeres-14_4062\" class=\"img-responsive wp-image-9417\" srcset=\"https:\/\/ascensoresramase.com\/wp-content\/uploads\/Palmeres-14_4062-200x267.webp 200w, https:\/\/ascensoresramase.com\/wp-content\/uploads\/Palmeres-14_4062-400x534.webp 400w, https:\/\/ascensoresramase.com\/wp-content\/uploads\/Palmeres-14_4062-600x800.webp 600w, https:\/\/ascensoresramase.com\/wp-content\/uploads\/Palmeres-14_4062.webp 800w\" sizes=\"(min-width: 2200px) 100vw, (min-width: 784px) 397px, (min-width: 712px) 595px, (min-width: 640px) 712px, \" \/><\/div><\/a><\/div><\/div><div style=\"padding:5px;\" class=\"fusion-grid-column fusion-gallery-column fusion-gallery-column-3 hover-type-none fusion-element-grid\"><div class=\"fusion-gallery-image\"><a href=\"https:\/\/ascensoresramase.com\/wp-content\/uploads\/Palmeres-14_4061.webp\" rel=\"noreferrer\" data-rel=\"iLightbox[gallery_image_1]\" class=\"fusion-lightbox\" target=\"_self\"><div style=\"background-image:url(https:\/\/ascensoresramase.com\/wp-content\/uploads\/Palmeres-14_4061.webp);padding-top:calc((100% + 10px) * 0.8 - 5px);background-position:;\" class=\"fusion-masonry-element-container\"><img decoding=\"async\" src=\"https:\/\/ascensoresramase.com\/wp-content\/uploads\/Palmeres-14_4061.webp\" width=\"800\" height=\"1067\" alt=\"Palmeres 14 - Obra Barri Vilapicina\" title=\"Palmeres-14_4061\" aria-label=\"Palmeres-14_4061\" class=\"img-responsive wp-image-9419\" srcset=\"https:\/\/ascensoresramase.com\/wp-content\/uploads\/Palmeres-14_4061-200x267.webp 200w, https:\/\/ascensoresramase.com\/wp-content\/uploads\/Palmeres-14_4061-400x534.webp 400w, https:\/\/ascensoresramase.com\/wp-content\/uploads\/Palmeres-14_4061-600x800.webp 600w, https:\/\/ascensoresramase.com\/wp-content\/uploads\/Palmeres-14_4061.webp 800w\" sizes=\"(min-width: 2200px) 100vw, (min-width: 784px) 397px, (min-width: 712px) 595px, (min-width: 640px) 712px, \" \/><\/div><\/a><\/div><\/div><div style=\"padding:5px;\" class=\"fusion-grid-column fusion-gallery-column fusion-gallery-column-3 hover-type-none fusion-element-grid\"><div class=\"fusion-gallery-image\"><a href=\"https:\/\/ascensoresramase.com\/wp-content\/uploads\/Palmeres-14_4056.webp\" rel=\"noreferrer\" data-rel=\"iLightbox[gallery_image_1]\" class=\"fusion-lightbox\" target=\"_self\"><div style=\"background-image:url(https:\/\/ascensoresramase.com\/wp-content\/uploads\/Palmeres-14_4056.webp);padding-top:calc((100% + 10px) * 0.8 - 5px);background-position:;\" class=\"fusion-masonry-element-container\"><img decoding=\"async\" src=\"https:\/\/ascensoresramase.com\/wp-content\/uploads\/Palmeres-14_4056.webp\" width=\"800\" height=\"1067\" alt=\"Palmeres 14 - Obra Barri Vilapicina\" title=\"Palmeres-14_4056\" aria-label=\"Palmeres-14_4056\" class=\"img-responsive wp-image-9421\" srcset=\"https:\/\/ascensoresramase.com\/wp-content\/uploads\/Palmeres-14_4056-200x267.webp 200w, https:\/\/ascensoresramase.com\/wp-content\/uploads\/Palmeres-14_4056-400x534.webp 400w, https:\/\/ascensoresramase.com\/wp-content\/uploads\/Palmeres-14_4056-600x800.webp 600w, https:\/\/ascensoresramase.com\/wp-content\/uploads\/Palmeres-14_4056.webp 800w\" sizes=\"(min-width: 2200px) 100vw, (min-width: 784px) 397px, (min-width: 712px) 595px, (min-width: 640px) 712px, \" \/><\/div><\/a><\/div><\/div><div style=\"padding:5px;\" class=\"fusion-grid-column fusion-gallery-column fusion-gallery-column-3 hover-type-none fusion-element-grid\"><div class=\"fusion-gallery-image\"><a href=\"https:\/\/ascensoresramase.com\/wp-content\/uploads\/Palmeres-14_2299.webp\" rel=\"noreferrer\" data-rel=\"iLightbox[gallery_image_1]\" class=\"fusion-lightbox\" target=\"_self\"><div style=\"background-image:url(https:\/\/ascensoresramase.com\/wp-content\/uploads\/Palmeres-14_2299.webp);padding-top:calc((100% + 10px) * 0.8 - 5px);background-position:;\" class=\"fusion-masonry-element-container\"><img decoding=\"async\" src=\"https:\/\/ascensoresramase.com\/wp-content\/uploads\/Palmeres-14_2299.webp\" width=\"1000\" height=\"750\" alt=\"Palmeres 14 - Obra Barri Vilapicina\" title=\"Palmeres-14_2299\" aria-label=\"Palmeres-14_2299\" class=\"img-responsive wp-image-9423\" srcset=\"https:\/\/ascensoresramase.com\/wp-content\/uploads\/Palmeres-14_2299-200x150.webp 200w, https:\/\/ascensoresramase.com\/wp-content\/uploads\/Palmeres-14_2299-400x300.webp 400w, https:\/\/ascensoresramase.com\/wp-content\/uploads\/Palmeres-14_2299-600x450.webp 600w, https:\/\/ascensoresramase.com\/wp-content\/uploads\/Palmeres-14_2299-800x600.webp 800w, https:\/\/ascensoresramase.com\/wp-content\/uploads\/Palmeres-14_2299.webp 1000w\" sizes=\"(min-width: 2200px) 100vw, (min-width: 784px) 397px, (min-width: 712px) 595px, (min-width: 640px) 712px, \" \/><\/div><\/a><\/div><\/div><div style=\"padding:5px;\" class=\"fusion-grid-column fusion-gallery-column fusion-gallery-column-3 hover-type-none fusion-element-grid\"><div class=\"fusion-gallery-image\"><a href=\"https:\/\/ascensoresramase.com\/wp-content\/uploads\/Palmeres-14_2298.webp\" rel=\"noreferrer\" data-rel=\"iLightbox[gallery_image_1]\" class=\"fusion-lightbox\" target=\"_self\"><div style=\"background-image:url(https:\/\/ascensoresramase.com\/wp-content\/uploads\/Palmeres-14_2298.webp);padding-top:calc((100% + 10px) * 0.8 - 5px);background-position:;\" class=\"fusion-masonry-element-container\"><img decoding=\"async\" src=\"https:\/\/ascensoresramase.com\/wp-content\/uploads\/Palmeres-14_2298.webp\" width=\"800\" height=\"1067\" alt=\"Palmeres 14 - Obra Barri Vilapicina\" title=\"Palmeres-14_2298\" aria-label=\"Palmeres-14_2298\" class=\"img-responsive wp-image-9425\" srcset=\"https:\/\/ascensoresramase.com\/wp-content\/uploads\/Palmeres-14_2298-200x267.webp 200w, https:\/\/ascensoresramase.com\/wp-content\/uploads\/Palmeres-14_2298-400x534.webp 400w, https:\/\/ascensoresramase.com\/wp-content\/uploads\/Palmeres-14_2298-600x800.webp 600w, https:\/\/ascensoresramase.com\/wp-content\/uploads\/Palmeres-14_2298.webp 800w\" sizes=\"(min-width: 2200px) 100vw, (min-width: 784px) 397px, (min-width: 712px) 595px, (min-width: 640px) 712px, \" \/><\/div><\/a><\/div><\/div><div style=\"padding:5px;\" class=\"fusion-grid-column fusion-gallery-column fusion-gallery-column-3 hover-type-none fusion-element-grid\"><div class=\"fusion-gallery-image\"><a href=\"https:\/\/ascensoresramase.com\/wp-content\/uploads\/Palmeres-14_2295.webp\" rel=\"noreferrer\" data-rel=\"iLightbox[gallery_image_1]\" class=\"fusion-lightbox\" target=\"_self\"><div style=\"background-image:url(https:\/\/ascensoresramase.com\/wp-content\/uploads\/Palmeres-14_2295.webp);padding-top:calc((100% + 10px) * 0.8 - 5px);background-position:;\" class=\"fusion-masonry-element-container\"><img decoding=\"async\" src=\"https:\/\/ascensoresramase.com\/wp-content\/uploads\/Palmeres-14_2295.webp\" width=\"800\" height=\"1067\" alt=\"Palmeres 14 - Obra Barri Vilapicina\" title=\"Palmeres-14_2295\" aria-label=\"Palmeres-14_2295\" class=\"img-responsive wp-image-9427\" srcset=\"https:\/\/ascensoresramase.com\/wp-content\/uploads\/Palmeres-14_2295-200x267.webp 200w, https:\/\/ascensoresramase.com\/wp-content\/uploads\/Palmeres-14_2295-400x534.webp 400w, https:\/\/ascensoresramase.com\/wp-content\/uploads\/Palmeres-14_2295-600x800.webp 600w, https:\/\/ascensoresramase.com\/wp-content\/uploads\/Palmeres-14_2295.webp 800w\" sizes=\"(min-width: 2200px) 100vw, (min-width: 784px) 397px, (min-width: 712px) 595px, (min-width: 640px) 712px, \" \/><\/div><\/a><\/div><\/div><div style=\"padding:5px;\" class=\"fusion-grid-column fusion-gallery-column fusion-gallery-column-3 hover-type-none fusion-element-grid\"><div class=\"fusion-gallery-image\"><a href=\"https:\/\/ascensoresramase.com\/wp-content\/uploads\/Palmeres-14_2291.webp\" rel=\"noreferrer\" data-rel=\"iLightbox[gallery_image_1]\" class=\"fusion-lightbox\" target=\"_self\"><div style=\"background-image:url(https:\/\/ascensoresramase.com\/wp-content\/uploads\/Palmeres-14_2291.webp);padding-top:calc((100% + 10px) * 0.8 - 5px);background-position:;\" class=\"fusion-masonry-element-container\"><img decoding=\"async\" src=\"https:\/\/ascensoresramase.com\/wp-content\/uploads\/Palmeres-14_2291.webp\" width=\"800\" height=\"1067\" alt=\"Palmeres 14 - Obra Barri Vilapicina\" title=\"Palmeres-14_2291\" aria-label=\"Palmeres-14_2291\" class=\"img-responsive wp-image-9429\" srcset=\"https:\/\/ascensoresramase.com\/wp-content\/uploads\/Palmeres-14_2291-200x267.webp 200w, https:\/\/ascensoresramase.com\/wp-content\/uploads\/Palmeres-14_2291-400x534.webp 400w, https:\/\/ascensoresramase.com\/wp-content\/uploads\/Palmeres-14_2291-600x800.webp 600w, https:\/\/ascensoresramase.com\/wp-content\/uploads\/Palmeres-14_2291.webp 800w\" sizes=\"(min-width: 2200px) 100vw, (min-width: 784px) 397px, (min-width: 712px) 595px, (min-width: 640px) 712px, \" \/><\/div><\/a><\/div><\/div><div style=\"padding:5px;\" class=\"fusion-grid-column fusion-gallery-column fusion-gallery-column-3 hover-type-none fusion-element-grid\"><div class=\"fusion-gallery-image\"><a href=\"https:\/\/ascensoresramase.com\/wp-content\/uploads\/Palmeres-14-2289.webp\" rel=\"noreferrer\" data-rel=\"iLightbox[gallery_image_1]\" class=\"fusion-lightbox\" target=\"_self\"><div style=\"background-image:url(https:\/\/ascensoresramase.com\/wp-content\/uploads\/Palmeres-14-2289.webp);padding-top:calc((100% + 10px) * 0.8 - 5px);background-position:;\" class=\"fusion-masonry-element-container\"><img decoding=\"async\" src=\"https:\/\/ascensoresramase.com\/wp-content\/uploads\/Palmeres-14-2289.webp\" width=\"800\" height=\"1067\" alt=\"Palmeres 14 - Obra Barri Vilapicina\" title=\"Palmeres-14-2289\" aria-label=\"Palmeres-14-2289\" class=\"img-responsive wp-image-9431\" srcset=\"https:\/\/ascensoresramase.com\/wp-content\/uploads\/Palmeres-14-2289-200x267.webp 200w, https:\/\/ascensoresramase.com\/wp-content\/uploads\/Palmeres-14-2289-400x534.webp 400w, https:\/\/ascensoresramase.com\/wp-content\/uploads\/Palmeres-14-2289-600x800.webp 600w, https:\/\/ascensoresramase.com\/wp-content\/uploads\/Palmeres-14-2289.webp 800w\" sizes=\"(min-width: 2200px) 100vw, (min-width: 784px) 397px, (min-width: 712px) 595px, (min-width: 640px) 712px, \" \/><\/div><\/a><\/div><\/div><div style=\"padding:5px;\" class=\"fusion-grid-column fusion-gallery-column fusion-gallery-column-3 hover-type-none fusion-element-grid\"><div class=\"fusion-gallery-image\"><a href=\"https:\/\/ascensoresramase.com\/wp-content\/uploads\/Palmeres-14_2288.webp\" rel=\"noreferrer\" data-rel=\"iLightbox[gallery_image_1]\" class=\"fusion-lightbox\" target=\"_self\"><div style=\"background-image:url(https:\/\/ascensoresramase.com\/wp-content\/uploads\/Palmeres-14_2288.webp);padding-top:calc((100% + 10px) * 0.8 - 5px);background-position:;\" class=\"fusion-masonry-element-container\"><img decoding=\"async\" src=\"https:\/\/ascensoresramase.com\/wp-content\/uploads\/Palmeres-14_2288.webp\" width=\"800\" height=\"1067\" alt=\"Palmeres 14 - Obra Barri Vilapicina\" title=\"Palmeres-14_2288\" aria-label=\"Palmeres-14_2288\" class=\"img-responsive wp-image-9433\" srcset=\"https:\/\/ascensoresramase.com\/wp-content\/uploads\/Palmeres-14_2288-200x267.webp 200w, https:\/\/ascensoresramase.com\/wp-content\/uploads\/Palmeres-14_2288-400x534.webp 400w, https:\/\/ascensoresramase.com\/wp-content\/uploads\/Palmeres-14_2288-600x800.webp 600w, https:\/\/ascensoresramase.com\/wp-content\/uploads\/Palmeres-14_2288.webp 800w\" sizes=\"(min-width: 2200px) 100vw, (min-width: 784px) 397px, (min-width: 712px) 595px, (min-width: 640px) 712px, \" \/><\/div><\/a><\/div><\/div><div style=\"padding:5px;\" class=\"fusion-grid-column fusion-gallery-column fusion-gallery-column-3 hover-type-none fusion-element-grid\"><div class=\"fusion-gallery-image\"><a href=\"https:\/\/ascensoresramase.com\/wp-content\/uploads\/Palmeres-14_4063.webp\" rel=\"noreferrer\" data-rel=\"iLightbox[gallery_image_1]\" class=\"fusion-lightbox\" target=\"_self\"><div style=\"background-image:url(https:\/\/ascensoresramase.com\/wp-content\/uploads\/Palmeres-14_4063.webp);padding-top:calc((100% + 10px) * 0.8 - 5px);background-position:;\" class=\"fusion-masonry-element-container\"><img decoding=\"async\" src=\"https:\/\/ascensoresramase.com\/wp-content\/uploads\/Palmeres-14_4063.webp\" width=\"800\" height=\"1067\" alt=\"Palmeres 14 - Obra Barri Vilapicina\" title=\"Palmeres-14_4063\" aria-label=\"Palmeres-14_4063\" class=\"img-responsive wp-image-9435\" srcset=\"https:\/\/ascensoresramase.com\/wp-content\/uploads\/Palmeres-14_4063-200x267.webp 200w, https:\/\/ascensoresramase.com\/wp-content\/uploads\/Palmeres-14_4063-400x534.webp 400w, https:\/\/ascensoresramase.com\/wp-content\/uploads\/Palmeres-14_4063-600x800.webp 600w, https:\/\/ascensoresramase.com\/wp-content\/uploads\/Palmeres-14_4063.webp 800w\" sizes=\"(min-width: 2200px) 100vw, (min-width: 784px) 397px, (min-width: 712px) 595px, (min-width: 640px) 712px, \" \/><\/div><\/a><\/div><\/div><div style=\"padding:5px;\" class=\"fusion-grid-column fusion-gallery-column fusion-gallery-column-3 hover-type-none fusion-element-grid\"><div class=\"fusion-gallery-image\"><a href=\"https:\/\/ascensoresramase.com\/wp-content\/uploads\/Palmeres-14_2299-des.webp\" rel=\"noreferrer\" data-rel=\"iLightbox[gallery_image_1]\" class=\"fusion-lightbox\" target=\"_self\"><div style=\"background-image:url(https:\/\/ascensoresramase.com\/wp-content\/uploads\/Palmeres-14_2299-des.webp);padding-top:calc((100% + 10px) * 0.8 - 5px);background-position:;\" class=\"fusion-masonry-element-container\"><img decoding=\"async\" src=\"https:\/\/ascensoresramase.com\/wp-content\/uploads\/Palmeres-14_2299-des.webp\" width=\"750\" height=\"500\" alt=\"Palmeres 14 - Obra Barri Vilapicina\" title=\"Palmeres-14_2299-des\" aria-label=\"Palmeres-14_2299-des\" class=\"img-responsive wp-image-9437\" srcset=\"https:\/\/ascensoresramase.com\/wp-content\/uploads\/Palmeres-14_2299-des-200x133.webp 200w, https:\/\/ascensoresramase.com\/wp-content\/uploads\/Palmeres-14_2299-des-400x267.webp 400w, https:\/\/ascensoresramase.com\/wp-content\/uploads\/Palmeres-14_2299-des-600x400.webp 600w, https:\/\/ascensoresramase.com\/wp-content\/uploads\/Palmeres-14_2299-des.webp 750w\" sizes=\"(min-width: 2200px) 100vw, (min-width: 784px) 397px, (min-width: 712px) 595px, (min-width: 640px) 712px, \" \/><\/div><\/a><\/div><\/div><div style=\"padding:5px;\" class=\"fusion-grid-column fusion-gallery-column fusion-gallery-column-3 hover-type-none fusion-element-grid\"><div class=\"fusion-gallery-image\"><a href=\"https:\/\/ascensoresramase.com\/wp-content\/uploads\/obra-acabada-barri-vilapicina-2c.webp\" rel=\"noreferrer\" data-rel=\"iLightbox[gallery_image_1]\" class=\"fusion-lightbox\" target=\"_self\"><div style=\"background-image:url(https:\/\/ascensoresramase.com\/wp-content\/uploads\/obra-acabada-barri-vilapicina-2c.webp);padding-top:calc((100% + 10px) * 0.8 - 5px);background-position:;\" class=\"fusion-masonry-element-container\"><img decoding=\"async\" src=\"https:\/\/ascensoresramase.com\/wp-content\/uploads\/obra-acabada-barri-vilapicina-2c.webp\" width=\"768\" height=\"1024\" alt=\"\" title=\"Instal\u00b7laci\u00f3 ascensor Gearless | Ascensors Ramase\" aria-label=\"Instal\u00b7laci\u00f3 ascensor Gearless | Ascensors Ramase\" class=\"img-responsive wp-image-10493\" srcset=\"https:\/\/ascensoresramase.com\/wp-content\/uploads\/obra-acabada-barri-vilapicina-2c-200x267.webp 200w, https:\/\/ascensoresramase.com\/wp-content\/uploads\/obra-acabada-barri-vilapicina-2c-400x533.webp 400w, https:\/\/ascensoresramase.com\/wp-content\/uploads\/obra-acabada-barri-vilapicina-2c-600x800.webp 600w, https:\/\/ascensoresramase.com\/wp-content\/uploads\/obra-acabada-barri-vilapicina-2c.webp 768w\" sizes=\"(min-width: 2200px) 100vw, (min-width: 784px) 397px, (min-width: 712px) 595px, (min-width: 640px) 712px, \" \/><\/div><\/a><\/div><\/div><div style=\"padding:5px;\" class=\"fusion-grid-column fusion-gallery-column fusion-gallery-column-3 hover-type-none fusion-element-grid\"><div class=\"fusion-gallery-image\"><a href=\"https:\/\/ascensoresramase.com\/wp-content\/uploads\/obra-acabada-barri-vilapicina-1c.webp\" rel=\"noreferrer\" data-rel=\"iLightbox[gallery_image_1]\" class=\"fusion-lightbox\" target=\"_self\"><div style=\"background-image:url(https:\/\/ascensoresramase.com\/wp-content\/uploads\/obra-acabada-barri-vilapicina-1c.webp);padding-top:calc((100% + 10px) * 0.8 - 5px);background-position:;\" class=\"fusion-masonry-element-container\"><img decoding=\"async\" src=\"https:\/\/ascensoresramase.com\/wp-content\/uploads\/obra-acabada-barri-vilapicina-1c.webp\" width=\"768\" height=\"1024\" alt=\"\" title=\"Instal\u00b7laci\u00f3 ascensor Gearless | Ascensors Ramase\" aria-label=\"Instal\u00b7laci\u00f3 ascensor Gearless | Ascensors Ramase\" class=\"img-responsive wp-image-10491\" srcset=\"https:\/\/ascensoresramase.com\/wp-content\/uploads\/obra-acabada-barri-vilapicina-1c-200x267.webp 200w, https:\/\/ascensoresramase.com\/wp-content\/uploads\/obra-acabada-barri-vilapicina-1c-400x533.webp 400w, https:\/\/ascensoresramase.com\/wp-content\/uploads\/obra-acabada-barri-vilapicina-1c-600x800.webp 600w, https:\/\/ascensoresramase.com\/wp-content\/uploads\/obra-acabada-barri-vilapicina-1c.webp 768w\" sizes=\"(min-width: 2200px) 100vw, (min-width: 784px) 397px, (min-width: 712px) 595px, (min-width: 640px) 712px, \" \/><\/div><\/a><\/div><\/div><div style=\"padding:5px;\" class=\"fusion-grid-column fusion-gallery-column fusion-gallery-column-3 hover-type-none fusion-element-grid\"><div class=\"fusion-gallery-image\"><a href=\"https:\/\/ascensoresramase.com\/wp-content\/uploads\/obra-acabada-barri-vilapicina-3c.webp\" rel=\"noreferrer\" data-rel=\"iLightbox[gallery_image_1]\" class=\"fusion-lightbox\" target=\"_self\"><div style=\"background-image:url(https:\/\/ascensoresramase.com\/wp-content\/uploads\/obra-acabada-barri-vilapicina-3c.webp);padding-top:calc((100% + 10px) * 0.8 - 5px);background-position:;\" class=\"fusion-masonry-element-container\"><img decoding=\"async\" src=\"https:\/\/ascensoresramase.com\/wp-content\/uploads\/obra-acabada-barri-vilapicina-3c.webp\" width=\"768\" height=\"1024\" alt=\"\" title=\"Instal\u00b7laci\u00f3 ascensor Gearless | Ascensors Ramase\" aria-label=\"Instal\u00b7laci\u00f3 ascensor Gearless | Ascensors Ramase\" class=\"img-responsive wp-image-10477\" srcset=\"https:\/\/ascensoresramase.com\/wp-content\/uploads\/obra-acabada-barri-vilapicina-3c-200x267.webp 200w, https:\/\/ascensoresramase.com\/wp-content\/uploads\/obra-acabada-barri-vilapicina-3c-400x533.webp 400w, https:\/\/ascensoresramase.com\/wp-content\/uploads\/obra-acabada-barri-vilapicina-3c-600x800.webp 600w, https:\/\/ascensoresramase.com\/wp-content\/uploads\/obra-acabada-barri-vilapicina-3c.webp 768w\" sizes=\"(min-width: 2200px) 100vw, (min-width: 784px) 397px, (min-width: 712px) 595px, (min-width: 640px) 712px, \" \/><\/div><\/a><\/div><\/div><div style=\"padding:5px;\" class=\"fusion-grid-column fusion-gallery-column fusion-gallery-column-3 hover-type-none fusion-element-grid\"><div class=\"fusion-gallery-image\"><a href=\"https:\/\/ascensoresramase.com\/wp-content\/uploads\/obra-acabada-barri-vilapicina-4c.webp\" rel=\"noreferrer\" data-rel=\"iLightbox[gallery_image_1]\" class=\"fusion-lightbox\" target=\"_self\"><div style=\"background-image:url(https:\/\/ascensoresramase.com\/wp-content\/uploads\/obra-acabada-barri-vilapicina-4c.webp);padding-top:calc((100% + 10px) * 0.8 - 5px);background-position:;\" class=\"fusion-masonry-element-container\"><img decoding=\"async\" src=\"https:\/\/ascensoresramase.com\/wp-content\/uploads\/obra-acabada-barri-vilapicina-4c.webp\" width=\"768\" height=\"1024\" alt=\"\" title=\"Instal\u00b7laci\u00f3 ascensor Gearless | Ascensors Ramase\" aria-label=\"Instal\u00b7laci\u00f3 ascensor Gearless | Ascensors Ramase\" class=\"img-responsive wp-image-10479\" srcset=\"https:\/\/ascensoresramase.com\/wp-content\/uploads\/obra-acabada-barri-vilapicina-4c-200x267.webp 200w, https:\/\/ascensoresramase.com\/wp-content\/uploads\/obra-acabada-barri-vilapicina-4c-400x533.webp 400w, https:\/\/ascensoresramase.com\/wp-content\/uploads\/obra-acabada-barri-vilapicina-4c-600x800.webp 600w, https:\/\/ascensoresramase.com\/wp-content\/uploads\/obra-acabada-barri-vilapicina-4c.webp 768w\" sizes=\"(min-width: 2200px) 100vw, (min-width: 784px) 397px, (min-width: 712px) 595px, (min-width: 640px) 712px, \" \/><\/div><\/a><\/div><\/div><div style=\"padding:5px;\" class=\"fusion-grid-column fusion-gallery-column fusion-gallery-column-3 hover-type-none fusion-element-grid\"><div class=\"fusion-gallery-image\"><a href=\"https:\/\/ascensoresramase.com\/wp-content\/uploads\/obra-acabada-barri-vilapicina-5c.webp\" rel=\"noreferrer\" data-rel=\"iLightbox[gallery_image_1]\" class=\"fusion-lightbox\" target=\"_self\"><div style=\"background-image:url(https:\/\/ascensoresramase.com\/wp-content\/uploads\/obra-acabada-barri-vilapicina-5c.webp);padding-top:calc((100% + 10px) * 0.8 - 5px);background-position:;\" class=\"fusion-masonry-element-container\"><img decoding=\"async\" src=\"https:\/\/ascensoresramase.com\/wp-content\/uploads\/obra-acabada-barri-vilapicina-5c.webp\" width=\"768\" height=\"1024\" alt=\"\" title=\"Instal\u00b7laci\u00f3 ascensor Gearless | Ascensors Ramase\" aria-label=\"Instal\u00b7laci\u00f3 ascensor Gearless | Ascensors Ramase\" class=\"img-responsive wp-image-10481\" srcset=\"https:\/\/ascensoresramase.com\/wp-content\/uploads\/obra-acabada-barri-vilapicina-5c-200x267.webp 200w, https:\/\/ascensoresramase.com\/wp-content\/uploads\/obra-acabada-barri-vilapicina-5c-400x533.webp 400w, https:\/\/ascensoresramase.com\/wp-content\/uploads\/obra-acabada-barri-vilapicina-5c-600x800.webp 600w, https:\/\/ascensoresramase.com\/wp-content\/uploads\/obra-acabada-barri-vilapicina-5c.webp 768w\" sizes=\"(min-width: 2200px) 100vw, (min-width: 784px) 397px, (min-width: 712px) 595px, (min-width: 640px) 712px, \" \/><\/div><\/a><\/div><\/div><div style=\"padding:5px;\" class=\"fusion-grid-column fusion-gallery-column fusion-gallery-column-3 hover-type-none fusion-element-grid\"><div class=\"fusion-gallery-image\"><a href=\"https:\/\/ascensoresramase.com\/wp-content\/uploads\/obra-acabada-barri-vilapicina-6c.webp\" rel=\"noreferrer\" data-rel=\"iLightbox[gallery_image_1]\" class=\"fusion-lightbox\" target=\"_self\"><div style=\"background-image:url(https:\/\/ascensoresramase.com\/wp-content\/uploads\/obra-acabada-barri-vilapicina-6c.webp);padding-top:calc((100% + 10px) * 0.8 - 5px);background-position:;\" class=\"fusion-masonry-element-container\"><img decoding=\"async\" src=\"https:\/\/ascensoresramase.com\/wp-content\/uploads\/obra-acabada-barri-vilapicina-6c.webp\" width=\"768\" height=\"1024\" alt=\"\" title=\"Instal\u00b7laci\u00f3 ascensor Gearless | Ascensors Ramase\" aria-label=\"Instal\u00b7laci\u00f3 ascensor Gearless | Ascensors Ramase\" class=\"img-responsive wp-image-10483\" srcset=\"https:\/\/ascensoresramase.com\/wp-content\/uploads\/obra-acabada-barri-vilapicina-6c-200x267.webp 200w, https:\/\/ascensoresramase.com\/wp-content\/uploads\/obra-acabada-barri-vilapicina-6c-400x533.webp 400w, https:\/\/ascensoresramase.com\/wp-content\/uploads\/obra-acabada-barri-vilapicina-6c-600x800.webp 600w, https:\/\/ascensoresramase.com\/wp-content\/uploads\/obra-acabada-barri-vilapicina-6c.webp 768w\" sizes=\"(min-width: 2200px) 100vw, (min-width: 784px) 397px, (min-width: 712px) 595px, (min-width: 640px) 712px, \" \/><\/div><\/a><\/div><\/div><div style=\"padding:5px;\" class=\"fusion-grid-column fusion-gallery-column fusion-gallery-column-3 hover-type-none fusion-element-grid\"><div class=\"fusion-gallery-image\"><a href=\"https:\/\/ascensoresramase.com\/wp-content\/uploads\/obra-acabada-barri-vilapicina-7c.webp\" rel=\"noreferrer\" data-rel=\"iLightbox[gallery_image_1]\" class=\"fusion-lightbox\" target=\"_self\"><div style=\"background-image:url(https:\/\/ascensoresramase.com\/wp-content\/uploads\/obra-acabada-barri-vilapicina-7c.webp);padding-top:calc((100% + 10px) * 0.8 - 5px);background-position:;\" class=\"fusion-masonry-element-container\"><img decoding=\"async\" src=\"https:\/\/ascensoresramase.com\/wp-content\/uploads\/obra-acabada-barri-vilapicina-7c.webp\" width=\"768\" height=\"1024\" alt=\"\" title=\"Instal\u00b7laci\u00f3 ascensor Gearless | Ascensors Ramase\" aria-label=\"Instal\u00b7laci\u00f3 ascensor Gearless | Ascensors Ramase\" class=\"img-responsive wp-image-10485\" srcset=\"https:\/\/ascensoresramase.com\/wp-content\/uploads\/obra-acabada-barri-vilapicina-7c-200x267.webp 200w, https:\/\/ascensoresramase.com\/wp-content\/uploads\/obra-acabada-barri-vilapicina-7c-400x533.webp 400w, https:\/\/ascensoresramase.com\/wp-content\/uploads\/obra-acabada-barri-vilapicina-7c-600x800.webp 600w, https:\/\/ascensoresramase.com\/wp-content\/uploads\/obra-acabada-barri-vilapicina-7c.webp 768w\" sizes=\"(min-width: 2200px) 100vw, (min-width: 784px) 397px, (min-width: 712px) 595px, (min-width: 640px) 712px, \" \/><\/div><\/a><\/div><\/div><div style=\"padding:5px;\" class=\"fusion-grid-column fusion-gallery-column fusion-gallery-column-3 hover-type-none fusion-element-grid\"><div class=\"fusion-gallery-image\"><a href=\"https:\/\/ascensoresramase.com\/wp-content\/uploads\/obra-acabada-barri-vilapicina-8c.webp\" rel=\"noreferrer\" data-rel=\"iLightbox[gallery_image_1]\" class=\"fusion-lightbox\" target=\"_self\"><div style=\"background-image:url(https:\/\/ascensoresramase.com\/wp-content\/uploads\/obra-acabada-barri-vilapicina-8c.webp);padding-top:calc((100% + 10px) * 0.8 - 5px);background-position:;\" class=\"fusion-masonry-element-container\"><img decoding=\"async\" src=\"https:\/\/ascensoresramase.com\/wp-content\/uploads\/obra-acabada-barri-vilapicina-8c.webp\" width=\"768\" height=\"1024\" alt=\"\" title=\"Instal\u00b7laci\u00f3 ascensor Gearless | Ascensors Ramase\" aria-label=\"Instal\u00b7laci\u00f3 ascensor Gearless | Ascensors Ramase\" class=\"img-responsive wp-image-10487\" srcset=\"https:\/\/ascensoresramase.com\/wp-content\/uploads\/obra-acabada-barri-vilapicina-8c-200x267.webp 200w, https:\/\/ascensoresramase.com\/wp-content\/uploads\/obra-acabada-barri-vilapicina-8c-400x533.webp 400w, https:\/\/ascensoresramase.com\/wp-content\/uploads\/obra-acabada-barri-vilapicina-8c-600x800.webp 600w, https:\/\/ascensoresramase.com\/wp-content\/uploads\/obra-acabada-barri-vilapicina-8c.webp 768w\" sizes=\"(min-width: 2200px) 100vw, (min-width: 784px) 397px, (min-width: 712px) 595px, (min-width: 640px) 712px, \" \/><\/div><\/a><\/div><\/div><div style=\"padding:5px;\" class=\"fusion-grid-column fusion-gallery-column fusion-gallery-column-3 hover-type-none fusion-element-grid\"><div class=\"fusion-gallery-image\"><a href=\"https:\/\/ascensoresramase.com\/wp-content\/uploads\/obra-acabada-barri-vilapicina-9c.webp\" rel=\"noreferrer\" data-rel=\"iLightbox[gallery_image_1]\" class=\"fusion-lightbox\" target=\"_self\"><div style=\"background-image:url(https:\/\/ascensoresramase.com\/wp-content\/uploads\/obra-acabada-barri-vilapicina-9c.webp);padding-top:calc((100% + 10px) * 0.8 - 5px);background-position:;\" class=\"fusion-masonry-element-container\"><img decoding=\"async\" src=\"https:\/\/ascensoresramase.com\/wp-content\/uploads\/obra-acabada-barri-vilapicina-9c.webp\" width=\"768\" height=\"1024\" alt=\"\" title=\"Instal\u00b7laci\u00f3 ascensor Gearless | Ascensors Ramase\" aria-label=\"Instal\u00b7laci\u00f3 ascensor Gearless | Ascensors Ramase\" class=\"img-responsive wp-image-10489\" srcset=\"https:\/\/ascensoresramase.com\/wp-content\/uploads\/obra-acabada-barri-vilapicina-9c-200x267.webp 200w, https:\/\/ascensoresramase.com\/wp-content\/uploads\/obra-acabada-barri-vilapicina-9c-400x533.webp 400w, https:\/\/ascensoresramase.com\/wp-content\/uploads\/obra-acabada-barri-vilapicina-9c-600x800.webp 600w, https:\/\/ascensoresramase.com\/wp-content\/uploads\/obra-acabada-barri-vilapicina-9c.webp 768w\" sizes=\"(min-width: 2200px) 100vw, (min-width: 784px) 397px, (min-width: 712px) 595px, (min-width: 640px) 712px, \" \/><\/div><\/a><\/div><\/div><\/div><\/div><\/div><\/div><\/div><\/div><\/p>\n","protected":false},"excerpt":{"rendered":"","protected":false},"author":1,"featured_media":10467,"menu_order":0,"comment_status":"closed","ping_status":"closed","template":"","format":"standard","meta":{"footnotes":""},"portfolio_category":[34],"portfolio_skills":[],"portfolio_tags":[],"class_list":["post-7208","avada_portfolio","type-avada_portfolio","status-publish","format-standard","has-post-thumbnail","hentry","portfolio_category-obres-acabades"],"yoast_head":"<!-- This site is optimized with the Yoast SEO plugin v27.4 - https:\/\/yoast.com\/product\/yoast-seo-wordpress\/ -->\n<title>Instal\u00b7laci\u00f3 d&#039;ascensor gearless de 5 parades - A. Ramase<\/title>\n<meta name=\"description\" content=\"Instal\u00b7laci\u00f3 d&#039;ascensor gearless a Vilapicina. Reubicaci\u00f3 d&#039;escala al celobert per garantir l&#039;accessibilitat i la llum natural a la finca.\" \/>\n<meta name=\"robots\" content=\"index, follow, max-snippet:-1, max-image-preview:large, max-video-preview:-1\" \/>\n<link rel=\"canonical\" href=\"https:\/\/ascensoresramase.com\/ca\/treballs-realitzats\/instalacio-ascensor-gearless-al-barri-de-vilapicina\/\" \/>\n<meta property=\"og:locale\" content=\"ca_ES\" \/>\n<meta property=\"og:type\" content=\"article\" \/>\n<meta property=\"og:title\" content=\"Instal\u00b7laci\u00f3 d&#039;ascensor gearless de 5 parades - A. Ramase\" \/>\n<meta property=\"og:description\" content=\"Instal\u00b7laci\u00f3 d&#039;ascensor gearless a Vilapicina. Reubicaci\u00f3 d&#039;escala al celobert per garantir l&#039;accessibilitat i la llum natural a la finca.\" \/>\n<meta property=\"og:url\" content=\"https:\/\/ascensoresramase.com\/ca\/treballs-realitzats\/instalacio-ascensor-gearless-al-barri-de-vilapicina\/\" \/>\n<meta property=\"og:site_name\" content=\"Empresa mantenimiento ascensores Barcelona - Ascensores Ramase\" \/>\n<meta property=\"article:modified_time\" content=\"2026-04-23T13:56:46+00:00\" \/>\n<meta property=\"og:image\" content=\"https:\/\/ascensoresramase.com\/wp-content\/uploads\/obra-acabada-barri-vilapicina-5.webp\" \/>\n\t<meta property=\"og:image:width\" content=\"768\" \/>\n\t<meta property=\"og:image:height\" content=\"1024\" \/>\n\t<meta property=\"og:image:type\" content=\"image\/webp\" \/>\n<meta name=\"twitter:card\" content=\"summary_large_image\" \/>\n<meta name=\"twitter:label1\" content=\"Temps estimat de lectura\" \/>\n\t<meta name=\"twitter:data1\" content=\"8 minuts\" \/>\n<script type=\"application\/ld+json\" class=\"yoast-schema-graph\">{\"@context\":\"https:\\\/\\\/schema.org\",\"@graph\":[{\"@type\":\"WebPage\",\"@id\":\"https:\\\/\\\/ascensoresramase.com\\\/ca\\\/treballs-realitzats\\\/instalacio-ascensor-gearless-al-barri-de-vilapicina\\\/\",\"url\":\"https:\\\/\\\/ascensoresramase.com\\\/ca\\\/treballs-realitzats\\\/instalacio-ascensor-gearless-al-barri-de-vilapicina\\\/\",\"name\":\"Instal\u00b7laci\u00f3 d'ascensor gearless de 5 parades - A. Ramase\",\"isPartOf\":{\"@id\":\"https:\\\/\\\/ascensoresramase.com\\\/ca\\\/#website\"},\"primaryImageOfPage\":{\"@id\":\"https:\\\/\\\/ascensoresramase.com\\\/ca\\\/treballs-realitzats\\\/instalacio-ascensor-gearless-al-barri-de-vilapicina\\\/#primaryimage\"},\"image\":{\"@id\":\"https:\\\/\\\/ascensoresramase.com\\\/ca\\\/treballs-realitzats\\\/instalacio-ascensor-gearless-al-barri-de-vilapicina\\\/#primaryimage\"},\"thumbnailUrl\":\"https:\\\/\\\/ascensoresramase.com\\\/wp-content\\\/uploads\\\/obra-acabada-barri-vilapicina-5.webp\",\"datePublished\":\"2021-03-26T11:07:55+00:00\",\"dateModified\":\"2026-04-23T13:56:46+00:00\",\"description\":\"Instal\u00b7laci\u00f3 d'ascensor gearless a Vilapicina. Reubicaci\u00f3 d'escala al celobert per garantir l'accessibilitat i la llum natural a la finca.\",\"breadcrumb\":{\"@id\":\"https:\\\/\\\/ascensoresramase.com\\\/ca\\\/treballs-realitzats\\\/instalacio-ascensor-gearless-al-barri-de-vilapicina\\\/#breadcrumb\"},\"inLanguage\":\"ca\",\"potentialAction\":[{\"@type\":\"ReadAction\",\"target\":[\"https:\\\/\\\/ascensoresramase.com\\\/ca\\\/treballs-realitzats\\\/instalacio-ascensor-gearless-al-barri-de-vilapicina\\\/\"]}]},{\"@type\":\"ImageObject\",\"inLanguage\":\"ca\",\"@id\":\"https:\\\/\\\/ascensoresramase.com\\\/ca\\\/treballs-realitzats\\\/instalacio-ascensor-gearless-al-barri-de-vilapicina\\\/#primaryimage\",\"url\":\"https:\\\/\\\/ascensoresramase.com\\\/wp-content\\\/uploads\\\/obra-acabada-barri-vilapicina-5.webp\",\"contentUrl\":\"https:\\\/\\\/ascensoresramase.com\\\/wp-content\\\/uploads\\\/obra-acabada-barri-vilapicina-5.webp\",\"width\":768,\"height\":1024,\"caption\":\"Ascensor gearless de 5 paradas - Ascensores Ramase\"},{\"@type\":\"BreadcrumbList\",\"@id\":\"https:\\\/\\\/ascensoresramase.com\\\/ca\\\/treballs-realitzats\\\/instalacio-ascensor-gearless-al-barri-de-vilapicina\\\/#breadcrumb\",\"itemListElement\":[{\"@type\":\"ListItem\",\"position\":1,\"name\":\"Inicio\",\"item\":\"https:\\\/\\\/ascensoresramase.com\\\/ca\\\/\"},{\"@type\":\"ListItem\",\"position\":2,\"name\":\"Portfolio\",\"item\":\"https:\\\/\\\/ascensoresramase.com\\\/ca\\\/treballs-realitzats\\\/\"},{\"@type\":\"ListItem\",\"position\":3,\"name\":\"Instal\u00b7laci\u00f3 d&#8217;ascensor gearless de 5 parades \u2013 Vilapicina, Barcelona\"}]},{\"@type\":\"WebSite\",\"@id\":\"https:\\\/\\\/ascensoresramase.com\\\/ca\\\/#website\",\"url\":\"https:\\\/\\\/ascensoresramase.com\\\/ca\\\/\",\"name\":\"Empresa mantenimiento ascensores Barcelona - Ascensores Ramase\",\"description\":\"\",\"publisher\":{\"@id\":\"https:\\\/\\\/ascensoresramase.com\\\/ca\\\/#organization\"},\"potentialAction\":[{\"@type\":\"SearchAction\",\"target\":{\"@type\":\"EntryPoint\",\"urlTemplate\":\"https:\\\/\\\/ascensoresramase.com\\\/ca\\\/?s={search_term_string}\"},\"query-input\":{\"@type\":\"PropertyValueSpecification\",\"valueRequired\":true,\"valueName\":\"search_term_string\"}}],\"inLanguage\":\"ca\"},{\"@type\":\"Organization\",\"@id\":\"https:\\\/\\\/ascensoresramase.com\\\/ca\\\/#organization\",\"name\":\"RAMASE, S.A\",\"url\":\"https:\\\/\\\/ascensoresramase.com\\\/ca\\\/\",\"logo\":{\"@type\":\"ImageObject\",\"inLanguage\":\"ca\",\"@id\":\"https:\\\/\\\/ascensoresramase.com\\\/ca\\\/#\\\/schema\\\/logo\\\/image\\\/\",\"url\":\"https:\\\/\\\/ascensoresramase.com\\\/wp-content\\\/uploads\\\/LOGO_ramase-web-1.png\",\"contentUrl\":\"https:\\\/\\\/ascensoresramase.com\\\/wp-content\\\/uploads\\\/LOGO_ramase-web-1.png\",\"width\":234,\"height\":150,\"caption\":\"RAMASE, S.A\"},\"image\":{\"@id\":\"https:\\\/\\\/ascensoresramase.com\\\/ca\\\/#\\\/schema\\\/logo\\\/image\\\/\"}}]}<\/script>\n<!-- \/ Yoast SEO plugin. -->","yoast_head_json":{"title":"Instal\u00b7laci\u00f3 d'ascensor gearless de 5 parades - A. Ramase","description":"Instal\u00b7laci\u00f3 d'ascensor gearless a Vilapicina. Reubicaci\u00f3 d'escala al celobert per garantir l'accessibilitat i la llum natural a la finca.","robots":{"index":"index","follow":"follow","max-snippet":"max-snippet:-1","max-image-preview":"max-image-preview:large","max-video-preview":"max-video-preview:-1"},"canonical":"https:\/\/ascensoresramase.com\/ca\/treballs-realitzats\/instalacio-ascensor-gearless-al-barri-de-vilapicina\/","og_locale":"ca_ES","og_type":"article","og_title":"Instal\u00b7laci\u00f3 d'ascensor gearless de 5 parades - A. Ramase","og_description":"Instal\u00b7laci\u00f3 d'ascensor gearless a Vilapicina. Reubicaci\u00f3 d'escala al celobert per garantir l'accessibilitat i la llum natural a la finca.","og_url":"https:\/\/ascensoresramase.com\/ca\/treballs-realitzats\/instalacio-ascensor-gearless-al-barri-de-vilapicina\/","og_site_name":"Empresa mantenimiento ascensores Barcelona - Ascensores Ramase","article_modified_time":"2026-04-23T13:56:46+00:00","og_image":[{"width":768,"height":1024,"url":"https:\/\/ascensoresramase.com\/wp-content\/uploads\/obra-acabada-barri-vilapicina-5.webp","type":"image\/webp"}],"twitter_card":"summary_large_image","twitter_misc":{"Temps estimat de lectura":"8 minuts"},"schema":{"@context":"https:\/\/schema.org","@graph":[{"@type":"WebPage","@id":"https:\/\/ascensoresramase.com\/ca\/treballs-realitzats\/instalacio-ascensor-gearless-al-barri-de-vilapicina\/","url":"https:\/\/ascensoresramase.com\/ca\/treballs-realitzats\/instalacio-ascensor-gearless-al-barri-de-vilapicina\/","name":"Instal\u00b7laci\u00f3 d'ascensor gearless de 5 parades - A. Ramase","isPartOf":{"@id":"https:\/\/ascensoresramase.com\/ca\/#website"},"primaryImageOfPage":{"@id":"https:\/\/ascensoresramase.com\/ca\/treballs-realitzats\/instalacio-ascensor-gearless-al-barri-de-vilapicina\/#primaryimage"},"image":{"@id":"https:\/\/ascensoresramase.com\/ca\/treballs-realitzats\/instalacio-ascensor-gearless-al-barri-de-vilapicina\/#primaryimage"},"thumbnailUrl":"https:\/\/ascensoresramase.com\/wp-content\/uploads\/obra-acabada-barri-vilapicina-5.webp","datePublished":"2021-03-26T11:07:55+00:00","dateModified":"2026-04-23T13:56:46+00:00","description":"Instal\u00b7laci\u00f3 d'ascensor gearless a Vilapicina. Reubicaci\u00f3 d'escala al celobert per garantir l'accessibilitat i la llum natural a la finca.","breadcrumb":{"@id":"https:\/\/ascensoresramase.com\/ca\/treballs-realitzats\/instalacio-ascensor-gearless-al-barri-de-vilapicina\/#breadcrumb"},"inLanguage":"ca","potentialAction":[{"@type":"ReadAction","target":["https:\/\/ascensoresramase.com\/ca\/treballs-realitzats\/instalacio-ascensor-gearless-al-barri-de-vilapicina\/"]}]},{"@type":"ImageObject","inLanguage":"ca","@id":"https:\/\/ascensoresramase.com\/ca\/treballs-realitzats\/instalacio-ascensor-gearless-al-barri-de-vilapicina\/#primaryimage","url":"https:\/\/ascensoresramase.com\/wp-content\/uploads\/obra-acabada-barri-vilapicina-5.webp","contentUrl":"https:\/\/ascensoresramase.com\/wp-content\/uploads\/obra-acabada-barri-vilapicina-5.webp","width":768,"height":1024,"caption":"Ascensor gearless de 5 paradas - Ascensores Ramase"},{"@type":"BreadcrumbList","@id":"https:\/\/ascensoresramase.com\/ca\/treballs-realitzats\/instalacio-ascensor-gearless-al-barri-de-vilapicina\/#breadcrumb","itemListElement":[{"@type":"ListItem","position":1,"name":"Inicio","item":"https:\/\/ascensoresramase.com\/ca\/"},{"@type":"ListItem","position":2,"name":"Portfolio","item":"https:\/\/ascensoresramase.com\/ca\/treballs-realitzats\/"},{"@type":"ListItem","position":3,"name":"Instal\u00b7laci\u00f3 d&#8217;ascensor gearless de 5 parades \u2013 Vilapicina, Barcelona"}]},{"@type":"WebSite","@id":"https:\/\/ascensoresramase.com\/ca\/#website","url":"https:\/\/ascensoresramase.com\/ca\/","name":"Empresa mantenimiento ascensores Barcelona - Ascensores Ramase","description":"","publisher":{"@id":"https:\/\/ascensoresramase.com\/ca\/#organization"},"potentialAction":[{"@type":"SearchAction","target":{"@type":"EntryPoint","urlTemplate":"https:\/\/ascensoresramase.com\/ca\/?s={search_term_string}"},"query-input":{"@type":"PropertyValueSpecification","valueRequired":true,"valueName":"search_term_string"}}],"inLanguage":"ca"},{"@type":"Organization","@id":"https:\/\/ascensoresramase.com\/ca\/#organization","name":"RAMASE, S.A","url":"https:\/\/ascensoresramase.com\/ca\/","logo":{"@type":"ImageObject","inLanguage":"ca","@id":"https:\/\/ascensoresramase.com\/ca\/#\/schema\/logo\/image\/","url":"https:\/\/ascensoresramase.com\/wp-content\/uploads\/LOGO_ramase-web-1.png","contentUrl":"https:\/\/ascensoresramase.com\/wp-content\/uploads\/LOGO_ramase-web-1.png","width":234,"height":150,"caption":"RAMASE, S.A"},"image":{"@id":"https:\/\/ascensoresramase.com\/ca\/#\/schema\/logo\/image\/"}}]}},"_links":{"self":[{"href":"https:\/\/ascensoresramase.com\/ca\/wp-json\/wp\/v2\/avada_portfolio\/7208","targetHints":{"allow":["GET"]}}],"collection":[{"href":"https:\/\/ascensoresramase.com\/ca\/wp-json\/wp\/v2\/avada_portfolio"}],"about":[{"href":"https:\/\/ascensoresramase.com\/ca\/wp-json\/wp\/v2\/types\/avada_portfolio"}],"author":[{"embeddable":true,"href":"https:\/\/ascensoresramase.com\/ca\/wp-json\/wp\/v2\/users\/1"}],"replies":[{"embeddable":true,"href":"https:\/\/ascensoresramase.com\/ca\/wp-json\/wp\/v2\/comments?post=7208"}],"version-history":[{"count":3,"href":"https:\/\/ascensoresramase.com\/ca\/wp-json\/wp\/v2\/avada_portfolio\/7208\/revisions"}],"predecessor-version":[{"id":14840,"href":"https:\/\/ascensoresramase.com\/ca\/wp-json\/wp\/v2\/avada_portfolio\/7208\/revisions\/14840"}],"wp:featuredmedia":[{"embeddable":true,"href":"https:\/\/ascensoresramase.com\/ca\/wp-json\/wp\/v2\/media\/10467"}],"wp:attachment":[{"href":"https:\/\/ascensoresramase.com\/ca\/wp-json\/wp\/v2\/media?parent=7208"}],"wp:term":[{"taxonomy":"portfolio_category","embeddable":true,"href":"https:\/\/ascensoresramase.com\/ca\/wp-json\/wp\/v2\/portfolio_category?post=7208"},{"taxonomy":"portfolio_skills","embeddable":true,"href":"https:\/\/ascensoresramase.com\/ca\/wp-json\/wp\/v2\/portfolio_skills?post=7208"},{"taxonomy":"portfolio_tags","embeddable":true,"href":"https:\/\/ascensoresramase.com\/ca\/wp-json\/wp\/v2\/portfolio_tags?post=7208"}],"curies":[{"name":"wp","href":"https:\/\/api.w.org\/{rel}","templated":true}]}}