{"id":7105,"date":"2018-03-28T08:51:43","date_gmt":"2018-03-28T06:51:43","guid":{"rendered":"https:\/\/ascensoresramase.com\/?post_type=avada_portfolio&#038;p=7105"},"modified":"2026-04-24T14:09:15","modified_gmt":"2026-04-24T12:09:15","slug":"instalacio-dascensor-panoramic-terrassa","status":"publish","type":"avada_portfolio","link":"https:\/\/ascensoresramase.com\/ca\/treballs-realitzats\/instalacio-dascensor-panoramic-terrassa\/","title":{"rendered":"Ascensor panor\u00e0mic amb portes de vidre \u2013 Terrassa"},"content":{"rendered":"<p><div class=\"fusion-fullwidth fullwidth-box fusion-builder-row-1 fusion-flex-container nonhundred-percent-fullwidth non-hundred-percent-height-scrolling\" style=\"--awb-border-radius-top-left:0px;--awb-border-radius-top-right:0px;--awb-border-radius-bottom-right:0px;--awb-border-radius-bottom-left:0px;--awb-flex-wrap:wrap;\" ><div class=\"fusion-builder-row fusion-row fusion-flex-align-items-flex-start fusion-flex-content-wrap\" style=\"max-width:1248px;margin-left: calc(-4% \/ 2 );margin-right: calc(-4% \/ 2 );\"><div class=\"fusion-layout-column fusion_builder_column fusion-builder-column-0 fusion_builder_column_1_1 1_1 fusion-flex-column\" style=\"--awb-padding-top:20px;--awb-padding-right:25px;--awb-padding-bottom:20px;--awb-padding-left:25px;--awb-bg-color:var(--awb-custom13);--awb-bg-color-hover:var(--awb-custom13);--awb-bg-size:cover;--awb-border-color:var(--awb-color6);--awb-border-top:3px;--awb-border-style:solid;--awb-width-large:100%;--awb-margin-top-large:0px;--awb-spacing-right-large:1.92%;--awb-margin-bottom-large:20px;--awb-spacing-left-large:1.92%;--awb-width-medium:100%;--awb-order-medium:0;--awb-spacing-right-medium:1.92%;--awb-spacing-left-medium:1.92%;--awb-width-small:100%;--awb-order-small:0;--awb-spacing-right-small:1.92%;--awb-spacing-left-small:1.92%;\" data-scroll-devices=\"small-visibility,medium-visibility,large-visibility\"><div class=\"fusion-column-wrapper fusion-column-has-shadow fusion-flex-justify-content-flex-start fusion-content-layout-column\"><div class=\"fusion-title title fusion-title-1 fusion-sep-none fusion-title-center fusion-title-text fusion-title-size-three\" style=\"--awb-margin-top-small:10px;--awb-margin-right-small:0px;--awb-margin-bottom-small:10px;--awb-margin-left-small:0px;\"><h3 class=\"fusion-title-heading title-heading-center\" style=\"margin:0;\">Instal\u00b7laci\u00f3 d&#8217;ascensor i accions realitzades<\/h3><\/div><div class=\"fusion-text fusion-text-1\" style=\"--awb-content-alignment:center;\"><p>Per a aquest projecte s\u2019ha instal\u00b7lat un <strong>ascensor panor\u00e0mic amb portes de vidre<\/strong> que dona servei tant a un habitatge privat com a la resta de la comunitat de propietaris de l\u2019edifici ubicat a Terrassa. La cabina es va configurar a mida segons les prefer\u00e8ncies del client, adaptant materials i acabats per aconseguir un resultat personalitzat que s\u2019ajusta tant a les necessitats funcionals com als gustos est\u00e8tics dels usuaris.<\/p>\n<p>L\u2019acabat panor\u00e0mic i les portes de vidre <strong>aporten lluminositat i una sensaci\u00f3 d\u2019amplitud<\/strong> durant el recorregut, convertint l\u2019ascensor en un element que suma tant en comoditat com en la imatge general de l\u2019edifici.<\/p>\n<\/div><\/div><\/div><\/div><\/div><div class=\"fusion-fullwidth fullwidth-box fusion-builder-row-2 fusion-flex-container nonhundred-percent-fullwidth non-hundred-percent-height-scrolling\" style=\"--awb-border-radius-top-left:0px;--awb-border-radius-top-right:0px;--awb-border-radius-bottom-right:0px;--awb-border-radius-bottom-left:0px;--awb-flex-wrap:wrap;\" ><div class=\"fusion-builder-row fusion-row fusion-flex-align-items-stretch fusion-flex-content-wrap\" style=\"max-width:1248px;margin-left: calc(-4% \/ 2 );margin-right: calc(-4% \/ 2 );\"><div class=\"fusion-layout-column fusion_builder_column fusion-builder-column-1 fusion_builder_column_1_1 1_1 fusion-flex-column\" style=\"--awb-bg-size:cover;--awb-width-large:100%;--awb-margin-top-large:0px;--awb-spacing-right-large:1.92%;--awb-margin-bottom-large:20px;--awb-spacing-left-large:1.92%;--awb-width-medium:100%;--awb-order-medium:0;--awb-spacing-right-medium:1.92%;--awb-spacing-left-medium:1.92%;--awb-width-small:100%;--awb-order-small:0;--awb-spacing-right-small:1.92%;--awb-spacing-left-small:1.92%;\"><div class=\"fusion-column-wrapper fusion-column-has-shadow fusion-flex-justify-content-flex-start fusion-content-layout-column\"><div class=\"awb-gallery-wrapper awb-gallery-wrapper-1 button-span-no\"><div style=\"margin:-5px;--awb-bordersize:0px;\" class=\"fusion-gallery fusion-gallery-container fusion-grid-3 fusion-columns-total-7 fusion-gallery-layout-masonry fusion-gallery-1\"><div class=\"fusion-grid-column fusion-gallery-column fusion-gallery-column-3 hover-type-none fusion-grid-sizer\"><\/div><div style=\"padding:5px;\" class=\"fusion-grid-column fusion-gallery-column fusion-gallery-column-3 hover-type-none fusion-element-grid\"><div class=\"fusion-gallery-image\"><a href=\"https:\/\/ascensoresramase.com\/wp-content\/uploads\/HUECO-1-terrassa.jpg\" rel=\"noreferrer\" data-rel=\"iLightbox[gallery_image_1]\" class=\"fusion-lightbox\" target=\"_self\"><div style=\"background-image:url(https:\/\/ascensoresramase.com\/wp-content\/uploads\/HUECO-1-terrassa.jpg);padding-top:calc((100% + 10px) * 0.8 - 5px);background-position:;\" class=\"fusion-masonry-element-container\"><img decoding=\"async\" src=\"https:\/\/ascensoresramase.com\/wp-content\/uploads\/HUECO-1-terrassa.jpg\" width=\"1066\" height=\"600\" alt=\"\" title=\"HUECO-1-terrassa\" aria-label=\"HUECO-1-terrassa\" class=\"img-responsive wp-image-7112\" srcset=\"https:\/\/ascensoresramase.com\/wp-content\/uploads\/HUECO-1-terrassa-200x113.jpg 200w, https:\/\/ascensoresramase.com\/wp-content\/uploads\/HUECO-1-terrassa-400x225.jpg 400w, https:\/\/ascensoresramase.com\/wp-content\/uploads\/HUECO-1-terrassa-600x338.jpg 600w, https:\/\/ascensoresramase.com\/wp-content\/uploads\/HUECO-1-terrassa-800x450.jpg 800w, https:\/\/ascensoresramase.com\/wp-content\/uploads\/HUECO-1-terrassa.jpg 1066w\" sizes=\"(min-width: 2200px) 100vw, (min-width: 784px) 397px, (min-width: 712px) 595px, (min-width: 640px) 712px, \" \/><\/div><\/a><\/div><\/div><div style=\"padding:5px;\" class=\"fusion-grid-column fusion-gallery-column fusion-gallery-column-3 hover-type-none fusion-element-grid\"><div class=\"fusion-gallery-image\"><a href=\"https:\/\/ascensoresramase.com\/wp-content\/uploads\/MECANICA-2-terrassa.jpg\" rel=\"noreferrer\" data-rel=\"iLightbox[gallery_image_1]\" class=\"fusion-lightbox\" target=\"_self\"><div style=\"background-image:url(https:\/\/ascensoresramase.com\/wp-content\/uploads\/MECANICA-2-terrassa.jpg);padding-top:calc((100% + 10px) * 0.8 - 5px);background-position:;\" class=\"fusion-masonry-element-container\"><img decoding=\"async\" src=\"https:\/\/ascensoresramase.com\/wp-content\/uploads\/MECANICA-2-terrassa.jpg\" width=\"600\" height=\"1065\" alt=\"\" title=\"MECANICA-2-terrassa\" aria-label=\"MECANICA-2-terrassa\" class=\"img-responsive wp-image-7113\" srcset=\"https:\/\/ascensoresramase.com\/wp-content\/uploads\/MECANICA-2-terrassa-200x355.jpg 200w, https:\/\/ascensoresramase.com\/wp-content\/uploads\/MECANICA-2-terrassa-400x710.jpg 400w, https:\/\/ascensoresramase.com\/wp-content\/uploads\/MECANICA-2-terrassa.jpg 600w\" sizes=\"(min-width: 2200px) 100vw, (min-width: 784px) 397px, (min-width: 712px) 595px, (min-width: 640px) 712px, \" \/><\/div><\/a><\/div><\/div><div style=\"padding:5px;\" class=\"fusion-grid-column fusion-gallery-column fusion-gallery-column-3 hover-type-none fusion-element-grid\"><div class=\"fusion-gallery-image\"><a href=\"https:\/\/ascensoresramase.com\/wp-content\/uploads\/MECANICA-MAQUINA-3-terrassa.jpg\" rel=\"noreferrer\" data-rel=\"iLightbox[gallery_image_1]\" class=\"fusion-lightbox\" target=\"_self\"><div style=\"background-image:url(https:\/\/ascensoresramase.com\/wp-content\/uploads\/MECANICA-MAQUINA-3-terrassa.jpg);padding-top:calc((100% + 10px) * 0.8 - 5px);background-position:;\" class=\"fusion-masonry-element-container\"><img decoding=\"async\" src=\"https:\/\/ascensoresramase.com\/wp-content\/uploads\/MECANICA-MAQUINA-3-terrassa.jpg\" width=\"600\" height=\"1065\" alt=\"\" title=\"MECANICA-MAQUINA-3-terrassa\" aria-label=\"MECANICA-MAQUINA-3-terrassa\" class=\"img-responsive wp-image-7107\" srcset=\"https:\/\/ascensoresramase.com\/wp-content\/uploads\/MECANICA-MAQUINA-3-terrassa-200x355.jpg 200w, https:\/\/ascensoresramase.com\/wp-content\/uploads\/MECANICA-MAQUINA-3-terrassa-400x710.jpg 400w, https:\/\/ascensoresramase.com\/wp-content\/uploads\/MECANICA-MAQUINA-3-terrassa.jpg 600w\" sizes=\"(min-width: 2200px) 100vw, (min-width: 784px) 397px, (min-width: 712px) 595px, (min-width: 640px) 712px, \" \/><\/div><\/a><\/div><\/div><div style=\"padding:5px;\" class=\"fusion-grid-column fusion-gallery-column fusion-gallery-column-3 hover-type-none fusion-element-grid\"><div class=\"fusion-gallery-image\"><a href=\"https:\/\/ascensoresramase.com\/wp-content\/uploads\/MONTAJE-CABINA-4-terrassa.jpg\" rel=\"noreferrer\" data-rel=\"iLightbox[gallery_image_1]\" class=\"fusion-lightbox\" target=\"_self\"><div style=\"background-image:url(https:\/\/ascensoresramase.com\/wp-content\/uploads\/MONTAJE-CABINA-4-terrassa.jpg);padding-top:calc((100% + 10px) * 0.8 - 5px);background-position:;\" class=\"fusion-masonry-element-container\"><img decoding=\"async\" src=\"https:\/\/ascensoresramase.com\/wp-content\/uploads\/MONTAJE-CABINA-4-terrassa.jpg\" width=\"600\" height=\"1067\" alt=\"\" title=\"MONTAJE-CABINA-4-terrassa\" aria-label=\"MONTAJE-CABINA-4-terrassa\" class=\"img-responsive wp-image-7108\" srcset=\"https:\/\/ascensoresramase.com\/wp-content\/uploads\/MONTAJE-CABINA-4-terrassa-200x356.jpg 200w, https:\/\/ascensoresramase.com\/wp-content\/uploads\/MONTAJE-CABINA-4-terrassa-400x711.jpg 400w, https:\/\/ascensoresramase.com\/wp-content\/uploads\/MONTAJE-CABINA-4-terrassa.jpg 600w\" sizes=\"(min-width: 2200px) 100vw, (min-width: 784px) 397px, (min-width: 712px) 595px, (min-width: 640px) 712px, \" \/><\/div><\/a><\/div><\/div><div style=\"padding:5px;\" class=\"fusion-grid-column fusion-gallery-column fusion-gallery-column-3 hover-type-none fusion-element-grid\"><div class=\"fusion-gallery-image\"><a href=\"https:\/\/ascensoresramase.com\/wp-content\/uploads\/MONTAJE-PUERTAS-EXTERIORES-5-terrassa.jpg\" rel=\"noreferrer\" data-rel=\"iLightbox[gallery_image_1]\" class=\"fusion-lightbox\" target=\"_self\"><div style=\"background-image:url(https:\/\/ascensoresramase.com\/wp-content\/uploads\/MONTAJE-PUERTAS-EXTERIORES-5-terrassa.jpg);padding-top:calc((100% + 10px) * 0.8 - 5px);background-position:;\" class=\"fusion-masonry-element-container\"><img decoding=\"async\" src=\"https:\/\/ascensoresramase.com\/wp-content\/uploads\/MONTAJE-PUERTAS-EXTERIORES-5-terrassa.jpg\" width=\"800\" height=\"1067\" alt=\"\" title=\"MONTAJE-PUERTAS-EXTERIORES-5-terrassa\" aria-label=\"MONTAJE-PUERTAS-EXTERIORES-5-terrassa\" class=\"img-responsive wp-image-7109\" srcset=\"https:\/\/ascensoresramase.com\/wp-content\/uploads\/MONTAJE-PUERTAS-EXTERIORES-5-terrassa-200x267.jpg 200w, https:\/\/ascensoresramase.com\/wp-content\/uploads\/MONTAJE-PUERTAS-EXTERIORES-5-terrassa-400x534.jpg 400w, https:\/\/ascensoresramase.com\/wp-content\/uploads\/MONTAJE-PUERTAS-EXTERIORES-5-terrassa-600x800.jpg 600w, https:\/\/ascensoresramase.com\/wp-content\/uploads\/MONTAJE-PUERTAS-EXTERIORES-5-terrassa.jpg 800w\" sizes=\"(min-width: 2200px) 100vw, (min-width: 784px) 397px, (min-width: 712px) 595px, (min-width: 640px) 712px, \" \/><\/div><\/a><\/div><\/div><div style=\"padding:5px;\" class=\"fusion-grid-column fusion-gallery-column fusion-gallery-column-3 hover-type-none fusion-element-grid\"><div class=\"fusion-gallery-image\"><a href=\"https:\/\/ascensoresramase.com\/wp-content\/uploads\/ULTIMA-PARADA-6-terrassa.jpg\" rel=\"noreferrer\" data-rel=\"iLightbox[gallery_image_1]\" class=\"fusion-lightbox\" target=\"_self\"><div style=\"background-image:url(https:\/\/ascensoresramase.com\/wp-content\/uploads\/ULTIMA-PARADA-6-terrassa.jpg);padding-top:calc((100% + 10px) * 0.8 - 5px);background-position:;\" class=\"fusion-masonry-element-container\"><img decoding=\"async\" src=\"https:\/\/ascensoresramase.com\/wp-content\/uploads\/ULTIMA-PARADA-6-terrassa.jpg\" width=\"800\" height=\"1067\" alt=\"\" title=\"ULTIMA-PARADA-6-terrassa\" aria-label=\"ULTIMA-PARADA-6-terrassa\" class=\"img-responsive wp-image-7110\" srcset=\"https:\/\/ascensoresramase.com\/wp-content\/uploads\/ULTIMA-PARADA-6-terrassa-200x267.jpg 200w, https:\/\/ascensoresramase.com\/wp-content\/uploads\/ULTIMA-PARADA-6-terrassa-400x534.jpg 400w, https:\/\/ascensoresramase.com\/wp-content\/uploads\/ULTIMA-PARADA-6-terrassa-600x800.jpg 600w, https:\/\/ascensoresramase.com\/wp-content\/uploads\/ULTIMA-PARADA-6-terrassa.jpg 800w\" sizes=\"(min-width: 2200px) 100vw, (min-width: 784px) 397px, (min-width: 712px) 595px, (min-width: 640px) 712px, \" \/><\/div><\/a><\/div><\/div><div style=\"padding:5px;\" class=\"fusion-grid-column fusion-gallery-column fusion-gallery-column-3 hover-type-none fusion-element-grid\"><div class=\"fusion-gallery-image\"><a href=\"https:\/\/ascensoresramase.com\/wp-content\/uploads\/ASCENSOR-ACABADO-7-terrassa.jpg\" rel=\"noreferrer\" data-rel=\"iLightbox[gallery_image_1]\" class=\"fusion-lightbox\" target=\"_self\"><div style=\"background-image:url(https:\/\/ascensoresramase.com\/wp-content\/uploads\/ASCENSOR-ACABADO-7-terrassa.jpg);padding-top:calc((100% + 10px) * 0.8 - 5px);background-position:;\" class=\"fusion-masonry-element-container\"><img decoding=\"async\" src=\"https:\/\/ascensoresramase.com\/wp-content\/uploads\/ASCENSOR-ACABADO-7-terrassa.jpg\" width=\"600\" height=\"1066\" alt=\"Ascensor panor\u00e1mico con puertas acristaladas - Ascensores Ramase\" title=\"ASCENSOR-ACABADO-7-terrassa\" aria-label=\"ASCENSOR-ACABADO-7-terrassa\" class=\"img-responsive wp-image-7111\" srcset=\"https:\/\/ascensoresramase.com\/wp-content\/uploads\/ASCENSOR-ACABADO-7-terrassa-200x355.jpg 200w, https:\/\/ascensoresramase.com\/wp-content\/uploads\/ASCENSOR-ACABADO-7-terrassa-400x711.jpg 400w, https:\/\/ascensoresramase.com\/wp-content\/uploads\/ASCENSOR-ACABADO-7-terrassa.jpg 600w\" sizes=\"(min-width: 2200px) 100vw, (min-width: 784px) 397px, (min-width: 712px) 595px, (min-width: 640px) 712px, \" \/><\/div><\/a><\/div><\/div><\/div><\/div><\/div><\/div><\/div><\/div><\/p>\n","protected":false},"excerpt":{"rendered":"","protected":false},"author":1,"featured_media":14725,"menu_order":0,"comment_status":"closed","ping_status":"closed","template":"","format":"standard","meta":{"footnotes":""},"portfolio_category":[34],"portfolio_skills":[],"portfolio_tags":[],"class_list":["post-7105","avada_portfolio","type-avada_portfolio","status-publish","format-standard","has-post-thumbnail","hentry","portfolio_category-obres-acabades"],"yoast_head":"<!-- This site is optimized with the Yoast SEO plugin v27.5 - https:\/\/yoast.com\/product\/yoast-seo-wordpress\/ -->\n<title>Ascensor panor\u00e0mic amb portes de vidre - Ascensores Ramase<\/title>\n<meta name=\"description\" content=\"Instal\u00b7laci\u00f3 d&#039;ascensor panor\u00e0mic amb portes de vidre a Terrassa. Disseny a mida i acabats personalitzats per a una m\u00e0xima lluminositat.\" \/>\n<meta name=\"robots\" content=\"index, follow, max-snippet:-1, max-image-preview:large, max-video-preview:-1\" \/>\n<link rel=\"canonical\" href=\"https:\/\/ascensoresramase.com\/ca\/treballs-realitzats\/instalacio-dascensor-panoramic-terrassa\/\" \/>\n<meta property=\"og:locale\" content=\"ca_ES\" \/>\n<meta property=\"og:type\" content=\"article\" \/>\n<meta property=\"og:title\" content=\"Ascensor panor\u00e0mic amb portes de vidre - Ascensores Ramase\" \/>\n<meta property=\"og:description\" content=\"Instal\u00b7laci\u00f3 d&#039;ascensor panor\u00e0mic amb portes de vidre a Terrassa. Disseny a mida i acabats personalitzats per a una m\u00e0xima lluminositat.\" \/>\n<meta property=\"og:url\" content=\"https:\/\/ascensoresramase.com\/ca\/treballs-realitzats\/instalacio-dascensor-panoramic-terrassa\/\" \/>\n<meta property=\"og:site_name\" content=\"Empresa mantenimiento ascensores Barcelona - Ascensores Ramase\" \/>\n<meta property=\"article:modified_time\" content=\"2026-04-24T12:09:15+00:00\" \/>\n<meta property=\"og:image\" content=\"https:\/\/ascensoresramase.com\/wp-content\/uploads\/AscensorPanoramico-1.webp\" \/>\n\t<meta property=\"og:image:width\" content=\"750\" \/>\n\t<meta property=\"og:image:height\" content=\"1000\" \/>\n\t<meta property=\"og:image:type\" content=\"image\/webp\" \/>\n<meta name=\"twitter:card\" content=\"summary_large_image\" \/>\n<meta name=\"twitter:label1\" content=\"Temps estimat de lectura\" \/>\n\t<meta name=\"twitter:data1\" content=\"3 minuts\" \/>\n<script type=\"application\/ld+json\" class=\"yoast-schema-graph\">{\"@context\":\"https:\\\/\\\/schema.org\",\"@graph\":[{\"@type\":\"WebPage\",\"@id\":\"https:\\\/\\\/ascensoresramase.com\\\/ca\\\/treballs-realitzats\\\/instalacio-dascensor-panoramic-terrassa\\\/\",\"url\":\"https:\\\/\\\/ascensoresramase.com\\\/ca\\\/treballs-realitzats\\\/instalacio-dascensor-panoramic-terrassa\\\/\",\"name\":\"Ascensor panor\u00e0mic amb portes de vidre - Ascensores Ramase\",\"isPartOf\":{\"@id\":\"https:\\\/\\\/ascensoresramase.com\\\/ca\\\/#website\"},\"primaryImageOfPage\":{\"@id\":\"https:\\\/\\\/ascensoresramase.com\\\/ca\\\/treballs-realitzats\\\/instalacio-dascensor-panoramic-terrassa\\\/#primaryimage\"},\"image\":{\"@id\":\"https:\\\/\\\/ascensoresramase.com\\\/ca\\\/treballs-realitzats\\\/instalacio-dascensor-panoramic-terrassa\\\/#primaryimage\"},\"thumbnailUrl\":\"https:\\\/\\\/ascensoresramase.com\\\/wp-content\\\/uploads\\\/AscensorPanoramico-1.webp\",\"datePublished\":\"2018-03-28T06:51:43+00:00\",\"dateModified\":\"2026-04-24T12:09:15+00:00\",\"description\":\"Instal\u00b7laci\u00f3 d'ascensor panor\u00e0mic amb portes de vidre a Terrassa. Disseny a mida i acabats personalitzats per a una m\u00e0xima lluminositat.\",\"breadcrumb\":{\"@id\":\"https:\\\/\\\/ascensoresramase.com\\\/ca\\\/treballs-realitzats\\\/instalacio-dascensor-panoramic-terrassa\\\/#breadcrumb\"},\"inLanguage\":\"ca\",\"potentialAction\":[{\"@type\":\"ReadAction\",\"target\":[\"https:\\\/\\\/ascensoresramase.com\\\/ca\\\/treballs-realitzats\\\/instalacio-dascensor-panoramic-terrassa\\\/\"]}]},{\"@type\":\"ImageObject\",\"inLanguage\":\"ca\",\"@id\":\"https:\\\/\\\/ascensoresramase.com\\\/ca\\\/treballs-realitzats\\\/instalacio-dascensor-panoramic-terrassa\\\/#primaryimage\",\"url\":\"https:\\\/\\\/ascensoresramase.com\\\/wp-content\\\/uploads\\\/AscensorPanoramico-1.webp\",\"contentUrl\":\"https:\\\/\\\/ascensoresramase.com\\\/wp-content\\\/uploads\\\/AscensorPanoramico-1.webp\",\"width\":750,\"height\":1000,\"caption\":\"Ascensor panor\u00e1mico con puertas acristaladas - Ascensores Ramase\"},{\"@type\":\"BreadcrumbList\",\"@id\":\"https:\\\/\\\/ascensoresramase.com\\\/ca\\\/treballs-realitzats\\\/instalacio-dascensor-panoramic-terrassa\\\/#breadcrumb\",\"itemListElement\":[{\"@type\":\"ListItem\",\"position\":1,\"name\":\"Inicio\",\"item\":\"https:\\\/\\\/ascensoresramase.com\\\/ca\\\/\"},{\"@type\":\"ListItem\",\"position\":2,\"name\":\"Portfolio\",\"item\":\"https:\\\/\\\/ascensoresramase.com\\\/ca\\\/treballs-realitzats\\\/\"},{\"@type\":\"ListItem\",\"position\":3,\"name\":\"Ascensor panor\u00e0mic amb portes de vidre \u2013 Terrassa\"}]},{\"@type\":\"WebSite\",\"@id\":\"https:\\\/\\\/ascensoresramase.com\\\/ca\\\/#website\",\"url\":\"https:\\\/\\\/ascensoresramase.com\\\/ca\\\/\",\"name\":\"Empresa mantenimiento ascensores Barcelona - Ascensores Ramase\",\"description\":\"\",\"publisher\":{\"@id\":\"https:\\\/\\\/ascensoresramase.com\\\/ca\\\/#organization\"},\"potentialAction\":[{\"@type\":\"SearchAction\",\"target\":{\"@type\":\"EntryPoint\",\"urlTemplate\":\"https:\\\/\\\/ascensoresramase.com\\\/ca\\\/?s={search_term_string}\"},\"query-input\":{\"@type\":\"PropertyValueSpecification\",\"valueRequired\":true,\"valueName\":\"search_term_string\"}}],\"inLanguage\":\"ca\"},{\"@type\":\"Organization\",\"@id\":\"https:\\\/\\\/ascensoresramase.com\\\/ca\\\/#organization\",\"name\":\"RAMASE, S.A\",\"url\":\"https:\\\/\\\/ascensoresramase.com\\\/ca\\\/\",\"logo\":{\"@type\":\"ImageObject\",\"inLanguage\":\"ca\",\"@id\":\"https:\\\/\\\/ascensoresramase.com\\\/ca\\\/#\\\/schema\\\/logo\\\/image\\\/\",\"url\":\"https:\\\/\\\/ascensoresramase.com\\\/wp-content\\\/uploads\\\/LOGO_ramase-web-1.png\",\"contentUrl\":\"https:\\\/\\\/ascensoresramase.com\\\/wp-content\\\/uploads\\\/LOGO_ramase-web-1.png\",\"width\":234,\"height\":150,\"caption\":\"RAMASE, S.A\"},\"image\":{\"@id\":\"https:\\\/\\\/ascensoresramase.com\\\/ca\\\/#\\\/schema\\\/logo\\\/image\\\/\"}}]}<\/script>\n<!-- \/ Yoast SEO plugin. -->","yoast_head_json":{"title":"Ascensor panor\u00e0mic amb portes de vidre - Ascensores Ramase","description":"Instal\u00b7laci\u00f3 d'ascensor panor\u00e0mic amb portes de vidre a Terrassa. Disseny a mida i acabats personalitzats per a una m\u00e0xima lluminositat.","robots":{"index":"index","follow":"follow","max-snippet":"max-snippet:-1","max-image-preview":"max-image-preview:large","max-video-preview":"max-video-preview:-1"},"canonical":"https:\/\/ascensoresramase.com\/ca\/treballs-realitzats\/instalacio-dascensor-panoramic-terrassa\/","og_locale":"ca_ES","og_type":"article","og_title":"Ascensor panor\u00e0mic amb portes de vidre - Ascensores Ramase","og_description":"Instal\u00b7laci\u00f3 d'ascensor panor\u00e0mic amb portes de vidre a Terrassa. Disseny a mida i acabats personalitzats per a una m\u00e0xima lluminositat.","og_url":"https:\/\/ascensoresramase.com\/ca\/treballs-realitzats\/instalacio-dascensor-panoramic-terrassa\/","og_site_name":"Empresa mantenimiento ascensores Barcelona - Ascensores Ramase","article_modified_time":"2026-04-24T12:09:15+00:00","og_image":[{"width":750,"height":1000,"url":"https:\/\/ascensoresramase.com\/wp-content\/uploads\/AscensorPanoramico-1.webp","type":"image\/webp"}],"twitter_card":"summary_large_image","twitter_misc":{"Temps estimat de lectura":"3 minuts"},"schema":{"@context":"https:\/\/schema.org","@graph":[{"@type":"WebPage","@id":"https:\/\/ascensoresramase.com\/ca\/treballs-realitzats\/instalacio-dascensor-panoramic-terrassa\/","url":"https:\/\/ascensoresramase.com\/ca\/treballs-realitzats\/instalacio-dascensor-panoramic-terrassa\/","name":"Ascensor panor\u00e0mic amb portes de vidre - Ascensores Ramase","isPartOf":{"@id":"https:\/\/ascensoresramase.com\/ca\/#website"},"primaryImageOfPage":{"@id":"https:\/\/ascensoresramase.com\/ca\/treballs-realitzats\/instalacio-dascensor-panoramic-terrassa\/#primaryimage"},"image":{"@id":"https:\/\/ascensoresramase.com\/ca\/treballs-realitzats\/instalacio-dascensor-panoramic-terrassa\/#primaryimage"},"thumbnailUrl":"https:\/\/ascensoresramase.com\/wp-content\/uploads\/AscensorPanoramico-1.webp","datePublished":"2018-03-28T06:51:43+00:00","dateModified":"2026-04-24T12:09:15+00:00","description":"Instal\u00b7laci\u00f3 d'ascensor panor\u00e0mic amb portes de vidre a Terrassa. Disseny a mida i acabats personalitzats per a una m\u00e0xima lluminositat.","breadcrumb":{"@id":"https:\/\/ascensoresramase.com\/ca\/treballs-realitzats\/instalacio-dascensor-panoramic-terrassa\/#breadcrumb"},"inLanguage":"ca","potentialAction":[{"@type":"ReadAction","target":["https:\/\/ascensoresramase.com\/ca\/treballs-realitzats\/instalacio-dascensor-panoramic-terrassa\/"]}]},{"@type":"ImageObject","inLanguage":"ca","@id":"https:\/\/ascensoresramase.com\/ca\/treballs-realitzats\/instalacio-dascensor-panoramic-terrassa\/#primaryimage","url":"https:\/\/ascensoresramase.com\/wp-content\/uploads\/AscensorPanoramico-1.webp","contentUrl":"https:\/\/ascensoresramase.com\/wp-content\/uploads\/AscensorPanoramico-1.webp","width":750,"height":1000,"caption":"Ascensor panor\u00e1mico con puertas acristaladas - Ascensores Ramase"},{"@type":"BreadcrumbList","@id":"https:\/\/ascensoresramase.com\/ca\/treballs-realitzats\/instalacio-dascensor-panoramic-terrassa\/#breadcrumb","itemListElement":[{"@type":"ListItem","position":1,"name":"Inicio","item":"https:\/\/ascensoresramase.com\/ca\/"},{"@type":"ListItem","position":2,"name":"Portfolio","item":"https:\/\/ascensoresramase.com\/ca\/treballs-realitzats\/"},{"@type":"ListItem","position":3,"name":"Ascensor panor\u00e0mic amb portes de vidre \u2013 Terrassa"}]},{"@type":"WebSite","@id":"https:\/\/ascensoresramase.com\/ca\/#website","url":"https:\/\/ascensoresramase.com\/ca\/","name":"Empresa mantenimiento ascensores Barcelona - Ascensores Ramase","description":"","publisher":{"@id":"https:\/\/ascensoresramase.com\/ca\/#organization"},"potentialAction":[{"@type":"SearchAction","target":{"@type":"EntryPoint","urlTemplate":"https:\/\/ascensoresramase.com\/ca\/?s={search_term_string}"},"query-input":{"@type":"PropertyValueSpecification","valueRequired":true,"valueName":"search_term_string"}}],"inLanguage":"ca"},{"@type":"Organization","@id":"https:\/\/ascensoresramase.com\/ca\/#organization","name":"RAMASE, S.A","url":"https:\/\/ascensoresramase.com\/ca\/","logo":{"@type":"ImageObject","inLanguage":"ca","@id":"https:\/\/ascensoresramase.com\/ca\/#\/schema\/logo\/image\/","url":"https:\/\/ascensoresramase.com\/wp-content\/uploads\/LOGO_ramase-web-1.png","contentUrl":"https:\/\/ascensoresramase.com\/wp-content\/uploads\/LOGO_ramase-web-1.png","width":234,"height":150,"caption":"RAMASE, S.A"},"image":{"@id":"https:\/\/ascensoresramase.com\/ca\/#\/schema\/logo\/image\/"}}]}},"_links":{"self":[{"href":"https:\/\/ascensoresramase.com\/ca\/wp-json\/wp\/v2\/avada_portfolio\/7105","targetHints":{"allow":["GET"]}}],"collection":[{"href":"https:\/\/ascensoresramase.com\/ca\/wp-json\/wp\/v2\/avada_portfolio"}],"about":[{"href":"https:\/\/ascensoresramase.com\/ca\/wp-json\/wp\/v2\/types\/avada_portfolio"}],"author":[{"embeddable":true,"href":"https:\/\/ascensoresramase.com\/ca\/wp-json\/wp\/v2\/users\/1"}],"replies":[{"embeddable":true,"href":"https:\/\/ascensoresramase.com\/ca\/wp-json\/wp\/v2\/comments?post=7105"}],"version-history":[{"count":2,"href":"https:\/\/ascensoresramase.com\/ca\/wp-json\/wp\/v2\/avada_portfolio\/7105\/revisions"}],"predecessor-version":[{"id":14913,"href":"https:\/\/ascensoresramase.com\/ca\/wp-json\/wp\/v2\/avada_portfolio\/7105\/revisions\/14913"}],"wp:featuredmedia":[{"embeddable":true,"href":"https:\/\/ascensoresramase.com\/ca\/wp-json\/wp\/v2\/media\/14725"}],"wp:attachment":[{"href":"https:\/\/ascensoresramase.com\/ca\/wp-json\/wp\/v2\/media?parent=7105"}],"wp:term":[{"taxonomy":"portfolio_category","embeddable":true,"href":"https:\/\/ascensoresramase.com\/ca\/wp-json\/wp\/v2\/portfolio_category?post=7105"},{"taxonomy":"portfolio_skills","embeddable":true,"href":"https:\/\/ascensoresramase.com\/ca\/wp-json\/wp\/v2\/portfolio_skills?post=7105"},{"taxonomy":"portfolio_tags","embeddable":true,"href":"https:\/\/ascensoresramase.com\/ca\/wp-json\/wp\/v2\/portfolio_tags?post=7105"}],"curies":[{"name":"wp","href":"https:\/\/api.w.org\/{rel}","templated":true}]}}