{"id":7096,"date":"2018-06-15T09:19:11","date_gmt":"2018-06-15T07:19:11","guid":{"rendered":"https:\/\/ascensoresramase.com\/?post_type=avada_portfolio&#038;p=7096"},"modified":"2026-04-24T11:02:38","modified_gmt":"2026-04-24T09:02:38","slug":"instalacio-delevador-tipus-pev-castelldefels","status":"publish","type":"avada_portfolio","link":"https:\/\/ascensoresramase.com\/ca\/treballs-realitzats\/instalacio-delevador-tipus-pev-castelldefels\/","title":{"rendered":"Elevador tipus PEV panor\u00e0mic \u2013 Castelldefels"},"content":{"rendered":"<p><div class=\"fusion-fullwidth fullwidth-box fusion-builder-row-1 fusion-flex-container nonhundred-percent-fullwidth non-hundred-percent-height-scrolling\" style=\"--awb-border-radius-top-left:0px;--awb-border-radius-top-right:0px;--awb-border-radius-bottom-right:0px;--awb-border-radius-bottom-left:0px;--awb-flex-wrap:wrap;\" ><div class=\"fusion-builder-row fusion-row fusion-flex-align-items-flex-start fusion-flex-content-wrap\" style=\"max-width:1248px;margin-left: calc(-4% \/ 2 );margin-right: calc(-4% \/ 2 );\"><div class=\"fusion-layout-column fusion_builder_column fusion-builder-column-0 fusion_builder_column_1_1 1_1 fusion-flex-column\" style=\"--awb-padding-top:20px;--awb-padding-right:25px;--awb-padding-bottom:20px;--awb-padding-left:25px;--awb-bg-color:var(--awb-custom13);--awb-bg-color-hover:var(--awb-custom13);--awb-bg-size:cover;--awb-border-color:var(--awb-color6);--awb-border-top:3px;--awb-border-style:solid;--awb-width-large:100%;--awb-margin-top-large:0px;--awb-spacing-right-large:1.92%;--awb-margin-bottom-large:20px;--awb-spacing-left-large:1.92%;--awb-width-medium:100%;--awb-order-medium:0;--awb-spacing-right-medium:1.92%;--awb-spacing-left-medium:1.92%;--awb-width-small:100%;--awb-order-small:0;--awb-spacing-right-small:1.92%;--awb-spacing-left-small:1.92%;\" data-scroll-devices=\"small-visibility,medium-visibility,large-visibility\"><div class=\"fusion-column-wrapper fusion-column-has-shadow fusion-flex-justify-content-flex-start fusion-content-layout-column\"><div class=\"fusion-title title fusion-title-1 fusion-sep-none fusion-title-center fusion-title-text fusion-title-size-three\" style=\"--awb-margin-top-small:10px;--awb-margin-right-small:0px;--awb-margin-bottom-small:10px;--awb-margin-left-small:0px;\"><h3 class=\"fusion-title-heading title-heading-center\" style=\"margin:0;\">Instal\u00b7laci\u00f3 d&#8217;ascensor i accions realitzades<\/h3><\/div><div class=\"fusion-text fusion-text-1\" style=\"--awb-content-alignment:center;\"><p>En aquest edifici plurifamiliar de Castelldefels s\u2019ha instal\u00b7lat un <strong>elevador tipus PEV panor\u00e0mic al celobert<\/strong>, <strong>amb passarel\u00b7les met\u00e0l\u00b7liques<\/strong> a cada planta que connecten les replantans amb l\u2019acc\u00e9s a la cabina i parada al p\u00e0rquing. El pany panor\u00e0mic de l\u2019estructura permet que la llum del pati circuli amb llibertat, evitant que el nou element costi lluminositat a l\u2019espai i aconseguint una integraci\u00f3 visual neta i discreta.<\/p>\n<p>Les passarel\u00b7les met\u00e0l\u00b7liques, a m\u00e9s de resoldre l\u2019acc\u00e9s a l\u2019elevador des de cada replant\u00e0, <strong>formen part del conjunt est\u00e8tic de la instal\u00b7laci\u00f3<\/strong>, aportant un acabat acurat que encaixa amb el car\u00e0cter del pati i no desentona amb l\u2019arquitectura de l\u2019edifici.<\/p>\n<\/div><\/div><\/div><\/div><\/div><div class=\"fusion-fullwidth fullwidth-box fusion-builder-row-2 fusion-flex-container nonhundred-percent-fullwidth non-hundred-percent-height-scrolling\" style=\"--awb-border-radius-top-left:0px;--awb-border-radius-top-right:0px;--awb-border-radius-bottom-right:0px;--awb-border-radius-bottom-left:0px;--awb-flex-wrap:wrap;\" ><div class=\"fusion-builder-row fusion-row fusion-flex-align-items-stretch fusion-flex-content-wrap\" style=\"max-width:1248px;margin-left: calc(-4% \/ 2 );margin-right: calc(-4% \/ 2 );\"><div class=\"fusion-layout-column fusion_builder_column fusion-builder-column-1 fusion_builder_column_1_1 1_1 fusion-flex-column\" style=\"--awb-bg-size:cover;--awb-width-large:100%;--awb-margin-top-large:0px;--awb-spacing-right-large:1.92%;--awb-margin-bottom-large:20px;--awb-spacing-left-large:1.92%;--awb-width-medium:100%;--awb-order-medium:0;--awb-spacing-right-medium:1.92%;--awb-spacing-left-medium:1.92%;--awb-width-small:100%;--awb-order-small:0;--awb-spacing-right-small:1.92%;--awb-spacing-left-small:1.92%;\"><div class=\"fusion-column-wrapper fusion-column-has-shadow fusion-flex-justify-content-flex-start fusion-content-layout-column\"><div class=\"awb-gallery-wrapper awb-gallery-wrapper-1 button-span-no\"><div style=\"margin:-5px;--awb-bordersize:0px;\" class=\"fusion-gallery fusion-gallery-container fusion-grid-3 fusion-columns-total-12 fusion-gallery-layout-masonry fusion-gallery-1\"><div class=\"fusion-grid-column fusion-gallery-column fusion-gallery-column-3 hover-type-none fusion-grid-sizer\"><\/div><div style=\"padding:5px;\" class=\"fusion-grid-column fusion-gallery-column fusion-gallery-column-3 hover-type-none fusion-element-grid\"><div class=\"fusion-gallery-image\"><a href=\"https:\/\/ascensoresramase.com\/wp-content\/uploads\/1-FOSO.jpg\" rel=\"noreferrer\" data-rel=\"iLightbox[gallery_image_1]\" class=\"fusion-lightbox\" target=\"_self\"><div style=\"background-image:url(https:\/\/ascensoresramase.com\/wp-content\/uploads\/1-FOSO.jpg);padding-top:calc((100% + 10px) * 0.8 - 5px);background-position:;\" class=\"fusion-masonry-element-container\"><img decoding=\"async\" src=\"https:\/\/ascensoresramase.com\/wp-content\/uploads\/1-FOSO.jpg\" width=\"1067\" height=\"600\" alt=\"Instalaci\u00f3n ascensor Castelldefels | Ascensores Ramase\" title=\"Instalaci\u00f3n ascensor Castelldefels | Ascensores Ramase\" aria-label=\"Instalaci\u00f3n ascensor Castelldefels | Ascensores Ramase\" class=\"img-responsive wp-image-5731\" srcset=\"https:\/\/ascensoresramase.com\/wp-content\/uploads\/1-FOSO-200x112.jpg 200w, https:\/\/ascensoresramase.com\/wp-content\/uploads\/1-FOSO-400x225.jpg 400w, https:\/\/ascensoresramase.com\/wp-content\/uploads\/1-FOSO-600x337.jpg 600w, https:\/\/ascensoresramase.com\/wp-content\/uploads\/1-FOSO-800x450.jpg 800w, https:\/\/ascensoresramase.com\/wp-content\/uploads\/1-FOSO.jpg 1067w\" sizes=\"(min-width: 2200px) 100vw, (min-width: 784px) 397px, (min-width: 712px) 595px, (min-width: 640px) 712px, \" \/><\/div><\/a><\/div><\/div><div style=\"padding:5px;\" class=\"fusion-grid-column fusion-gallery-column fusion-gallery-column-3 hover-type-none fusion-element-grid\"><div class=\"fusion-gallery-image\"><a href=\"https:\/\/ascensoresramase.com\/wp-content\/uploads\/3-MECANICA-1.jpg\" rel=\"noreferrer\" data-rel=\"iLightbox[gallery_image_1]\" class=\"fusion-lightbox\" target=\"_self\"><div style=\"background-image:url(https:\/\/ascensoresramase.com\/wp-content\/uploads\/3-MECANICA-1.jpg);padding-top:calc((100% + 10px) * 0.8 - 5px);background-position:;\" class=\"fusion-masonry-element-container\"><img decoding=\"async\" src=\"https:\/\/ascensoresramase.com\/wp-content\/uploads\/3-MECANICA-1.jpg\" width=\"800\" height=\"1067\" alt=\"Instalaci\u00f3n ascensor Castelldefels | Ascensores Ramase\" title=\"3-MECANICA-1\" aria-label=\"3-MECANICA-1\" class=\"img-responsive wp-image-5733\" srcset=\"https:\/\/ascensoresramase.com\/wp-content\/uploads\/3-MECANICA-1-200x267.jpg 200w, https:\/\/ascensoresramase.com\/wp-content\/uploads\/3-MECANICA-1-400x534.jpg 400w, https:\/\/ascensoresramase.com\/wp-content\/uploads\/3-MECANICA-1-600x800.jpg 600w, https:\/\/ascensoresramase.com\/wp-content\/uploads\/3-MECANICA-1.jpg 800w\" sizes=\"(min-width: 2200px) 100vw, (min-width: 784px) 397px, (min-width: 712px) 595px, (min-width: 640px) 712px, \" \/><\/div><\/a><\/div><\/div><div style=\"padding:5px;\" class=\"fusion-grid-column fusion-gallery-column fusion-gallery-column-3 hover-type-none fusion-element-grid\"><div class=\"fusion-gallery-image\"><a href=\"https:\/\/ascensoresramase.com\/wp-content\/uploads\/3-ESTRUCTURA.jpg\" rel=\"noreferrer\" data-rel=\"iLightbox[gallery_image_1]\" class=\"fusion-lightbox\" target=\"_self\"><div style=\"background-image:url(https:\/\/ascensoresramase.com\/wp-content\/uploads\/3-ESTRUCTURA.jpg);padding-top:calc((100% + 10px) * 0.8 - 5px);background-position:;\" class=\"fusion-masonry-element-container\"><img decoding=\"async\" src=\"https:\/\/ascensoresramase.com\/wp-content\/uploads\/3-ESTRUCTURA.jpg\" width=\"800\" height=\"1067\" alt=\"Instalaci\u00f3n ascensor Castelldefels | Ascensores Ramase\" title=\"Instalaci\u00f3n ascensor Castelldefels | Ascensores Ramase\" aria-label=\"Instalaci\u00f3n ascensor Castelldefels | Ascensores Ramase\" class=\"img-responsive wp-image-5732\" srcset=\"https:\/\/ascensoresramase.com\/wp-content\/uploads\/3-ESTRUCTURA-200x267.jpg 200w, https:\/\/ascensoresramase.com\/wp-content\/uploads\/3-ESTRUCTURA-400x534.jpg 400w, https:\/\/ascensoresramase.com\/wp-content\/uploads\/3-ESTRUCTURA-600x800.jpg 600w, https:\/\/ascensoresramase.com\/wp-content\/uploads\/3-ESTRUCTURA.jpg 800w\" sizes=\"(min-width: 2200px) 100vw, (min-width: 784px) 397px, (min-width: 712px) 595px, (min-width: 640px) 712px, \" \/><\/div><\/a><\/div><\/div><div style=\"padding:5px;\" class=\"fusion-grid-column fusion-gallery-column fusion-gallery-column-3 hover-type-none fusion-element-grid\"><div class=\"fusion-gallery-image\"><a href=\"https:\/\/ascensoresramase.com\/wp-content\/uploads\/4-ESTRUCTURAPASARELA.jpg\" rel=\"noreferrer\" data-rel=\"iLightbox[gallery_image_1]\" class=\"fusion-lightbox\" target=\"_self\"><div style=\"background-image:url(https:\/\/ascensoresramase.com\/wp-content\/uploads\/4-ESTRUCTURAPASARELA.jpg);padding-top:calc((100% + 10px) * 0.8 - 5px);background-position:;\" class=\"fusion-masonry-element-container\"><img decoding=\"async\" src=\"https:\/\/ascensoresramase.com\/wp-content\/uploads\/4-ESTRUCTURAPASARELA.jpg\" width=\"800\" height=\"1067\" alt=\"Instalaci\u00f3n ascensor Castelldefels | Ascensores Ramase\" title=\"4-ESTRUCTURAPASARELA\" aria-label=\"4-ESTRUCTURAPASARELA\" class=\"img-responsive wp-image-5734\" srcset=\"https:\/\/ascensoresramase.com\/wp-content\/uploads\/4-ESTRUCTURAPASARELA-200x267.jpg 200w, https:\/\/ascensoresramase.com\/wp-content\/uploads\/4-ESTRUCTURAPASARELA-400x534.jpg 400w, https:\/\/ascensoresramase.com\/wp-content\/uploads\/4-ESTRUCTURAPASARELA-600x800.jpg 600w, https:\/\/ascensoresramase.com\/wp-content\/uploads\/4-ESTRUCTURAPASARELA.jpg 800w\" sizes=\"(min-width: 2200px) 100vw, (min-width: 784px) 397px, (min-width: 712px) 595px, (min-width: 640px) 712px, \" \/><\/div><\/a><\/div><\/div><div style=\"padding:5px;\" class=\"fusion-grid-column fusion-gallery-column fusion-gallery-column-3 hover-type-none fusion-element-grid\"><div class=\"fusion-gallery-image\"><a href=\"https:\/\/ascensoresramase.com\/wp-content\/uploads\/5-PASARELA.jpg\" rel=\"noreferrer\" data-rel=\"iLightbox[gallery_image_1]\" class=\"fusion-lightbox\" target=\"_self\"><div style=\"background-image:url(https:\/\/ascensoresramase.com\/wp-content\/uploads\/5-PASARELA.jpg);padding-top:calc((100% + 10px) * 0.8 - 5px);background-position:;\" class=\"fusion-masonry-element-container\"><img decoding=\"async\" src=\"https:\/\/ascensoresramase.com\/wp-content\/uploads\/5-PASARELA.jpg\" width=\"800\" height=\"1067\" alt=\"Instalaci\u00f3n ascensor Castelldefels | Ascensores Ramase\" title=\"5-PASARELA\" aria-label=\"5-PASARELA\" class=\"img-responsive wp-image-5743\" srcset=\"https:\/\/ascensoresramase.com\/wp-content\/uploads\/5-PASARELA-200x267.jpg 200w, https:\/\/ascensoresramase.com\/wp-content\/uploads\/5-PASARELA-400x534.jpg 400w, https:\/\/ascensoresramase.com\/wp-content\/uploads\/5-PASARELA-600x800.jpg 600w, https:\/\/ascensoresramase.com\/wp-content\/uploads\/5-PASARELA.jpg 800w\" sizes=\"(min-width: 2200px) 100vw, (min-width: 784px) 397px, (min-width: 712px) 595px, (min-width: 640px) 712px, \" \/><\/div><\/a><\/div><\/div><div style=\"padding:5px;\" class=\"fusion-grid-column fusion-gallery-column fusion-gallery-column-3 hover-type-none fusion-element-grid\"><div class=\"fusion-gallery-image\"><a href=\"https:\/\/ascensoresramase.com\/wp-content\/uploads\/7-MECANICA.jpg\" rel=\"noreferrer\" data-rel=\"iLightbox[gallery_image_1]\" class=\"fusion-lightbox\" target=\"_self\"><div style=\"background-image:url(https:\/\/ascensoresramase.com\/wp-content\/uploads\/7-MECANICA.jpg);padding-top:calc((100% + 10px) * 0.8 - 5px);background-position:;\" class=\"fusion-masonry-element-container\"><img decoding=\"async\" src=\"https:\/\/ascensoresramase.com\/wp-content\/uploads\/7-MECANICA.jpg\" width=\"800\" height=\"1067\" alt=\"Instalaci\u00f3n ascensor Castelldefels | Ascensores Ramase\" title=\"7-MECANICA\" aria-label=\"7-MECANICA\" class=\"img-responsive wp-image-5742\" srcset=\"https:\/\/ascensoresramase.com\/wp-content\/uploads\/7-MECANICA-200x267.jpg 200w, https:\/\/ascensoresramase.com\/wp-content\/uploads\/7-MECANICA-400x534.jpg 400w, https:\/\/ascensoresramase.com\/wp-content\/uploads\/7-MECANICA-600x800.jpg 600w, https:\/\/ascensoresramase.com\/wp-content\/uploads\/7-MECANICA.jpg 800w\" sizes=\"(min-width: 2200px) 100vw, (min-width: 784px) 397px, (min-width: 712px) 595px, (min-width: 640px) 712px, \" \/><\/div><\/a><\/div><\/div><div style=\"padding:5px;\" class=\"fusion-grid-column fusion-gallery-column fusion-gallery-column-3 hover-type-none fusion-element-grid\"><div class=\"fusion-gallery-image\"><a href=\"https:\/\/ascensoresramase.com\/wp-content\/uploads\/8-PUERTA.jpg\" rel=\"noreferrer\" data-rel=\"iLightbox[gallery_image_1]\" class=\"fusion-lightbox\" target=\"_self\"><div style=\"background-image:url(https:\/\/ascensoresramase.com\/wp-content\/uploads\/8-PUERTA.jpg);padding-top:calc((100% + 10px) * 0.8 - 5px);background-position:;\" class=\"fusion-masonry-element-container\"><img decoding=\"async\" src=\"https:\/\/ascensoresramase.com\/wp-content\/uploads\/8-PUERTA.jpg\" width=\"800\" height=\"1067\" alt=\"Instalaci\u00f3n ascensor Castelldefels | Ascensores Ramase\" title=\"8-PUERTA\" aria-label=\"8-PUERTA\" class=\"img-responsive wp-image-5741\" srcset=\"https:\/\/ascensoresramase.com\/wp-content\/uploads\/8-PUERTA-200x267.jpg 200w, https:\/\/ascensoresramase.com\/wp-content\/uploads\/8-PUERTA-400x534.jpg 400w, https:\/\/ascensoresramase.com\/wp-content\/uploads\/8-PUERTA-600x800.jpg 600w, https:\/\/ascensoresramase.com\/wp-content\/uploads\/8-PUERTA.jpg 800w\" sizes=\"(min-width: 2200px) 100vw, (min-width: 784px) 397px, (min-width: 712px) 595px, (min-width: 640px) 712px, \" \/><\/div><\/a><\/div><\/div><div style=\"padding:5px;\" class=\"fusion-grid-column fusion-gallery-column fusion-gallery-column-3 hover-type-none fusion-element-grid\"><div class=\"fusion-gallery-image\"><a href=\"https:\/\/ascensoresramase.com\/wp-content\/uploads\/9-PUERTA.jpg\" rel=\"noreferrer\" data-rel=\"iLightbox[gallery_image_1]\" class=\"fusion-lightbox\" target=\"_self\"><div style=\"background-image:url(https:\/\/ascensoresramase.com\/wp-content\/uploads\/9-PUERTA.jpg);padding-top:calc((100% + 10px) * 0.8 - 5px);background-position:;\" class=\"fusion-masonry-element-container\"><img decoding=\"async\" src=\"https:\/\/ascensoresramase.com\/wp-content\/uploads\/9-PUERTA.jpg\" width=\"800\" height=\"1067\" alt=\"Instalaci\u00f3n ascensor Castelldefels | Ascensores Ramase\" title=\"9-PUERTA\" aria-label=\"9-PUERTA\" class=\"img-responsive wp-image-5740\" srcset=\"https:\/\/ascensoresramase.com\/wp-content\/uploads\/9-PUERTA-200x267.jpg 200w, https:\/\/ascensoresramase.com\/wp-content\/uploads\/9-PUERTA-400x534.jpg 400w, https:\/\/ascensoresramase.com\/wp-content\/uploads\/9-PUERTA-600x800.jpg 600w, https:\/\/ascensoresramase.com\/wp-content\/uploads\/9-PUERTA.jpg 800w\" sizes=\"(min-width: 2200px) 100vw, (min-width: 784px) 397px, (min-width: 712px) 595px, (min-width: 640px) 712px, \" \/><\/div><\/a><\/div><\/div><div style=\"padding:5px;\" class=\"fusion-grid-column fusion-gallery-column fusion-gallery-column-3 hover-type-none fusion-element-grid\"><div class=\"fusion-gallery-image\"><a href=\"https:\/\/ascensoresramase.com\/wp-content\/uploads\/10-UBICACION-ARMARIO.jpg\" rel=\"noreferrer\" data-rel=\"iLightbox[gallery_image_1]\" class=\"fusion-lightbox\" target=\"_self\"><div style=\"background-image:url(https:\/\/ascensoresramase.com\/wp-content\/uploads\/10-UBICACION-ARMARIO.jpg);padding-top:calc((100% + 10px) * 0.8 - 5px);background-position:;\" class=\"fusion-masonry-element-container\"><img decoding=\"async\" src=\"https:\/\/ascensoresramase.com\/wp-content\/uploads\/10-UBICACION-ARMARIO.jpg\" width=\"800\" height=\"1067\" alt=\"Instalaci\u00f3n ascensor Castelldefels | Ascensores Ramase\" title=\"10-UBICACION-ARMARIO\" aria-label=\"10-UBICACION-ARMARIO\" class=\"img-responsive wp-image-5739\" srcset=\"https:\/\/ascensoresramase.com\/wp-content\/uploads\/10-UBICACION-ARMARIO-200x267.jpg 200w, https:\/\/ascensoresramase.com\/wp-content\/uploads\/10-UBICACION-ARMARIO-400x534.jpg 400w, https:\/\/ascensoresramase.com\/wp-content\/uploads\/10-UBICACION-ARMARIO-600x800.jpg 600w, https:\/\/ascensoresramase.com\/wp-content\/uploads\/10-UBICACION-ARMARIO.jpg 800w\" sizes=\"(min-width: 2200px) 100vw, (min-width: 784px) 397px, (min-width: 712px) 595px, (min-width: 640px) 712px, \" \/><\/div><\/a><\/div><\/div><div style=\"padding:5px;\" class=\"fusion-grid-column fusion-gallery-column fusion-gallery-column-3 hover-type-none fusion-element-grid\"><div class=\"fusion-gallery-image\"><a href=\"https:\/\/ascensoresramase.com\/wp-content\/uploads\/11-ACCESO-PB.jpg\" rel=\"noreferrer\" data-rel=\"iLightbox[gallery_image_1]\" class=\"fusion-lightbox\" target=\"_self\"><div style=\"background-image:url(https:\/\/ascensoresramase.com\/wp-content\/uploads\/11-ACCESO-PB.jpg);padding-top:calc((100% + 10px) * 0.8 - 5px);background-position:;\" class=\"fusion-masonry-element-container\"><img decoding=\"async\" src=\"https:\/\/ascensoresramase.com\/wp-content\/uploads\/11-ACCESO-PB.jpg\" width=\"800\" height=\"1067\" alt=\"Instalaci\u00f3n ascensor Castelldefels | Ascensores Ramase\" title=\"11-ACCESO-PB\" aria-label=\"11-ACCESO-PB\" class=\"img-responsive wp-image-5738\" srcset=\"https:\/\/ascensoresramase.com\/wp-content\/uploads\/11-ACCESO-PB-200x267.jpg 200w, https:\/\/ascensoresramase.com\/wp-content\/uploads\/11-ACCESO-PB-400x534.jpg 400w, https:\/\/ascensoresramase.com\/wp-content\/uploads\/11-ACCESO-PB-600x800.jpg 600w, https:\/\/ascensoresramase.com\/wp-content\/uploads\/11-ACCESO-PB.jpg 800w\" sizes=\"(min-width: 2200px) 100vw, (min-width: 784px) 397px, (min-width: 712px) 595px, (min-width: 640px) 712px, \" \/><\/div><\/a><\/div><\/div><div style=\"padding:5px;\" class=\"fusion-grid-column fusion-gallery-column fusion-gallery-column-3 hover-type-none fusion-element-grid\"><div class=\"fusion-gallery-image\"><a href=\"https:\/\/ascensoresramase.com\/wp-content\/uploads\/12-CABINA.jpg\" rel=\"noreferrer\" data-rel=\"iLightbox[gallery_image_1]\" class=\"fusion-lightbox\" target=\"_self\"><div style=\"background-image:url(https:\/\/ascensoresramase.com\/wp-content\/uploads\/12-CABINA.jpg);padding-top:calc((100% + 10px) * 0.8 - 5px);background-position:;\" class=\"fusion-masonry-element-container\"><img decoding=\"async\" src=\"https:\/\/ascensoresramase.com\/wp-content\/uploads\/12-CABINA.jpg\" width=\"800\" height=\"1067\" alt=\"Instalaci\u00f3n ascensor Castelldefels | Ascensores Ramase\" title=\"12-CABINA\" aria-label=\"12-CABINA\" class=\"img-responsive wp-image-5737\" srcset=\"https:\/\/ascensoresramase.com\/wp-content\/uploads\/12-CABINA-200x267.jpg 200w, https:\/\/ascensoresramase.com\/wp-content\/uploads\/12-CABINA-400x534.jpg 400w, https:\/\/ascensoresramase.com\/wp-content\/uploads\/12-CABINA-600x800.jpg 600w, https:\/\/ascensoresramase.com\/wp-content\/uploads\/12-CABINA.jpg 800w\" sizes=\"(min-width: 2200px) 100vw, (min-width: 784px) 397px, (min-width: 712px) 595px, (min-width: 640px) 712px, \" \/><\/div><\/a><\/div><\/div><div style=\"padding:5px;\" class=\"fusion-grid-column fusion-gallery-column fusion-gallery-column-3 hover-type-none fusion-element-grid\"><div class=\"fusion-gallery-image\"><a href=\"https:\/\/ascensoresramase.com\/wp-content\/uploads\/13-CABINA.jpg\" rel=\"noreferrer\" data-rel=\"iLightbox[gallery_image_1]\" class=\"fusion-lightbox\" target=\"_self\"><div style=\"background-image:url(https:\/\/ascensoresramase.com\/wp-content\/uploads\/13-CABINA.jpg);padding-top:calc((100% + 10px) * 0.8 - 5px);background-position:;\" class=\"fusion-masonry-element-container\"><img decoding=\"async\" src=\"https:\/\/ascensoresramase.com\/wp-content\/uploads\/13-CABINA.jpg\" width=\"800\" height=\"1067\" alt=\"Instalaci\u00f3n ascensor Castelldefels | Ascensores Ramase\" title=\"13-CABINA\" aria-label=\"13-CABINA\" class=\"img-responsive wp-image-5736\" srcset=\"https:\/\/ascensoresramase.com\/wp-content\/uploads\/13-CABINA-200x267.jpg 200w, https:\/\/ascensoresramase.com\/wp-content\/uploads\/13-CABINA-400x534.jpg 400w, https:\/\/ascensoresramase.com\/wp-content\/uploads\/13-CABINA-600x800.jpg 600w, https:\/\/ascensoresramase.com\/wp-content\/uploads\/13-CABINA.jpg 800w\" sizes=\"(min-width: 2200px) 100vw, (min-width: 784px) 397px, (min-width: 712px) 595px, (min-width: 640px) 712px, \" \/><\/div><\/a><\/div><\/div><\/div><\/div><\/div><\/div><\/div><\/div><\/p>\n","protected":false},"excerpt":{"rendered":"","protected":false},"author":1,"featured_media":5735,"menu_order":0,"comment_status":"closed","ping_status":"closed","template":"","format":"standard","meta":{"footnotes":""},"portfolio_category":[34],"portfolio_skills":[],"portfolio_tags":[],"class_list":["post-7096","avada_portfolio","type-avada_portfolio","status-publish","format-standard","has-post-thumbnail","hentry","portfolio_category-obres-acabades"],"yoast_head":"<!-- This site is optimized with the Yoast SEO plugin v27.4 - https:\/\/yoast.com\/product\/yoast-seo-wordpress\/ -->\n<title>Elevador tipus PEV panor\u00e0mic - Ascensores Ramase<\/title>\n<meta name=\"description\" content=\"Instal\u00b7laci\u00f3 d&#039;elevador PEV panor\u00e0mic a Castelldefels. Estructura al celobert amb passarel\u00b7les met\u00e0l\u00b7liques i parada al p\u00e0rquing. M\u00e9s llum.\" \/>\n<meta name=\"robots\" content=\"index, follow, max-snippet:-1, max-image-preview:large, max-video-preview:-1\" \/>\n<link rel=\"canonical\" href=\"https:\/\/ascensoresramase.com\/ca\/treballs-realitzats\/instalacio-delevador-tipus-pev-castelldefels\/\" \/>\n<meta property=\"og:locale\" content=\"ca_ES\" \/>\n<meta property=\"og:type\" content=\"article\" \/>\n<meta property=\"og:title\" content=\"Elevador tipus PEV panor\u00e0mic - Ascensores Ramase\" \/>\n<meta property=\"og:description\" content=\"Instal\u00b7laci\u00f3 d&#039;elevador PEV panor\u00e0mic a Castelldefels. Estructura al celobert amb passarel\u00b7les met\u00e0l\u00b7liques i parada al p\u00e0rquing. M\u00e9s llum.\" \/>\n<meta property=\"og:url\" content=\"https:\/\/ascensoresramase.com\/ca\/treballs-realitzats\/instalacio-delevador-tipus-pev-castelldefels\/\" \/>\n<meta property=\"og:site_name\" content=\"Empresa mantenimiento ascensores Barcelona - Ascensores Ramase\" \/>\n<meta property=\"article:modified_time\" content=\"2026-04-24T09:02:38+00:00\" \/>\n<meta property=\"og:image\" content=\"https:\/\/ascensoresramase.com\/wp-content\/uploads\/Ascensor-en-Castelldefels-1.jpg\" \/>\n\t<meta property=\"og:image:width\" content=\"750\" \/>\n\t<meta property=\"og:image:height\" content=\"500\" \/>\n\t<meta property=\"og:image:type\" content=\"image\/jpeg\" \/>\n<meta name=\"twitter:card\" content=\"summary_large_image\" \/>\n<meta name=\"twitter:label1\" content=\"Temps estimat de lectura\" \/>\n\t<meta name=\"twitter:data1\" content=\"4 minuts\" \/>\n<script type=\"application\/ld+json\" class=\"yoast-schema-graph\">{\"@context\":\"https:\\\/\\\/schema.org\",\"@graph\":[{\"@type\":\"WebPage\",\"@id\":\"https:\\\/\\\/ascensoresramase.com\\\/ca\\\/treballs-realitzats\\\/instalacio-delevador-tipus-pev-castelldefels\\\/\",\"url\":\"https:\\\/\\\/ascensoresramase.com\\\/ca\\\/treballs-realitzats\\\/instalacio-delevador-tipus-pev-castelldefels\\\/\",\"name\":\"Elevador tipus PEV panor\u00e0mic - Ascensores Ramase\",\"isPartOf\":{\"@id\":\"https:\\\/\\\/ascensoresramase.com\\\/ca\\\/#website\"},\"primaryImageOfPage\":{\"@id\":\"https:\\\/\\\/ascensoresramase.com\\\/ca\\\/treballs-realitzats\\\/instalacio-delevador-tipus-pev-castelldefels\\\/#primaryimage\"},\"image\":{\"@id\":\"https:\\\/\\\/ascensoresramase.com\\\/ca\\\/treballs-realitzats\\\/instalacio-delevador-tipus-pev-castelldefels\\\/#primaryimage\"},\"thumbnailUrl\":\"https:\\\/\\\/ascensoresramase.com\\\/wp-content\\\/uploads\\\/Ascensor-en-Castelldefels-1.jpg\",\"datePublished\":\"2018-06-15T07:19:11+00:00\",\"dateModified\":\"2026-04-24T09:02:38+00:00\",\"description\":\"Instal\u00b7laci\u00f3 d'elevador PEV panor\u00e0mic a Castelldefels. Estructura al celobert amb passarel\u00b7les met\u00e0l\u00b7liques i parada al p\u00e0rquing. M\u00e9s llum.\",\"breadcrumb\":{\"@id\":\"https:\\\/\\\/ascensoresramase.com\\\/ca\\\/treballs-realitzats\\\/instalacio-delevador-tipus-pev-castelldefels\\\/#breadcrumb\"},\"inLanguage\":\"ca\",\"potentialAction\":[{\"@type\":\"ReadAction\",\"target\":[\"https:\\\/\\\/ascensoresramase.com\\\/ca\\\/treballs-realitzats\\\/instalacio-delevador-tipus-pev-castelldefels\\\/\"]}]},{\"@type\":\"ImageObject\",\"inLanguage\":\"ca\",\"@id\":\"https:\\\/\\\/ascensoresramase.com\\\/ca\\\/treballs-realitzats\\\/instalacio-delevador-tipus-pev-castelldefels\\\/#primaryimage\",\"url\":\"https:\\\/\\\/ascensoresramase.com\\\/wp-content\\\/uploads\\\/Ascensor-en-Castelldefels-1.jpg\",\"contentUrl\":\"https:\\\/\\\/ascensoresramase.com\\\/wp-content\\\/uploads\\\/Ascensor-en-Castelldefels-1.jpg\",\"width\":750,\"height\":500,\"caption\":\"Instalaci\u00f3n ascensor Castelldefels | Ascensores Ramase\"},{\"@type\":\"BreadcrumbList\",\"@id\":\"https:\\\/\\\/ascensoresramase.com\\\/ca\\\/treballs-realitzats\\\/instalacio-delevador-tipus-pev-castelldefels\\\/#breadcrumb\",\"itemListElement\":[{\"@type\":\"ListItem\",\"position\":1,\"name\":\"Inicio\",\"item\":\"https:\\\/\\\/ascensoresramase.com\\\/ca\\\/\"},{\"@type\":\"ListItem\",\"position\":2,\"name\":\"Portfolio\",\"item\":\"https:\\\/\\\/ascensoresramase.com\\\/ca\\\/treballs-realitzats\\\/\"},{\"@type\":\"ListItem\",\"position\":3,\"name\":\"Elevador tipus PEV panor\u00e0mic \u2013 Castelldefels\"}]},{\"@type\":\"WebSite\",\"@id\":\"https:\\\/\\\/ascensoresramase.com\\\/ca\\\/#website\",\"url\":\"https:\\\/\\\/ascensoresramase.com\\\/ca\\\/\",\"name\":\"Empresa mantenimiento ascensores Barcelona - Ascensores Ramase\",\"description\":\"\",\"publisher\":{\"@id\":\"https:\\\/\\\/ascensoresramase.com\\\/ca\\\/#organization\"},\"potentialAction\":[{\"@type\":\"SearchAction\",\"target\":{\"@type\":\"EntryPoint\",\"urlTemplate\":\"https:\\\/\\\/ascensoresramase.com\\\/ca\\\/?s={search_term_string}\"},\"query-input\":{\"@type\":\"PropertyValueSpecification\",\"valueRequired\":true,\"valueName\":\"search_term_string\"}}],\"inLanguage\":\"ca\"},{\"@type\":\"Organization\",\"@id\":\"https:\\\/\\\/ascensoresramase.com\\\/ca\\\/#organization\",\"name\":\"RAMASE, S.A\",\"url\":\"https:\\\/\\\/ascensoresramase.com\\\/ca\\\/\",\"logo\":{\"@type\":\"ImageObject\",\"inLanguage\":\"ca\",\"@id\":\"https:\\\/\\\/ascensoresramase.com\\\/ca\\\/#\\\/schema\\\/logo\\\/image\\\/\",\"url\":\"https:\\\/\\\/ascensoresramase.com\\\/wp-content\\\/uploads\\\/LOGO_ramase-web-1.png\",\"contentUrl\":\"https:\\\/\\\/ascensoresramase.com\\\/wp-content\\\/uploads\\\/LOGO_ramase-web-1.png\",\"width\":234,\"height\":150,\"caption\":\"RAMASE, S.A\"},\"image\":{\"@id\":\"https:\\\/\\\/ascensoresramase.com\\\/ca\\\/#\\\/schema\\\/logo\\\/image\\\/\"}}]}<\/script>\n<!-- \/ Yoast SEO plugin. -->","yoast_head_json":{"title":"Elevador tipus PEV panor\u00e0mic - Ascensores Ramase","description":"Instal\u00b7laci\u00f3 d'elevador PEV panor\u00e0mic a Castelldefels. Estructura al celobert amb passarel\u00b7les met\u00e0l\u00b7liques i parada al p\u00e0rquing. M\u00e9s llum.","robots":{"index":"index","follow":"follow","max-snippet":"max-snippet:-1","max-image-preview":"max-image-preview:large","max-video-preview":"max-video-preview:-1"},"canonical":"https:\/\/ascensoresramase.com\/ca\/treballs-realitzats\/instalacio-delevador-tipus-pev-castelldefels\/","og_locale":"ca_ES","og_type":"article","og_title":"Elevador tipus PEV panor\u00e0mic - Ascensores Ramase","og_description":"Instal\u00b7laci\u00f3 d'elevador PEV panor\u00e0mic a Castelldefels. Estructura al celobert amb passarel\u00b7les met\u00e0l\u00b7liques i parada al p\u00e0rquing. M\u00e9s llum.","og_url":"https:\/\/ascensoresramase.com\/ca\/treballs-realitzats\/instalacio-delevador-tipus-pev-castelldefels\/","og_site_name":"Empresa mantenimiento ascensores Barcelona - Ascensores Ramase","article_modified_time":"2026-04-24T09:02:38+00:00","og_image":[{"width":750,"height":500,"url":"https:\/\/ascensoresramase.com\/wp-content\/uploads\/Ascensor-en-Castelldefels-1.jpg","type":"image\/jpeg"}],"twitter_card":"summary_large_image","twitter_misc":{"Temps estimat de lectura":"4 minuts"},"schema":{"@context":"https:\/\/schema.org","@graph":[{"@type":"WebPage","@id":"https:\/\/ascensoresramase.com\/ca\/treballs-realitzats\/instalacio-delevador-tipus-pev-castelldefels\/","url":"https:\/\/ascensoresramase.com\/ca\/treballs-realitzats\/instalacio-delevador-tipus-pev-castelldefels\/","name":"Elevador tipus PEV panor\u00e0mic - Ascensores Ramase","isPartOf":{"@id":"https:\/\/ascensoresramase.com\/ca\/#website"},"primaryImageOfPage":{"@id":"https:\/\/ascensoresramase.com\/ca\/treballs-realitzats\/instalacio-delevador-tipus-pev-castelldefels\/#primaryimage"},"image":{"@id":"https:\/\/ascensoresramase.com\/ca\/treballs-realitzats\/instalacio-delevador-tipus-pev-castelldefels\/#primaryimage"},"thumbnailUrl":"https:\/\/ascensoresramase.com\/wp-content\/uploads\/Ascensor-en-Castelldefels-1.jpg","datePublished":"2018-06-15T07:19:11+00:00","dateModified":"2026-04-24T09:02:38+00:00","description":"Instal\u00b7laci\u00f3 d'elevador PEV panor\u00e0mic a Castelldefels. Estructura al celobert amb passarel\u00b7les met\u00e0l\u00b7liques i parada al p\u00e0rquing. M\u00e9s llum.","breadcrumb":{"@id":"https:\/\/ascensoresramase.com\/ca\/treballs-realitzats\/instalacio-delevador-tipus-pev-castelldefels\/#breadcrumb"},"inLanguage":"ca","potentialAction":[{"@type":"ReadAction","target":["https:\/\/ascensoresramase.com\/ca\/treballs-realitzats\/instalacio-delevador-tipus-pev-castelldefels\/"]}]},{"@type":"ImageObject","inLanguage":"ca","@id":"https:\/\/ascensoresramase.com\/ca\/treballs-realitzats\/instalacio-delevador-tipus-pev-castelldefels\/#primaryimage","url":"https:\/\/ascensoresramase.com\/wp-content\/uploads\/Ascensor-en-Castelldefels-1.jpg","contentUrl":"https:\/\/ascensoresramase.com\/wp-content\/uploads\/Ascensor-en-Castelldefels-1.jpg","width":750,"height":500,"caption":"Instalaci\u00f3n ascensor Castelldefels | Ascensores Ramase"},{"@type":"BreadcrumbList","@id":"https:\/\/ascensoresramase.com\/ca\/treballs-realitzats\/instalacio-delevador-tipus-pev-castelldefels\/#breadcrumb","itemListElement":[{"@type":"ListItem","position":1,"name":"Inicio","item":"https:\/\/ascensoresramase.com\/ca\/"},{"@type":"ListItem","position":2,"name":"Portfolio","item":"https:\/\/ascensoresramase.com\/ca\/treballs-realitzats\/"},{"@type":"ListItem","position":3,"name":"Elevador tipus PEV panor\u00e0mic \u2013 Castelldefels"}]},{"@type":"WebSite","@id":"https:\/\/ascensoresramase.com\/ca\/#website","url":"https:\/\/ascensoresramase.com\/ca\/","name":"Empresa mantenimiento ascensores Barcelona - Ascensores Ramase","description":"","publisher":{"@id":"https:\/\/ascensoresramase.com\/ca\/#organization"},"potentialAction":[{"@type":"SearchAction","target":{"@type":"EntryPoint","urlTemplate":"https:\/\/ascensoresramase.com\/ca\/?s={search_term_string}"},"query-input":{"@type":"PropertyValueSpecification","valueRequired":true,"valueName":"search_term_string"}}],"inLanguage":"ca"},{"@type":"Organization","@id":"https:\/\/ascensoresramase.com\/ca\/#organization","name":"RAMASE, S.A","url":"https:\/\/ascensoresramase.com\/ca\/","logo":{"@type":"ImageObject","inLanguage":"ca","@id":"https:\/\/ascensoresramase.com\/ca\/#\/schema\/logo\/image\/","url":"https:\/\/ascensoresramase.com\/wp-content\/uploads\/LOGO_ramase-web-1.png","contentUrl":"https:\/\/ascensoresramase.com\/wp-content\/uploads\/LOGO_ramase-web-1.png","width":234,"height":150,"caption":"RAMASE, S.A"},"image":{"@id":"https:\/\/ascensoresramase.com\/ca\/#\/schema\/logo\/image\/"}}]}},"_links":{"self":[{"href":"https:\/\/ascensoresramase.com\/ca\/wp-json\/wp\/v2\/avada_portfolio\/7096","targetHints":{"allow":["GET"]}}],"collection":[{"href":"https:\/\/ascensoresramase.com\/ca\/wp-json\/wp\/v2\/avada_portfolio"}],"about":[{"href":"https:\/\/ascensoresramase.com\/ca\/wp-json\/wp\/v2\/types\/avada_portfolio"}],"author":[{"embeddable":true,"href":"https:\/\/ascensoresramase.com\/ca\/wp-json\/wp\/v2\/users\/1"}],"replies":[{"embeddable":true,"href":"https:\/\/ascensoresramase.com\/ca\/wp-json\/wp\/v2\/comments?post=7096"}],"version-history":[{"count":3,"href":"https:\/\/ascensoresramase.com\/ca\/wp-json\/wp\/v2\/avada_portfolio\/7096\/revisions"}],"predecessor-version":[{"id":14906,"href":"https:\/\/ascensoresramase.com\/ca\/wp-json\/wp\/v2\/avada_portfolio\/7096\/revisions\/14906"}],"wp:featuredmedia":[{"embeddable":true,"href":"https:\/\/ascensoresramase.com\/ca\/wp-json\/wp\/v2\/media\/5735"}],"wp:attachment":[{"href":"https:\/\/ascensoresramase.com\/ca\/wp-json\/wp\/v2\/media?parent=7096"}],"wp:term":[{"taxonomy":"portfolio_category","embeddable":true,"href":"https:\/\/ascensoresramase.com\/ca\/wp-json\/wp\/v2\/portfolio_category?post=7096"},{"taxonomy":"portfolio_skills","embeddable":true,"href":"https:\/\/ascensoresramase.com\/ca\/wp-json\/wp\/v2\/portfolio_skills?post=7096"},{"taxonomy":"portfolio_tags","embeddable":true,"href":"https:\/\/ascensoresramase.com\/ca\/wp-json\/wp\/v2\/portfolio_tags?post=7096"}],"curies":[{"name":"wp","href":"https:\/\/api.w.org\/{rel}","templated":true}]}}