{"id":7090,"date":"2018-06-15T10:35:01","date_gmt":"2018-06-15T08:35:01","guid":{"rendered":"https:\/\/ascensoresramase.com\/?post_type=avada_portfolio&#038;p=7090"},"modified":"2026-04-24T10:56:29","modified_gmt":"2026-04-24T08:56:29","slug":"instalacio-ascensor-tipus-pev-montemar-castelldefels","status":"publish","type":"avada_portfolio","link":"https:\/\/ascensoresramase.com\/ca\/treballs-realitzats\/instalacio-ascensor-tipus-pev-montemar-castelldefels\/","title":{"rendered":"Ascensor tipus PEV panor\u00e0mic \u2013 Montemar, Castelldefel"},"content":{"rendered":"<p><div class=\"fusion-fullwidth fullwidth-box fusion-builder-row-1 fusion-flex-container nonhundred-percent-fullwidth non-hundred-percent-height-scrolling\" style=\"--awb-border-radius-top-left:0px;--awb-border-radius-top-right:0px;--awb-border-radius-bottom-right:0px;--awb-border-radius-bottom-left:0px;--awb-flex-wrap:wrap;\" ><div class=\"fusion-builder-row fusion-row fusion-flex-align-items-flex-start fusion-flex-content-wrap\" style=\"max-width:1248px;margin-left: calc(-4% \/ 2 );margin-right: calc(-4% \/ 2 );\"><div class=\"fusion-layout-column fusion_builder_column fusion-builder-column-0 fusion_builder_column_1_1 1_1 fusion-flex-column\" style=\"--awb-padding-top:20px;--awb-padding-right:25px;--awb-padding-bottom:20px;--awb-padding-left:25px;--awb-bg-color:var(--awb-custom13);--awb-bg-color-hover:var(--awb-custom13);--awb-bg-size:cover;--awb-border-color:var(--awb-color6);--awb-border-top:3px;--awb-border-style:solid;--awb-width-large:100%;--awb-margin-top-large:0px;--awb-spacing-right-large:1.92%;--awb-margin-bottom-large:20px;--awb-spacing-left-large:1.92%;--awb-width-medium:100%;--awb-order-medium:0;--awb-spacing-right-medium:1.92%;--awb-spacing-left-medium:1.92%;--awb-width-small:100%;--awb-order-small:0;--awb-spacing-right-small:1.92%;--awb-spacing-left-small:1.92%;\" data-scroll-devices=\"small-visibility,medium-visibility,large-visibility\"><div class=\"fusion-column-wrapper fusion-column-has-shadow fusion-flex-justify-content-flex-start fusion-content-layout-column\"><div class=\"fusion-title title fusion-title-1 fusion-sep-none fusion-title-center fusion-title-text fusion-title-size-three\" style=\"--awb-margin-top-small:10px;--awb-margin-right-small:0px;--awb-margin-bottom-small:10px;--awb-margin-left-small:0px;\"><h3 class=\"fusion-title-heading title-heading-center\" style=\"margin:0;\">Instal\u00b7laci\u00f3 d&#8217;ascensor i accions realitzades<\/h3><\/div><div class=\"fusion-text fusion-text-1\" style=\"--awb-content-alignment:center;\"><p>En aquest habitatge unifamiliar del barri de Montemar s\u2019ha instal\u00b7lat un <strong>ascensor tipus PEV panor\u00e0mic<\/strong> amb estructura per a exterior, una soluci\u00f3 pensada per donar acc\u00e9s vertical entre la planta baixa i la superior de la casa de forma c\u00f2moda i amb un acabat visualment atractiu.<\/p>\n<p>La instal\u00b7laci\u00f3 va presentar una complexitat afegida: per ubicar correctament el buit de l\u2019ascensor va ser necessari <strong>enderrocar part del mur de pedra existent<\/strong>, una intervenci\u00f3 que va requerir una cura especial per garantir l\u2019estabilitat del conjunt. A partir d\u2019aquest buit es va aixecar l\u2019estructura de tancament exterior i es va construir una <strong>passarel\u00b7la que connecta directament amb la terrassa de la planta superior<\/strong>, integrant l\u2019ascensor en la din\u00e0mica d\u2019\u00fas de l\u2019habitatge de forma natural.<\/p>\n<p>El resultat \u00e9s una instal\u00b7laci\u00f3 que combina funcionalitat i est\u00e8tica, aportant accessibilitat sense renunciar a un acabat acurat que encaixa amb l\u2019entorn i l\u2019arquitectura de la casa.<\/p>\n<\/div><\/div><\/div><\/div><\/div><div class=\"fusion-fullwidth fullwidth-box fusion-builder-row-2 fusion-flex-container nonhundred-percent-fullwidth non-hundred-percent-height-scrolling\" style=\"--awb-border-radius-top-left:0px;--awb-border-radius-top-right:0px;--awb-border-radius-bottom-right:0px;--awb-border-radius-bottom-left:0px;--awb-flex-wrap:wrap;\" ><div class=\"fusion-builder-row fusion-row fusion-flex-align-items-stretch fusion-flex-content-wrap\" style=\"max-width:1248px;margin-left: calc(-4% \/ 2 );margin-right: calc(-4% \/ 2 );\"><div class=\"fusion-layout-column fusion_builder_column fusion-builder-column-1 fusion_builder_column_1_1 1_1 fusion-flex-column\" style=\"--awb-bg-size:cover;--awb-width-large:100%;--awb-margin-top-large:0px;--awb-spacing-right-large:1.92%;--awb-margin-bottom-large:20px;--awb-spacing-left-large:1.92%;--awb-width-medium:100%;--awb-order-medium:0;--awb-spacing-right-medium:1.92%;--awb-spacing-left-medium:1.92%;--awb-width-small:100%;--awb-order-small:0;--awb-spacing-right-small:1.92%;--awb-spacing-left-small:1.92%;\"><div class=\"fusion-column-wrapper fusion-column-has-shadow fusion-flex-justify-content-flex-start fusion-content-layout-column\"><div class=\"awb-gallery-wrapper awb-gallery-wrapper-1 button-span-no\"><div style=\"margin:-5px;--awb-bordersize:0px;\" class=\"fusion-gallery fusion-gallery-container fusion-grid-3 fusion-columns-total-11 fusion-gallery-layout-masonry fusion-gallery-1\"><div class=\"fusion-grid-column fusion-gallery-column fusion-gallery-column-3 hover-type-none fusion-grid-sizer\"><\/div><div style=\"padding:5px;\" class=\"fusion-grid-column fusion-gallery-column fusion-gallery-column-3 hover-type-none fusion-element-grid\"><div class=\"fusion-gallery-image\"><a href=\"https:\/\/ascensoresramase.com\/wp-content\/uploads\/1-EXCAVACION-FOSO-PIEDRA.jpg\" rel=\"noreferrer\" data-rel=\"iLightbox[gallery_image_1]\" class=\"fusion-lightbox\" target=\"_self\"><div style=\"background-image:url(https:\/\/ascensoresramase.com\/wp-content\/uploads\/1-EXCAVACION-FOSO-PIEDRA.jpg);padding-top:calc((100% + 10px) * 0.8 - 5px);background-position:;\" class=\"fusion-masonry-element-container\"><img decoding=\"async\" src=\"https:\/\/ascensoresramase.com\/wp-content\/uploads\/1-EXCAVACION-FOSO-PIEDRA.jpg\" width=\"800\" height=\"1067\" alt=\"Instalaci\u00f3n Ascensor en Castelldefels | Ascensores Ramase\" title=\"1-EXCAVACION-FOSO-PIEDRA\" aria-label=\"1-EXCAVACION-FOSO-PIEDRA\" class=\"img-responsive wp-image-5648\" srcset=\"https:\/\/ascensoresramase.com\/wp-content\/uploads\/1-EXCAVACION-FOSO-PIEDRA-200x267.jpg 200w, https:\/\/ascensoresramase.com\/wp-content\/uploads\/1-EXCAVACION-FOSO-PIEDRA-400x534.jpg 400w, https:\/\/ascensoresramase.com\/wp-content\/uploads\/1-EXCAVACION-FOSO-PIEDRA-600x800.jpg 600w, https:\/\/ascensoresramase.com\/wp-content\/uploads\/1-EXCAVACION-FOSO-PIEDRA.jpg 800w\" sizes=\"(min-width: 2200px) 100vw, (min-width: 784px) 397px, (min-width: 712px) 595px, (min-width: 640px) 712px, \" \/><\/div><\/a><\/div><\/div><div style=\"padding:5px;\" class=\"fusion-grid-column fusion-gallery-column fusion-gallery-column-3 hover-type-none fusion-element-grid\"><div class=\"fusion-gallery-image\"><a href=\"https:\/\/ascensoresramase.com\/wp-content\/uploads\/2-EXCAVACION-FOSO-PIEDRA.jpg\" rel=\"noreferrer\" data-rel=\"iLightbox[gallery_image_1]\" class=\"fusion-lightbox\" target=\"_self\"><div style=\"background-image:url(https:\/\/ascensoresramase.com\/wp-content\/uploads\/2-EXCAVACION-FOSO-PIEDRA.jpg);padding-top:calc((100% + 10px) * 0.8 - 5px);background-position:;\" class=\"fusion-masonry-element-container\"><img decoding=\"async\" src=\"https:\/\/ascensoresramase.com\/wp-content\/uploads\/2-EXCAVACION-FOSO-PIEDRA.jpg\" width=\"800\" height=\"1067\" alt=\"Instalaci\u00f3n Ascensor en Castelldefels | Ascensores Ramase\" title=\"2-EXCAVACION-FOSO-PIEDRA\" aria-label=\"2-EXCAVACION-FOSO-PIEDRA\" class=\"img-responsive wp-image-5647\" srcset=\"https:\/\/ascensoresramase.com\/wp-content\/uploads\/2-EXCAVACION-FOSO-PIEDRA-200x267.jpg 200w, https:\/\/ascensoresramase.com\/wp-content\/uploads\/2-EXCAVACION-FOSO-PIEDRA-400x534.jpg 400w, https:\/\/ascensoresramase.com\/wp-content\/uploads\/2-EXCAVACION-FOSO-PIEDRA-600x800.jpg 600w, https:\/\/ascensoresramase.com\/wp-content\/uploads\/2-EXCAVACION-FOSO-PIEDRA.jpg 800w\" sizes=\"(min-width: 2200px) 100vw, (min-width: 784px) 397px, (min-width: 712px) 595px, (min-width: 640px) 712px, \" \/><\/div><\/a><\/div><\/div><div style=\"padding:5px;\" class=\"fusion-grid-column fusion-gallery-column fusion-gallery-column-3 hover-type-none fusion-element-grid\"><div class=\"fusion-gallery-image\"><a href=\"https:\/\/ascensoresramase.com\/wp-content\/uploads\/3-FOSO-1.jpg\" rel=\"noreferrer\" data-rel=\"iLightbox[gallery_image_1]\" class=\"fusion-lightbox\" target=\"_self\"><div style=\"background-image:url(https:\/\/ascensoresramase.com\/wp-content\/uploads\/3-FOSO-1.jpg);padding-top:calc((100% + 10px) * 0.8 - 5px);background-position:;\" class=\"fusion-masonry-element-container\"><img decoding=\"async\" src=\"https:\/\/ascensoresramase.com\/wp-content\/uploads\/3-FOSO-1.jpg\" width=\"800\" height=\"1067\" alt=\"Instalaci\u00f3n Ascensor en Castelldefels | Ascensores Ramase\" title=\"3-FOSO-1\" aria-label=\"3-FOSO-1\" class=\"img-responsive wp-image-5657\" srcset=\"https:\/\/ascensoresramase.com\/wp-content\/uploads\/3-FOSO-1-200x267.jpg 200w, https:\/\/ascensoresramase.com\/wp-content\/uploads\/3-FOSO-1-400x534.jpg 400w, https:\/\/ascensoresramase.com\/wp-content\/uploads\/3-FOSO-1-600x800.jpg 600w, https:\/\/ascensoresramase.com\/wp-content\/uploads\/3-FOSO-1.jpg 800w\" sizes=\"(min-width: 2200px) 100vw, (min-width: 784px) 397px, (min-width: 712px) 595px, (min-width: 640px) 712px, \" \/><\/div><\/a><\/div><\/div><div style=\"padding:5px;\" class=\"fusion-grid-column fusion-gallery-column fusion-gallery-column-3 hover-type-none fusion-element-grid\"><div class=\"fusion-gallery-image\"><a href=\"https:\/\/ascensoresramase.com\/wp-content\/uploads\/4-LOSA.jpg\" rel=\"noreferrer\" data-rel=\"iLightbox[gallery_image_1]\" class=\"fusion-lightbox\" target=\"_self\"><div style=\"background-image:url(https:\/\/ascensoresramase.com\/wp-content\/uploads\/4-LOSA.jpg);padding-top:calc((100% + 10px) * 0.8 - 5px);background-position:;\" class=\"fusion-masonry-element-container\"><img decoding=\"async\" src=\"https:\/\/ascensoresramase.com\/wp-content\/uploads\/4-LOSA.jpg\" width=\"800\" height=\"1067\" alt=\"Instalaci\u00f3n Ascensor en Castelldefels | Ascensores Ramase\" title=\"4-LOSA\" aria-label=\"4-LOSA\" class=\"img-responsive wp-image-5656\" srcset=\"https:\/\/ascensoresramase.com\/wp-content\/uploads\/4-LOSA-200x267.jpg 200w, https:\/\/ascensoresramase.com\/wp-content\/uploads\/4-LOSA-400x534.jpg 400w, https:\/\/ascensoresramase.com\/wp-content\/uploads\/4-LOSA-600x800.jpg 600w, https:\/\/ascensoresramase.com\/wp-content\/uploads\/4-LOSA.jpg 800w\" sizes=\"(min-width: 2200px) 100vw, (min-width: 784px) 397px, (min-width: 712px) 595px, (min-width: 640px) 712px, \" \/><\/div><\/a><\/div><\/div><div style=\"padding:5px;\" class=\"fusion-grid-column fusion-gallery-column fusion-gallery-column-3 hover-type-none fusion-element-grid\"><div class=\"fusion-gallery-image\"><a href=\"https:\/\/ascensoresramase.com\/wp-content\/uploads\/5-ESTRUCTURA-1.jpg\" rel=\"noreferrer\" data-rel=\"iLightbox[gallery_image_1]\" class=\"fusion-lightbox\" target=\"_self\"><div style=\"background-image:url(https:\/\/ascensoresramase.com\/wp-content\/uploads\/5-ESTRUCTURA-1.jpg);padding-top:calc((100% + 10px) * 0.8 - 5px);background-position:;\" class=\"fusion-masonry-element-container\"><img decoding=\"async\" src=\"https:\/\/ascensoresramase.com\/wp-content\/uploads\/5-ESTRUCTURA-1.jpg\" width=\"800\" height=\"1067\" alt=\"Instalaci\u00f3n Ascensor en Castelldefels | Ascensores Ramase\" title=\"5-ESTRUCTURA-1\" aria-label=\"5-ESTRUCTURA-1\" class=\"img-responsive wp-image-5655\" srcset=\"https:\/\/ascensoresramase.com\/wp-content\/uploads\/5-ESTRUCTURA-1-200x267.jpg 200w, https:\/\/ascensoresramase.com\/wp-content\/uploads\/5-ESTRUCTURA-1-400x534.jpg 400w, https:\/\/ascensoresramase.com\/wp-content\/uploads\/5-ESTRUCTURA-1-600x800.jpg 600w, https:\/\/ascensoresramase.com\/wp-content\/uploads\/5-ESTRUCTURA-1.jpg 800w\" sizes=\"(min-width: 2200px) 100vw, (min-width: 784px) 397px, (min-width: 712px) 595px, (min-width: 640px) 712px, \" \/><\/div><\/a><\/div><\/div><div style=\"padding:5px;\" class=\"fusion-grid-column fusion-gallery-column fusion-gallery-column-3 hover-type-none fusion-element-grid\"><div class=\"fusion-gallery-image\"><a href=\"https:\/\/ascensoresramase.com\/wp-content\/uploads\/6-ESTRUCTURAPASARELA.jpg\" rel=\"noreferrer\" data-rel=\"iLightbox[gallery_image_1]\" class=\"fusion-lightbox\" target=\"_self\"><div style=\"background-image:url(https:\/\/ascensoresramase.com\/wp-content\/uploads\/6-ESTRUCTURAPASARELA.jpg);padding-top:calc((100% + 10px) * 0.8 - 5px);background-position:;\" class=\"fusion-masonry-element-container\"><img decoding=\"async\" src=\"https:\/\/ascensoresramase.com\/wp-content\/uploads\/6-ESTRUCTURAPASARELA.jpg\" width=\"1067\" height=\"600\" alt=\"Instalaci\u00f3n Ascensor en Castelldefels | Ascensores Ramase\" title=\"6-ESTRUCTURAPASARELA\" aria-label=\"6-ESTRUCTURAPASARELA\" class=\"img-responsive wp-image-5654\" srcset=\"https:\/\/ascensoresramase.com\/wp-content\/uploads\/6-ESTRUCTURAPASARELA-200x112.jpg 200w, https:\/\/ascensoresramase.com\/wp-content\/uploads\/6-ESTRUCTURAPASARELA-400x225.jpg 400w, https:\/\/ascensoresramase.com\/wp-content\/uploads\/6-ESTRUCTURAPASARELA-600x337.jpg 600w, https:\/\/ascensoresramase.com\/wp-content\/uploads\/6-ESTRUCTURAPASARELA-800x450.jpg 800w, https:\/\/ascensoresramase.com\/wp-content\/uploads\/6-ESTRUCTURAPASARELA.jpg 1067w\" sizes=\"(min-width: 2200px) 100vw, (min-width: 784px) 397px, (min-width: 712px) 595px, (min-width: 640px) 712px, \" \/><\/div><\/a><\/div><\/div><div style=\"padding:5px;\" class=\"fusion-grid-column fusion-gallery-column fusion-gallery-column-3 hover-type-none fusion-element-grid\"><div class=\"fusion-gallery-image\"><a href=\"https:\/\/ascensoresramase.com\/wp-content\/uploads\/ACABADO-EXT-1.jpg\" rel=\"noreferrer\" data-rel=\"iLightbox[gallery_image_1]\" class=\"fusion-lightbox\" target=\"_self\"><div style=\"background-image:url(https:\/\/ascensoresramase.com\/wp-content\/uploads\/ACABADO-EXT-1.jpg);padding-top:calc((100% + 10px) * 0.8 - 5px);background-position:;\" class=\"fusion-masonry-element-container\"><img decoding=\"async\" src=\"https:\/\/ascensoresramase.com\/wp-content\/uploads\/ACABADO-EXT-1.jpg\" width=\"800\" height=\"1067\" alt=\"Instalaci\u00f3n Ascensor en Castelldefels | Ascensores Ramase\" title=\"ACABADO-EXT-1\" aria-label=\"ACABADO-EXT-1\" class=\"img-responsive wp-image-5653\" srcset=\"https:\/\/ascensoresramase.com\/wp-content\/uploads\/ACABADO-EXT-1-200x267.jpg 200w, https:\/\/ascensoresramase.com\/wp-content\/uploads\/ACABADO-EXT-1-400x534.jpg 400w, https:\/\/ascensoresramase.com\/wp-content\/uploads\/ACABADO-EXT-1-600x800.jpg 600w, https:\/\/ascensoresramase.com\/wp-content\/uploads\/ACABADO-EXT-1.jpg 800w\" sizes=\"(min-width: 2200px) 100vw, (min-width: 784px) 397px, (min-width: 712px) 595px, (min-width: 640px) 712px, \" \/><\/div><\/a><\/div><\/div><div style=\"padding:5px;\" class=\"fusion-grid-column fusion-gallery-column fusion-gallery-column-3 hover-type-none fusion-element-grid\"><div class=\"fusion-gallery-image\"><a href=\"https:\/\/ascensoresramase.com\/wp-content\/uploads\/PUERTA-SUPERIOR-2.jpg\" rel=\"noreferrer\" data-rel=\"iLightbox[gallery_image_1]\" class=\"fusion-lightbox\" target=\"_self\"><div style=\"background-image:url(https:\/\/ascensoresramase.com\/wp-content\/uploads\/PUERTA-SUPERIOR-2.jpg);padding-top:calc((100% + 10px) * 0.8 - 5px);background-position:;\" class=\"fusion-masonry-element-container\"><img decoding=\"async\" src=\"https:\/\/ascensoresramase.com\/wp-content\/uploads\/PUERTA-SUPERIOR-2.jpg\" width=\"1067\" height=\"800\" alt=\"Instalaci\u00f3n Ascensor en Castelldefels | Ascensores Ramase\" title=\"PUERTA-SUPERIOR-2\" aria-label=\"PUERTA-SUPERIOR-2\" class=\"img-responsive wp-image-5650\" srcset=\"https:\/\/ascensoresramase.com\/wp-content\/uploads\/PUERTA-SUPERIOR-2-200x150.jpg 200w, https:\/\/ascensoresramase.com\/wp-content\/uploads\/PUERTA-SUPERIOR-2-400x300.jpg 400w, https:\/\/ascensoresramase.com\/wp-content\/uploads\/PUERTA-SUPERIOR-2-600x450.jpg 600w, https:\/\/ascensoresramase.com\/wp-content\/uploads\/PUERTA-SUPERIOR-2-800x600.jpg 800w, https:\/\/ascensoresramase.com\/wp-content\/uploads\/PUERTA-SUPERIOR-2.jpg 1067w\" sizes=\"(min-width: 2200px) 100vw, (min-width: 784px) 397px, (min-width: 712px) 595px, (min-width: 640px) 712px, \" \/><\/div><\/a><\/div><\/div><div style=\"padding:5px;\" class=\"fusion-grid-column fusion-gallery-column fusion-gallery-column-3 hover-type-none fusion-element-grid\"><div class=\"fusion-gallery-image\"><a href=\"https:\/\/ascensoresramase.com\/wp-content\/uploads\/ESTRUCTURA-3-4.jpg\" rel=\"noreferrer\" data-rel=\"iLightbox[gallery_image_1]\" class=\"fusion-lightbox\" target=\"_self\"><div style=\"background-image:url(https:\/\/ascensoresramase.com\/wp-content\/uploads\/ESTRUCTURA-3-4.jpg);padding-top:calc((100% + 10px) * 0.8 - 5px);background-position:;\" class=\"fusion-masonry-element-container\"><img decoding=\"async\" src=\"https:\/\/ascensoresramase.com\/wp-content\/uploads\/ESTRUCTURA-3-4.jpg\" width=\"800\" height=\"1067\" alt=\"Instalaci\u00f3n Ascensor en Castelldefels | Ascensores Ramase\" title=\"ESTRUCTURA-3-4\" aria-label=\"ESTRUCTURA-3-4\" class=\"img-responsive wp-image-5651\" srcset=\"https:\/\/ascensoresramase.com\/wp-content\/uploads\/ESTRUCTURA-3-4-200x267.jpg 200w, https:\/\/ascensoresramase.com\/wp-content\/uploads\/ESTRUCTURA-3-4-400x534.jpg 400w, https:\/\/ascensoresramase.com\/wp-content\/uploads\/ESTRUCTURA-3-4-600x800.jpg 600w, https:\/\/ascensoresramase.com\/wp-content\/uploads\/ESTRUCTURA-3-4.jpg 800w\" sizes=\"(min-width: 2200px) 100vw, (min-width: 784px) 397px, (min-width: 712px) 595px, (min-width: 640px) 712px, \" \/><\/div><\/a><\/div><\/div><div style=\"padding:5px;\" class=\"fusion-grid-column fusion-gallery-column fusion-gallery-column-3 hover-type-none fusion-element-grid\"><div class=\"fusion-gallery-image\"><a href=\"https:\/\/ascensoresramase.com\/wp-content\/uploads\/ACCESO-SUPERIOR-3.jpg\" rel=\"noreferrer\" data-rel=\"iLightbox[gallery_image_1]\" class=\"fusion-lightbox\" target=\"_self\"><div style=\"background-image:url(https:\/\/ascensoresramase.com\/wp-content\/uploads\/ACCESO-SUPERIOR-3.jpg);padding-top:calc((100% + 10px) * 0.8 - 5px);background-position:;\" class=\"fusion-masonry-element-container\"><img decoding=\"async\" src=\"https:\/\/ascensoresramase.com\/wp-content\/uploads\/ACCESO-SUPERIOR-3.jpg\" width=\"800\" height=\"1067\" alt=\"Instalaci\u00f3n Ascensor en Castelldefels | Ascensores Ramase\" title=\"ACCESO-SUPERIOR-3\" aria-label=\"ACCESO-SUPERIOR-3\" class=\"img-responsive wp-image-5652\" srcset=\"https:\/\/ascensoresramase.com\/wp-content\/uploads\/ACCESO-SUPERIOR-3-200x267.jpg 200w, https:\/\/ascensoresramase.com\/wp-content\/uploads\/ACCESO-SUPERIOR-3-400x534.jpg 400w, https:\/\/ascensoresramase.com\/wp-content\/uploads\/ACCESO-SUPERIOR-3-600x800.jpg 600w, https:\/\/ascensoresramase.com\/wp-content\/uploads\/ACCESO-SUPERIOR-3.jpg 800w\" sizes=\"(min-width: 2200px) 100vw, (min-width: 784px) 397px, (min-width: 712px) 595px, (min-width: 640px) 712px, \" \/><\/div><\/a><\/div><\/div><div style=\"padding:5px;\" class=\"fusion-grid-column fusion-gallery-column fusion-gallery-column-3 hover-type-none fusion-element-grid\"><div class=\"fusion-gallery-image\"><a href=\"https:\/\/ascensoresramase.com\/wp-content\/uploads\/ESTRUCTURA-4-1.jpg\" rel=\"noreferrer\" data-rel=\"iLightbox[gallery_image_1]\" class=\"fusion-lightbox\" target=\"_self\"><div style=\"background-image:url(https:\/\/ascensoresramase.com\/wp-content\/uploads\/ESTRUCTURA-4-1.jpg);padding-top:calc((100% + 10px) * 0.8 - 5px);background-position:;\" class=\"fusion-masonry-element-container\"><img decoding=\"async\" src=\"https:\/\/ascensoresramase.com\/wp-content\/uploads\/ESTRUCTURA-4-1.jpg\" width=\"800\" height=\"1067\" alt=\"Instalaci\u00f3n Ascensor en Castelldefels | Ascensores Ramase\" title=\"ESTRUCTURA-4-1\" aria-label=\"ESTRUCTURA-4-1\" class=\"img-responsive wp-image-5649\" srcset=\"https:\/\/ascensoresramase.com\/wp-content\/uploads\/ESTRUCTURA-4-1-200x267.jpg 200w, https:\/\/ascensoresramase.com\/wp-content\/uploads\/ESTRUCTURA-4-1-400x534.jpg 400w, https:\/\/ascensoresramase.com\/wp-content\/uploads\/ESTRUCTURA-4-1-600x800.jpg 600w, https:\/\/ascensoresramase.com\/wp-content\/uploads\/ESTRUCTURA-4-1.jpg 800w\" sizes=\"(min-width: 2200px) 100vw, (min-width: 784px) 397px, (min-width: 712px) 595px, (min-width: 640px) 712px, \" \/><\/div><\/a><\/div><\/div><\/div><\/div><\/div><\/div><\/div><\/div><\/p>\n","protected":false},"excerpt":{"rendered":"","protected":false},"author":1,"featured_media":5646,"menu_order":0,"comment_status":"closed","ping_status":"closed","template":"","format":"standard","meta":{"footnotes":""},"portfolio_category":[34],"portfolio_skills":[],"portfolio_tags":[],"class_list":["post-7090","avada_portfolio","type-avada_portfolio","status-publish","format-standard","has-post-thumbnail","hentry","portfolio_category-obres-acabades"],"yoast_head":"<!-- This site is optimized with the Yoast SEO plugin v27.5 - https:\/\/yoast.com\/product\/yoast-seo-wordpress\/ -->\n<title>Ascensor tipus PEV panor\u00e0mic - Ascensores Ramase<\/title>\n<meta name=\"description\" content=\"Instal\u00b7laci\u00f3 d&#039;ascensor PEV panor\u00e0mic a Montemar, Castelldefels. Estructura exterior amb passarel\u00b7la a la terrassa i acabat arquitect\u00f2nic.\" \/>\n<meta name=\"robots\" content=\"index, follow, max-snippet:-1, max-image-preview:large, max-video-preview:-1\" \/>\n<link rel=\"canonical\" href=\"https:\/\/ascensoresramase.com\/ca\/treballs-realitzats\/instalacio-ascensor-tipus-pev-montemar-castelldefels\/\" \/>\n<meta property=\"og:locale\" content=\"ca_ES\" \/>\n<meta property=\"og:type\" content=\"article\" \/>\n<meta property=\"og:title\" content=\"Ascensor tipus PEV panor\u00e0mic - Ascensores Ramase\" \/>\n<meta property=\"og:description\" content=\"Instal\u00b7laci\u00f3 d&#039;ascensor PEV panor\u00e0mic a Montemar, Castelldefels. Estructura exterior amb passarel\u00b7la a la terrassa i acabat arquitect\u00f2nic.\" \/>\n<meta property=\"og:url\" content=\"https:\/\/ascensoresramase.com\/ca\/treballs-realitzats\/instalacio-ascensor-tipus-pev-montemar-castelldefels\/\" \/>\n<meta property=\"og:site_name\" content=\"Empresa mantenimiento ascensores Barcelona - Ascensores Ramase\" \/>\n<meta property=\"article:modified_time\" content=\"2026-04-24T08:56:29+00:00\" \/>\n<meta property=\"og:image\" content=\"https:\/\/ascensoresramase.com\/wp-content\/uploads\/Ascensor-Castelldefels-PEV.jpg\" \/>\n\t<meta property=\"og:image:width\" content=\"750\" \/>\n\t<meta property=\"og:image:height\" content=\"500\" \/>\n\t<meta property=\"og:image:type\" content=\"image\/jpeg\" \/>\n<meta name=\"twitter:card\" content=\"summary_large_image\" \/>\n<meta name=\"twitter:label1\" content=\"Temps estimat de lectura\" \/>\n\t<meta name=\"twitter:data1\" content=\"4 minuts\" \/>\n<script type=\"application\/ld+json\" class=\"yoast-schema-graph\">{\"@context\":\"https:\\\/\\\/schema.org\",\"@graph\":[{\"@type\":\"WebPage\",\"@id\":\"https:\\\/\\\/ascensoresramase.com\\\/ca\\\/treballs-realitzats\\\/instalacio-ascensor-tipus-pev-montemar-castelldefels\\\/\",\"url\":\"https:\\\/\\\/ascensoresramase.com\\\/ca\\\/treballs-realitzats\\\/instalacio-ascensor-tipus-pev-montemar-castelldefels\\\/\",\"name\":\"Ascensor tipus PEV panor\u00e0mic - Ascensores Ramase\",\"isPartOf\":{\"@id\":\"https:\\\/\\\/ascensoresramase.com\\\/ca\\\/#website\"},\"primaryImageOfPage\":{\"@id\":\"https:\\\/\\\/ascensoresramase.com\\\/ca\\\/treballs-realitzats\\\/instalacio-ascensor-tipus-pev-montemar-castelldefels\\\/#primaryimage\"},\"image\":{\"@id\":\"https:\\\/\\\/ascensoresramase.com\\\/ca\\\/treballs-realitzats\\\/instalacio-ascensor-tipus-pev-montemar-castelldefels\\\/#primaryimage\"},\"thumbnailUrl\":\"https:\\\/\\\/ascensoresramase.com\\\/wp-content\\\/uploads\\\/Ascensor-Castelldefels-PEV.jpg\",\"datePublished\":\"2018-06-15T08:35:01+00:00\",\"dateModified\":\"2026-04-24T08:56:29+00:00\",\"description\":\"Instal\u00b7laci\u00f3 d'ascensor PEV panor\u00e0mic a Montemar, Castelldefels. Estructura exterior amb passarel\u00b7la a la terrassa i acabat arquitect\u00f2nic.\",\"breadcrumb\":{\"@id\":\"https:\\\/\\\/ascensoresramase.com\\\/ca\\\/treballs-realitzats\\\/instalacio-ascensor-tipus-pev-montemar-castelldefels\\\/#breadcrumb\"},\"inLanguage\":\"ca\",\"potentialAction\":[{\"@type\":\"ReadAction\",\"target\":[\"https:\\\/\\\/ascensoresramase.com\\\/ca\\\/treballs-realitzats\\\/instalacio-ascensor-tipus-pev-montemar-castelldefels\\\/\"]}]},{\"@type\":\"ImageObject\",\"inLanguage\":\"ca\",\"@id\":\"https:\\\/\\\/ascensoresramase.com\\\/ca\\\/treballs-realitzats\\\/instalacio-ascensor-tipus-pev-montemar-castelldefels\\\/#primaryimage\",\"url\":\"https:\\\/\\\/ascensoresramase.com\\\/wp-content\\\/uploads\\\/Ascensor-Castelldefels-PEV.jpg\",\"contentUrl\":\"https:\\\/\\\/ascensoresramase.com\\\/wp-content\\\/uploads\\\/Ascensor-Castelldefels-PEV.jpg\",\"width\":750,\"height\":500,\"caption\":\"Instalaci\u00f3n Ascensor en Castelldefels | Ascensores Ramase\"},{\"@type\":\"BreadcrumbList\",\"@id\":\"https:\\\/\\\/ascensoresramase.com\\\/ca\\\/treballs-realitzats\\\/instalacio-ascensor-tipus-pev-montemar-castelldefels\\\/#breadcrumb\",\"itemListElement\":[{\"@type\":\"ListItem\",\"position\":1,\"name\":\"Inicio\",\"item\":\"https:\\\/\\\/ascensoresramase.com\\\/ca\\\/\"},{\"@type\":\"ListItem\",\"position\":2,\"name\":\"Portfolio\",\"item\":\"https:\\\/\\\/ascensoresramase.com\\\/ca\\\/treballs-realitzats\\\/\"},{\"@type\":\"ListItem\",\"position\":3,\"name\":\"Ascensor tipus PEV panor\u00e0mic \u2013 Montemar, Castelldefel\"}]},{\"@type\":\"WebSite\",\"@id\":\"https:\\\/\\\/ascensoresramase.com\\\/ca\\\/#website\",\"url\":\"https:\\\/\\\/ascensoresramase.com\\\/ca\\\/\",\"name\":\"Empresa mantenimiento ascensores Barcelona - Ascensores Ramase\",\"description\":\"\",\"publisher\":{\"@id\":\"https:\\\/\\\/ascensoresramase.com\\\/ca\\\/#organization\"},\"potentialAction\":[{\"@type\":\"SearchAction\",\"target\":{\"@type\":\"EntryPoint\",\"urlTemplate\":\"https:\\\/\\\/ascensoresramase.com\\\/ca\\\/?s={search_term_string}\"},\"query-input\":{\"@type\":\"PropertyValueSpecification\",\"valueRequired\":true,\"valueName\":\"search_term_string\"}}],\"inLanguage\":\"ca\"},{\"@type\":\"Organization\",\"@id\":\"https:\\\/\\\/ascensoresramase.com\\\/ca\\\/#organization\",\"name\":\"RAMASE, S.A\",\"url\":\"https:\\\/\\\/ascensoresramase.com\\\/ca\\\/\",\"logo\":{\"@type\":\"ImageObject\",\"inLanguage\":\"ca\",\"@id\":\"https:\\\/\\\/ascensoresramase.com\\\/ca\\\/#\\\/schema\\\/logo\\\/image\\\/\",\"url\":\"https:\\\/\\\/ascensoresramase.com\\\/wp-content\\\/uploads\\\/LOGO_ramase-web-1.png\",\"contentUrl\":\"https:\\\/\\\/ascensoresramase.com\\\/wp-content\\\/uploads\\\/LOGO_ramase-web-1.png\",\"width\":234,\"height\":150,\"caption\":\"RAMASE, S.A\"},\"image\":{\"@id\":\"https:\\\/\\\/ascensoresramase.com\\\/ca\\\/#\\\/schema\\\/logo\\\/image\\\/\"}}]}<\/script>\n<!-- \/ Yoast SEO plugin. -->","yoast_head_json":{"title":"Ascensor tipus PEV panor\u00e0mic - Ascensores Ramase","description":"Instal\u00b7laci\u00f3 d'ascensor PEV panor\u00e0mic a Montemar, Castelldefels. Estructura exterior amb passarel\u00b7la a la terrassa i acabat arquitect\u00f2nic.","robots":{"index":"index","follow":"follow","max-snippet":"max-snippet:-1","max-image-preview":"max-image-preview:large","max-video-preview":"max-video-preview:-1"},"canonical":"https:\/\/ascensoresramase.com\/ca\/treballs-realitzats\/instalacio-ascensor-tipus-pev-montemar-castelldefels\/","og_locale":"ca_ES","og_type":"article","og_title":"Ascensor tipus PEV panor\u00e0mic - Ascensores Ramase","og_description":"Instal\u00b7laci\u00f3 d'ascensor PEV panor\u00e0mic a Montemar, Castelldefels. Estructura exterior amb passarel\u00b7la a la terrassa i acabat arquitect\u00f2nic.","og_url":"https:\/\/ascensoresramase.com\/ca\/treballs-realitzats\/instalacio-ascensor-tipus-pev-montemar-castelldefels\/","og_site_name":"Empresa mantenimiento ascensores Barcelona - Ascensores Ramase","article_modified_time":"2026-04-24T08:56:29+00:00","og_image":[{"width":750,"height":500,"url":"https:\/\/ascensoresramase.com\/wp-content\/uploads\/Ascensor-Castelldefels-PEV.jpg","type":"image\/jpeg"}],"twitter_card":"summary_large_image","twitter_misc":{"Temps estimat de lectura":"4 minuts"},"schema":{"@context":"https:\/\/schema.org","@graph":[{"@type":"WebPage","@id":"https:\/\/ascensoresramase.com\/ca\/treballs-realitzats\/instalacio-ascensor-tipus-pev-montemar-castelldefels\/","url":"https:\/\/ascensoresramase.com\/ca\/treballs-realitzats\/instalacio-ascensor-tipus-pev-montemar-castelldefels\/","name":"Ascensor tipus PEV panor\u00e0mic - Ascensores Ramase","isPartOf":{"@id":"https:\/\/ascensoresramase.com\/ca\/#website"},"primaryImageOfPage":{"@id":"https:\/\/ascensoresramase.com\/ca\/treballs-realitzats\/instalacio-ascensor-tipus-pev-montemar-castelldefels\/#primaryimage"},"image":{"@id":"https:\/\/ascensoresramase.com\/ca\/treballs-realitzats\/instalacio-ascensor-tipus-pev-montemar-castelldefels\/#primaryimage"},"thumbnailUrl":"https:\/\/ascensoresramase.com\/wp-content\/uploads\/Ascensor-Castelldefels-PEV.jpg","datePublished":"2018-06-15T08:35:01+00:00","dateModified":"2026-04-24T08:56:29+00:00","description":"Instal\u00b7laci\u00f3 d'ascensor PEV panor\u00e0mic a Montemar, Castelldefels. Estructura exterior amb passarel\u00b7la a la terrassa i acabat arquitect\u00f2nic.","breadcrumb":{"@id":"https:\/\/ascensoresramase.com\/ca\/treballs-realitzats\/instalacio-ascensor-tipus-pev-montemar-castelldefels\/#breadcrumb"},"inLanguage":"ca","potentialAction":[{"@type":"ReadAction","target":["https:\/\/ascensoresramase.com\/ca\/treballs-realitzats\/instalacio-ascensor-tipus-pev-montemar-castelldefels\/"]}]},{"@type":"ImageObject","inLanguage":"ca","@id":"https:\/\/ascensoresramase.com\/ca\/treballs-realitzats\/instalacio-ascensor-tipus-pev-montemar-castelldefels\/#primaryimage","url":"https:\/\/ascensoresramase.com\/wp-content\/uploads\/Ascensor-Castelldefels-PEV.jpg","contentUrl":"https:\/\/ascensoresramase.com\/wp-content\/uploads\/Ascensor-Castelldefels-PEV.jpg","width":750,"height":500,"caption":"Instalaci\u00f3n Ascensor en Castelldefels | Ascensores Ramase"},{"@type":"BreadcrumbList","@id":"https:\/\/ascensoresramase.com\/ca\/treballs-realitzats\/instalacio-ascensor-tipus-pev-montemar-castelldefels\/#breadcrumb","itemListElement":[{"@type":"ListItem","position":1,"name":"Inicio","item":"https:\/\/ascensoresramase.com\/ca\/"},{"@type":"ListItem","position":2,"name":"Portfolio","item":"https:\/\/ascensoresramase.com\/ca\/treballs-realitzats\/"},{"@type":"ListItem","position":3,"name":"Ascensor tipus PEV panor\u00e0mic \u2013 Montemar, Castelldefel"}]},{"@type":"WebSite","@id":"https:\/\/ascensoresramase.com\/ca\/#website","url":"https:\/\/ascensoresramase.com\/ca\/","name":"Empresa mantenimiento ascensores Barcelona - Ascensores Ramase","description":"","publisher":{"@id":"https:\/\/ascensoresramase.com\/ca\/#organization"},"potentialAction":[{"@type":"SearchAction","target":{"@type":"EntryPoint","urlTemplate":"https:\/\/ascensoresramase.com\/ca\/?s={search_term_string}"},"query-input":{"@type":"PropertyValueSpecification","valueRequired":true,"valueName":"search_term_string"}}],"inLanguage":"ca"},{"@type":"Organization","@id":"https:\/\/ascensoresramase.com\/ca\/#organization","name":"RAMASE, S.A","url":"https:\/\/ascensoresramase.com\/ca\/","logo":{"@type":"ImageObject","inLanguage":"ca","@id":"https:\/\/ascensoresramase.com\/ca\/#\/schema\/logo\/image\/","url":"https:\/\/ascensoresramase.com\/wp-content\/uploads\/LOGO_ramase-web-1.png","contentUrl":"https:\/\/ascensoresramase.com\/wp-content\/uploads\/LOGO_ramase-web-1.png","width":234,"height":150,"caption":"RAMASE, S.A"},"image":{"@id":"https:\/\/ascensoresramase.com\/ca\/#\/schema\/logo\/image\/"}}]}},"_links":{"self":[{"href":"https:\/\/ascensoresramase.com\/ca\/wp-json\/wp\/v2\/avada_portfolio\/7090","targetHints":{"allow":["GET"]}}],"collection":[{"href":"https:\/\/ascensoresramase.com\/ca\/wp-json\/wp\/v2\/avada_portfolio"}],"about":[{"href":"https:\/\/ascensoresramase.com\/ca\/wp-json\/wp\/v2\/types\/avada_portfolio"}],"author":[{"embeddable":true,"href":"https:\/\/ascensoresramase.com\/ca\/wp-json\/wp\/v2\/users\/1"}],"replies":[{"embeddable":true,"href":"https:\/\/ascensoresramase.com\/ca\/wp-json\/wp\/v2\/comments?post=7090"}],"version-history":[{"count":3,"href":"https:\/\/ascensoresramase.com\/ca\/wp-json\/wp\/v2\/avada_portfolio\/7090\/revisions"}],"predecessor-version":[{"id":14900,"href":"https:\/\/ascensoresramase.com\/ca\/wp-json\/wp\/v2\/avada_portfolio\/7090\/revisions\/14900"}],"wp:featuredmedia":[{"embeddable":true,"href":"https:\/\/ascensoresramase.com\/ca\/wp-json\/wp\/v2\/media\/5646"}],"wp:attachment":[{"href":"https:\/\/ascensoresramase.com\/ca\/wp-json\/wp\/v2\/media?parent=7090"}],"wp:term":[{"taxonomy":"portfolio_category","embeddable":true,"href":"https:\/\/ascensoresramase.com\/ca\/wp-json\/wp\/v2\/portfolio_category?post=7090"},{"taxonomy":"portfolio_skills","embeddable":true,"href":"https:\/\/ascensoresramase.com\/ca\/wp-json\/wp\/v2\/portfolio_skills?post=7090"},{"taxonomy":"portfolio_tags","embeddable":true,"href":"https:\/\/ascensoresramase.com\/ca\/wp-json\/wp\/v2\/portfolio_tags?post=7090"}],"curies":[{"name":"wp","href":"https:\/\/api.w.org\/{rel}","templated":true}]}}