{"id":7078,"date":"2019-05-29T11:06:29","date_gmt":"2019-05-29T09:06:29","guid":{"rendered":"https:\/\/ascensoresramase.com\/?post_type=avada_portfolio&#038;p=7078"},"modified":"2026-04-24T10:15:26","modified_gmt":"2026-04-24T08:15:26","slug":"instalacio-de-2-ascensors-a-nou-barris-barcelona","status":"publish","type":"avada_portfolio","link":"https:\/\/ascensoresramase.com\/ca\/treballs-realitzats\/instalacio-de-2-ascensors-a-nou-barris-barcelona\/","title":{"rendered":"Instal\u00b7laci\u00f3 de 2 ascensors per celobert \u2013 Nou Barris, Barcelona"},"content":{"rendered":"<p><div class=\"fusion-fullwidth fullwidth-box fusion-builder-row-1 fusion-flex-container nonhundred-percent-fullwidth non-hundred-percent-height-scrolling\" style=\"--awb-border-radius-top-left:0px;--awb-border-radius-top-right:0px;--awb-border-radius-bottom-right:0px;--awb-border-radius-bottom-left:0px;--awb-flex-wrap:wrap;\" ><div class=\"fusion-builder-row fusion-row fusion-flex-align-items-flex-start fusion-flex-content-wrap\" style=\"max-width:1248px;margin-left: calc(-4% \/ 2 );margin-right: calc(-4% \/ 2 );\"><div class=\"fusion-layout-column fusion_builder_column fusion-builder-column-0 fusion_builder_column_1_1 1_1 fusion-flex-column\" style=\"--awb-padding-top:20px;--awb-padding-right:25px;--awb-padding-bottom:20px;--awb-padding-left:25px;--awb-bg-color:var(--awb-custom13);--awb-bg-color-hover:var(--awb-custom13);--awb-bg-size:cover;--awb-border-color:var(--awb-color6);--awb-border-top:3px;--awb-border-style:solid;--awb-width-large:100%;--awb-margin-top-large:0px;--awb-spacing-right-large:1.92%;--awb-margin-bottom-large:20px;--awb-spacing-left-large:1.92%;--awb-width-medium:100%;--awb-order-medium:0;--awb-spacing-right-medium:1.92%;--awb-spacing-left-medium:1.92%;--awb-width-small:100%;--awb-order-small:0;--awb-spacing-right-small:1.92%;--awb-spacing-left-small:1.92%;\" data-scroll-devices=\"small-visibility,medium-visibility,large-visibility\"><div class=\"fusion-column-wrapper fusion-column-has-shadow fusion-flex-justify-content-flex-start fusion-content-layout-column\"><div class=\"fusion-title title fusion-title-1 fusion-sep-none fusion-title-center fusion-title-text fusion-title-size-three\" style=\"--awb-margin-top-small:10px;--awb-margin-right-small:0px;--awb-margin-bottom-small:10px;--awb-margin-left-small:0px;\"><h3 class=\"fusion-title-heading title-heading-center\" style=\"margin:0;\">Instal\u00b7laci\u00f3 d&#8217;ascensor i accions realitzades<\/h3><\/div><div class=\"fusion-text fusion-text-1\" style=\"--awb-content-alignment:center;\"><p>En aquest edifici de Nou Barris s\u2019ha dut a terme una intervenci\u00f3 integral a les dues escales de la finca. En totes dues \u2014escala A i escala B\u2014 s\u2019han enderrocat i refet completament les escales existents, aprofitant l\u2019obra per <strong>instal\u00b7lar 2 ascensors per celobert<\/strong>, cadascun amb un <strong>recorregut de 6 parades<\/strong>.<\/p>\n<p>A la planta baixa, la reforma ha incl\u00f2s tamb\u00e9 <strong>l\u2019eliminaci\u00f3 de diversos trams d\u2019escales que han estat substitu\u00efts per rampes<\/strong>, eliminant les barreres d\u2019acc\u00e9s des de l\u2019entrada i garantint que tots els ve\u00efns puguin arribar a l\u2019ascensor sense obstacles.<\/p>\n<p>El resultat \u00e9s una finca completament renovada en les seves zones comunes, amb dues escales fetes de zero i un acc\u00e9s vertical modern i accessible per als ve\u00efns de totes dues escales.<\/p>\n<\/div><\/div><\/div><\/div><\/div><div class=\"fusion-fullwidth fullwidth-box fusion-builder-row-2 fusion-flex-container nonhundred-percent-fullwidth non-hundred-percent-height-scrolling\" style=\"--awb-border-radius-top-left:0px;--awb-border-radius-top-right:0px;--awb-border-radius-bottom-right:0px;--awb-border-radius-bottom-left:0px;--awb-flex-wrap:wrap;\" ><div class=\"fusion-builder-row fusion-row fusion-flex-align-items-stretch fusion-flex-content-wrap\" style=\"max-width:1248px;margin-left: calc(-4% \/ 2 );margin-right: calc(-4% \/ 2 );\"><div class=\"fusion-layout-column fusion_builder_column fusion-builder-column-1 fusion_builder_column_1_1 1_1 fusion-flex-column\" style=\"--awb-bg-size:cover;--awb-width-large:100%;--awb-margin-top-large:0px;--awb-spacing-right-large:1.92%;--awb-margin-bottom-large:20px;--awb-spacing-left-large:1.92%;--awb-width-medium:100%;--awb-order-medium:0;--awb-spacing-right-medium:1.92%;--awb-spacing-left-medium:1.92%;--awb-width-small:100%;--awb-order-small:0;--awb-spacing-right-small:1.92%;--awb-spacing-left-small:1.92%;\"><div class=\"fusion-column-wrapper fusion-column-has-shadow fusion-flex-justify-content-flex-start fusion-content-layout-column\"><div class=\"awb-gallery-wrapper awb-gallery-wrapper-1 button-span-no\"><div style=\"margin:-5px;--awb-bordersize:0px;\" class=\"fusion-gallery fusion-gallery-container fusion-grid-3 fusion-columns-total-29 fusion-gallery-layout-masonry fusion-gallery-1\"><div class=\"fusion-grid-column fusion-gallery-column fusion-gallery-column-3 hover-type-none fusion-grid-sizer\"><\/div><div style=\"padding:5px;\" class=\"fusion-grid-column fusion-gallery-column fusion-gallery-column-3 hover-type-none fusion-element-grid\"><div class=\"fusion-gallery-image\"><a href=\"https:\/\/ascensoresramase.com\/wp-content\/uploads\/ENTRADA-1.jpg\" rel=\"noreferrer\" data-rel=\"iLightbox[gallery_image_1]\" class=\"fusion-lightbox\" target=\"_self\"><div style=\"background-image:url(https:\/\/ascensoresramase.com\/wp-content\/uploads\/ENTRADA-1.jpg);padding-top:calc((100% + 10px) * 0.8 - 5px);background-position:;\" class=\"fusion-masonry-element-container\"><img decoding=\"async\" src=\"https:\/\/ascensoresramase.com\/wp-content\/uploads\/ENTRADA-1.jpg\" width=\"800\" height=\"1067\" alt=\"Instalaci\u00f3n de ascensor Nou Barris - Barcelona | Ascensores Ramase\" title=\"ENTRADA-1\" aria-label=\"ENTRADA-1\" class=\"img-responsive wp-image-5589\" srcset=\"https:\/\/ascensoresramase.com\/wp-content\/uploads\/ENTRADA-1-200x267.jpg 200w, https:\/\/ascensoresramase.com\/wp-content\/uploads\/ENTRADA-1-400x534.jpg 400w, https:\/\/ascensoresramase.com\/wp-content\/uploads\/ENTRADA-1-600x800.jpg 600w, https:\/\/ascensoresramase.com\/wp-content\/uploads\/ENTRADA-1.jpg 800w\" sizes=\"(min-width: 2200px) 100vw, (min-width: 784px) 397px, (min-width: 712px) 595px, (min-width: 640px) 712px, \" \/><\/div><\/a><\/div><\/div><div style=\"padding:5px;\" class=\"fusion-grid-column fusion-gallery-column fusion-gallery-column-3 hover-type-none fusion-element-grid\"><div class=\"fusion-gallery-image\"><a href=\"https:\/\/ascensoresramase.com\/wp-content\/uploads\/ESCALERA-INICIAL-IZQUIERDA-2.jpg\" rel=\"noreferrer\" data-rel=\"iLightbox[gallery_image_1]\" class=\"fusion-lightbox\" target=\"_self\"><div style=\"background-image:url(https:\/\/ascensoresramase.com\/wp-content\/uploads\/ESCALERA-INICIAL-IZQUIERDA-2.jpg);padding-top:calc((100% + 10px) * 0.8 - 5px);background-position:;\" class=\"fusion-masonry-element-container\"><img decoding=\"async\" src=\"https:\/\/ascensoresramase.com\/wp-content\/uploads\/ESCALERA-INICIAL-IZQUIERDA-2.jpg\" width=\"800\" height=\"1067\" alt=\"Instalaci\u00f3n de ascensor Nou Barris - Barcelona | Ascensores Ramase\" title=\"ESCALERA-INICIAL-IZQUIERDA-2\" aria-label=\"ESCALERA-INICIAL-IZQUIERDA-2\" class=\"img-responsive wp-image-5585\" srcset=\"https:\/\/ascensoresramase.com\/wp-content\/uploads\/ESCALERA-INICIAL-IZQUIERDA-2-200x267.jpg 200w, https:\/\/ascensoresramase.com\/wp-content\/uploads\/ESCALERA-INICIAL-IZQUIERDA-2-400x534.jpg 400w, https:\/\/ascensoresramase.com\/wp-content\/uploads\/ESCALERA-INICIAL-IZQUIERDA-2-600x800.jpg 600w, https:\/\/ascensoresramase.com\/wp-content\/uploads\/ESCALERA-INICIAL-IZQUIERDA-2.jpg 800w\" sizes=\"(min-width: 2200px) 100vw, (min-width: 784px) 397px, (min-width: 712px) 595px, (min-width: 640px) 712px, \" \/><\/div><\/a><\/div><\/div><div style=\"padding:5px;\" class=\"fusion-grid-column fusion-gallery-column fusion-gallery-column-3 hover-type-none fusion-element-grid\"><div class=\"fusion-gallery-image\"><a href=\"https:\/\/ascensoresramase.com\/wp-content\/uploads\/ESCALERA-INICIAL-DERECHA-3.jpg\" rel=\"noreferrer\" data-rel=\"iLightbox[gallery_image_1]\" class=\"fusion-lightbox\" target=\"_self\"><div style=\"background-image:url(https:\/\/ascensoresramase.com\/wp-content\/uploads\/ESCALERA-INICIAL-DERECHA-3.jpg);padding-top:calc((100% + 10px) * 0.8 - 5px);background-position:;\" class=\"fusion-masonry-element-container\"><img decoding=\"async\" src=\"https:\/\/ascensoresramase.com\/wp-content\/uploads\/ESCALERA-INICIAL-DERECHA-3.jpg\" width=\"800\" height=\"1067\" alt=\"Instalaci\u00f3n de ascensor Nou Barris - Barcelona | Ascensores Ramase\" title=\"ESCALERA-INICIAL-DERECHA-3\" aria-label=\"ESCALERA-INICIAL-DERECHA-3\" class=\"img-responsive wp-image-5586\" srcset=\"https:\/\/ascensoresramase.com\/wp-content\/uploads\/ESCALERA-INICIAL-DERECHA-3-200x267.jpg 200w, https:\/\/ascensoresramase.com\/wp-content\/uploads\/ESCALERA-INICIAL-DERECHA-3-400x534.jpg 400w, https:\/\/ascensoresramase.com\/wp-content\/uploads\/ESCALERA-INICIAL-DERECHA-3-600x800.jpg 600w, https:\/\/ascensoresramase.com\/wp-content\/uploads\/ESCALERA-INICIAL-DERECHA-3.jpg 800w\" sizes=\"(min-width: 2200px) 100vw, (min-width: 784px) 397px, (min-width: 712px) 595px, (min-width: 640px) 712px, \" \/><\/div><\/a><\/div><\/div><div style=\"padding:5px;\" class=\"fusion-grid-column fusion-gallery-column fusion-gallery-column-3 hover-type-none fusion-element-grid\"><div class=\"fusion-gallery-image\"><a href=\"https:\/\/ascensoresramase.com\/wp-content\/uploads\/1-estructura-a-1.jpg\" rel=\"noreferrer\" data-rel=\"iLightbox[gallery_image_1]\" class=\"fusion-lightbox\" target=\"_self\"><div style=\"background-image:url(https:\/\/ascensoresramase.com\/wp-content\/uploads\/1-estructura-a-1.jpg);padding-top:calc((100% + 10px) * 0.8 - 5px);background-position:;\" class=\"fusion-masonry-element-container\"><img decoding=\"async\" src=\"https:\/\/ascensoresramase.com\/wp-content\/uploads\/1-estructura-a-1.jpg\" width=\"800\" height=\"1067\" alt=\"Instalaci\u00f3n de ascensor Nou Barris - Barcelona | Ascensores Ramase\" title=\"1-estructura-a-1\" aria-label=\"1-estructura-a-1\" class=\"img-responsive wp-image-5574\" srcset=\"https:\/\/ascensoresramase.com\/wp-content\/uploads\/1-estructura-a-1-200x267.jpg 200w, https:\/\/ascensoresramase.com\/wp-content\/uploads\/1-estructura-a-1-400x534.jpg 400w, https:\/\/ascensoresramase.com\/wp-content\/uploads\/1-estructura-a-1-600x800.jpg 600w, https:\/\/ascensoresramase.com\/wp-content\/uploads\/1-estructura-a-1.jpg 800w\" sizes=\"(min-width: 2200px) 100vw, (min-width: 784px) 397px, (min-width: 712px) 595px, (min-width: 640px) 712px, \" \/><\/div><\/a><\/div><\/div><div style=\"padding:5px;\" class=\"fusion-grid-column fusion-gallery-column fusion-gallery-column-3 hover-type-none fusion-element-grid\"><div class=\"fusion-gallery-image\"><a href=\"https:\/\/ascensoresramase.com\/wp-content\/uploads\/2-barandillas-a-2.jpg\" rel=\"noreferrer\" data-rel=\"iLightbox[gallery_image_1]\" class=\"fusion-lightbox\" target=\"_self\"><div style=\"background-image:url(https:\/\/ascensoresramase.com\/wp-content\/uploads\/2-barandillas-a-2.jpg);padding-top:calc((100% + 10px) * 0.8 - 5px);background-position:;\" class=\"fusion-masonry-element-container\"><img decoding=\"async\" src=\"https:\/\/ascensoresramase.com\/wp-content\/uploads\/2-barandillas-a-2.jpg\" width=\"800\" height=\"1067\" alt=\"Instalaci\u00f3n de ascensor Nou Barris - Barcelona | Ascensores Ramase\" title=\"2-barandillas-a-2\" aria-label=\"2-barandillas-a-2\" class=\"img-responsive wp-image-5573\" srcset=\"https:\/\/ascensoresramase.com\/wp-content\/uploads\/2-barandillas-a-2-200x267.jpg 200w, https:\/\/ascensoresramase.com\/wp-content\/uploads\/2-barandillas-a-2-400x534.jpg 400w, https:\/\/ascensoresramase.com\/wp-content\/uploads\/2-barandillas-a-2-600x800.jpg 600w, https:\/\/ascensoresramase.com\/wp-content\/uploads\/2-barandillas-a-2.jpg 800w\" sizes=\"(min-width: 2200px) 100vw, (min-width: 784px) 397px, (min-width: 712px) 595px, (min-width: 640px) 712px, \" \/><\/div><\/a><\/div><\/div><div style=\"padding:5px;\" class=\"fusion-grid-column fusion-gallery-column fusion-gallery-column-3 hover-type-none fusion-element-grid\"><div class=\"fusion-gallery-image\"><a href=\"https:\/\/ascensoresramase.com\/wp-content\/uploads\/3-escalera-metalica-a-3.jpg\" rel=\"noreferrer\" data-rel=\"iLightbox[gallery_image_1]\" class=\"fusion-lightbox\" target=\"_self\"><div style=\"background-image:url(https:\/\/ascensoresramase.com\/wp-content\/uploads\/3-escalera-metalica-a-3.jpg);padding-top:calc((100% + 10px) * 0.8 - 5px);background-position:;\" class=\"fusion-masonry-element-container\"><img decoding=\"async\" src=\"https:\/\/ascensoresramase.com\/wp-content\/uploads\/3-escalera-metalica-a-3.jpg\" width=\"800\" height=\"1065\" alt=\"Instalaci\u00f3n de ascensor Nou Barris - Barcelona | Ascensores Ramase\" title=\"3-escalera-metalica-a-3\" aria-label=\"3-escalera-metalica-a-3\" class=\"img-responsive wp-image-5572\" srcset=\"https:\/\/ascensoresramase.com\/wp-content\/uploads\/3-escalera-metalica-a-3-200x266.jpg 200w, https:\/\/ascensoresramase.com\/wp-content\/uploads\/3-escalera-metalica-a-3-400x533.jpg 400w, https:\/\/ascensoresramase.com\/wp-content\/uploads\/3-escalera-metalica-a-3-600x799.jpg 600w, https:\/\/ascensoresramase.com\/wp-content\/uploads\/3-escalera-metalica-a-3.jpg 800w\" sizes=\"(min-width: 2200px) 100vw, (min-width: 784px) 397px, (min-width: 712px) 595px, (min-width: 640px) 712px, \" \/><\/div><\/a><\/div><\/div><div style=\"padding:5px;\" class=\"fusion-grid-column fusion-gallery-column fusion-gallery-column-3 hover-type-none fusion-element-grid\"><div class=\"fusion-gallery-image\"><a href=\"https:\/\/ascensoresramase.com\/wp-content\/uploads\/4-pladur-a-4.jpg\" rel=\"noreferrer\" data-rel=\"iLightbox[gallery_image_1]\" class=\"fusion-lightbox\" target=\"_self\"><div style=\"background-image:url(https:\/\/ascensoresramase.com\/wp-content\/uploads\/4-pladur-a-4.jpg);padding-top:calc((100% + 10px) * 0.8 - 5px);background-position:;\" class=\"fusion-masonry-element-container\"><img decoding=\"async\" src=\"https:\/\/ascensoresramase.com\/wp-content\/uploads\/4-pladur-a-4.jpg\" width=\"800\" height=\"1067\" alt=\"Instalaci\u00f3n de ascensor Nou Barris - Barcelona | Ascensores Ramase\" title=\"4-pladur-a-4\" aria-label=\"4-pladur-a-4\" class=\"img-responsive wp-image-5571\" srcset=\"https:\/\/ascensoresramase.com\/wp-content\/uploads\/4-pladur-a-4-200x267.jpg 200w, https:\/\/ascensoresramase.com\/wp-content\/uploads\/4-pladur-a-4-400x534.jpg 400w, https:\/\/ascensoresramase.com\/wp-content\/uploads\/4-pladur-a-4-600x800.jpg 600w, https:\/\/ascensoresramase.com\/wp-content\/uploads\/4-pladur-a-4.jpg 800w\" sizes=\"(min-width: 2200px) 100vw, (min-width: 784px) 397px, (min-width: 712px) 595px, (min-width: 640px) 712px, \" \/><\/div><\/a><\/div><\/div><div style=\"padding:5px;\" class=\"fusion-grid-column fusion-gallery-column fusion-gallery-column-3 hover-type-none fusion-element-grid\"><div class=\"fusion-gallery-image\"><a href=\"https:\/\/ascensoresramase.com\/wp-content\/uploads\/5-pladur-a-5.jpg\" rel=\"noreferrer\" data-rel=\"iLightbox[gallery_image_1]\" class=\"fusion-lightbox\" target=\"_self\"><div style=\"background-image:url(https:\/\/ascensoresramase.com\/wp-content\/uploads\/5-pladur-a-5.jpg);padding-top:calc((100% + 10px) * 0.8 - 5px);background-position:;\" class=\"fusion-masonry-element-container\"><img decoding=\"async\" src=\"https:\/\/ascensoresramase.com\/wp-content\/uploads\/5-pladur-a-5.jpg\" width=\"1067\" height=\"800\" alt=\"Instalaci\u00f3n de ascensor Nou Barris - Barcelona | Ascensores Ramase\" title=\"5-pladur-a-5\" aria-label=\"5-pladur-a-5\" class=\"img-responsive wp-image-5599\" srcset=\"https:\/\/ascensoresramase.com\/wp-content\/uploads\/5-pladur-a-5-200x150.jpg 200w, https:\/\/ascensoresramase.com\/wp-content\/uploads\/5-pladur-a-5-400x300.jpg 400w, https:\/\/ascensoresramase.com\/wp-content\/uploads\/5-pladur-a-5-600x450.jpg 600w, https:\/\/ascensoresramase.com\/wp-content\/uploads\/5-pladur-a-5-800x600.jpg 800w, https:\/\/ascensoresramase.com\/wp-content\/uploads\/5-pladur-a-5.jpg 1067w\" sizes=\"(min-width: 2200px) 100vw, (min-width: 784px) 397px, (min-width: 712px) 595px, (min-width: 640px) 712px, \" \/><\/div><\/a><\/div><\/div><div style=\"padding:5px;\" class=\"fusion-grid-column fusion-gallery-column fusion-gallery-column-3 hover-type-none fusion-element-grid\"><div class=\"fusion-gallery-image\"><a href=\"https:\/\/ascensoresramase.com\/wp-content\/uploads\/6-pladur-a-6.jpg\" rel=\"noreferrer\" data-rel=\"iLightbox[gallery_image_1]\" class=\"fusion-lightbox\" target=\"_self\"><div style=\"background-image:url(https:\/\/ascensoresramase.com\/wp-content\/uploads\/6-pladur-a-6.jpg);padding-top:calc((100% + 10px) * 0.8 - 5px);background-position:;\" class=\"fusion-masonry-element-container\"><img decoding=\"async\" src=\"https:\/\/ascensoresramase.com\/wp-content\/uploads\/6-pladur-a-6.jpg\" width=\"800\" height=\"1067\" alt=\"Instalaci\u00f3n de ascensor Nou Barris - Barcelona | Ascensores Ramase\" title=\"6-pladur-a-6\" aria-label=\"6-pladur-a-6\" class=\"img-responsive wp-image-5598\" srcset=\"https:\/\/ascensoresramase.com\/wp-content\/uploads\/6-pladur-a-6-200x267.jpg 200w, https:\/\/ascensoresramase.com\/wp-content\/uploads\/6-pladur-a-6-400x534.jpg 400w, https:\/\/ascensoresramase.com\/wp-content\/uploads\/6-pladur-a-6-600x800.jpg 600w, https:\/\/ascensoresramase.com\/wp-content\/uploads\/6-pladur-a-6.jpg 800w\" sizes=\"(min-width: 2200px) 100vw, (min-width: 784px) 397px, (min-width: 712px) 595px, (min-width: 640px) 712px, \" \/><\/div><\/a><\/div><\/div><div style=\"padding:5px;\" class=\"fusion-grid-column fusion-gallery-column fusion-gallery-column-3 hover-type-none fusion-element-grid\"><div class=\"fusion-gallery-image\"><a href=\"https:\/\/ascensoresramase.com\/wp-content\/uploads\/7-pladur-a-7.jpg\" rel=\"noreferrer\" data-rel=\"iLightbox[gallery_image_1]\" class=\"fusion-lightbox\" target=\"_self\"><div style=\"background-image:url(https:\/\/ascensoresramase.com\/wp-content\/uploads\/7-pladur-a-7.jpg);padding-top:calc((100% + 10px) * 0.8 - 5px);background-position:;\" class=\"fusion-masonry-element-container\"><img decoding=\"async\" src=\"https:\/\/ascensoresramase.com\/wp-content\/uploads\/7-pladur-a-7.jpg\" width=\"800\" height=\"1067\" alt=\"Instalaci\u00f3n de ascensor Nou Barris - Barcelona | Ascensores Ramase\" title=\"7-pladur-a-7\" aria-label=\"7-pladur-a-7\" class=\"img-responsive wp-image-5597\" srcset=\"https:\/\/ascensoresramase.com\/wp-content\/uploads\/7-pladur-a-7-200x267.jpg 200w, https:\/\/ascensoresramase.com\/wp-content\/uploads\/7-pladur-a-7-400x534.jpg 400w, https:\/\/ascensoresramase.com\/wp-content\/uploads\/7-pladur-a-7-600x800.jpg 600w, https:\/\/ascensoresramase.com\/wp-content\/uploads\/7-pladur-a-7.jpg 800w\" sizes=\"(min-width: 2200px) 100vw, (min-width: 784px) 397px, (min-width: 712px) 595px, (min-width: 640px) 712px, \" \/><\/div><\/a><\/div><\/div><div style=\"padding:5px;\" class=\"fusion-grid-column fusion-gallery-column fusion-gallery-column-3 hover-type-none fusion-element-grid\"><div class=\"fusion-gallery-image\"><a href=\"https:\/\/ascensoresramase.com\/wp-content\/uploads\/8-rellano-barandilla-a-8.jpg\" rel=\"noreferrer\" data-rel=\"iLightbox[gallery_image_1]\" class=\"fusion-lightbox\" target=\"_self\"><div style=\"background-image:url(https:\/\/ascensoresramase.com\/wp-content\/uploads\/8-rellano-barandilla-a-8.jpg);padding-top:calc((100% + 10px) * 0.8 - 5px);background-position:;\" class=\"fusion-masonry-element-container\"><img decoding=\"async\" src=\"https:\/\/ascensoresramase.com\/wp-content\/uploads\/8-rellano-barandilla-a-8.jpg\" width=\"800\" height=\"1067\" alt=\"Instalaci\u00f3n de ascensor Nou Barris - Barcelona | Ascensores Ramase\" title=\"8-rellano-barandilla-a-8\" aria-label=\"8-rellano-barandilla-a-8\" class=\"img-responsive wp-image-5596\" srcset=\"https:\/\/ascensoresramase.com\/wp-content\/uploads\/8-rellano-barandilla-a-8-200x267.jpg 200w, https:\/\/ascensoresramase.com\/wp-content\/uploads\/8-rellano-barandilla-a-8-400x534.jpg 400w, https:\/\/ascensoresramase.com\/wp-content\/uploads\/8-rellano-barandilla-a-8-600x800.jpg 600w, https:\/\/ascensoresramase.com\/wp-content\/uploads\/8-rellano-barandilla-a-8.jpg 800w\" sizes=\"(min-width: 2200px) 100vw, (min-width: 784px) 397px, (min-width: 712px) 595px, (min-width: 640px) 712px, \" \/><\/div><\/a><\/div><\/div><div style=\"padding:5px;\" class=\"fusion-grid-column fusion-gallery-column fusion-gallery-column-3 hover-type-none fusion-element-grid\"><div class=\"fusion-gallery-image\"><a href=\"https:\/\/ascensoresramase.com\/wp-content\/uploads\/ACCESOS-ASCENSOR-10.jpg\" rel=\"noreferrer\" data-rel=\"iLightbox[gallery_image_1]\" class=\"fusion-lightbox\" target=\"_self\"><div style=\"background-image:url(https:\/\/ascensoresramase.com\/wp-content\/uploads\/ACCESOS-ASCENSOR-10.jpg);padding-top:calc((100% + 10px) * 0.8 - 5px);background-position:;\" class=\"fusion-masonry-element-container\"><img decoding=\"async\" src=\"https:\/\/ascensoresramase.com\/wp-content\/uploads\/ACCESOS-ASCENSOR-10.jpg\" width=\"1067\" height=\"800\" alt=\"Instalaci\u00f3n de ascensor Nou Barris - Barcelona | Ascensores Ramase\" title=\"ACCESOS-ASCENSOR-10\" aria-label=\"ACCESOS-ASCENSOR-10\" class=\"img-responsive wp-image-5593\" srcset=\"https:\/\/ascensoresramase.com\/wp-content\/uploads\/ACCESOS-ASCENSOR-10-200x150.jpg 200w, https:\/\/ascensoresramase.com\/wp-content\/uploads\/ACCESOS-ASCENSOR-10-400x300.jpg 400w, https:\/\/ascensoresramase.com\/wp-content\/uploads\/ACCESOS-ASCENSOR-10-600x450.jpg 600w, https:\/\/ascensoresramase.com\/wp-content\/uploads\/ACCESOS-ASCENSOR-10-800x600.jpg 800w, https:\/\/ascensoresramase.com\/wp-content\/uploads\/ACCESOS-ASCENSOR-10.jpg 1067w\" sizes=\"(min-width: 2200px) 100vw, (min-width: 784px) 397px, (min-width: 712px) 595px, (min-width: 640px) 712px, \" \/><\/div><\/a><\/div><\/div><div style=\"padding:5px;\" class=\"fusion-grid-column fusion-gallery-column fusion-gallery-column-3 hover-type-none fusion-element-grid\"><div class=\"fusion-gallery-image\"><a href=\"https:\/\/ascensoresramase.com\/wp-content\/uploads\/ARRANQUE-NUEVA-ESCALERA-EN-PB-1.jpg\" rel=\"noreferrer\" data-rel=\"iLightbox[gallery_image_1]\" class=\"fusion-lightbox\" target=\"_self\"><div style=\"background-image:url(https:\/\/ascensoresramase.com\/wp-content\/uploads\/ARRANQUE-NUEVA-ESCALERA-EN-PB-1.jpg);padding-top:calc((100% + 10px) * 0.8 - 5px);background-position:;\" class=\"fusion-masonry-element-container\"><img decoding=\"async\" src=\"https:\/\/ascensoresramase.com\/wp-content\/uploads\/ARRANQUE-NUEVA-ESCALERA-EN-PB-1.jpg\" width=\"800\" height=\"1067\" alt=\"Instalaci\u00f3n de ascensor Nou Barris - Barcelona | Ascensores Ramase\" title=\"ARRANQUE-NUEVA-ESCALERA-EN-PB-1\" aria-label=\"ARRANQUE-NUEVA-ESCALERA-EN-PB-1\" class=\"img-responsive wp-image-5592\" srcset=\"https:\/\/ascensoresramase.com\/wp-content\/uploads\/ARRANQUE-NUEVA-ESCALERA-EN-PB-1-200x267.jpg 200w, https:\/\/ascensoresramase.com\/wp-content\/uploads\/ARRANQUE-NUEVA-ESCALERA-EN-PB-1-400x534.jpg 400w, https:\/\/ascensoresramase.com\/wp-content\/uploads\/ARRANQUE-NUEVA-ESCALERA-EN-PB-1-600x800.jpg 600w, https:\/\/ascensoresramase.com\/wp-content\/uploads\/ARRANQUE-NUEVA-ESCALERA-EN-PB-1.jpg 800w\" sizes=\"(min-width: 2200px) 100vw, (min-width: 784px) 397px, (min-width: 712px) 595px, (min-width: 640px) 712px, \" \/><\/div><\/a><\/div><\/div><div style=\"padding:5px;\" class=\"fusion-grid-column fusion-gallery-column fusion-gallery-column-3 hover-type-none fusion-element-grid\"><div class=\"fusion-gallery-image\"><a href=\"https:\/\/ascensoresramase.com\/wp-content\/uploads\/ESTRUCTURA-11.jpg\" rel=\"noreferrer\" data-rel=\"iLightbox[gallery_image_1]\" class=\"fusion-lightbox\" target=\"_self\"><div style=\"background-image:url(https:\/\/ascensoresramase.com\/wp-content\/uploads\/ESTRUCTURA-11.jpg);padding-top:calc((100% + 10px) * 0.8 - 5px);background-position:;\" class=\"fusion-masonry-element-container\"><img decoding=\"async\" src=\"https:\/\/ascensoresramase.com\/wp-content\/uploads\/ESTRUCTURA-11.jpg\" width=\"1067\" height=\"800\" alt=\"Instalaci\u00f3n de ascensor Nou Barris - Barcelona | Ascensores Ramase\" title=\"ESTRUCTURA-11\" aria-label=\"ESTRUCTURA-11\" class=\"img-responsive wp-image-5584\" srcset=\"https:\/\/ascensoresramase.com\/wp-content\/uploads\/ESTRUCTURA-11-200x150.jpg 200w, https:\/\/ascensoresramase.com\/wp-content\/uploads\/ESTRUCTURA-11-400x300.jpg 400w, https:\/\/ascensoresramase.com\/wp-content\/uploads\/ESTRUCTURA-11-600x450.jpg 600w, https:\/\/ascensoresramase.com\/wp-content\/uploads\/ESTRUCTURA-11-800x600.jpg 800w, https:\/\/ascensoresramase.com\/wp-content\/uploads\/ESTRUCTURA-11.jpg 1067w\" sizes=\"(min-width: 2200px) 100vw, (min-width: 784px) 397px, (min-width: 712px) 595px, (min-width: 640px) 712px, \" \/><\/div><\/a><\/div><\/div><div style=\"padding:5px;\" class=\"fusion-grid-column fusion-gallery-column fusion-gallery-column-3 hover-type-none fusion-element-grid\"><div class=\"fusion-gallery-image\"><a href=\"https:\/\/ascensoresramase.com\/wp-content\/uploads\/ESTRUCTURA-ESCAPE-12.jpg\" rel=\"noreferrer\" data-rel=\"iLightbox[gallery_image_1]\" class=\"fusion-lightbox\" target=\"_self\"><div style=\"background-image:url(https:\/\/ascensoresramase.com\/wp-content\/uploads\/ESTRUCTURA-ESCAPE-12.jpg);padding-top:calc((100% + 10px) * 0.8 - 5px);background-position:;\" class=\"fusion-masonry-element-container\"><img decoding=\"async\" src=\"https:\/\/ascensoresramase.com\/wp-content\/uploads\/ESTRUCTURA-ESCAPE-12.jpg\" width=\"1067\" height=\"800\" alt=\"Instalaci\u00f3n de ascensor Nou Barris - Barcelona | Ascensores Ramase\" title=\"ESTRUCTURA-ESCAPE-12\" aria-label=\"ESTRUCTURA-ESCAPE-12\" class=\"img-responsive wp-image-5583\" srcset=\"https:\/\/ascensoresramase.com\/wp-content\/uploads\/ESTRUCTURA-ESCAPE-12-200x150.jpg 200w, https:\/\/ascensoresramase.com\/wp-content\/uploads\/ESTRUCTURA-ESCAPE-12-400x300.jpg 400w, https:\/\/ascensoresramase.com\/wp-content\/uploads\/ESTRUCTURA-ESCAPE-12-600x450.jpg 600w, https:\/\/ascensoresramase.com\/wp-content\/uploads\/ESTRUCTURA-ESCAPE-12-800x600.jpg 800w, https:\/\/ascensoresramase.com\/wp-content\/uploads\/ESTRUCTURA-ESCAPE-12.jpg 1067w\" sizes=\"(min-width: 2200px) 100vw, (min-width: 784px) 397px, (min-width: 712px) 595px, (min-width: 640px) 712px, \" \/><\/div><\/a><\/div><\/div><div style=\"padding:5px;\" class=\"fusion-grid-column fusion-gallery-column fusion-gallery-column-3 hover-type-none fusion-element-grid\"><div class=\"fusion-gallery-image\"><a href=\"https:\/\/ascensoresramase.com\/wp-content\/uploads\/NUEVA-ESCALERA-2.jpg\" rel=\"noreferrer\" data-rel=\"iLightbox[gallery_image_1]\" class=\"fusion-lightbox\" target=\"_self\"><div style=\"background-image:url(https:\/\/ascensoresramase.com\/wp-content\/uploads\/NUEVA-ESCALERA-2.jpg);padding-top:calc((100% + 10px) * 0.8 - 5px);background-position:;\" class=\"fusion-masonry-element-container\"><img decoding=\"async\" src=\"https:\/\/ascensoresramase.com\/wp-content\/uploads\/NUEVA-ESCALERA-2.jpg\" width=\"800\" height=\"1067\" alt=\"Instalaci\u00f3n de ascensor Nou Barris - Barcelona | Ascensores Ramase\" title=\"NUEVA-ESCALERA-2\" aria-label=\"NUEVA-ESCALERA-2\" class=\"img-responsive wp-image-5582\" srcset=\"https:\/\/ascensoresramase.com\/wp-content\/uploads\/NUEVA-ESCALERA-2-200x267.jpg 200w, https:\/\/ascensoresramase.com\/wp-content\/uploads\/NUEVA-ESCALERA-2-400x534.jpg 400w, https:\/\/ascensoresramase.com\/wp-content\/uploads\/NUEVA-ESCALERA-2-600x800.jpg 600w, https:\/\/ascensoresramase.com\/wp-content\/uploads\/NUEVA-ESCALERA-2.jpg 800w\" sizes=\"(min-width: 2200px) 100vw, (min-width: 784px) 397px, (min-width: 712px) 595px, (min-width: 640px) 712px, \" \/><\/div><\/a><\/div><\/div><div style=\"padding:5px;\" class=\"fusion-grid-column fusion-gallery-column fusion-gallery-column-3 hover-type-none fusion-element-grid\"><div class=\"fusion-gallery-image\"><a href=\"https:\/\/ascensoresramase.com\/wp-content\/uploads\/NUEVA-ESCALERA-3.jpg\" rel=\"noreferrer\" data-rel=\"iLightbox[gallery_image_1]\" class=\"fusion-lightbox\" target=\"_self\"><div style=\"background-image:url(https:\/\/ascensoresramase.com\/wp-content\/uploads\/NUEVA-ESCALERA-3.jpg);padding-top:calc((100% + 10px) * 0.8 - 5px);background-position:;\" class=\"fusion-masonry-element-container\"><img decoding=\"async\" src=\"https:\/\/ascensoresramase.com\/wp-content\/uploads\/NUEVA-ESCALERA-3.jpg\" width=\"800\" height=\"1067\" alt=\"Instalaci\u00f3n de ascensor Nou Barris - Barcelona | Ascensores Ramase\" title=\"NUEVA-ESCALERA-3\" aria-label=\"NUEVA-ESCALERA-3\" class=\"img-responsive wp-image-5581\" srcset=\"https:\/\/ascensoresramase.com\/wp-content\/uploads\/NUEVA-ESCALERA-3-200x267.jpg 200w, https:\/\/ascensoresramase.com\/wp-content\/uploads\/NUEVA-ESCALERA-3-400x534.jpg 400w, https:\/\/ascensoresramase.com\/wp-content\/uploads\/NUEVA-ESCALERA-3-600x800.jpg 600w, https:\/\/ascensoresramase.com\/wp-content\/uploads\/NUEVA-ESCALERA-3.jpg 800w\" sizes=\"(min-width: 2200px) 100vw, (min-width: 784px) 397px, (min-width: 712px) 595px, (min-width: 640px) 712px, \" \/><\/div><\/a><\/div><\/div><div style=\"padding:5px;\" class=\"fusion-grid-column fusion-gallery-column fusion-gallery-column-3 hover-type-none fusion-element-grid\"><div class=\"fusion-gallery-image\"><a href=\"https:\/\/ascensoresramase.com\/wp-content\/uploads\/NUEVA-ESCALERA-4.jpg\" rel=\"noreferrer\" data-rel=\"iLightbox[gallery_image_1]\" class=\"fusion-lightbox\" target=\"_self\"><div style=\"background-image:url(https:\/\/ascensoresramase.com\/wp-content\/uploads\/NUEVA-ESCALERA-4.jpg);padding-top:calc((100% + 10px) * 0.8 - 5px);background-position:;\" class=\"fusion-masonry-element-container\"><img decoding=\"async\" src=\"https:\/\/ascensoresramase.com\/wp-content\/uploads\/NUEVA-ESCALERA-4.jpg\" width=\"800\" height=\"1067\" alt=\"Instalaci\u00f3n de ascensor Nou Barris - Barcelona | Ascensores Ramase\" title=\"NUEVA-ESCALERA-4\" aria-label=\"NUEVA-ESCALERA-4\" class=\"img-responsive wp-image-5580\" srcset=\"https:\/\/ascensoresramase.com\/wp-content\/uploads\/NUEVA-ESCALERA-4-200x267.jpg 200w, https:\/\/ascensoresramase.com\/wp-content\/uploads\/NUEVA-ESCALERA-4-400x534.jpg 400w, https:\/\/ascensoresramase.com\/wp-content\/uploads\/NUEVA-ESCALERA-4-600x800.jpg 600w, https:\/\/ascensoresramase.com\/wp-content\/uploads\/NUEVA-ESCALERA-4.jpg 800w\" sizes=\"(min-width: 2200px) 100vw, (min-width: 784px) 397px, (min-width: 712px) 595px, (min-width: 640px) 712px, \" \/><\/div><\/a><\/div><\/div><div style=\"padding:5px;\" class=\"fusion-grid-column fusion-gallery-column fusion-gallery-column-3 hover-type-none fusion-element-grid\"><div class=\"fusion-gallery-image\"><a href=\"https:\/\/ascensoresramase.com\/wp-content\/uploads\/NUEVA-ESCALERA-5.jpg\" rel=\"noreferrer\" data-rel=\"iLightbox[gallery_image_1]\" class=\"fusion-lightbox\" target=\"_self\"><div style=\"background-image:url(https:\/\/ascensoresramase.com\/wp-content\/uploads\/NUEVA-ESCALERA-5.jpg);padding-top:calc((100% + 10px) * 0.8 - 5px);background-position:;\" class=\"fusion-masonry-element-container\"><img decoding=\"async\" src=\"https:\/\/ascensoresramase.com\/wp-content\/uploads\/NUEVA-ESCALERA-5.jpg\" width=\"800\" height=\"1067\" alt=\"Instalaci\u00f3n de ascensor Nou Barris - Barcelona | Ascensores Ramase\" title=\"NUEVA-ESCALERA-5\" aria-label=\"NUEVA-ESCALERA-5\" class=\"img-responsive wp-image-5579\" srcset=\"https:\/\/ascensoresramase.com\/wp-content\/uploads\/NUEVA-ESCALERA-5-200x267.jpg 200w, https:\/\/ascensoresramase.com\/wp-content\/uploads\/NUEVA-ESCALERA-5-400x534.jpg 400w, https:\/\/ascensoresramase.com\/wp-content\/uploads\/NUEVA-ESCALERA-5-600x800.jpg 600w, https:\/\/ascensoresramase.com\/wp-content\/uploads\/NUEVA-ESCALERA-5.jpg 800w\" sizes=\"(min-width: 2200px) 100vw, (min-width: 784px) 397px, (min-width: 712px) 595px, (min-width: 640px) 712px, \" \/><\/div><\/a><\/div><\/div><div style=\"padding:5px;\" class=\"fusion-grid-column fusion-gallery-column fusion-gallery-column-3 hover-type-none fusion-element-grid\"><div class=\"fusion-gallery-image\"><a href=\"https:\/\/ascensoresramase.com\/wp-content\/uploads\/NUEVA-ESCALERA-6.webp\" rel=\"noreferrer\" data-rel=\"iLightbox[gallery_image_1]\" class=\"fusion-lightbox\" target=\"_self\"><div style=\"background-image:url(https:\/\/ascensoresramase.com\/wp-content\/uploads\/NUEVA-ESCALERA-6.webp);padding-top:calc((100% + 10px) * 0.8 - 5px);background-position:;\" class=\"fusion-masonry-element-container\"><img decoding=\"async\" src=\"https:\/\/ascensoresramase.com\/wp-content\/uploads\/NUEVA-ESCALERA-6.webp\" width=\"800\" height=\"1067\" alt=\"Instalaci\u00f3n de ascensor Nou Barris - Barcelona | Ascensores Ramase\" title=\"NUEVA-ESCALERA-6\" aria-label=\"NUEVA-ESCALERA-6\" class=\"img-responsive wp-image-5578\"  \/><\/div><\/a><\/div><\/div><div style=\"padding:5px;\" class=\"fusion-grid-column fusion-gallery-column fusion-gallery-column-3 hover-type-none fusion-element-grid\"><div class=\"fusion-gallery-image\"><a href=\"https:\/\/ascensoresramase.com\/wp-content\/uploads\/NUEVA-ESCALERA-9.jpg\" rel=\"noreferrer\" data-rel=\"iLightbox[gallery_image_1]\" class=\"fusion-lightbox\" target=\"_self\"><div style=\"background-image:url(https:\/\/ascensoresramase.com\/wp-content\/uploads\/NUEVA-ESCALERA-9.jpg);padding-top:calc((100% + 10px) * 0.8 - 5px);background-position:;\" class=\"fusion-masonry-element-container\"><img decoding=\"async\" src=\"https:\/\/ascensoresramase.com\/wp-content\/uploads\/NUEVA-ESCALERA-9.jpg\" width=\"1067\" height=\"800\" alt=\"Instalaci\u00f3n de ascensor Nou Barris - Barcelona | Ascensores Ramase\" title=\"NUEVA-ESCALERA-9\" aria-label=\"NUEVA-ESCALERA-9\" class=\"img-responsive wp-image-5577\" srcset=\"https:\/\/ascensoresramase.com\/wp-content\/uploads\/NUEVA-ESCALERA-9-200x150.jpg 200w, https:\/\/ascensoresramase.com\/wp-content\/uploads\/NUEVA-ESCALERA-9-400x300.jpg 400w, https:\/\/ascensoresramase.com\/wp-content\/uploads\/NUEVA-ESCALERA-9-600x450.jpg 600w, https:\/\/ascensoresramase.com\/wp-content\/uploads\/NUEVA-ESCALERA-9-800x600.jpg 800w, https:\/\/ascensoresramase.com\/wp-content\/uploads\/NUEVA-ESCALERA-9.jpg 1067w\" sizes=\"(min-width: 2200px) 100vw, (min-width: 784px) 397px, (min-width: 712px) 595px, (min-width: 640px) 712px, \" \/><\/div><\/a><\/div><\/div><div style=\"padding:5px;\" class=\"fusion-grid-column fusion-gallery-column fusion-gallery-column-3 hover-type-none fusion-element-grid\"><div class=\"fusion-gallery-image\"><a href=\"https:\/\/ascensoresramase.com\/wp-content\/uploads\/NUEVO-RELLANO-7.jpg\" rel=\"noreferrer\" data-rel=\"iLightbox[gallery_image_1]\" class=\"fusion-lightbox\" target=\"_self\"><div style=\"background-image:url(https:\/\/ascensoresramase.com\/wp-content\/uploads\/NUEVO-RELLANO-7.jpg);padding-top:calc((100% + 10px) * 0.8 - 5px);background-position:;\" class=\"fusion-masonry-element-container\"><img decoding=\"async\" src=\"https:\/\/ascensoresramase.com\/wp-content\/uploads\/NUEVO-RELLANO-7.jpg\" width=\"800\" height=\"1067\" alt=\"Instalaci\u00f3n de ascensor Nou Barris - Barcelona | Ascensores Ramase\" title=\"NUEVO-RELLANO-7\" aria-label=\"NUEVO-RELLANO-7\" class=\"img-responsive wp-image-5576\" srcset=\"https:\/\/ascensoresramase.com\/wp-content\/uploads\/NUEVO-RELLANO-7-200x267.jpg 200w, https:\/\/ascensoresramase.com\/wp-content\/uploads\/NUEVO-RELLANO-7-400x534.jpg 400w, https:\/\/ascensoresramase.com\/wp-content\/uploads\/NUEVO-RELLANO-7-600x800.jpg 600w, https:\/\/ascensoresramase.com\/wp-content\/uploads\/NUEVO-RELLANO-7.jpg 800w\" sizes=\"(min-width: 2200px) 100vw, (min-width: 784px) 397px, (min-width: 712px) 595px, (min-width: 640px) 712px, \" \/><\/div><\/a><\/div><\/div><div style=\"padding:5px;\" class=\"fusion-grid-column fusion-gallery-column fusion-gallery-column-3 hover-type-none fusion-element-grid\"><div class=\"fusion-gallery-image\"><a href=\"https:\/\/ascensoresramase.com\/wp-content\/uploads\/NUEVO-RELLANO-8.jpg\" rel=\"noreferrer\" data-rel=\"iLightbox[gallery_image_1]\" class=\"fusion-lightbox\" target=\"_self\"><div style=\"background-image:url(https:\/\/ascensoresramase.com\/wp-content\/uploads\/NUEVO-RELLANO-8.jpg);padding-top:calc((100% + 10px) * 0.8 - 5px);background-position:;\" class=\"fusion-masonry-element-container\"><img decoding=\"async\" src=\"https:\/\/ascensoresramase.com\/wp-content\/uploads\/NUEVO-RELLANO-8.jpg\" width=\"800\" height=\"1067\" alt=\"Instalaci\u00f3n de ascensor Nou Barris - Barcelona | Ascensores Ramase\" title=\"NUEVO-RELLANO-8\" aria-label=\"NUEVO-RELLANO-8\" class=\"img-responsive wp-image-5575\" srcset=\"https:\/\/ascensoresramase.com\/wp-content\/uploads\/NUEVO-RELLANO-8-200x267.jpg 200w, https:\/\/ascensoresramase.com\/wp-content\/uploads\/NUEVO-RELLANO-8-400x534.jpg 400w, https:\/\/ascensoresramase.com\/wp-content\/uploads\/NUEVO-RELLANO-8-600x800.jpg 600w, https:\/\/ascensoresramase.com\/wp-content\/uploads\/NUEVO-RELLANO-8.jpg 800w\" sizes=\"(min-width: 2200px) 100vw, (min-width: 784px) 397px, (min-width: 712px) 595px, (min-width: 640px) 712px, \" \/><\/div><\/a><\/div><\/div><div style=\"padding:5px;\" class=\"fusion-grid-column fusion-gallery-column fusion-gallery-column-3 hover-type-none fusion-element-grid\"><div class=\"fusion-gallery-image\"><a href=\"https:\/\/ascensoresramase.com\/wp-content\/uploads\/ENTRADA-ACABADA-2.jpg\" rel=\"noreferrer\" data-rel=\"iLightbox[gallery_image_1]\" class=\"fusion-lightbox\" target=\"_self\"><div style=\"background-image:url(https:\/\/ascensoresramase.com\/wp-content\/uploads\/ENTRADA-ACABADA-2.jpg);padding-top:calc((100% + 10px) * 0.8 - 5px);background-position:;\" class=\"fusion-masonry-element-container\"><img decoding=\"async\" src=\"https:\/\/ascensoresramase.com\/wp-content\/uploads\/ENTRADA-ACABADA-2.jpg\" width=\"800\" height=\"1067\" alt=\"Instalaci\u00f3n de ascensor Nou Barris - Barcelona | Ascensores Ramase\" title=\"ENTRADA-ACABADA-2\" aria-label=\"ENTRADA-ACABADA-2\" class=\"img-responsive wp-image-5587\" srcset=\"https:\/\/ascensoresramase.com\/wp-content\/uploads\/ENTRADA-ACABADA-2-200x267.jpg 200w, https:\/\/ascensoresramase.com\/wp-content\/uploads\/ENTRADA-ACABADA-2-400x534.jpg 400w, https:\/\/ascensoresramase.com\/wp-content\/uploads\/ENTRADA-ACABADA-2-600x800.jpg 600w, https:\/\/ascensoresramase.com\/wp-content\/uploads\/ENTRADA-ACABADA-2.jpg 800w\" sizes=\"(min-width: 2200px) 100vw, (min-width: 784px) 397px, (min-width: 712px) 595px, (min-width: 640px) 712px, \" \/><\/div><\/a><\/div><\/div><div style=\"padding:5px;\" class=\"fusion-grid-column fusion-gallery-column fusion-gallery-column-3 hover-type-none fusion-element-grid\"><div class=\"fusion-gallery-image\"><a href=\"https:\/\/ascensoresramase.com\/wp-content\/uploads\/ENTRADA-ACABADA2.jpg\" rel=\"noreferrer\" data-rel=\"iLightbox[gallery_image_1]\" class=\"fusion-lightbox\" target=\"_self\"><div style=\"background-image:url(https:\/\/ascensoresramase.com\/wp-content\/uploads\/ENTRADA-ACABADA2.jpg);padding-top:calc((100% + 10px) * 0.8 - 5px);background-position:;\" class=\"fusion-masonry-element-container\"><img decoding=\"async\" src=\"https:\/\/ascensoresramase.com\/wp-content\/uploads\/ENTRADA-ACABADA2.jpg\" width=\"800\" height=\"1067\" alt=\"Instalaci\u00f3n de ascensor Nou Barris - Barcelona | Ascensores Ramase\" title=\"ENTRADA-ACABADA2\" aria-label=\"ENTRADA-ACABADA2\" class=\"img-responsive wp-image-5588\" srcset=\"https:\/\/ascensoresramase.com\/wp-content\/uploads\/ENTRADA-ACABADA2-200x267.jpg 200w, https:\/\/ascensoresramase.com\/wp-content\/uploads\/ENTRADA-ACABADA2-400x534.jpg 400w, https:\/\/ascensoresramase.com\/wp-content\/uploads\/ENTRADA-ACABADA2-600x800.jpg 600w, https:\/\/ascensoresramase.com\/wp-content\/uploads\/ENTRADA-ACABADA2.jpg 800w\" sizes=\"(min-width: 2200px) 100vw, (min-width: 784px) 397px, (min-width: 712px) 595px, (min-width: 640px) 712px, \" \/><\/div><\/a><\/div><\/div><div style=\"padding:5px;\" class=\"fusion-grid-column fusion-gallery-column fusion-gallery-column-3 hover-type-none fusion-element-grid\"><div class=\"fusion-gallery-image\"><a href=\"https:\/\/ascensoresramase.com\/wp-content\/uploads\/ACCESO-PB-ASC-IZQ.jpg\" rel=\"noreferrer\" data-rel=\"iLightbox[gallery_image_1]\" class=\"fusion-lightbox\" target=\"_self\"><div style=\"background-image:url(https:\/\/ascensoresramase.com\/wp-content\/uploads\/ACCESO-PB-ASC-IZQ.jpg);padding-top:calc((100% + 10px) * 0.8 - 5px);background-position:;\" class=\"fusion-masonry-element-container\"><img decoding=\"async\" src=\"https:\/\/ascensoresramase.com\/wp-content\/uploads\/ACCESO-PB-ASC-IZQ.jpg\" width=\"800\" height=\"1067\" alt=\"Instalaci\u00f3n de ascensor Nou Barris - Barcelona | Ascensores Ramase\" title=\"ACCESO-PB-ASC-IZQ\" aria-label=\"ACCESO-PB-ASC-IZQ\" class=\"img-responsive wp-image-5594\" srcset=\"https:\/\/ascensoresramase.com\/wp-content\/uploads\/ACCESO-PB-ASC-IZQ-200x267.jpg 200w, https:\/\/ascensoresramase.com\/wp-content\/uploads\/ACCESO-PB-ASC-IZQ-400x534.jpg 400w, https:\/\/ascensoresramase.com\/wp-content\/uploads\/ACCESO-PB-ASC-IZQ-600x800.jpg 600w, https:\/\/ascensoresramase.com\/wp-content\/uploads\/ACCESO-PB-ASC-IZQ.jpg 800w\" sizes=\"(min-width: 2200px) 100vw, (min-width: 784px) 397px, (min-width: 712px) 595px, (min-width: 640px) 712px, \" \/><\/div><\/a><\/div><\/div><div style=\"padding:5px;\" class=\"fusion-grid-column fusion-gallery-column fusion-gallery-column-3 hover-type-none fusion-element-grid\"><div class=\"fusion-gallery-image\"><a href=\"https:\/\/ascensoresramase.com\/wp-content\/uploads\/ACCESO-PB-ASC-DCHO.jpg\" rel=\"noreferrer\" data-rel=\"iLightbox[gallery_image_1]\" class=\"fusion-lightbox\" target=\"_self\"><div style=\"background-image:url(https:\/\/ascensoresramase.com\/wp-content\/uploads\/ACCESO-PB-ASC-DCHO.jpg);padding-top:calc((100% + 10px) * 0.8 - 5px);background-position:;\" class=\"fusion-masonry-element-container\"><img decoding=\"async\" src=\"https:\/\/ascensoresramase.com\/wp-content\/uploads\/ACCESO-PB-ASC-DCHO.jpg\" width=\"1200\" height=\"1600\" alt=\"Instalaci\u00f3n de ascensor Nou Barris - Barcelona | Ascensores Ramase\" title=\"ACCESO-PB-ASC-DCHO\" aria-label=\"ACCESO-PB-ASC-DCHO\" class=\"img-responsive wp-image-5595\" srcset=\"https:\/\/ascensoresramase.com\/wp-content\/uploads\/ACCESO-PB-ASC-DCHO-200x267.jpg 200w, https:\/\/ascensoresramase.com\/wp-content\/uploads\/ACCESO-PB-ASC-DCHO-400x533.jpg 400w, https:\/\/ascensoresramase.com\/wp-content\/uploads\/ACCESO-PB-ASC-DCHO-600x800.jpg 600w, https:\/\/ascensoresramase.com\/wp-content\/uploads\/ACCESO-PB-ASC-DCHO-800x1067.jpg 800w, https:\/\/ascensoresramase.com\/wp-content\/uploads\/ACCESO-PB-ASC-DCHO.jpg 1200w\" sizes=\"(min-width: 2200px) 100vw, (min-width: 784px) 397px, (min-width: 712px) 595px, (min-width: 640px) 712px, \" \/><\/div><\/a><\/div><\/div><div style=\"padding:5px;\" class=\"fusion-grid-column fusion-gallery-column fusion-gallery-column-3 hover-type-none fusion-element-grid\"><div class=\"fusion-gallery-image\"><a href=\"https:\/\/ascensoresramase.com\/wp-content\/uploads\/CABINA-ASC-DCHO-2.jpg\" rel=\"noreferrer\" data-rel=\"iLightbox[gallery_image_1]\" class=\"fusion-lightbox\" target=\"_self\"><div style=\"background-image:url(https:\/\/ascensoresramase.com\/wp-content\/uploads\/CABINA-ASC-DCHO-2.jpg);padding-top:calc((100% + 10px) * 0.8 - 5px);background-position:;\" class=\"fusion-masonry-element-container\"><img decoding=\"async\" src=\"https:\/\/ascensoresramase.com\/wp-content\/uploads\/CABINA-ASC-DCHO-2.jpg\" width=\"800\" height=\"1067\" alt=\"Instalaci\u00f3n de ascensor Nou Barris - Barcelona | Ascensores Ramase\" title=\"CABINA-ASC-DCHO-2\" aria-label=\"CABINA-ASC-DCHO-2\" class=\"img-responsive wp-image-5590\" srcset=\"https:\/\/ascensoresramase.com\/wp-content\/uploads\/CABINA-ASC-DCHO-2-200x267.jpg 200w, https:\/\/ascensoresramase.com\/wp-content\/uploads\/CABINA-ASC-DCHO-2-400x534.jpg 400w, https:\/\/ascensoresramase.com\/wp-content\/uploads\/CABINA-ASC-DCHO-2-600x800.jpg 600w, https:\/\/ascensoresramase.com\/wp-content\/uploads\/CABINA-ASC-DCHO-2.jpg 800w\" sizes=\"(min-width: 2200px) 100vw, (min-width: 784px) 397px, (min-width: 712px) 595px, (min-width: 640px) 712px, \" \/><\/div><\/a><\/div><\/div><div style=\"padding:5px;\" class=\"fusion-grid-column fusion-gallery-column fusion-gallery-column-3 hover-type-none fusion-element-grid\"><div class=\"fusion-gallery-image\"><a href=\"https:\/\/ascensoresramase.com\/wp-content\/uploads\/CABINA-ASC-DCHO.jpg\" rel=\"noreferrer\" data-rel=\"iLightbox[gallery_image_1]\" class=\"fusion-lightbox\" target=\"_self\"><div style=\"background-image:url(https:\/\/ascensoresramase.com\/wp-content\/uploads\/CABINA-ASC-DCHO.jpg);padding-top:calc((100% + 10px) * 0.8 - 5px);background-position:;\" class=\"fusion-masonry-element-container\"><img decoding=\"async\" src=\"https:\/\/ascensoresramase.com\/wp-content\/uploads\/CABINA-ASC-DCHO.jpg\" width=\"800\" height=\"1067\" alt=\"Instalaci\u00f3n de ascensor Nou Barris - Barcelona | Ascensores Ramase\" title=\"CABINA-ASC-DCHO\" aria-label=\"CABINA-ASC-DCHO\" class=\"img-responsive wp-image-5591\" srcset=\"https:\/\/ascensoresramase.com\/wp-content\/uploads\/CABINA-ASC-DCHO-200x267.jpg 200w, https:\/\/ascensoresramase.com\/wp-content\/uploads\/CABINA-ASC-DCHO-400x534.jpg 400w, https:\/\/ascensoresramase.com\/wp-content\/uploads\/CABINA-ASC-DCHO-600x800.jpg 600w, https:\/\/ascensoresramase.com\/wp-content\/uploads\/CABINA-ASC-DCHO.jpg 800w\" sizes=\"(min-width: 2200px) 100vw, (min-width: 784px) 397px, (min-width: 712px) 595px, (min-width: 640px) 712px, \" \/><\/div><\/a><\/div><\/div><\/div><\/div><\/div><\/div><\/div><\/div><\/p>\n","protected":false},"excerpt":{"rendered":"","protected":false},"author":1,"featured_media":5570,"menu_order":0,"comment_status":"closed","ping_status":"closed","template":"","format":"standard","meta":{"footnotes":""},"portfolio_category":[34],"portfolio_skills":[],"portfolio_tags":[],"class_list":["post-7078","avada_portfolio","type-avada_portfolio","status-publish","format-standard","has-post-thumbnail","hentry","portfolio_category-obres-acabades"],"yoast_head":"<!-- This site is optimized with the Yoast SEO plugin v27.5 - https:\/\/yoast.com\/product\/yoast-seo-wordpress\/ -->\n<title>Instal\u00b7laci\u00f3 de 2 ascensors per celobert - Ascensores Ramase<\/title>\n<meta name=\"description\" content=\"Instal\u00b7laci\u00f3 de 2 ascensors a Nou Barris. Reconstrucci\u00f3 total d&#039;escales i eliminaci\u00f3 de barreres amb rampes per a una accessibilitat total.\" \/>\n<meta name=\"robots\" content=\"index, follow, max-snippet:-1, max-image-preview:large, max-video-preview:-1\" \/>\n<link rel=\"canonical\" href=\"https:\/\/ascensoresramase.com\/ca\/treballs-realitzats\/instalacio-de-2-ascensors-a-nou-barris-barcelona\/\" \/>\n<meta property=\"og:locale\" content=\"ca_ES\" \/>\n<meta property=\"og:type\" content=\"article\" \/>\n<meta property=\"og:title\" content=\"Instal\u00b7laci\u00f3 de 2 ascensors per celobert - Ascensores Ramase\" \/>\n<meta property=\"og:description\" content=\"Instal\u00b7laci\u00f3 de 2 ascensors a Nou Barris. Reconstrucci\u00f3 total d&#039;escales i eliminaci\u00f3 de barreres amb rampes per a una accessibilitat total.\" \/>\n<meta property=\"og:url\" content=\"https:\/\/ascensoresramase.com\/ca\/treballs-realitzats\/instalacio-de-2-ascensors-a-nou-barris-barcelona\/\" \/>\n<meta property=\"og:site_name\" content=\"Empresa mantenimiento ascensores Barcelona - Ascensores Ramase\" \/>\n<meta property=\"article:modified_time\" content=\"2026-04-24T08:15:26+00:00\" \/>\n<meta property=\"og:image\" content=\"https:\/\/ascensoresramase.com\/wp-content\/uploads\/Ascensor-en-Nou-Barris.jpg\" \/>\n\t<meta property=\"og:image:width\" content=\"750\" \/>\n\t<meta property=\"og:image:height\" content=\"500\" \/>\n\t<meta property=\"og:image:type\" content=\"image\/jpeg\" \/>\n<meta name=\"twitter:card\" content=\"summary_large_image\" \/>\n<meta name=\"twitter:label1\" content=\"Temps estimat de lectura\" \/>\n\t<meta name=\"twitter:data1\" content=\"7 minuts\" \/>\n<script type=\"application\/ld+json\" class=\"yoast-schema-graph\">{\"@context\":\"https:\\\/\\\/schema.org\",\"@graph\":[{\"@type\":\"WebPage\",\"@id\":\"https:\\\/\\\/ascensoresramase.com\\\/ca\\\/treballs-realitzats\\\/instalacio-de-2-ascensors-a-nou-barris-barcelona\\\/\",\"url\":\"https:\\\/\\\/ascensoresramase.com\\\/ca\\\/treballs-realitzats\\\/instalacio-de-2-ascensors-a-nou-barris-barcelona\\\/\",\"name\":\"Instal\u00b7laci\u00f3 de 2 ascensors per celobert - Ascensores Ramase\",\"isPartOf\":{\"@id\":\"https:\\\/\\\/ascensoresramase.com\\\/ca\\\/#website\"},\"primaryImageOfPage\":{\"@id\":\"https:\\\/\\\/ascensoresramase.com\\\/ca\\\/treballs-realitzats\\\/instalacio-de-2-ascensors-a-nou-barris-barcelona\\\/#primaryimage\"},\"image\":{\"@id\":\"https:\\\/\\\/ascensoresramase.com\\\/ca\\\/treballs-realitzats\\\/instalacio-de-2-ascensors-a-nou-barris-barcelona\\\/#primaryimage\"},\"thumbnailUrl\":\"https:\\\/\\\/ascensoresramase.com\\\/wp-content\\\/uploads\\\/Ascensor-en-Nou-Barris.jpg\",\"datePublished\":\"2019-05-29T09:06:29+00:00\",\"dateModified\":\"2026-04-24T08:15:26+00:00\",\"description\":\"Instal\u00b7laci\u00f3 de 2 ascensors a Nou Barris. Reconstrucci\u00f3 total d'escales i eliminaci\u00f3 de barreres amb rampes per a una accessibilitat total.\",\"breadcrumb\":{\"@id\":\"https:\\\/\\\/ascensoresramase.com\\\/ca\\\/treballs-realitzats\\\/instalacio-de-2-ascensors-a-nou-barris-barcelona\\\/#breadcrumb\"},\"inLanguage\":\"ca\",\"potentialAction\":[{\"@type\":\"ReadAction\",\"target\":[\"https:\\\/\\\/ascensoresramase.com\\\/ca\\\/treballs-realitzats\\\/instalacio-de-2-ascensors-a-nou-barris-barcelona\\\/\"]}]},{\"@type\":\"ImageObject\",\"inLanguage\":\"ca\",\"@id\":\"https:\\\/\\\/ascensoresramase.com\\\/ca\\\/treballs-realitzats\\\/instalacio-de-2-ascensors-a-nou-barris-barcelona\\\/#primaryimage\",\"url\":\"https:\\\/\\\/ascensoresramase.com\\\/wp-content\\\/uploads\\\/Ascensor-en-Nou-Barris.jpg\",\"contentUrl\":\"https:\\\/\\\/ascensoresramase.com\\\/wp-content\\\/uploads\\\/Ascensor-en-Nou-Barris.jpg\",\"width\":750,\"height\":500,\"caption\":\"Instalaci\u00f3n de ascensor Nou Barris - Barcelona | Ascensores Ramase\"},{\"@type\":\"BreadcrumbList\",\"@id\":\"https:\\\/\\\/ascensoresramase.com\\\/ca\\\/treballs-realitzats\\\/instalacio-de-2-ascensors-a-nou-barris-barcelona\\\/#breadcrumb\",\"itemListElement\":[{\"@type\":\"ListItem\",\"position\":1,\"name\":\"Inicio\",\"item\":\"https:\\\/\\\/ascensoresramase.com\\\/ca\\\/\"},{\"@type\":\"ListItem\",\"position\":2,\"name\":\"Portfolio\",\"item\":\"https:\\\/\\\/ascensoresramase.com\\\/ca\\\/treballs-realitzats\\\/\"},{\"@type\":\"ListItem\",\"position\":3,\"name\":\"Instal\u00b7laci\u00f3 de 2 ascensors per celobert \u2013 Nou Barris, Barcelona\"}]},{\"@type\":\"WebSite\",\"@id\":\"https:\\\/\\\/ascensoresramase.com\\\/ca\\\/#website\",\"url\":\"https:\\\/\\\/ascensoresramase.com\\\/ca\\\/\",\"name\":\"Empresa mantenimiento ascensores Barcelona - Ascensores Ramase\",\"description\":\"\",\"publisher\":{\"@id\":\"https:\\\/\\\/ascensoresramase.com\\\/ca\\\/#organization\"},\"potentialAction\":[{\"@type\":\"SearchAction\",\"target\":{\"@type\":\"EntryPoint\",\"urlTemplate\":\"https:\\\/\\\/ascensoresramase.com\\\/ca\\\/?s={search_term_string}\"},\"query-input\":{\"@type\":\"PropertyValueSpecification\",\"valueRequired\":true,\"valueName\":\"search_term_string\"}}],\"inLanguage\":\"ca\"},{\"@type\":\"Organization\",\"@id\":\"https:\\\/\\\/ascensoresramase.com\\\/ca\\\/#organization\",\"name\":\"RAMASE, S.A\",\"url\":\"https:\\\/\\\/ascensoresramase.com\\\/ca\\\/\",\"logo\":{\"@type\":\"ImageObject\",\"inLanguage\":\"ca\",\"@id\":\"https:\\\/\\\/ascensoresramase.com\\\/ca\\\/#\\\/schema\\\/logo\\\/image\\\/\",\"url\":\"https:\\\/\\\/ascensoresramase.com\\\/wp-content\\\/uploads\\\/LOGO_ramase-web-1.png\",\"contentUrl\":\"https:\\\/\\\/ascensoresramase.com\\\/wp-content\\\/uploads\\\/LOGO_ramase-web-1.png\",\"width\":234,\"height\":150,\"caption\":\"RAMASE, S.A\"},\"image\":{\"@id\":\"https:\\\/\\\/ascensoresramase.com\\\/ca\\\/#\\\/schema\\\/logo\\\/image\\\/\"}}]}<\/script>\n<!-- \/ Yoast SEO plugin. -->","yoast_head_json":{"title":"Instal\u00b7laci\u00f3 de 2 ascensors per celobert - Ascensores Ramase","description":"Instal\u00b7laci\u00f3 de 2 ascensors a Nou Barris. Reconstrucci\u00f3 total d'escales i eliminaci\u00f3 de barreres amb rampes per a una accessibilitat total.","robots":{"index":"index","follow":"follow","max-snippet":"max-snippet:-1","max-image-preview":"max-image-preview:large","max-video-preview":"max-video-preview:-1"},"canonical":"https:\/\/ascensoresramase.com\/ca\/treballs-realitzats\/instalacio-de-2-ascensors-a-nou-barris-barcelona\/","og_locale":"ca_ES","og_type":"article","og_title":"Instal\u00b7laci\u00f3 de 2 ascensors per celobert - Ascensores Ramase","og_description":"Instal\u00b7laci\u00f3 de 2 ascensors a Nou Barris. Reconstrucci\u00f3 total d'escales i eliminaci\u00f3 de barreres amb rampes per a una accessibilitat total.","og_url":"https:\/\/ascensoresramase.com\/ca\/treballs-realitzats\/instalacio-de-2-ascensors-a-nou-barris-barcelona\/","og_site_name":"Empresa mantenimiento ascensores Barcelona - Ascensores Ramase","article_modified_time":"2026-04-24T08:15:26+00:00","og_image":[{"width":750,"height":500,"url":"https:\/\/ascensoresramase.com\/wp-content\/uploads\/Ascensor-en-Nou-Barris.jpg","type":"image\/jpeg"}],"twitter_card":"summary_large_image","twitter_misc":{"Temps estimat de lectura":"7 minuts"},"schema":{"@context":"https:\/\/schema.org","@graph":[{"@type":"WebPage","@id":"https:\/\/ascensoresramase.com\/ca\/treballs-realitzats\/instalacio-de-2-ascensors-a-nou-barris-barcelona\/","url":"https:\/\/ascensoresramase.com\/ca\/treballs-realitzats\/instalacio-de-2-ascensors-a-nou-barris-barcelona\/","name":"Instal\u00b7laci\u00f3 de 2 ascensors per celobert - Ascensores Ramase","isPartOf":{"@id":"https:\/\/ascensoresramase.com\/ca\/#website"},"primaryImageOfPage":{"@id":"https:\/\/ascensoresramase.com\/ca\/treballs-realitzats\/instalacio-de-2-ascensors-a-nou-barris-barcelona\/#primaryimage"},"image":{"@id":"https:\/\/ascensoresramase.com\/ca\/treballs-realitzats\/instalacio-de-2-ascensors-a-nou-barris-barcelona\/#primaryimage"},"thumbnailUrl":"https:\/\/ascensoresramase.com\/wp-content\/uploads\/Ascensor-en-Nou-Barris.jpg","datePublished":"2019-05-29T09:06:29+00:00","dateModified":"2026-04-24T08:15:26+00:00","description":"Instal\u00b7laci\u00f3 de 2 ascensors a Nou Barris. Reconstrucci\u00f3 total d'escales i eliminaci\u00f3 de barreres amb rampes per a una accessibilitat total.","breadcrumb":{"@id":"https:\/\/ascensoresramase.com\/ca\/treballs-realitzats\/instalacio-de-2-ascensors-a-nou-barris-barcelona\/#breadcrumb"},"inLanguage":"ca","potentialAction":[{"@type":"ReadAction","target":["https:\/\/ascensoresramase.com\/ca\/treballs-realitzats\/instalacio-de-2-ascensors-a-nou-barris-barcelona\/"]}]},{"@type":"ImageObject","inLanguage":"ca","@id":"https:\/\/ascensoresramase.com\/ca\/treballs-realitzats\/instalacio-de-2-ascensors-a-nou-barris-barcelona\/#primaryimage","url":"https:\/\/ascensoresramase.com\/wp-content\/uploads\/Ascensor-en-Nou-Barris.jpg","contentUrl":"https:\/\/ascensoresramase.com\/wp-content\/uploads\/Ascensor-en-Nou-Barris.jpg","width":750,"height":500,"caption":"Instalaci\u00f3n de ascensor Nou Barris - Barcelona | Ascensores Ramase"},{"@type":"BreadcrumbList","@id":"https:\/\/ascensoresramase.com\/ca\/treballs-realitzats\/instalacio-de-2-ascensors-a-nou-barris-barcelona\/#breadcrumb","itemListElement":[{"@type":"ListItem","position":1,"name":"Inicio","item":"https:\/\/ascensoresramase.com\/ca\/"},{"@type":"ListItem","position":2,"name":"Portfolio","item":"https:\/\/ascensoresramase.com\/ca\/treballs-realitzats\/"},{"@type":"ListItem","position":3,"name":"Instal\u00b7laci\u00f3 de 2 ascensors per celobert \u2013 Nou Barris, Barcelona"}]},{"@type":"WebSite","@id":"https:\/\/ascensoresramase.com\/ca\/#website","url":"https:\/\/ascensoresramase.com\/ca\/","name":"Empresa mantenimiento ascensores Barcelona - Ascensores Ramase","description":"","publisher":{"@id":"https:\/\/ascensoresramase.com\/ca\/#organization"},"potentialAction":[{"@type":"SearchAction","target":{"@type":"EntryPoint","urlTemplate":"https:\/\/ascensoresramase.com\/ca\/?s={search_term_string}"},"query-input":{"@type":"PropertyValueSpecification","valueRequired":true,"valueName":"search_term_string"}}],"inLanguage":"ca"},{"@type":"Organization","@id":"https:\/\/ascensoresramase.com\/ca\/#organization","name":"RAMASE, S.A","url":"https:\/\/ascensoresramase.com\/ca\/","logo":{"@type":"ImageObject","inLanguage":"ca","@id":"https:\/\/ascensoresramase.com\/ca\/#\/schema\/logo\/image\/","url":"https:\/\/ascensoresramase.com\/wp-content\/uploads\/LOGO_ramase-web-1.png","contentUrl":"https:\/\/ascensoresramase.com\/wp-content\/uploads\/LOGO_ramase-web-1.png","width":234,"height":150,"caption":"RAMASE, S.A"},"image":{"@id":"https:\/\/ascensoresramase.com\/ca\/#\/schema\/logo\/image\/"}}]}},"_links":{"self":[{"href":"https:\/\/ascensoresramase.com\/ca\/wp-json\/wp\/v2\/avada_portfolio\/7078","targetHints":{"allow":["GET"]}}],"collection":[{"href":"https:\/\/ascensoresramase.com\/ca\/wp-json\/wp\/v2\/avada_portfolio"}],"about":[{"href":"https:\/\/ascensoresramase.com\/ca\/wp-json\/wp\/v2\/types\/avada_portfolio"}],"author":[{"embeddable":true,"href":"https:\/\/ascensoresramase.com\/ca\/wp-json\/wp\/v2\/users\/1"}],"replies":[{"embeddable":true,"href":"https:\/\/ascensoresramase.com\/ca\/wp-json\/wp\/v2\/comments?post=7078"}],"version-history":[{"count":3,"href":"https:\/\/ascensoresramase.com\/ca\/wp-json\/wp\/v2\/avada_portfolio\/7078\/revisions"}],"predecessor-version":[{"id":14884,"href":"https:\/\/ascensoresramase.com\/ca\/wp-json\/wp\/v2\/avada_portfolio\/7078\/revisions\/14884"}],"wp:featuredmedia":[{"embeddable":true,"href":"https:\/\/ascensoresramase.com\/ca\/wp-json\/wp\/v2\/media\/5570"}],"wp:attachment":[{"href":"https:\/\/ascensoresramase.com\/ca\/wp-json\/wp\/v2\/media?parent=7078"}],"wp:term":[{"taxonomy":"portfolio_category","embeddable":true,"href":"https:\/\/ascensoresramase.com\/ca\/wp-json\/wp\/v2\/portfolio_category?post=7078"},{"taxonomy":"portfolio_skills","embeddable":true,"href":"https:\/\/ascensoresramase.com\/ca\/wp-json\/wp\/v2\/portfolio_skills?post=7078"},{"taxonomy":"portfolio_tags","embeddable":true,"href":"https:\/\/ascensoresramase.com\/ca\/wp-json\/wp\/v2\/portfolio_tags?post=7078"}],"curies":[{"name":"wp","href":"https:\/\/api.w.org\/{rel}","templated":true}]}}