{"id":13542,"date":"2025-09-12T12:10:10","date_gmt":"2025-09-12T10:10:10","guid":{"rendered":"https:\/\/ascensoresramase.com\/?post_type=avada_portfolio&#038;p=13542"},"modified":"2026-04-27T15:43:06","modified_gmt":"2026-04-27T13:43:06","slug":"ascensor-en-finca-antiga-verdum-barcelona","status":"publish","type":"avada_portfolio","link":"https:\/\/ascensoresramase.com\/ca\/treballs-realitzats\/ascensor-en-finca-antiga-verdum-barcelona\/","title":{"rendered":"Ascensor en finca antiga &#8211; Verdum, Barcelona"},"content":{"rendered":"<p><div class=\"fusion-fullwidth fullwidth-box fusion-builder-row-1 fusion-flex-container nonhundred-percent-fullwidth non-hundred-percent-height-scrolling\" style=\"--awb-border-radius-top-left:0px;--awb-border-radius-top-right:0px;--awb-border-radius-bottom-right:0px;--awb-border-radius-bottom-left:0px;--awb-flex-wrap:wrap;\" ><div class=\"fusion-builder-row fusion-row fusion-flex-align-items-flex-start fusion-flex-content-wrap\" style=\"max-width:1248px;margin-left: calc(-4% \/ 2 );margin-right: calc(-4% \/ 2 );\"><div class=\"fusion-layout-column fusion_builder_column fusion-builder-column-0 fusion_builder_column_1_1 1_1 fusion-flex-column\" style=\"--awb-padding-top:20px;--awb-padding-bottom:20px;--awb-padding-left:20px;--awb-bg-color:var(--awb-custom13);--awb-bg-color-hover:var(--awb-custom13);--awb-bg-size:cover;--awb-border-color:var(--awb-color6);--awb-border-top:3px;--awb-border-style:solid;--awb-width-large:100%;--awb-margin-top-large:0px;--awb-spacing-right-large:1.92%;--awb-margin-bottom-large:20px;--awb-spacing-left-large:1.92%;--awb-width-medium:100%;--awb-order-medium:0;--awb-spacing-right-medium:1.92%;--awb-spacing-left-medium:1.92%;--awb-width-small:100%;--awb-order-small:0;--awb-spacing-right-small:1.92%;--awb-spacing-left-small:1.92%;\" data-scroll-devices=\"small-visibility,medium-visibility,large-visibility\"><div class=\"fusion-column-wrapper fusion-column-has-shadow fusion-flex-justify-content-flex-start fusion-content-layout-column\"><div class=\"fusion-title title fusion-title-1 fusion-sep-none fusion-title-center fusion-title-text fusion-title-size-three\" style=\"--awb-margin-top-small:10px;--awb-margin-right-small:0px;--awb-margin-bottom-small:10px;--awb-margin-left-small:0px;\"><h3 class=\"fusion-title-heading title-heading-center\" style=\"margin:0;\">Instal\u00b7laci\u00f3 d&#8217;ascensor i accions realitzades<\/h3><\/div><div class=\"fusion-text fusion-text-1\" style=\"--awb-content-alignment:center;\"><p>Aquest projecte neix de la necessitat de millorar el dia a dia dels ve\u00efns en una finca que no comptava amb ascensor d&#8217;origen. El repte principal va ser integrar un ascensor en un edifici amb una estructura ja consolidada que <strong>no tenia forat definit per a l&#8217;ascensor<\/strong>, i la millor opci\u00f3 va ser instal\u00b7lar-lo al pati inferior.<\/p>\n<p>Per a aconseguir-ho, es van despla\u00e7ar subministraments d&#8217;aigua i llum que interferien amb l&#8217;obra, es va canviar la configuraci\u00f3 de les escales i es va finalitzar amb la instal\u00b7laci\u00f3 d&#8217;una cambra de m\u00e0quines. El resultat \u00e9s un <strong>ascensor de 5 parades i capacitat per a 450 kg perfectament integrat amb l&#8217;est\u00e8tica interior<\/strong> del repl\u00e0.<\/p>\n<\/div><\/div><\/div><\/div><\/div><div class=\"fusion-fullwidth fullwidth-box fusion-builder-row-2 fusion-flex-container nonhundred-percent-fullwidth non-hundred-percent-height-scrolling\" style=\"--awb-border-radius-top-left:0px;--awb-border-radius-top-right:0px;--awb-border-radius-bottom-right:0px;--awb-border-radius-bottom-left:0px;--awb-flex-wrap:wrap;\" ><div class=\"fusion-builder-row fusion-row fusion-flex-align-items-stretch fusion-flex-content-wrap\" style=\"max-width:1248px;margin-left: calc(-4% \/ 2 );margin-right: calc(-4% \/ 2 );\"><div class=\"fusion-layout-column fusion_builder_column fusion-builder-column-1 fusion_builder_column_1_1 1_1 fusion-flex-column\" style=\"--awb-bg-size:cover;--awb-width-large:100%;--awb-margin-top-large:0px;--awb-spacing-right-large:1.92%;--awb-margin-bottom-large:20px;--awb-spacing-left-large:1.92%;--awb-width-medium:100%;--awb-order-medium:0;--awb-spacing-right-medium:1.92%;--awb-spacing-left-medium:1.92%;--awb-width-small:100%;--awb-order-small:0;--awb-spacing-right-small:1.92%;--awb-spacing-left-small:1.92%;\"><div class=\"fusion-column-wrapper fusion-column-has-shadow fusion-flex-justify-content-flex-start fusion-content-layout-column\"><div class=\"awb-gallery-wrapper awb-gallery-wrapper-1 button-span-no\" style=\"--more-btn-alignment:center;\"><div style=\"margin:-5px;--awb-bordersize:0px;\" class=\"fusion-gallery fusion-gallery-container fusion-grid-3 fusion-columns-total-35 fusion-gallery-layout-masonry fusion-gallery-1\"><div class=\"fusion-grid-column fusion-gallery-column fusion-gallery-column-3 hover-type-none fusion-grid-sizer\"><\/div><div style=\"padding:5px;\" class=\"fusion-grid-column fusion-gallery-column fusion-gallery-column-3 hover-type-none fusion-element-grid\"><div class=\"fusion-gallery-image\"><a href=\"https:\/\/ascensoresramase.com\/wp-content\/uploads\/1-ascensor-en-finca-antigua-verdum-barcelona.webp\" rel=\"noreferrer\" data-rel=\"iLightbox[gallery_image_1]\" class=\"fusion-lightbox\" target=\"_self\"><div style=\"background-image:url(https:\/\/ascensoresramase.com\/wp-content\/uploads\/1-ascensor-en-finca-antigua-verdum-barcelona.webp);padding-top:calc((100% + 10px) * 0.8 - 5px);background-position:;\" class=\"fusion-masonry-element-container\"><img decoding=\"async\" src=\"https:\/\/ascensoresramase.com\/wp-content\/uploads\/1-ascensor-en-finca-antigua-verdum-barcelona.webp\" width=\"750\" height=\"1000\" alt=\"Ascensor en finca antigua - Verdum, Barcelona\" title=\"1-ascensor-en-finca-antigua-verdum-barcelona\" aria-label=\"1-ascensor-en-finca-antigua-verdum-barcelona\" class=\"img-responsive wp-image-13514\" srcset=\"https:\/\/ascensoresramase.com\/wp-content\/uploads\/1-ascensor-en-finca-antigua-verdum-barcelona-200x267.webp 200w, https:\/\/ascensoresramase.com\/wp-content\/uploads\/1-ascensor-en-finca-antigua-verdum-barcelona-400x533.webp 400w, https:\/\/ascensoresramase.com\/wp-content\/uploads\/1-ascensor-en-finca-antigua-verdum-barcelona-600x800.webp 600w, https:\/\/ascensoresramase.com\/wp-content\/uploads\/1-ascensor-en-finca-antigua-verdum-barcelona.webp 750w\" sizes=\"(min-width: 2200px) 100vw, (min-width: 784px) 397px, (min-width: 712px) 595px, (min-width: 640px) 712px, \" \/><\/div><\/a><\/div><\/div><div style=\"padding:5px;\" class=\"fusion-grid-column fusion-gallery-column fusion-gallery-column-3 hover-type-none fusion-element-grid\"><div class=\"fusion-gallery-image\"><a href=\"https:\/\/ascensoresramase.com\/wp-content\/uploads\/2-ascensor-en-finca-antigua-verdum-barcelona.webp\" rel=\"noreferrer\" data-rel=\"iLightbox[gallery_image_1]\" class=\"fusion-lightbox\" target=\"_self\"><div style=\"background-image:url(https:\/\/ascensoresramase.com\/wp-content\/uploads\/2-ascensor-en-finca-antigua-verdum-barcelona.webp);padding-top:calc((100% + 10px) * 0.8 - 5px);background-position:;\" class=\"fusion-masonry-element-container\"><img decoding=\"async\" src=\"https:\/\/ascensoresramase.com\/wp-content\/uploads\/2-ascensor-en-finca-antigua-verdum-barcelona.webp\" width=\"750\" height=\"1000\" alt=\"Ascensor en finca antigua - Verdum, Barcelona\" title=\"2-ascensor-en-finca-antigua-verdum-barcelona\" aria-label=\"2-ascensor-en-finca-antigua-verdum-barcelona\" class=\"img-responsive wp-image-13512\" srcset=\"https:\/\/ascensoresramase.com\/wp-content\/uploads\/2-ascensor-en-finca-antigua-verdum-barcelona-200x267.webp 200w, https:\/\/ascensoresramase.com\/wp-content\/uploads\/2-ascensor-en-finca-antigua-verdum-barcelona-400x533.webp 400w, https:\/\/ascensoresramase.com\/wp-content\/uploads\/2-ascensor-en-finca-antigua-verdum-barcelona-600x800.webp 600w, https:\/\/ascensoresramase.com\/wp-content\/uploads\/2-ascensor-en-finca-antigua-verdum-barcelona.webp 750w\" sizes=\"(min-width: 2200px) 100vw, (min-width: 784px) 397px, (min-width: 712px) 595px, (min-width: 640px) 712px, \" \/><\/div><\/a><\/div><\/div><div style=\"padding:5px;\" class=\"fusion-grid-column fusion-gallery-column fusion-gallery-column-3 hover-type-none fusion-element-grid\"><div class=\"fusion-gallery-image\"><a href=\"https:\/\/ascensoresramase.com\/wp-content\/uploads\/3-ascensor-en-finca-antigua-verdum-barcelona.webp\" rel=\"noreferrer\" data-rel=\"iLightbox[gallery_image_1]\" class=\"fusion-lightbox\" target=\"_self\"><div style=\"background-image:url(https:\/\/ascensoresramase.com\/wp-content\/uploads\/3-ascensor-en-finca-antigua-verdum-barcelona.webp);padding-top:calc((100% + 10px) * 0.8 - 5px);background-position:;\" class=\"fusion-masonry-element-container\"><img decoding=\"async\" src=\"https:\/\/ascensoresramase.com\/wp-content\/uploads\/3-ascensor-en-finca-antigua-verdum-barcelona.webp\" width=\"750\" height=\"1000\" alt=\"Ascensor en finca antigua - Verdum, Barcelona\" title=\"3-ascensor-en-finca-antigua-verdum-barcelona\" aria-label=\"3-ascensor-en-finca-antigua-verdum-barcelona\" class=\"img-responsive wp-image-13516\" srcset=\"https:\/\/ascensoresramase.com\/wp-content\/uploads\/3-ascensor-en-finca-antigua-verdum-barcelona-200x267.webp 200w, https:\/\/ascensoresramase.com\/wp-content\/uploads\/3-ascensor-en-finca-antigua-verdum-barcelona-400x533.webp 400w, https:\/\/ascensoresramase.com\/wp-content\/uploads\/3-ascensor-en-finca-antigua-verdum-barcelona-600x800.webp 600w, https:\/\/ascensoresramase.com\/wp-content\/uploads\/3-ascensor-en-finca-antigua-verdum-barcelona.webp 750w\" sizes=\"(min-width: 2200px) 100vw, (min-width: 784px) 397px, (min-width: 712px) 595px, (min-width: 640px) 712px, \" \/><\/div><\/a><\/div><\/div><div style=\"padding:5px;\" class=\"fusion-grid-column fusion-gallery-column fusion-gallery-column-3 hover-type-none fusion-element-grid\"><div class=\"fusion-gallery-image\"><a href=\"https:\/\/ascensoresramase.com\/wp-content\/uploads\/4-ascensor-en-finca-antigua-verdum-barcelona.webp\" rel=\"noreferrer\" data-rel=\"iLightbox[gallery_image_1]\" class=\"fusion-lightbox\" target=\"_self\"><div style=\"background-image:url(https:\/\/ascensoresramase.com\/wp-content\/uploads\/4-ascensor-en-finca-antigua-verdum-barcelona.webp);padding-top:calc((100% + 10px) * 0.8 - 5px);background-position:;\" class=\"fusion-masonry-element-container\"><img decoding=\"async\" src=\"https:\/\/ascensoresramase.com\/wp-content\/uploads\/4-ascensor-en-finca-antigua-verdum-barcelona.webp\" width=\"750\" height=\"1000\" alt=\"Ascensor en finca antigua - Verdum, Barcelona\" title=\"4-ascensor-en-finca-antigua-verdum-barcelona\" aria-label=\"4-ascensor-en-finca-antigua-verdum-barcelona\" class=\"img-responsive wp-image-13518\" srcset=\"https:\/\/ascensoresramase.com\/wp-content\/uploads\/4-ascensor-en-finca-antigua-verdum-barcelona-200x267.webp 200w, https:\/\/ascensoresramase.com\/wp-content\/uploads\/4-ascensor-en-finca-antigua-verdum-barcelona-400x533.webp 400w, https:\/\/ascensoresramase.com\/wp-content\/uploads\/4-ascensor-en-finca-antigua-verdum-barcelona-600x800.webp 600w, https:\/\/ascensoresramase.com\/wp-content\/uploads\/4-ascensor-en-finca-antigua-verdum-barcelona.webp 750w\" sizes=\"(min-width: 2200px) 100vw, (min-width: 784px) 397px, (min-width: 712px) 595px, (min-width: 640px) 712px, \" \/><\/div><\/a><\/div><\/div><div style=\"padding:5px;\" class=\"fusion-grid-column fusion-gallery-column fusion-gallery-column-3 hover-type-none fusion-element-grid\"><div class=\"fusion-gallery-image\"><a href=\"https:\/\/ascensoresramase.com\/wp-content\/uploads\/5-ascensor-en-finca-antigua-verdum-barcelona.webp\" rel=\"noreferrer\" data-rel=\"iLightbox[gallery_image_1]\" class=\"fusion-lightbox\" target=\"_self\"><div style=\"background-image:url(https:\/\/ascensoresramase.com\/wp-content\/uploads\/5-ascensor-en-finca-antigua-verdum-barcelona.webp);padding-top:calc((100% + 10px) * 0.8 - 5px);background-position:;\" class=\"fusion-masonry-element-container\"><img decoding=\"async\" src=\"https:\/\/ascensoresramase.com\/wp-content\/uploads\/5-ascensor-en-finca-antigua-verdum-barcelona.webp\" width=\"750\" height=\"1000\" alt=\"Ascensor en finca antigua - Verdum, Barcelona\" title=\"5-ascensor-en-finca-antigua-verdum-barcelona\" aria-label=\"5-ascensor-en-finca-antigua-verdum-barcelona\" class=\"img-responsive wp-image-13520\" srcset=\"https:\/\/ascensoresramase.com\/wp-content\/uploads\/5-ascensor-en-finca-antigua-verdum-barcelona-200x267.webp 200w, https:\/\/ascensoresramase.com\/wp-content\/uploads\/5-ascensor-en-finca-antigua-verdum-barcelona-400x533.webp 400w, https:\/\/ascensoresramase.com\/wp-content\/uploads\/5-ascensor-en-finca-antigua-verdum-barcelona-600x800.webp 600w, https:\/\/ascensoresramase.com\/wp-content\/uploads\/5-ascensor-en-finca-antigua-verdum-barcelona.webp 750w\" sizes=\"(min-width: 2200px) 100vw, (min-width: 784px) 397px, (min-width: 712px) 595px, (min-width: 640px) 712px, \" \/><\/div><\/a><\/div><\/div><div style=\"padding:5px;\" class=\"fusion-grid-column fusion-gallery-column fusion-gallery-column-3 hover-type-none fusion-element-grid\"><div class=\"fusion-gallery-image\"><a href=\"https:\/\/ascensoresramase.com\/wp-content\/uploads\/6-ascensor-en-finca-antigua-verdum-barcelona.webp\" rel=\"noreferrer\" data-rel=\"iLightbox[gallery_image_1]\" class=\"fusion-lightbox\" target=\"_self\"><div style=\"background-image:url(https:\/\/ascensoresramase.com\/wp-content\/uploads\/6-ascensor-en-finca-antigua-verdum-barcelona.webp);padding-top:calc((100% + 10px) * 0.8 - 5px);background-position:;\" class=\"fusion-masonry-element-container\"><img decoding=\"async\" src=\"https:\/\/ascensoresramase.com\/wp-content\/uploads\/6-ascensor-en-finca-antigua-verdum-barcelona.webp\" width=\"750\" height=\"1000\" alt=\"Ascensor en finca antigua - Verdum, Barcelona\" title=\"6-ascensor-en-finca-antigua-verdum-barcelona\" aria-label=\"6-ascensor-en-finca-antigua-verdum-barcelona\" class=\"img-responsive wp-image-13522\" srcset=\"https:\/\/ascensoresramase.com\/wp-content\/uploads\/6-ascensor-en-finca-antigua-verdum-barcelona-200x267.webp 200w, https:\/\/ascensoresramase.com\/wp-content\/uploads\/6-ascensor-en-finca-antigua-verdum-barcelona-400x533.webp 400w, https:\/\/ascensoresramase.com\/wp-content\/uploads\/6-ascensor-en-finca-antigua-verdum-barcelona-600x800.webp 600w, https:\/\/ascensoresramase.com\/wp-content\/uploads\/6-ascensor-en-finca-antigua-verdum-barcelona.webp 750w\" sizes=\"(min-width: 2200px) 100vw, (min-width: 784px) 397px, (min-width: 712px) 595px, (min-width: 640px) 712px, \" \/><\/div><\/a><\/div><\/div><div style=\"padding:5px;\" class=\"fusion-grid-column fusion-gallery-column fusion-gallery-column-3 hover-type-none fusion-element-grid\"><div class=\"fusion-gallery-image\"><a href=\"https:\/\/ascensoresramase.com\/wp-content\/uploads\/7-ascensor-en-finca-antigua-verdum-barcelona.webp\" rel=\"noreferrer\" data-rel=\"iLightbox[gallery_image_1]\" class=\"fusion-lightbox\" target=\"_self\"><div style=\"background-image:url(https:\/\/ascensoresramase.com\/wp-content\/uploads\/7-ascensor-en-finca-antigua-verdum-barcelona.webp);padding-top:calc((100% + 10px) * 0.8 - 5px);background-position:;\" class=\"fusion-masonry-element-container\"><img decoding=\"async\" src=\"https:\/\/ascensoresramase.com\/wp-content\/uploads\/7-ascensor-en-finca-antigua-verdum-barcelona.webp\" width=\"750\" height=\"1000\" alt=\"Ascensor en finca antigua - Verdum, Barcelona\" title=\"7-ascensor-en-finca-antigua-verdum-barcelona\" aria-label=\"7-ascensor-en-finca-antigua-verdum-barcelona\" class=\"img-responsive wp-image-13524\" srcset=\"https:\/\/ascensoresramase.com\/wp-content\/uploads\/7-ascensor-en-finca-antigua-verdum-barcelona-200x267.webp 200w, https:\/\/ascensoresramase.com\/wp-content\/uploads\/7-ascensor-en-finca-antigua-verdum-barcelona-400x533.webp 400w, https:\/\/ascensoresramase.com\/wp-content\/uploads\/7-ascensor-en-finca-antigua-verdum-barcelona-600x800.webp 600w, https:\/\/ascensoresramase.com\/wp-content\/uploads\/7-ascensor-en-finca-antigua-verdum-barcelona.webp 750w\" sizes=\"(min-width: 2200px) 100vw, (min-width: 784px) 397px, (min-width: 712px) 595px, (min-width: 640px) 712px, \" \/><\/div><\/a><\/div><\/div><div style=\"padding:5px;\" class=\"fusion-grid-column fusion-gallery-column fusion-gallery-column-3 hover-type-none fusion-element-grid\"><div class=\"fusion-gallery-image\"><a href=\"https:\/\/ascensoresramase.com\/wp-content\/uploads\/8-ascensor-en-finca-antigua-verdum-barcelona.webp\" rel=\"noreferrer\" data-rel=\"iLightbox[gallery_image_1]\" class=\"fusion-lightbox\" target=\"_self\"><div style=\"background-image:url(https:\/\/ascensoresramase.com\/wp-content\/uploads\/8-ascensor-en-finca-antigua-verdum-barcelona.webp);padding-top:calc((100% + 10px) * 0.8 - 5px);background-position:;\" class=\"fusion-masonry-element-container\"><img decoding=\"async\" src=\"https:\/\/ascensoresramase.com\/wp-content\/uploads\/8-ascensor-en-finca-antigua-verdum-barcelona.webp\" width=\"750\" height=\"1000\" alt=\"Ascensor en finca antigua - Verdum, Barcelona\" title=\"8-ascensor-en-finca-antigua-verdum-barcelona\" aria-label=\"8-ascensor-en-finca-antigua-verdum-barcelona\" class=\"img-responsive wp-image-13526\" srcset=\"https:\/\/ascensoresramase.com\/wp-content\/uploads\/8-ascensor-en-finca-antigua-verdum-barcelona-200x267.webp 200w, https:\/\/ascensoresramase.com\/wp-content\/uploads\/8-ascensor-en-finca-antigua-verdum-barcelona-400x533.webp 400w, https:\/\/ascensoresramase.com\/wp-content\/uploads\/8-ascensor-en-finca-antigua-verdum-barcelona-600x800.webp 600w, https:\/\/ascensoresramase.com\/wp-content\/uploads\/8-ascensor-en-finca-antigua-verdum-barcelona.webp 750w\" sizes=\"(min-width: 2200px) 100vw, (min-width: 784px) 397px, (min-width: 712px) 595px, (min-width: 640px) 712px, \" \/><\/div><\/a><\/div><\/div><div style=\"padding:5px;\" class=\"fusion-grid-column fusion-gallery-column fusion-gallery-column-3 hover-type-none fusion-element-grid\"><div class=\"fusion-gallery-image\"><a href=\"https:\/\/ascensoresramase.com\/wp-content\/uploads\/9-ascensor-en-finca-antigua-verdum-barcelona.webp\" rel=\"noreferrer\" data-rel=\"iLightbox[gallery_image_1]\" class=\"fusion-lightbox\" target=\"_self\"><div style=\"background-image:url(https:\/\/ascensoresramase.com\/wp-content\/uploads\/9-ascensor-en-finca-antigua-verdum-barcelona.webp);padding-top:calc((100% + 10px) * 0.8 - 5px);background-position:;\" class=\"fusion-masonry-element-container\"><img decoding=\"async\" src=\"https:\/\/ascensoresramase.com\/wp-content\/uploads\/9-ascensor-en-finca-antigua-verdum-barcelona.webp\" width=\"750\" height=\"1000\" alt=\"Ascensor en finca antigua - Verdum, Barcelona\" title=\"9-ascensor-en-finca-antigua-verdum-barcelona\" aria-label=\"9-ascensor-en-finca-antigua-verdum-barcelona\" class=\"img-responsive wp-image-13528\" srcset=\"https:\/\/ascensoresramase.com\/wp-content\/uploads\/9-ascensor-en-finca-antigua-verdum-barcelona-200x267.webp 200w, https:\/\/ascensoresramase.com\/wp-content\/uploads\/9-ascensor-en-finca-antigua-verdum-barcelona-400x533.webp 400w, https:\/\/ascensoresramase.com\/wp-content\/uploads\/9-ascensor-en-finca-antigua-verdum-barcelona-600x800.webp 600w, https:\/\/ascensoresramase.com\/wp-content\/uploads\/9-ascensor-en-finca-antigua-verdum-barcelona.webp 750w\" sizes=\"(min-width: 2200px) 100vw, (min-width: 784px) 397px, (min-width: 712px) 595px, (min-width: 640px) 712px, \" \/><\/div><\/a><\/div><\/div><div style=\"padding:5px;\" class=\"fusion-grid-column fusion-gallery-column fusion-gallery-column-3 hover-type-none fusion-element-grid\"><div class=\"fusion-gallery-image\"><a href=\"https:\/\/ascensoresramase.com\/wp-content\/uploads\/10-ascensor-en-finca-antigua-verdum-barcelona.webp\" rel=\"noreferrer\" data-rel=\"iLightbox[gallery_image_1]\" class=\"fusion-lightbox\" target=\"_self\"><div style=\"background-image:url(https:\/\/ascensoresramase.com\/wp-content\/uploads\/10-ascensor-en-finca-antigua-verdum-barcelona.webp);padding-top:calc((100% + 10px) * 0.8 - 5px);background-position:;\" class=\"fusion-masonry-element-container\"><img decoding=\"async\" src=\"https:\/\/ascensoresramase.com\/wp-content\/uploads\/10-ascensor-en-finca-antigua-verdum-barcelona.webp\" width=\"750\" height=\"1000\" alt=\"Ascensor en finca antigua - Verdum, Barcelona\" title=\"10-ascensor-en-finca-antigua-verdum-barcelona\" aria-label=\"10-ascensor-en-finca-antigua-verdum-barcelona\" class=\"img-responsive wp-image-13530\" srcset=\"https:\/\/ascensoresramase.com\/wp-content\/uploads\/10-ascensor-en-finca-antigua-verdum-barcelona-200x267.webp 200w, https:\/\/ascensoresramase.com\/wp-content\/uploads\/10-ascensor-en-finca-antigua-verdum-barcelona-400x533.webp 400w, https:\/\/ascensoresramase.com\/wp-content\/uploads\/10-ascensor-en-finca-antigua-verdum-barcelona-600x800.webp 600w, https:\/\/ascensoresramase.com\/wp-content\/uploads\/10-ascensor-en-finca-antigua-verdum-barcelona.webp 750w\" sizes=\"(min-width: 2200px) 100vw, (min-width: 784px) 397px, (min-width: 712px) 595px, (min-width: 640px) 712px, \" \/><\/div><\/a><\/div><\/div><div style=\"padding:5px;\" class=\"fusion-grid-column fusion-gallery-column fusion-gallery-column-3 hover-type-none fusion-element-grid\"><div class=\"fusion-gallery-image\"><a href=\"https:\/\/ascensoresramase.com\/wp-content\/uploads\/11-ascensor-en-finca-antigua-verdum-barcelona.webp\" rel=\"noreferrer\" data-rel=\"iLightbox[gallery_image_1]\" class=\"fusion-lightbox\" target=\"_self\"><div style=\"background-image:url(https:\/\/ascensoresramase.com\/wp-content\/uploads\/11-ascensor-en-finca-antigua-verdum-barcelona.webp);padding-top:calc((100% + 10px) * 0.8 - 5px);background-position:;\" class=\"fusion-masonry-element-container\"><img decoding=\"async\" src=\"https:\/\/ascensoresramase.com\/wp-content\/uploads\/11-ascensor-en-finca-antigua-verdum-barcelona.webp\" width=\"750\" height=\"1000\" alt=\"Ascensor en finca antigua - Verdum, Barcelona\" title=\"11-ascensor-en-finca-antigua-verdum-barcelona\" aria-label=\"11-ascensor-en-finca-antigua-verdum-barcelona\" class=\"img-responsive wp-image-13532\" srcset=\"https:\/\/ascensoresramase.com\/wp-content\/uploads\/11-ascensor-en-finca-antigua-verdum-barcelona-200x267.webp 200w, https:\/\/ascensoresramase.com\/wp-content\/uploads\/11-ascensor-en-finca-antigua-verdum-barcelona-400x533.webp 400w, https:\/\/ascensoresramase.com\/wp-content\/uploads\/11-ascensor-en-finca-antigua-verdum-barcelona-600x800.webp 600w, https:\/\/ascensoresramase.com\/wp-content\/uploads\/11-ascensor-en-finca-antigua-verdum-barcelona.webp 750w\" sizes=\"(min-width: 2200px) 100vw, (min-width: 784px) 397px, (min-width: 712px) 595px, (min-width: 640px) 712px, \" \/><\/div><\/a><\/div><\/div><div style=\"padding:5px;\" class=\"fusion-grid-column fusion-gallery-column fusion-gallery-column-3 hover-type-none fusion-element-grid\"><div class=\"fusion-gallery-image\"><a href=\"https:\/\/ascensoresramase.com\/wp-content\/uploads\/12-ascensor-en-finca-antigua-verdum-barcelona.webp\" rel=\"noreferrer\" data-rel=\"iLightbox[gallery_image_1]\" class=\"fusion-lightbox\" target=\"_self\"><div style=\"background-image:url(https:\/\/ascensoresramase.com\/wp-content\/uploads\/12-ascensor-en-finca-antigua-verdum-barcelona.webp);padding-top:calc((100% + 10px) * 0.8 - 5px);background-position:;\" class=\"fusion-masonry-element-container\"><img decoding=\"async\" src=\"https:\/\/ascensoresramase.com\/wp-content\/uploads\/12-ascensor-en-finca-antigua-verdum-barcelona.webp\" width=\"750\" height=\"1000\" alt=\"Ascensor en finca antigua - Verdum, Barcelona\" title=\"12-ascensor-en-finca-antigua-verdum-barcelona\" aria-label=\"12-ascensor-en-finca-antigua-verdum-barcelona\" class=\"img-responsive wp-image-13534\" srcset=\"https:\/\/ascensoresramase.com\/wp-content\/uploads\/12-ascensor-en-finca-antigua-verdum-barcelona-200x267.webp 200w, https:\/\/ascensoresramase.com\/wp-content\/uploads\/12-ascensor-en-finca-antigua-verdum-barcelona-400x533.webp 400w, https:\/\/ascensoresramase.com\/wp-content\/uploads\/12-ascensor-en-finca-antigua-verdum-barcelona-600x800.webp 600w, https:\/\/ascensoresramase.com\/wp-content\/uploads\/12-ascensor-en-finca-antigua-verdum-barcelona.webp 750w\" sizes=\"(min-width: 2200px) 100vw, (min-width: 784px) 397px, (min-width: 712px) 595px, (min-width: 640px) 712px, \" \/><\/div><\/a><\/div><\/div><div style=\"padding:5px;\" class=\"fusion-grid-column fusion-gallery-column fusion-gallery-column-3 hover-type-none fusion-element-grid\"><div class=\"fusion-gallery-image\"><a href=\"https:\/\/ascensoresramase.com\/wp-content\/uploads\/13-ascensor-en-finca-antigua-verdum-barcelona.webp\" rel=\"noreferrer\" data-rel=\"iLightbox[gallery_image_1]\" class=\"fusion-lightbox\" target=\"_self\"><div style=\"background-image:url(https:\/\/ascensoresramase.com\/wp-content\/uploads\/13-ascensor-en-finca-antigua-verdum-barcelona.webp);padding-top:calc((100% + 10px) * 0.8 - 5px);background-position:;\" class=\"fusion-masonry-element-container\"><img decoding=\"async\" src=\"https:\/\/ascensoresramase.com\/wp-content\/uploads\/13-ascensor-en-finca-antigua-verdum-barcelona.webp\" width=\"750\" height=\"1000\" alt=\"Ascensor en finca antigua - Verdum, Barcelona\" title=\"13-ascensor-en-finca-antigua-verdum-barcelona\" aria-label=\"13-ascensor-en-finca-antigua-verdum-barcelona\" class=\"img-responsive wp-image-13536\" srcset=\"https:\/\/ascensoresramase.com\/wp-content\/uploads\/13-ascensor-en-finca-antigua-verdum-barcelona-200x267.webp 200w, https:\/\/ascensoresramase.com\/wp-content\/uploads\/13-ascensor-en-finca-antigua-verdum-barcelona-400x533.webp 400w, https:\/\/ascensoresramase.com\/wp-content\/uploads\/13-ascensor-en-finca-antigua-verdum-barcelona-600x800.webp 600w, https:\/\/ascensoresramase.com\/wp-content\/uploads\/13-ascensor-en-finca-antigua-verdum-barcelona.webp 750w\" sizes=\"(min-width: 2200px) 100vw, (min-width: 784px) 397px, (min-width: 712px) 595px, (min-width: 640px) 712px, \" \/><\/div><\/a><\/div><\/div><div style=\"padding:5px;\" class=\"fusion-grid-column fusion-gallery-column fusion-gallery-column-3 hover-type-none fusion-element-grid\"><div class=\"fusion-gallery-image\"><a href=\"https:\/\/ascensoresramase.com\/wp-content\/uploads\/14-ascensor-en-finca-antigua-verdum-barcelona.webp\" rel=\"noreferrer\" data-rel=\"iLightbox[gallery_image_1]\" class=\"fusion-lightbox\" target=\"_self\"><div style=\"background-image:url(https:\/\/ascensoresramase.com\/wp-content\/uploads\/14-ascensor-en-finca-antigua-verdum-barcelona.webp);padding-top:calc((100% + 10px) * 0.8 - 5px);background-position:;\" class=\"fusion-masonry-element-container\"><img decoding=\"async\" src=\"https:\/\/ascensoresramase.com\/wp-content\/uploads\/14-ascensor-en-finca-antigua-verdum-barcelona.webp\" width=\"750\" height=\"1000\" alt=\"Ascensor en finca antigua - Verdum, Barcelona\" title=\"14-ascensor-en-finca-antigua-verdum-barcelona\" aria-label=\"14-ascensor-en-finca-antigua-verdum-barcelona\" class=\"img-responsive wp-image-13538\" srcset=\"https:\/\/ascensoresramase.com\/wp-content\/uploads\/14-ascensor-en-finca-antigua-verdum-barcelona-200x267.webp 200w, https:\/\/ascensoresramase.com\/wp-content\/uploads\/14-ascensor-en-finca-antigua-verdum-barcelona-400x533.webp 400w, https:\/\/ascensoresramase.com\/wp-content\/uploads\/14-ascensor-en-finca-antigua-verdum-barcelona-600x800.webp 600w, https:\/\/ascensoresramase.com\/wp-content\/uploads\/14-ascensor-en-finca-antigua-verdum-barcelona.webp 750w\" sizes=\"(min-width: 2200px) 100vw, (min-width: 784px) 397px, (min-width: 712px) 595px, (min-width: 640px) 712px, \" \/><\/div><\/a><\/div><\/div><div style=\"padding:5px;\" class=\"fusion-grid-column fusion-gallery-column fusion-gallery-column-3 hover-type-none fusion-element-grid\"><div class=\"fusion-gallery-image\"><a href=\"https:\/\/ascensoresramase.com\/wp-content\/uploads\/15-ascensor-en-finca-antigua-verdum-barcelona.webp\" rel=\"noreferrer\" data-rel=\"iLightbox[gallery_image_1]\" class=\"fusion-lightbox\" target=\"_self\"><div style=\"background-image:url(https:\/\/ascensoresramase.com\/wp-content\/uploads\/15-ascensor-en-finca-antigua-verdum-barcelona.webp);padding-top:calc((100% + 10px) * 0.8 - 5px);background-position:;\" class=\"fusion-masonry-element-container\"><img decoding=\"async\" src=\"https:\/\/ascensoresramase.com\/wp-content\/uploads\/15-ascensor-en-finca-antigua-verdum-barcelona.webp\" width=\"750\" height=\"1000\" alt=\"Ascensor en finca antigua - Verdum, Barcelona\" title=\"15-ascensor-en-finca-antigua-verdum-barcelona\" aria-label=\"15-ascensor-en-finca-antigua-verdum-barcelona\" class=\"img-responsive wp-image-13540\" srcset=\"https:\/\/ascensoresramase.com\/wp-content\/uploads\/15-ascensor-en-finca-antigua-verdum-barcelona-200x267.webp 200w, https:\/\/ascensoresramase.com\/wp-content\/uploads\/15-ascensor-en-finca-antigua-verdum-barcelona-400x533.webp 400w, https:\/\/ascensoresramase.com\/wp-content\/uploads\/15-ascensor-en-finca-antigua-verdum-barcelona-600x800.webp 600w, https:\/\/ascensoresramase.com\/wp-content\/uploads\/15-ascensor-en-finca-antigua-verdum-barcelona.webp 750w\" sizes=\"(min-width: 2200px) 100vw, (min-width: 784px) 397px, (min-width: 712px) 595px, (min-width: 640px) 712px, \" \/><\/div><\/a><\/div><\/div><div style=\"padding:5px;\" class=\"fusion-grid-column fusion-gallery-column fusion-gallery-column-3 hover-type-none fusion-element-grid\"><div class=\"fusion-gallery-image\"><a href=\"https:\/\/ascensoresramase.com\/wp-content\/uploads\/16-ascensor-en-finca-antigua-verdum-barcelona.webp\" rel=\"noreferrer\" data-rel=\"iLightbox[gallery_image_1]\" class=\"fusion-lightbox\" target=\"_self\"><div style=\"background-image:url(https:\/\/ascensoresramase.com\/wp-content\/uploads\/16-ascensor-en-finca-antigua-verdum-barcelona.webp);padding-top:calc((100% + 10px) * 0.8 - 5px);background-position:;\" class=\"fusion-masonry-element-container\"><img decoding=\"async\" src=\"https:\/\/ascensoresramase.com\/wp-content\/uploads\/16-ascensor-en-finca-antigua-verdum-barcelona.webp\" width=\"750\" height=\"1000\" alt=\"Ascensor en finca antigua - Verdum, Barcelona\" title=\"16-ascensor-en-finca-antigua-verdum-barcelona\" aria-label=\"16-ascensor-en-finca-antigua-verdum-barcelona\" class=\"img-responsive wp-image-13472\" srcset=\"https:\/\/ascensoresramase.com\/wp-content\/uploads\/16-ascensor-en-finca-antigua-verdum-barcelona-200x267.webp 200w, https:\/\/ascensoresramase.com\/wp-content\/uploads\/16-ascensor-en-finca-antigua-verdum-barcelona-400x533.webp 400w, https:\/\/ascensoresramase.com\/wp-content\/uploads\/16-ascensor-en-finca-antigua-verdum-barcelona-600x800.webp 600w, https:\/\/ascensoresramase.com\/wp-content\/uploads\/16-ascensor-en-finca-antigua-verdum-barcelona.webp 750w\" sizes=\"(min-width: 2200px) 100vw, (min-width: 784px) 397px, (min-width: 712px) 595px, (min-width: 640px) 712px, \" \/><\/div><\/a><\/div><\/div><div style=\"padding:5px;\" class=\"fusion-grid-column fusion-gallery-column fusion-gallery-column-3 hover-type-none fusion-element-grid\"><div class=\"fusion-gallery-image\"><a href=\"https:\/\/ascensoresramase.com\/wp-content\/uploads\/17-ascensor-en-finca-antigua-verdum-barcelona.webp\" rel=\"noreferrer\" data-rel=\"iLightbox[gallery_image_1]\" class=\"fusion-lightbox\" target=\"_self\"><div style=\"background-image:url(https:\/\/ascensoresramase.com\/wp-content\/uploads\/17-ascensor-en-finca-antigua-verdum-barcelona.webp);padding-top:calc((100% + 10px) * 0.8 - 5px);background-position:;\" class=\"fusion-masonry-element-container\"><img decoding=\"async\" src=\"https:\/\/ascensoresramase.com\/wp-content\/uploads\/17-ascensor-en-finca-antigua-verdum-barcelona.webp\" width=\"750\" height=\"1000\" alt=\"Ascensor en finca antigua - Verdum, Barcelona\" title=\"17-ascensor-en-finca-antigua-verdum-barcelona\" aria-label=\"17-ascensor-en-finca-antigua-verdum-barcelona\" class=\"img-responsive wp-image-13474\" srcset=\"https:\/\/ascensoresramase.com\/wp-content\/uploads\/17-ascensor-en-finca-antigua-verdum-barcelona-200x267.webp 200w, https:\/\/ascensoresramase.com\/wp-content\/uploads\/17-ascensor-en-finca-antigua-verdum-barcelona-400x533.webp 400w, https:\/\/ascensoresramase.com\/wp-content\/uploads\/17-ascensor-en-finca-antigua-verdum-barcelona-600x800.webp 600w, https:\/\/ascensoresramase.com\/wp-content\/uploads\/17-ascensor-en-finca-antigua-verdum-barcelona.webp 750w\" sizes=\"(min-width: 2200px) 100vw, (min-width: 784px) 397px, (min-width: 712px) 595px, (min-width: 640px) 712px, \" \/><\/div><\/a><\/div><\/div><div style=\"padding:5px;\" class=\"fusion-grid-column fusion-gallery-column fusion-gallery-column-3 hover-type-none fusion-element-grid\"><div class=\"fusion-gallery-image\"><a href=\"https:\/\/ascensoresramase.com\/wp-content\/uploads\/18-ascensor-en-finca-antigua-verdum-barcelona.webp\" rel=\"noreferrer\" data-rel=\"iLightbox[gallery_image_1]\" class=\"fusion-lightbox\" target=\"_self\"><div style=\"background-image:url(https:\/\/ascensoresramase.com\/wp-content\/uploads\/18-ascensor-en-finca-antigua-verdum-barcelona.webp);padding-top:calc((100% + 10px) * 0.8 - 5px);background-position:;\" class=\"fusion-masonry-element-container\"><img decoding=\"async\" src=\"https:\/\/ascensoresramase.com\/wp-content\/uploads\/18-ascensor-en-finca-antigua-verdum-barcelona.webp\" width=\"750\" height=\"1000\" alt=\"Ascensor en finca antigua - Verdum, Barcelona\" title=\"18-ascensor-en-finca-antigua-verdum-barcelona\" aria-label=\"18-ascensor-en-finca-antigua-verdum-barcelona\" class=\"img-responsive wp-image-13476\" srcset=\"https:\/\/ascensoresramase.com\/wp-content\/uploads\/18-ascensor-en-finca-antigua-verdum-barcelona-200x267.webp 200w, https:\/\/ascensoresramase.com\/wp-content\/uploads\/18-ascensor-en-finca-antigua-verdum-barcelona-400x533.webp 400w, https:\/\/ascensoresramase.com\/wp-content\/uploads\/18-ascensor-en-finca-antigua-verdum-barcelona-600x800.webp 600w, https:\/\/ascensoresramase.com\/wp-content\/uploads\/18-ascensor-en-finca-antigua-verdum-barcelona.webp 750w\" sizes=\"(min-width: 2200px) 100vw, (min-width: 784px) 397px, (min-width: 712px) 595px, (min-width: 640px) 712px, \" \/><\/div><\/a><\/div><\/div><div style=\"padding:5px;\" class=\"fusion-grid-column fusion-gallery-column fusion-gallery-column-3 hover-type-none fusion-element-grid\"><div class=\"fusion-gallery-image\"><a href=\"https:\/\/ascensoresramase.com\/wp-content\/uploads\/19-ascensor-en-finca-antigua-verdum-barcelona.webp\" rel=\"noreferrer\" data-rel=\"iLightbox[gallery_image_1]\" class=\"fusion-lightbox\" target=\"_self\"><div style=\"background-image:url(https:\/\/ascensoresramase.com\/wp-content\/uploads\/19-ascensor-en-finca-antigua-verdum-barcelona.webp);padding-top:calc((100% + 10px) * 0.8 - 5px);background-position:;\" class=\"fusion-masonry-element-container\"><img decoding=\"async\" src=\"https:\/\/ascensoresramase.com\/wp-content\/uploads\/19-ascensor-en-finca-antigua-verdum-barcelona.webp\" width=\"750\" height=\"1000\" alt=\"Ascensor en finca antigua - Verdum, Barcelona\" title=\"19-ascensor-en-finca-antigua-verdum-barcelona\" aria-label=\"19-ascensor-en-finca-antigua-verdum-barcelona\" class=\"img-responsive wp-image-13478\" srcset=\"https:\/\/ascensoresramase.com\/wp-content\/uploads\/19-ascensor-en-finca-antigua-verdum-barcelona-200x267.webp 200w, https:\/\/ascensoresramase.com\/wp-content\/uploads\/19-ascensor-en-finca-antigua-verdum-barcelona-400x533.webp 400w, https:\/\/ascensoresramase.com\/wp-content\/uploads\/19-ascensor-en-finca-antigua-verdum-barcelona-600x800.webp 600w, https:\/\/ascensoresramase.com\/wp-content\/uploads\/19-ascensor-en-finca-antigua-verdum-barcelona.webp 750w\" sizes=\"(min-width: 2200px) 100vw, (min-width: 784px) 397px, (min-width: 712px) 595px, (min-width: 640px) 712px, \" \/><\/div><\/a><\/div><\/div><div style=\"padding:5px;\" class=\"fusion-grid-column fusion-gallery-column fusion-gallery-column-3 hover-type-none fusion-element-grid\"><div class=\"fusion-gallery-image\"><a href=\"https:\/\/ascensoresramase.com\/wp-content\/uploads\/20-ascensor-en-finca-antigua-verdum-barcelona.webp\" rel=\"noreferrer\" data-rel=\"iLightbox[gallery_image_1]\" class=\"fusion-lightbox\" target=\"_self\"><div style=\"background-image:url(https:\/\/ascensoresramase.com\/wp-content\/uploads\/20-ascensor-en-finca-antigua-verdum-barcelona.webp);padding-top:calc((100% + 10px) * 0.8 - 5px);background-position:;\" class=\"fusion-masonry-element-container\"><img decoding=\"async\" src=\"https:\/\/ascensoresramase.com\/wp-content\/uploads\/20-ascensor-en-finca-antigua-verdum-barcelona.webp\" width=\"750\" height=\"1000\" alt=\"Ascensor en finca antigua - Verdum, Barcelona\" title=\"20-ascensor-en-finca-antigua-verdum-barcelona\" aria-label=\"20-ascensor-en-finca-antigua-verdum-barcelona\" class=\"img-responsive wp-image-13480\" srcset=\"https:\/\/ascensoresramase.com\/wp-content\/uploads\/20-ascensor-en-finca-antigua-verdum-barcelona-200x267.webp 200w, https:\/\/ascensoresramase.com\/wp-content\/uploads\/20-ascensor-en-finca-antigua-verdum-barcelona-400x533.webp 400w, https:\/\/ascensoresramase.com\/wp-content\/uploads\/20-ascensor-en-finca-antigua-verdum-barcelona-600x800.webp 600w, https:\/\/ascensoresramase.com\/wp-content\/uploads\/20-ascensor-en-finca-antigua-verdum-barcelona.webp 750w\" sizes=\"(min-width: 2200px) 100vw, (min-width: 784px) 397px, (min-width: 712px) 595px, (min-width: 640px) 712px, \" \/><\/div><\/a><\/div><\/div><div style=\"padding:5px;\" class=\"fusion-grid-column fusion-gallery-column fusion-gallery-column-3 hover-type-none fusion-element-grid\"><div class=\"fusion-gallery-image\"><a href=\"https:\/\/ascensoresramase.com\/wp-content\/uploads\/21-ascensor-en-finca-antigua-verdum-barcelona.webp\" rel=\"noreferrer\" data-rel=\"iLightbox[gallery_image_1]\" class=\"fusion-lightbox\" target=\"_self\"><div style=\"background-image:url(https:\/\/ascensoresramase.com\/wp-content\/uploads\/21-ascensor-en-finca-antigua-verdum-barcelona.webp);padding-top:calc((100% + 10px) * 0.8 - 5px);background-position:;\" class=\"fusion-masonry-element-container\"><img decoding=\"async\" src=\"https:\/\/ascensoresramase.com\/wp-content\/uploads\/21-ascensor-en-finca-antigua-verdum-barcelona.webp\" width=\"750\" height=\"1000\" alt=\"Ascensor en finca antigua - Verdum, Barcelona\" title=\"21-ascensor-en-finca-antigua-verdum-barcelona\" aria-label=\"21-ascensor-en-finca-antigua-verdum-barcelona\" class=\"img-responsive wp-image-13482\" srcset=\"https:\/\/ascensoresramase.com\/wp-content\/uploads\/21-ascensor-en-finca-antigua-verdum-barcelona-200x267.webp 200w, https:\/\/ascensoresramase.com\/wp-content\/uploads\/21-ascensor-en-finca-antigua-verdum-barcelona-400x533.webp 400w, https:\/\/ascensoresramase.com\/wp-content\/uploads\/21-ascensor-en-finca-antigua-verdum-barcelona-600x800.webp 600w, https:\/\/ascensoresramase.com\/wp-content\/uploads\/21-ascensor-en-finca-antigua-verdum-barcelona.webp 750w\" sizes=\"(min-width: 2200px) 100vw, (min-width: 784px) 397px, (min-width: 712px) 595px, (min-width: 640px) 712px, \" \/><\/div><\/a><\/div><\/div><div style=\"padding:5px;\" class=\"fusion-grid-column fusion-gallery-column fusion-gallery-column-3 hover-type-none fusion-element-grid\"><div class=\"fusion-gallery-image\"><a href=\"https:\/\/ascensoresramase.com\/wp-content\/uploads\/22-ascensor-en-finca-antigua-verdum-barcelona.webp\" rel=\"noreferrer\" data-rel=\"iLightbox[gallery_image_1]\" class=\"fusion-lightbox\" target=\"_self\"><div style=\"background-image:url(https:\/\/ascensoresramase.com\/wp-content\/uploads\/22-ascensor-en-finca-antigua-verdum-barcelona.webp);padding-top:calc((100% + 10px) * 0.8 - 5px);background-position:;\" class=\"fusion-masonry-element-container\"><img decoding=\"async\" src=\"https:\/\/ascensoresramase.com\/wp-content\/uploads\/22-ascensor-en-finca-antigua-verdum-barcelona.webp\" width=\"750\" height=\"1000\" alt=\"Ascensor en finca antigua - Verdum, Barcelona\" title=\"22-ascensor-en-finca-antigua-verdum-barcelona\" aria-label=\"22-ascensor-en-finca-antigua-verdum-barcelona\" class=\"img-responsive wp-image-13484\" srcset=\"https:\/\/ascensoresramase.com\/wp-content\/uploads\/22-ascensor-en-finca-antigua-verdum-barcelona-200x267.webp 200w, https:\/\/ascensoresramase.com\/wp-content\/uploads\/22-ascensor-en-finca-antigua-verdum-barcelona-400x533.webp 400w, https:\/\/ascensoresramase.com\/wp-content\/uploads\/22-ascensor-en-finca-antigua-verdum-barcelona-600x800.webp 600w, https:\/\/ascensoresramase.com\/wp-content\/uploads\/22-ascensor-en-finca-antigua-verdum-barcelona.webp 750w\" sizes=\"(min-width: 2200px) 100vw, (min-width: 784px) 397px, (min-width: 712px) 595px, (min-width: 640px) 712px, \" \/><\/div><\/a><\/div><\/div><div style=\"padding:5px;\" class=\"fusion-grid-column fusion-gallery-column fusion-gallery-column-3 hover-type-none fusion-element-grid\"><div class=\"fusion-gallery-image\"><a href=\"https:\/\/ascensoresramase.com\/wp-content\/uploads\/23-ascensor-en-finca-antigua-verdum-barcelona.webp\" rel=\"noreferrer\" data-rel=\"iLightbox[gallery_image_1]\" class=\"fusion-lightbox\" target=\"_self\"><div style=\"background-image:url(https:\/\/ascensoresramase.com\/wp-content\/uploads\/23-ascensor-en-finca-antigua-verdum-barcelona.webp);padding-top:calc((100% + 10px) * 0.8 - 5px);background-position:;\" class=\"fusion-masonry-element-container\"><img decoding=\"async\" src=\"https:\/\/ascensoresramase.com\/wp-content\/uploads\/23-ascensor-en-finca-antigua-verdum-barcelona.webp\" width=\"750\" height=\"1000\" alt=\"Ascensor en finca antigua - Verdum, Barcelona\" title=\"23-ascensor-en-finca-antigua-verdum-barcelona\" aria-label=\"23-ascensor-en-finca-antigua-verdum-barcelona\" class=\"img-responsive wp-image-13486\" srcset=\"https:\/\/ascensoresramase.com\/wp-content\/uploads\/23-ascensor-en-finca-antigua-verdum-barcelona-200x267.webp 200w, https:\/\/ascensoresramase.com\/wp-content\/uploads\/23-ascensor-en-finca-antigua-verdum-barcelona-400x533.webp 400w, https:\/\/ascensoresramase.com\/wp-content\/uploads\/23-ascensor-en-finca-antigua-verdum-barcelona-600x800.webp 600w, https:\/\/ascensoresramase.com\/wp-content\/uploads\/23-ascensor-en-finca-antigua-verdum-barcelona.webp 750w\" sizes=\"(min-width: 2200px) 100vw, (min-width: 784px) 397px, (min-width: 712px) 595px, (min-width: 640px) 712px, \" \/><\/div><\/a><\/div><\/div><div style=\"padding:5px;\" class=\"fusion-grid-column fusion-gallery-column fusion-gallery-column-3 hover-type-none fusion-element-grid\"><div class=\"fusion-gallery-image\"><a href=\"https:\/\/ascensoresramase.com\/wp-content\/uploads\/24-ascensor-en-finca-antigua-verdum-barcelona.webp\" rel=\"noreferrer\" data-rel=\"iLightbox[gallery_image_1]\" class=\"fusion-lightbox\" target=\"_self\"><div style=\"background-image:url(https:\/\/ascensoresramase.com\/wp-content\/uploads\/24-ascensor-en-finca-antigua-verdum-barcelona.webp);padding-top:calc((100% + 10px) * 0.8 - 5px);background-position:;\" class=\"fusion-masonry-element-container\"><img decoding=\"async\" src=\"https:\/\/ascensoresramase.com\/wp-content\/uploads\/24-ascensor-en-finca-antigua-verdum-barcelona.webp\" width=\"750\" height=\"1000\" alt=\"Ascensor en finca antigua - Verdum, Barcelona\" title=\"24-ascensor-en-finca-antigua-verdum-barcelona\" aria-label=\"24-ascensor-en-finca-antigua-verdum-barcelona\" class=\"img-responsive wp-image-13488\" srcset=\"https:\/\/ascensoresramase.com\/wp-content\/uploads\/24-ascensor-en-finca-antigua-verdum-barcelona-200x267.webp 200w, https:\/\/ascensoresramase.com\/wp-content\/uploads\/24-ascensor-en-finca-antigua-verdum-barcelona-400x533.webp 400w, https:\/\/ascensoresramase.com\/wp-content\/uploads\/24-ascensor-en-finca-antigua-verdum-barcelona-600x800.webp 600w, https:\/\/ascensoresramase.com\/wp-content\/uploads\/24-ascensor-en-finca-antigua-verdum-barcelona.webp 750w\" sizes=\"(min-width: 2200px) 100vw, (min-width: 784px) 397px, (min-width: 712px) 595px, (min-width: 640px) 712px, \" \/><\/div><\/a><\/div><\/div><div style=\"padding:5px;\" class=\"fusion-grid-column fusion-gallery-column fusion-gallery-column-3 hover-type-none fusion-element-grid\"><div class=\"fusion-gallery-image\"><a href=\"https:\/\/ascensoresramase.com\/wp-content\/uploads\/25-ascensor-en-finca-antigua-verdum-barcelona.webp\" rel=\"noreferrer\" data-rel=\"iLightbox[gallery_image_1]\" class=\"fusion-lightbox\" target=\"_self\"><div style=\"background-image:url(https:\/\/ascensoresramase.com\/wp-content\/uploads\/25-ascensor-en-finca-antigua-verdum-barcelona.webp);padding-top:calc((100% + 10px) * 0.8 - 5px);background-position:;\" class=\"fusion-masonry-element-container\"><img decoding=\"async\" src=\"https:\/\/ascensoresramase.com\/wp-content\/uploads\/25-ascensor-en-finca-antigua-verdum-barcelona.webp\" width=\"750\" height=\"1000\" alt=\"Ascensor en finca antigua - Verdum, Barcelona\" title=\"25-ascensor-en-finca-antigua-verdum-barcelona\" aria-label=\"25-ascensor-en-finca-antigua-verdum-barcelona\" class=\"img-responsive wp-image-13490\" srcset=\"https:\/\/ascensoresramase.com\/wp-content\/uploads\/25-ascensor-en-finca-antigua-verdum-barcelona-200x267.webp 200w, https:\/\/ascensoresramase.com\/wp-content\/uploads\/25-ascensor-en-finca-antigua-verdum-barcelona-400x533.webp 400w, https:\/\/ascensoresramase.com\/wp-content\/uploads\/25-ascensor-en-finca-antigua-verdum-barcelona-600x800.webp 600w, https:\/\/ascensoresramase.com\/wp-content\/uploads\/25-ascensor-en-finca-antigua-verdum-barcelona.webp 750w\" sizes=\"(min-width: 2200px) 100vw, (min-width: 784px) 397px, (min-width: 712px) 595px, (min-width: 640px) 712px, \" \/><\/div><\/a><\/div><\/div><div style=\"padding:5px;\" class=\"fusion-grid-column fusion-gallery-column fusion-gallery-column-3 hover-type-none fusion-element-grid\"><div class=\"fusion-gallery-image\"><a href=\"https:\/\/ascensoresramase.com\/wp-content\/uploads\/26-ascensor-en-finca-antigua-verdum-barcelona.webp\" rel=\"noreferrer\" data-rel=\"iLightbox[gallery_image_1]\" class=\"fusion-lightbox\" target=\"_self\"><div style=\"background-image:url(https:\/\/ascensoresramase.com\/wp-content\/uploads\/26-ascensor-en-finca-antigua-verdum-barcelona.webp);padding-top:calc((100% + 10px) * 0.8 - 5px);background-position:;\" class=\"fusion-masonry-element-container\"><img decoding=\"async\" src=\"https:\/\/ascensoresramase.com\/wp-content\/uploads\/26-ascensor-en-finca-antigua-verdum-barcelona.webp\" width=\"750\" height=\"1000\" alt=\"Ascensor en finca antigua - Verdum, Barcelona\" title=\"26-ascensor-en-finca-antigua-verdum-barcelona\" aria-label=\"26-ascensor-en-finca-antigua-verdum-barcelona\" class=\"img-responsive wp-image-13492\" srcset=\"https:\/\/ascensoresramase.com\/wp-content\/uploads\/26-ascensor-en-finca-antigua-verdum-barcelona-200x267.webp 200w, https:\/\/ascensoresramase.com\/wp-content\/uploads\/26-ascensor-en-finca-antigua-verdum-barcelona-400x533.webp 400w, https:\/\/ascensoresramase.com\/wp-content\/uploads\/26-ascensor-en-finca-antigua-verdum-barcelona-600x800.webp 600w, https:\/\/ascensoresramase.com\/wp-content\/uploads\/26-ascensor-en-finca-antigua-verdum-barcelona.webp 750w\" sizes=\"(min-width: 2200px) 100vw, (min-width: 784px) 397px, (min-width: 712px) 595px, (min-width: 640px) 712px, \" \/><\/div><\/a><\/div><\/div><div style=\"padding:5px;\" class=\"fusion-grid-column fusion-gallery-column fusion-gallery-column-3 hover-type-none fusion-element-grid\"><div class=\"fusion-gallery-image\"><a href=\"https:\/\/ascensoresramase.com\/wp-content\/uploads\/27-ascensor-en-finca-antigua-verdum-barcelona.webp\" rel=\"noreferrer\" data-rel=\"iLightbox[gallery_image_1]\" class=\"fusion-lightbox\" target=\"_self\"><div style=\"background-image:url(https:\/\/ascensoresramase.com\/wp-content\/uploads\/27-ascensor-en-finca-antigua-verdum-barcelona.webp);padding-top:calc((100% + 10px) * 0.8 - 5px);background-position:;\" class=\"fusion-masonry-element-container\"><img decoding=\"async\" src=\"https:\/\/ascensoresramase.com\/wp-content\/uploads\/27-ascensor-en-finca-antigua-verdum-barcelona.webp\" width=\"750\" height=\"1000\" alt=\"Ascensor en finca antigua - Verdum, Barcelona\" title=\"27-ascensor-en-finca-antigua-verdum-barcelona\" aria-label=\"27-ascensor-en-finca-antigua-verdum-barcelona\" class=\"img-responsive wp-image-13494\" srcset=\"https:\/\/ascensoresramase.com\/wp-content\/uploads\/27-ascensor-en-finca-antigua-verdum-barcelona-200x267.webp 200w, https:\/\/ascensoresramase.com\/wp-content\/uploads\/27-ascensor-en-finca-antigua-verdum-barcelona-400x533.webp 400w, https:\/\/ascensoresramase.com\/wp-content\/uploads\/27-ascensor-en-finca-antigua-verdum-barcelona-600x800.webp 600w, https:\/\/ascensoresramase.com\/wp-content\/uploads\/27-ascensor-en-finca-antigua-verdum-barcelona.webp 750w\" sizes=\"(min-width: 2200px) 100vw, (min-width: 784px) 397px, (min-width: 712px) 595px, (min-width: 640px) 712px, \" \/><\/div><\/a><\/div><\/div><div style=\"padding:5px;\" class=\"fusion-grid-column fusion-gallery-column fusion-gallery-column-3 hover-type-none fusion-element-grid\"><div class=\"fusion-gallery-image\"><a href=\"https:\/\/ascensoresramase.com\/wp-content\/uploads\/28-ascensor-en-finca-antigua-verdum-barcelona.webp\" rel=\"noreferrer\" data-rel=\"iLightbox[gallery_image_1]\" class=\"fusion-lightbox\" target=\"_self\"><div style=\"background-image:url(https:\/\/ascensoresramase.com\/wp-content\/uploads\/28-ascensor-en-finca-antigua-verdum-barcelona.webp);padding-top:calc((100% + 10px) * 0.8 - 5px);background-position:;\" class=\"fusion-masonry-element-container\"><img decoding=\"async\" src=\"https:\/\/ascensoresramase.com\/wp-content\/uploads\/28-ascensor-en-finca-antigua-verdum-barcelona.webp\" width=\"750\" height=\"1000\" alt=\"Ascensor en finca antigua - Verdum, Barcelona\" title=\"28-ascensor-en-finca-antigua-verdum-barcelona\" aria-label=\"28-ascensor-en-finca-antigua-verdum-barcelona\" class=\"img-responsive wp-image-13496\" srcset=\"https:\/\/ascensoresramase.com\/wp-content\/uploads\/28-ascensor-en-finca-antigua-verdum-barcelona-200x267.webp 200w, https:\/\/ascensoresramase.com\/wp-content\/uploads\/28-ascensor-en-finca-antigua-verdum-barcelona-400x533.webp 400w, https:\/\/ascensoresramase.com\/wp-content\/uploads\/28-ascensor-en-finca-antigua-verdum-barcelona-600x800.webp 600w, https:\/\/ascensoresramase.com\/wp-content\/uploads\/28-ascensor-en-finca-antigua-verdum-barcelona.webp 750w\" sizes=\"(min-width: 2200px) 100vw, (min-width: 784px) 397px, (min-width: 712px) 595px, (min-width: 640px) 712px, \" \/><\/div><\/a><\/div><\/div><div style=\"padding:5px;\" class=\"fusion-grid-column fusion-gallery-column fusion-gallery-column-3 hover-type-none fusion-element-grid\"><div class=\"fusion-gallery-image\"><a href=\"https:\/\/ascensoresramase.com\/wp-content\/uploads\/29-ascensor-en-finca-antigua-verdum-barcelona.webp\" rel=\"noreferrer\" data-rel=\"iLightbox[gallery_image_1]\" class=\"fusion-lightbox\" target=\"_self\"><div style=\"background-image:url(https:\/\/ascensoresramase.com\/wp-content\/uploads\/29-ascensor-en-finca-antigua-verdum-barcelona.webp);padding-top:calc((100% + 10px) * 0.8 - 5px);background-position:;\" class=\"fusion-masonry-element-container\"><img decoding=\"async\" src=\"https:\/\/ascensoresramase.com\/wp-content\/uploads\/29-ascensor-en-finca-antigua-verdum-barcelona.webp\" width=\"750\" height=\"1000\" alt=\"Ascensor en finca antigua - Verdum, Barcelona\" title=\"29-ascensor-en-finca-antigua-verdum-barcelona\" aria-label=\"29-ascensor-en-finca-antigua-verdum-barcelona\" class=\"img-responsive wp-image-13498\" srcset=\"https:\/\/ascensoresramase.com\/wp-content\/uploads\/29-ascensor-en-finca-antigua-verdum-barcelona-200x267.webp 200w, https:\/\/ascensoresramase.com\/wp-content\/uploads\/29-ascensor-en-finca-antigua-verdum-barcelona-400x533.webp 400w, https:\/\/ascensoresramase.com\/wp-content\/uploads\/29-ascensor-en-finca-antigua-verdum-barcelona-600x800.webp 600w, https:\/\/ascensoresramase.com\/wp-content\/uploads\/29-ascensor-en-finca-antigua-verdum-barcelona.webp 750w\" sizes=\"(min-width: 2200px) 100vw, (min-width: 784px) 397px, (min-width: 712px) 595px, (min-width: 640px) 712px, \" \/><\/div><\/a><\/div><\/div><div style=\"padding:5px;\" class=\"fusion-grid-column fusion-gallery-column fusion-gallery-column-3 hover-type-none fusion-element-grid\"><div class=\"fusion-gallery-image\"><a href=\"https:\/\/ascensoresramase.com\/wp-content\/uploads\/30-ascensor-en-finca-antigua-verdum-barcelona.webp\" rel=\"noreferrer\" data-rel=\"iLightbox[gallery_image_1]\" class=\"fusion-lightbox\" target=\"_self\"><div style=\"background-image:url(https:\/\/ascensoresramase.com\/wp-content\/uploads\/30-ascensor-en-finca-antigua-verdum-barcelona.webp);padding-top:calc((100% + 10px) * 0.8 - 5px);background-position:;\" class=\"fusion-masonry-element-container\"><img decoding=\"async\" src=\"https:\/\/ascensoresramase.com\/wp-content\/uploads\/30-ascensor-en-finca-antigua-verdum-barcelona.webp\" width=\"750\" height=\"1000\" alt=\"Ascensor en finca antigua - Verdum, Barcelona\" title=\"30-ascensor-en-finca-antigua-verdum-barcelona\" aria-label=\"30-ascensor-en-finca-antigua-verdum-barcelona\" class=\"img-responsive wp-image-13500\" srcset=\"https:\/\/ascensoresramase.com\/wp-content\/uploads\/30-ascensor-en-finca-antigua-verdum-barcelona-200x267.webp 200w, https:\/\/ascensoresramase.com\/wp-content\/uploads\/30-ascensor-en-finca-antigua-verdum-barcelona-400x533.webp 400w, https:\/\/ascensoresramase.com\/wp-content\/uploads\/30-ascensor-en-finca-antigua-verdum-barcelona-600x800.webp 600w, https:\/\/ascensoresramase.com\/wp-content\/uploads\/30-ascensor-en-finca-antigua-verdum-barcelona.webp 750w\" sizes=\"(min-width: 2200px) 100vw, (min-width: 784px) 397px, (min-width: 712px) 595px, (min-width: 640px) 712px, \" \/><\/div><\/a><\/div><\/div><div style=\"padding:5px;\" class=\"fusion-grid-column fusion-gallery-column fusion-gallery-column-3 hover-type-none fusion-element-grid\"><div class=\"fusion-gallery-image\"><a href=\"https:\/\/ascensoresramase.com\/wp-content\/uploads\/31-ascensor-en-finca-antigua-verdum-barcelona.webp\" rel=\"noreferrer\" data-rel=\"iLightbox[gallery_image_1]\" class=\"fusion-lightbox\" target=\"_self\"><div style=\"background-image:url(https:\/\/ascensoresramase.com\/wp-content\/uploads\/31-ascensor-en-finca-antigua-verdum-barcelona.webp);padding-top:calc((100% + 10px) * 0.8 - 5px);background-position:;\" class=\"fusion-masonry-element-container\"><img decoding=\"async\" src=\"https:\/\/ascensoresramase.com\/wp-content\/uploads\/31-ascensor-en-finca-antigua-verdum-barcelona.webp\" width=\"750\" height=\"1000\" alt=\"Ascensor en finca antigua - Verdum, Barcelona\" title=\"31-ascensor-en-finca-antigua-verdum-barcelona\" aria-label=\"31-ascensor-en-finca-antigua-verdum-barcelona\" class=\"img-responsive wp-image-13502\" srcset=\"https:\/\/ascensoresramase.com\/wp-content\/uploads\/31-ascensor-en-finca-antigua-verdum-barcelona-200x267.webp 200w, https:\/\/ascensoresramase.com\/wp-content\/uploads\/31-ascensor-en-finca-antigua-verdum-barcelona-400x533.webp 400w, https:\/\/ascensoresramase.com\/wp-content\/uploads\/31-ascensor-en-finca-antigua-verdum-barcelona-600x800.webp 600w, https:\/\/ascensoresramase.com\/wp-content\/uploads\/31-ascensor-en-finca-antigua-verdum-barcelona.webp 750w\" sizes=\"(min-width: 2200px) 100vw, (min-width: 784px) 397px, (min-width: 712px) 595px, (min-width: 640px) 712px, \" \/><\/div><\/a><\/div><\/div><div style=\"padding:5px;\" class=\"fusion-grid-column fusion-gallery-column fusion-gallery-column-3 hover-type-none fusion-element-grid\"><div class=\"fusion-gallery-image\"><a href=\"https:\/\/ascensoresramase.com\/wp-content\/uploads\/32-ascensor-en-finca-antigua-verdum-barcelona.webp\" rel=\"noreferrer\" data-rel=\"iLightbox[gallery_image_1]\" class=\"fusion-lightbox\" target=\"_self\"><div style=\"background-image:url(https:\/\/ascensoresramase.com\/wp-content\/uploads\/32-ascensor-en-finca-antigua-verdum-barcelona.webp);padding-top:calc((100% + 10px) * 0.8 - 5px);background-position:;\" class=\"fusion-masonry-element-container\"><img decoding=\"async\" src=\"https:\/\/ascensoresramase.com\/wp-content\/uploads\/32-ascensor-en-finca-antigua-verdum-barcelona.webp\" width=\"750\" height=\"1000\" alt=\"Ascensor en finca antigua - Verdum, Barcelona\" title=\"32-ascensor-en-finca-antigua-verdum-barcelona\" aria-label=\"32-ascensor-en-finca-antigua-verdum-barcelona\" class=\"img-responsive wp-image-13504\" srcset=\"https:\/\/ascensoresramase.com\/wp-content\/uploads\/32-ascensor-en-finca-antigua-verdum-barcelona-200x267.webp 200w, https:\/\/ascensoresramase.com\/wp-content\/uploads\/32-ascensor-en-finca-antigua-verdum-barcelona-400x533.webp 400w, https:\/\/ascensoresramase.com\/wp-content\/uploads\/32-ascensor-en-finca-antigua-verdum-barcelona-600x800.webp 600w, https:\/\/ascensoresramase.com\/wp-content\/uploads\/32-ascensor-en-finca-antigua-verdum-barcelona.webp 750w\" sizes=\"(min-width: 2200px) 100vw, (min-width: 784px) 397px, (min-width: 712px) 595px, (min-width: 640px) 712px, \" \/><\/div><\/a><\/div><\/div><div style=\"padding:5px;\" class=\"fusion-grid-column fusion-gallery-column fusion-gallery-column-3 hover-type-none fusion-element-grid\"><div class=\"fusion-gallery-image\"><a href=\"https:\/\/ascensoresramase.com\/wp-content\/uploads\/33-ascensor-en-finca-antigua-verdum-barcelona.webp\" rel=\"noreferrer\" data-rel=\"iLightbox[gallery_image_1]\" class=\"fusion-lightbox\" target=\"_self\"><div style=\"background-image:url(https:\/\/ascensoresramase.com\/wp-content\/uploads\/33-ascensor-en-finca-antigua-verdum-barcelona.webp);padding-top:calc((100% + 10px) * 0.8 - 5px);background-position:;\" class=\"fusion-masonry-element-container\"><img decoding=\"async\" src=\"https:\/\/ascensoresramase.com\/wp-content\/uploads\/33-ascensor-en-finca-antigua-verdum-barcelona.webp\" width=\"750\" height=\"1000\" alt=\"Ascensor en finca antigua - Verdum, Barcelona\" title=\"33-ascensor-en-finca-antigua-verdum-barcelona\" aria-label=\"33-ascensor-en-finca-antigua-verdum-barcelona\" class=\"img-responsive wp-image-13506\" srcset=\"https:\/\/ascensoresramase.com\/wp-content\/uploads\/33-ascensor-en-finca-antigua-verdum-barcelona-200x267.webp 200w, https:\/\/ascensoresramase.com\/wp-content\/uploads\/33-ascensor-en-finca-antigua-verdum-barcelona-400x533.webp 400w, https:\/\/ascensoresramase.com\/wp-content\/uploads\/33-ascensor-en-finca-antigua-verdum-barcelona-600x800.webp 600w, https:\/\/ascensoresramase.com\/wp-content\/uploads\/33-ascensor-en-finca-antigua-verdum-barcelona.webp 750w\" sizes=\"(min-width: 2200px) 100vw, (min-width: 784px) 397px, (min-width: 712px) 595px, (min-width: 640px) 712px, \" \/><\/div><\/a><\/div><\/div><div style=\"padding:5px;\" class=\"fusion-grid-column fusion-gallery-column fusion-gallery-column-3 hover-type-none fusion-element-grid\"><div class=\"fusion-gallery-image\"><a href=\"https:\/\/ascensoresramase.com\/wp-content\/uploads\/34-ascensor-en-finca-antigua-verdum-barcelona.webp\" rel=\"noreferrer\" data-rel=\"iLightbox[gallery_image_1]\" class=\"fusion-lightbox\" target=\"_self\"><div style=\"background-image:url(https:\/\/ascensoresramase.com\/wp-content\/uploads\/34-ascensor-en-finca-antigua-verdum-barcelona.webp);padding-top:calc((100% + 10px) * 0.8 - 5px);background-position:;\" class=\"fusion-masonry-element-container\"><img decoding=\"async\" src=\"https:\/\/ascensoresramase.com\/wp-content\/uploads\/34-ascensor-en-finca-antigua-verdum-barcelona.webp\" width=\"750\" height=\"1000\" alt=\"Ascensor en finca antigua - Verdum, Barcelona\" title=\"34-ascensor-en-finca-antigua-verdum-barcelona\" aria-label=\"34-ascensor-en-finca-antigua-verdum-barcelona\" class=\"img-responsive wp-image-13508\" srcset=\"https:\/\/ascensoresramase.com\/wp-content\/uploads\/34-ascensor-en-finca-antigua-verdum-barcelona-200x267.webp 200w, https:\/\/ascensoresramase.com\/wp-content\/uploads\/34-ascensor-en-finca-antigua-verdum-barcelona-400x533.webp 400w, https:\/\/ascensoresramase.com\/wp-content\/uploads\/34-ascensor-en-finca-antigua-verdum-barcelona-600x800.webp 600w, https:\/\/ascensoresramase.com\/wp-content\/uploads\/34-ascensor-en-finca-antigua-verdum-barcelona.webp 750w\" sizes=\"(min-width: 2200px) 100vw, (min-width: 784px) 397px, (min-width: 712px) 595px, (min-width: 640px) 712px, \" \/><\/div><\/a><\/div><\/div><div style=\"padding:5px;\" class=\"fusion-grid-column fusion-gallery-column fusion-gallery-column-3 hover-type-none fusion-element-grid\"><div class=\"fusion-gallery-image\"><a href=\"https:\/\/ascensoresramase.com\/wp-content\/uploads\/35-ascensor-en-finca-antigua-verdum-barcelona.webp\" rel=\"noreferrer\" data-rel=\"iLightbox[gallery_image_1]\" class=\"fusion-lightbox\" target=\"_self\"><div style=\"background-image:url(https:\/\/ascensoresramase.com\/wp-content\/uploads\/35-ascensor-en-finca-antigua-verdum-barcelona.webp);padding-top:calc((100% + 10px) * 0.8 - 5px);background-position:;\" class=\"fusion-masonry-element-container\"><img decoding=\"async\" src=\"https:\/\/ascensoresramase.com\/wp-content\/uploads\/35-ascensor-en-finca-antigua-verdum-barcelona.webp\" width=\"750\" height=\"1000\" alt=\"Ascensor en finca antigua - Verdum, Barcelona\" title=\"35-ascensor-en-finca-antigua-verdum-barcelona\" aria-label=\"35-ascensor-en-finca-antigua-verdum-barcelona\" class=\"img-responsive wp-image-13510\" srcset=\"https:\/\/ascensoresramase.com\/wp-content\/uploads\/35-ascensor-en-finca-antigua-verdum-barcelona-200x267.webp 200w, https:\/\/ascensoresramase.com\/wp-content\/uploads\/35-ascensor-en-finca-antigua-verdum-barcelona-400x533.webp 400w, https:\/\/ascensoresramase.com\/wp-content\/uploads\/35-ascensor-en-finca-antigua-verdum-barcelona-600x800.webp 600w, https:\/\/ascensoresramase.com\/wp-content\/uploads\/35-ascensor-en-finca-antigua-verdum-barcelona.webp 750w\" sizes=\"(min-width: 2200px) 100vw, (min-width: 784px) 397px, (min-width: 712px) 595px, (min-width: 640px) 712px, \" \/><\/div><\/a><\/div><\/div><\/div><\/div><\/div><\/div><\/div><\/div><\/p>\n","protected":false},"excerpt":{"rendered":"","protected":false},"author":1,"featured_media":13532,"menu_order":0,"comment_status":"closed","ping_status":"closed","template":"","format":"standard","meta":{"footnotes":""},"portfolio_category":[34],"portfolio_skills":[],"portfolio_tags":[],"class_list":["post-13542","avada_portfolio","type-avada_portfolio","status-publish","format-standard","has-post-thumbnail","hentry","portfolio_category-obres-acabades"],"yoast_head":"<!-- This site is optimized with the Yoast SEO plugin v27.4 - https:\/\/yoast.com\/product\/yoast-seo-wordpress\/ -->\n<title>Instal\u00b7laci\u00f3 d&#039;ascensor en finca antiga - Ascensores Ramase<\/title>\n<meta name=\"description\" content=\"Instal\u00b7laci\u00f3 d&#039;ascensor en finca antiga. Ascensor de 5 parades i 450 kg. Reforma del vest\u00edbul i canvi de subministraments d&#039;aigua i llum.\" \/>\n<meta name=\"robots\" content=\"index, follow, max-snippet:-1, max-image-preview:large, max-video-preview:-1\" \/>\n<link rel=\"canonical\" href=\"https:\/\/ascensoresramase.com\/ca\/treballs-realitzats\/ascensor-en-finca-antiga-verdum-barcelona\/\" \/>\n<meta property=\"og:locale\" content=\"ca_ES\" \/>\n<meta property=\"og:type\" content=\"article\" \/>\n<meta property=\"og:title\" content=\"Instal\u00b7laci\u00f3 d&#039;ascensor en finca antiga - Ascensores Ramase\" \/>\n<meta property=\"og:description\" content=\"Instal\u00b7laci\u00f3 d&#039;ascensor en finca antiga. Ascensor de 5 parades i 450 kg. Reforma del vest\u00edbul i canvi de subministraments d&#039;aigua i llum.\" \/>\n<meta property=\"og:url\" content=\"https:\/\/ascensoresramase.com\/ca\/treballs-realitzats\/ascensor-en-finca-antiga-verdum-barcelona\/\" \/>\n<meta property=\"og:site_name\" content=\"Empresa mantenimiento ascensores Barcelona - Ascensores Ramase\" \/>\n<meta property=\"article:modified_time\" content=\"2026-04-27T13:43:06+00:00\" \/>\n<meta property=\"og:image\" content=\"https:\/\/ascensoresramase.com\/wp-content\/uploads\/11-ascensor-en-finca-antigua-verdum-barcelona.webp\" \/>\n\t<meta property=\"og:image:width\" content=\"750\" \/>\n\t<meta property=\"og:image:height\" content=\"1000\" \/>\n\t<meta property=\"og:image:type\" content=\"image\/webp\" \/>\n<meta name=\"twitter:card\" content=\"summary_large_image\" \/>\n<meta name=\"twitter:label1\" content=\"Temps estimat de lectura\" \/>\n\t<meta name=\"twitter:data1\" content=\"8 minuts\" \/>\n<script type=\"application\/ld+json\" class=\"yoast-schema-graph\">{\"@context\":\"https:\\\/\\\/schema.org\",\"@graph\":[{\"@type\":\"WebPage\",\"@id\":\"https:\\\/\\\/ascensoresramase.com\\\/ca\\\/treballs-realitzats\\\/ascensor-en-finca-antiga-verdum-barcelona\\\/\",\"url\":\"https:\\\/\\\/ascensoresramase.com\\\/ca\\\/treballs-realitzats\\\/ascensor-en-finca-antiga-verdum-barcelona\\\/\",\"name\":\"Instal\u00b7laci\u00f3 d'ascensor en finca antiga - Ascensores Ramase\",\"isPartOf\":{\"@id\":\"https:\\\/\\\/ascensoresramase.com\\\/ca\\\/#website\"},\"primaryImageOfPage\":{\"@id\":\"https:\\\/\\\/ascensoresramase.com\\\/ca\\\/treballs-realitzats\\\/ascensor-en-finca-antiga-verdum-barcelona\\\/#primaryimage\"},\"image\":{\"@id\":\"https:\\\/\\\/ascensoresramase.com\\\/ca\\\/treballs-realitzats\\\/ascensor-en-finca-antiga-verdum-barcelona\\\/#primaryimage\"},\"thumbnailUrl\":\"https:\\\/\\\/ascensoresramase.com\\\/wp-content\\\/uploads\\\/11-ascensor-en-finca-antigua-verdum-barcelona.webp\",\"datePublished\":\"2025-09-12T10:10:10+00:00\",\"dateModified\":\"2026-04-27T13:43:06+00:00\",\"description\":\"Instal\u00b7laci\u00f3 d'ascensor en finca antiga. Ascensor de 5 parades i 450 kg. Reforma del vest\u00edbul i canvi de subministraments d'aigua i llum.\",\"breadcrumb\":{\"@id\":\"https:\\\/\\\/ascensoresramase.com\\\/ca\\\/treballs-realitzats\\\/ascensor-en-finca-antiga-verdum-barcelona\\\/#breadcrumb\"},\"inLanguage\":\"ca\",\"potentialAction\":[{\"@type\":\"ReadAction\",\"target\":[\"https:\\\/\\\/ascensoresramase.com\\\/ca\\\/treballs-realitzats\\\/ascensor-en-finca-antiga-verdum-barcelona\\\/\"]}]},{\"@type\":\"ImageObject\",\"inLanguage\":\"ca\",\"@id\":\"https:\\\/\\\/ascensoresramase.com\\\/ca\\\/treballs-realitzats\\\/ascensor-en-finca-antiga-verdum-barcelona\\\/#primaryimage\",\"url\":\"https:\\\/\\\/ascensoresramase.com\\\/wp-content\\\/uploads\\\/11-ascensor-en-finca-antigua-verdum-barcelona.webp\",\"contentUrl\":\"https:\\\/\\\/ascensoresramase.com\\\/wp-content\\\/uploads\\\/11-ascensor-en-finca-antigua-verdum-barcelona.webp\",\"width\":750,\"height\":1000,\"caption\":\"Ascensor en finca antigua - Verdum, Barcelona\"},{\"@type\":\"BreadcrumbList\",\"@id\":\"https:\\\/\\\/ascensoresramase.com\\\/ca\\\/treballs-realitzats\\\/ascensor-en-finca-antiga-verdum-barcelona\\\/#breadcrumb\",\"itemListElement\":[{\"@type\":\"ListItem\",\"position\":1,\"name\":\"Inicio\",\"item\":\"https:\\\/\\\/ascensoresramase.com\\\/ca\\\/\"},{\"@type\":\"ListItem\",\"position\":2,\"name\":\"Portfolio\",\"item\":\"https:\\\/\\\/ascensoresramase.com\\\/ca\\\/treballs-realitzats\\\/\"},{\"@type\":\"ListItem\",\"position\":3,\"name\":\"Ascensor en finca antiga &#8211; Verdum, Barcelona\"}]},{\"@type\":\"WebSite\",\"@id\":\"https:\\\/\\\/ascensoresramase.com\\\/ca\\\/#website\",\"url\":\"https:\\\/\\\/ascensoresramase.com\\\/ca\\\/\",\"name\":\"Empresa mantenimiento ascensores Barcelona - Ascensores Ramase\",\"description\":\"\",\"publisher\":{\"@id\":\"https:\\\/\\\/ascensoresramase.com\\\/ca\\\/#organization\"},\"potentialAction\":[{\"@type\":\"SearchAction\",\"target\":{\"@type\":\"EntryPoint\",\"urlTemplate\":\"https:\\\/\\\/ascensoresramase.com\\\/ca\\\/?s={search_term_string}\"},\"query-input\":{\"@type\":\"PropertyValueSpecification\",\"valueRequired\":true,\"valueName\":\"search_term_string\"}}],\"inLanguage\":\"ca\"},{\"@type\":\"Organization\",\"@id\":\"https:\\\/\\\/ascensoresramase.com\\\/ca\\\/#organization\",\"name\":\"RAMASE, S.A\",\"url\":\"https:\\\/\\\/ascensoresramase.com\\\/ca\\\/\",\"logo\":{\"@type\":\"ImageObject\",\"inLanguage\":\"ca\",\"@id\":\"https:\\\/\\\/ascensoresramase.com\\\/ca\\\/#\\\/schema\\\/logo\\\/image\\\/\",\"url\":\"https:\\\/\\\/ascensoresramase.com\\\/wp-content\\\/uploads\\\/LOGO_ramase-web-1.png\",\"contentUrl\":\"https:\\\/\\\/ascensoresramase.com\\\/wp-content\\\/uploads\\\/LOGO_ramase-web-1.png\",\"width\":234,\"height\":150,\"caption\":\"RAMASE, S.A\"},\"image\":{\"@id\":\"https:\\\/\\\/ascensoresramase.com\\\/ca\\\/#\\\/schema\\\/logo\\\/image\\\/\"}}]}<\/script>\n<!-- \/ Yoast SEO plugin. -->","yoast_head_json":{"title":"Instal\u00b7laci\u00f3 d'ascensor en finca antiga - Ascensores Ramase","description":"Instal\u00b7laci\u00f3 d'ascensor en finca antiga. Ascensor de 5 parades i 450 kg. Reforma del vest\u00edbul i canvi de subministraments d'aigua i llum.","robots":{"index":"index","follow":"follow","max-snippet":"max-snippet:-1","max-image-preview":"max-image-preview:large","max-video-preview":"max-video-preview:-1"},"canonical":"https:\/\/ascensoresramase.com\/ca\/treballs-realitzats\/ascensor-en-finca-antiga-verdum-barcelona\/","og_locale":"ca_ES","og_type":"article","og_title":"Instal\u00b7laci\u00f3 d'ascensor en finca antiga - Ascensores Ramase","og_description":"Instal\u00b7laci\u00f3 d'ascensor en finca antiga. Ascensor de 5 parades i 450 kg. Reforma del vest\u00edbul i canvi de subministraments d'aigua i llum.","og_url":"https:\/\/ascensoresramase.com\/ca\/treballs-realitzats\/ascensor-en-finca-antiga-verdum-barcelona\/","og_site_name":"Empresa mantenimiento ascensores Barcelona - Ascensores Ramase","article_modified_time":"2026-04-27T13:43:06+00:00","og_image":[{"width":750,"height":1000,"url":"https:\/\/ascensoresramase.com\/wp-content\/uploads\/11-ascensor-en-finca-antigua-verdum-barcelona.webp","type":"image\/webp"}],"twitter_card":"summary_large_image","twitter_misc":{"Temps estimat de lectura":"8 minuts"},"schema":{"@context":"https:\/\/schema.org","@graph":[{"@type":"WebPage","@id":"https:\/\/ascensoresramase.com\/ca\/treballs-realitzats\/ascensor-en-finca-antiga-verdum-barcelona\/","url":"https:\/\/ascensoresramase.com\/ca\/treballs-realitzats\/ascensor-en-finca-antiga-verdum-barcelona\/","name":"Instal\u00b7laci\u00f3 d'ascensor en finca antiga - Ascensores Ramase","isPartOf":{"@id":"https:\/\/ascensoresramase.com\/ca\/#website"},"primaryImageOfPage":{"@id":"https:\/\/ascensoresramase.com\/ca\/treballs-realitzats\/ascensor-en-finca-antiga-verdum-barcelona\/#primaryimage"},"image":{"@id":"https:\/\/ascensoresramase.com\/ca\/treballs-realitzats\/ascensor-en-finca-antiga-verdum-barcelona\/#primaryimage"},"thumbnailUrl":"https:\/\/ascensoresramase.com\/wp-content\/uploads\/11-ascensor-en-finca-antigua-verdum-barcelona.webp","datePublished":"2025-09-12T10:10:10+00:00","dateModified":"2026-04-27T13:43:06+00:00","description":"Instal\u00b7laci\u00f3 d'ascensor en finca antiga. Ascensor de 5 parades i 450 kg. Reforma del vest\u00edbul i canvi de subministraments d'aigua i llum.","breadcrumb":{"@id":"https:\/\/ascensoresramase.com\/ca\/treballs-realitzats\/ascensor-en-finca-antiga-verdum-barcelona\/#breadcrumb"},"inLanguage":"ca","potentialAction":[{"@type":"ReadAction","target":["https:\/\/ascensoresramase.com\/ca\/treballs-realitzats\/ascensor-en-finca-antiga-verdum-barcelona\/"]}]},{"@type":"ImageObject","inLanguage":"ca","@id":"https:\/\/ascensoresramase.com\/ca\/treballs-realitzats\/ascensor-en-finca-antiga-verdum-barcelona\/#primaryimage","url":"https:\/\/ascensoresramase.com\/wp-content\/uploads\/11-ascensor-en-finca-antigua-verdum-barcelona.webp","contentUrl":"https:\/\/ascensoresramase.com\/wp-content\/uploads\/11-ascensor-en-finca-antigua-verdum-barcelona.webp","width":750,"height":1000,"caption":"Ascensor en finca antigua - Verdum, Barcelona"},{"@type":"BreadcrumbList","@id":"https:\/\/ascensoresramase.com\/ca\/treballs-realitzats\/ascensor-en-finca-antiga-verdum-barcelona\/#breadcrumb","itemListElement":[{"@type":"ListItem","position":1,"name":"Inicio","item":"https:\/\/ascensoresramase.com\/ca\/"},{"@type":"ListItem","position":2,"name":"Portfolio","item":"https:\/\/ascensoresramase.com\/ca\/treballs-realitzats\/"},{"@type":"ListItem","position":3,"name":"Ascensor en finca antiga &#8211; Verdum, Barcelona"}]},{"@type":"WebSite","@id":"https:\/\/ascensoresramase.com\/ca\/#website","url":"https:\/\/ascensoresramase.com\/ca\/","name":"Empresa mantenimiento ascensores Barcelona - Ascensores Ramase","description":"","publisher":{"@id":"https:\/\/ascensoresramase.com\/ca\/#organization"},"potentialAction":[{"@type":"SearchAction","target":{"@type":"EntryPoint","urlTemplate":"https:\/\/ascensoresramase.com\/ca\/?s={search_term_string}"},"query-input":{"@type":"PropertyValueSpecification","valueRequired":true,"valueName":"search_term_string"}}],"inLanguage":"ca"},{"@type":"Organization","@id":"https:\/\/ascensoresramase.com\/ca\/#organization","name":"RAMASE, S.A","url":"https:\/\/ascensoresramase.com\/ca\/","logo":{"@type":"ImageObject","inLanguage":"ca","@id":"https:\/\/ascensoresramase.com\/ca\/#\/schema\/logo\/image\/","url":"https:\/\/ascensoresramase.com\/wp-content\/uploads\/LOGO_ramase-web-1.png","contentUrl":"https:\/\/ascensoresramase.com\/wp-content\/uploads\/LOGO_ramase-web-1.png","width":234,"height":150,"caption":"RAMASE, S.A"},"image":{"@id":"https:\/\/ascensoresramase.com\/ca\/#\/schema\/logo\/image\/"}}]}},"_links":{"self":[{"href":"https:\/\/ascensoresramase.com\/ca\/wp-json\/wp\/v2\/avada_portfolio\/13542","targetHints":{"allow":["GET"]}}],"collection":[{"href":"https:\/\/ascensoresramase.com\/ca\/wp-json\/wp\/v2\/avada_portfolio"}],"about":[{"href":"https:\/\/ascensoresramase.com\/ca\/wp-json\/wp\/v2\/types\/avada_portfolio"}],"author":[{"embeddable":true,"href":"https:\/\/ascensoresramase.com\/ca\/wp-json\/wp\/v2\/users\/1"}],"replies":[{"embeddable":true,"href":"https:\/\/ascensoresramase.com\/ca\/wp-json\/wp\/v2\/comments?post=13542"}],"version-history":[{"count":3,"href":"https:\/\/ascensoresramase.com\/ca\/wp-json\/wp\/v2\/avada_portfolio\/13542\/revisions"}],"predecessor-version":[{"id":14980,"href":"https:\/\/ascensoresramase.com\/ca\/wp-json\/wp\/v2\/avada_portfolio\/13542\/revisions\/14980"}],"wp:featuredmedia":[{"embeddable":true,"href":"https:\/\/ascensoresramase.com\/ca\/wp-json\/wp\/v2\/media\/13532"}],"wp:attachment":[{"href":"https:\/\/ascensoresramase.com\/ca\/wp-json\/wp\/v2\/media?parent=13542"}],"wp:term":[{"taxonomy":"portfolio_category","embeddable":true,"href":"https:\/\/ascensoresramase.com\/ca\/wp-json\/wp\/v2\/portfolio_category?post=13542"},{"taxonomy":"portfolio_skills","embeddable":true,"href":"https:\/\/ascensoresramase.com\/ca\/wp-json\/wp\/v2\/portfolio_skills?post=13542"},{"taxonomy":"portfolio_tags","embeddable":true,"href":"https:\/\/ascensoresramase.com\/ca\/wp-json\/wp\/v2\/portfolio_tags?post=13542"}],"curies":[{"name":"wp","href":"https:\/\/api.w.org\/{rel}","templated":true}]}}