{"id":13466,"date":"2025-09-12T11:46:06","date_gmt":"2025-09-12T09:46:06","guid":{"rendered":"https:\/\/ascensoresramase.com\/?post_type=avada_portfolio&#038;p=13466"},"modified":"2026-04-27T15:41:21","modified_gmt":"2026-04-27T13:41:21","slug":"plataforma-salvaescaleras-vertical-esplugues-de-llobregat","status":"publish","type":"avada_portfolio","link":"https:\/\/ascensoresramase.com\/ca\/treballs-realitzats\/plataforma-salvaescaleras-vertical-esplugues-de-llobregat\/","title":{"rendered":"Plataforma salvaescales vertical &#8211; Esplugues de Llobregat"},"content":{"rendered":"<p><div class=\"fusion-fullwidth fullwidth-box fusion-builder-row-1 fusion-flex-container nonhundred-percent-fullwidth non-hundred-percent-height-scrolling\" style=\"--awb-border-radius-top-left:0px;--awb-border-radius-top-right:0px;--awb-border-radius-bottom-right:0px;--awb-border-radius-bottom-left:0px;--awb-flex-wrap:wrap;\" ><div class=\"fusion-builder-row fusion-row fusion-flex-align-items-flex-start fusion-flex-content-wrap\" style=\"max-width:1248px;margin-left: calc(-4% \/ 2 );margin-right: calc(-4% \/ 2 );\"><div class=\"fusion-layout-column fusion_builder_column fusion-builder-column-0 fusion_builder_column_1_1 1_1 fusion-flex-column\" style=\"--awb-padding-top:20px;--awb-padding-bottom:20px;--awb-padding-left:20px;--awb-bg-color:var(--awb-custom13);--awb-bg-color-hover:var(--awb-custom13);--awb-bg-size:cover;--awb-border-color:var(--awb-color6);--awb-border-top:3px;--awb-border-style:solid;--awb-width-large:100%;--awb-margin-top-large:0px;--awb-spacing-right-large:1.92%;--awb-margin-bottom-large:20px;--awb-spacing-left-large:1.92%;--awb-width-medium:100%;--awb-order-medium:0;--awb-spacing-right-medium:1.92%;--awb-spacing-left-medium:1.92%;--awb-width-small:100%;--awb-order-small:0;--awb-spacing-right-small:1.92%;--awb-spacing-left-small:1.92%;\" data-scroll-devices=\"small-visibility,medium-visibility,large-visibility\"><div class=\"fusion-column-wrapper fusion-column-has-shadow fusion-flex-justify-content-flex-start fusion-content-layout-column\"><div class=\"fusion-title title fusion-title-1 fusion-sep-none fusion-title-center fusion-title-text fusion-title-size-three\" style=\"--awb-margin-top-small:10px;--awb-margin-right-small:0px;--awb-margin-bottom-small:10px;--awb-margin-left-small:0px;\"><h3 class=\"fusion-title-heading title-heading-center\" style=\"margin:0;\">Instal\u00b7laci\u00f3 d&#8217;ascensor i accions realitzades<\/h3><\/div><div class=\"fusion-text fusion-text-1\" style=\"--awb-content-alignment:center;\"><p>Aquest projecte neix de la necessitat <strong>d&#8217;eliminar el primer obstacle de la finca<\/strong>: els graons que separaven el portal de l&#8217;acc\u00e9s a l&#8217;ascensor principal. El repte era aconseguir que qualsevol ve\u00ed, independentment de la seva mobilitat, pogu\u00e9s arribar des del carrer fins al seu habitatge sense trobar un sol gra\u00f3 en el trajecte, cosa que millora la qualitat de vida en tota la comunitat.<\/p>\n<p>Per a aconseguir-ho, es va realitzar una intervenci\u00f3 estructural eliminant part de l&#8217;escala original que donava acc\u00e9s al nivell superior. En aquest espai guanyat, es va instal\u00b7lar una <strong>plataforma salvaescales vertical<\/strong> que <strong>connecta la cota 0 amb el repl\u00e0 de l&#8217;ascensor de manera segura<\/strong> i c\u00f2moda. El resultat \u00e9s una entrada totalment accessible i moderna, on la plataforma queda perfectament integrada en el recorregut diari dels usuaris.<\/p>\n<\/div><\/div><\/div><\/div><\/div><div class=\"fusion-fullwidth fullwidth-box fusion-builder-row-2 fusion-flex-container nonhundred-percent-fullwidth non-hundred-percent-height-scrolling\" style=\"--awb-border-radius-top-left:0px;--awb-border-radius-top-right:0px;--awb-border-radius-bottom-right:0px;--awb-border-radius-bottom-left:0px;--awb-flex-wrap:wrap;\" ><div class=\"fusion-builder-row fusion-row fusion-flex-align-items-stretch fusion-flex-content-wrap\" style=\"max-width:1248px;margin-left: calc(-4% \/ 2 );margin-right: calc(-4% \/ 2 );\"><div class=\"fusion-layout-column fusion_builder_column fusion-builder-column-1 fusion_builder_column_1_1 1_1 fusion-flex-column\" style=\"--awb-bg-size:cover;--awb-width-large:100%;--awb-margin-top-large:0px;--awb-spacing-right-large:1.92%;--awb-margin-bottom-large:20px;--awb-spacing-left-large:1.92%;--awb-width-medium:100%;--awb-order-medium:0;--awb-spacing-right-medium:1.92%;--awb-spacing-left-medium:1.92%;--awb-width-small:100%;--awb-order-small:0;--awb-spacing-right-small:1.92%;--awb-spacing-left-small:1.92%;\"><div class=\"fusion-column-wrapper fusion-column-has-shadow fusion-flex-justify-content-flex-start fusion-content-layout-column\"><div class=\"awb-gallery-wrapper awb-gallery-wrapper-1 button-span-no\" style=\"--more-btn-alignment:center;\"><div style=\"margin:-5px;--awb-bordersize:0px;\" class=\"fusion-gallery fusion-gallery-container fusion-grid-3 fusion-columns-total-6 fusion-gallery-layout-masonry fusion-gallery-1\"><div class=\"fusion-grid-column fusion-gallery-column fusion-gallery-column-3 hover-type-none fusion-grid-sizer\"><\/div><div style=\"padding:5px;\" class=\"fusion-grid-column fusion-gallery-column fusion-gallery-column-3 hover-type-none fusion-element-grid\"><div class=\"fusion-gallery-image\"><a href=\"https:\/\/ascensoresramase.com\/wp-content\/uploads\/1-plataforma-salvaescaleras-vertical-esplugues-llobregat.webp\" rel=\"noreferrer\" data-rel=\"iLightbox[gallery_image_1]\" class=\"fusion-lightbox\" target=\"_self\"><div style=\"background-image:url(https:\/\/ascensoresramase.com\/wp-content\/uploads\/1-plataforma-salvaescaleras-vertical-esplugues-llobregat.webp);padding-top:calc((100% + 10px) * 0.8 - 5px);background-position:;\" class=\"fusion-masonry-element-container\"><img decoding=\"async\" src=\"https:\/\/ascensoresramase.com\/wp-content\/uploads\/1-plataforma-salvaescaleras-vertical-esplugues-llobregat.webp\" width=\"750\" height=\"1000\" alt=\"Plataforma salvaescaleras vertical - Esplugues de Llobregat\" title=\"1-plataforma-salvaescaleras-vertical-esplugues-llobregat\" aria-label=\"1-plataforma-salvaescaleras-vertical-esplugues-llobregat\" class=\"img-responsive wp-image-13464\" srcset=\"https:\/\/ascensoresramase.com\/wp-content\/uploads\/1-plataforma-salvaescaleras-vertical-esplugues-llobregat-200x267.webp 200w, https:\/\/ascensoresramase.com\/wp-content\/uploads\/1-plataforma-salvaescaleras-vertical-esplugues-llobregat-400x533.webp 400w, https:\/\/ascensoresramase.com\/wp-content\/uploads\/1-plataforma-salvaescaleras-vertical-esplugues-llobregat-600x800.webp 600w, https:\/\/ascensoresramase.com\/wp-content\/uploads\/1-plataforma-salvaescaleras-vertical-esplugues-llobregat.webp 750w\" sizes=\"(min-width: 2200px) 100vw, (min-width: 784px) 397px, (min-width: 712px) 595px, (min-width: 640px) 712px, \" \/><\/div><\/a><\/div><\/div><div style=\"padding:5px;\" class=\"fusion-grid-column fusion-gallery-column fusion-gallery-column-3 hover-type-none fusion-element-grid\"><div class=\"fusion-gallery-image\"><a href=\"https:\/\/ascensoresramase.com\/wp-content\/uploads\/2-plataforma-salvaescaleras-vertical-esplugues-llobregat.webp\" rel=\"noreferrer\" data-rel=\"iLightbox[gallery_image_1]\" class=\"fusion-lightbox\" target=\"_self\"><div style=\"background-image:url(https:\/\/ascensoresramase.com\/wp-content\/uploads\/2-plataforma-salvaescaleras-vertical-esplugues-llobregat.webp);padding-top:calc((100% + 10px) * 0.8 - 5px);background-position:;\" class=\"fusion-masonry-element-container\"><img decoding=\"async\" src=\"https:\/\/ascensoresramase.com\/wp-content\/uploads\/2-plataforma-salvaescaleras-vertical-esplugues-llobregat.webp\" width=\"750\" height=\"1000\" alt=\"Plataforma salvaescaleras vertical - Esplugues de Llobregat\" title=\"2-plataforma-salvaescaleras-vertical-esplugues-llobregat\" aria-label=\"2-plataforma-salvaescaleras-vertical-esplugues-llobregat\" class=\"img-responsive wp-image-13454\" srcset=\"https:\/\/ascensoresramase.com\/wp-content\/uploads\/2-plataforma-salvaescaleras-vertical-esplugues-llobregat-200x267.webp 200w, https:\/\/ascensoresramase.com\/wp-content\/uploads\/2-plataforma-salvaescaleras-vertical-esplugues-llobregat-400x533.webp 400w, https:\/\/ascensoresramase.com\/wp-content\/uploads\/2-plataforma-salvaescaleras-vertical-esplugues-llobregat-600x800.webp 600w, https:\/\/ascensoresramase.com\/wp-content\/uploads\/2-plataforma-salvaescaleras-vertical-esplugues-llobregat.webp 750w\" sizes=\"(min-width: 2200px) 100vw, (min-width: 784px) 397px, (min-width: 712px) 595px, (min-width: 640px) 712px, \" \/><\/div><\/a><\/div><\/div><div style=\"padding:5px;\" class=\"fusion-grid-column fusion-gallery-column fusion-gallery-column-3 hover-type-none fusion-element-grid\"><div class=\"fusion-gallery-image\"><a href=\"https:\/\/ascensoresramase.com\/wp-content\/uploads\/3-plataforma-salvaescaleras-vertical-esplugues-llobregat.webp\" rel=\"noreferrer\" data-rel=\"iLightbox[gallery_image_1]\" class=\"fusion-lightbox\" target=\"_self\"><div style=\"background-image:url(https:\/\/ascensoresramase.com\/wp-content\/uploads\/3-plataforma-salvaescaleras-vertical-esplugues-llobregat.webp);padding-top:calc((100% + 10px) * 0.8 - 5px);background-position:;\" class=\"fusion-masonry-element-container\"><img decoding=\"async\" src=\"https:\/\/ascensoresramase.com\/wp-content\/uploads\/3-plataforma-salvaescaleras-vertical-esplugues-llobregat.webp\" width=\"750\" height=\"1000\" alt=\"Plataforma salvaescaleras vertical - Esplugues de Llobregat\" title=\"3-plataforma-salvaescaleras-vertical-esplugues-llobregat\" aria-label=\"3-plataforma-salvaescaleras-vertical-esplugues-llobregat\" class=\"img-responsive wp-image-13456\" srcset=\"https:\/\/ascensoresramase.com\/wp-content\/uploads\/3-plataforma-salvaescaleras-vertical-esplugues-llobregat-200x267.webp 200w, https:\/\/ascensoresramase.com\/wp-content\/uploads\/3-plataforma-salvaescaleras-vertical-esplugues-llobregat-400x533.webp 400w, https:\/\/ascensoresramase.com\/wp-content\/uploads\/3-plataforma-salvaescaleras-vertical-esplugues-llobregat-600x800.webp 600w, https:\/\/ascensoresramase.com\/wp-content\/uploads\/3-plataforma-salvaescaleras-vertical-esplugues-llobregat.webp 750w\" sizes=\"(min-width: 2200px) 100vw, (min-width: 784px) 397px, (min-width: 712px) 595px, (min-width: 640px) 712px, \" \/><\/div><\/a><\/div><\/div><div style=\"padding:5px;\" class=\"fusion-grid-column fusion-gallery-column fusion-gallery-column-3 hover-type-none fusion-element-grid\"><div class=\"fusion-gallery-image\"><a href=\"https:\/\/ascensoresramase.com\/wp-content\/uploads\/4-plataforma-salvaescaleras-vertical-esplugues-llobregat.webp\" rel=\"noreferrer\" data-rel=\"iLightbox[gallery_image_1]\" class=\"fusion-lightbox\" target=\"_self\"><div style=\"background-image:url(https:\/\/ascensoresramase.com\/wp-content\/uploads\/4-plataforma-salvaescaleras-vertical-esplugues-llobregat.webp);padding-top:calc((100% + 10px) * 0.8 - 5px);background-position:;\" class=\"fusion-masonry-element-container\"><img decoding=\"async\" src=\"https:\/\/ascensoresramase.com\/wp-content\/uploads\/4-plataforma-salvaescaleras-vertical-esplugues-llobregat.webp\" width=\"750\" height=\"1000\" alt=\"Plataforma salvaescaleras vertical - Esplugues de Llobregat\" title=\"4-plataforma-salvaescaleras-vertical-esplugues-llobregat\" aria-label=\"4-plataforma-salvaescaleras-vertical-esplugues-llobregat\" class=\"img-responsive wp-image-13458\" srcset=\"https:\/\/ascensoresramase.com\/wp-content\/uploads\/4-plataforma-salvaescaleras-vertical-esplugues-llobregat-200x267.webp 200w, https:\/\/ascensoresramase.com\/wp-content\/uploads\/4-plataforma-salvaescaleras-vertical-esplugues-llobregat-400x533.webp 400w, https:\/\/ascensoresramase.com\/wp-content\/uploads\/4-plataforma-salvaescaleras-vertical-esplugues-llobregat-600x800.webp 600w, https:\/\/ascensoresramase.com\/wp-content\/uploads\/4-plataforma-salvaescaleras-vertical-esplugues-llobregat.webp 750w\" sizes=\"(min-width: 2200px) 100vw, (min-width: 784px) 397px, (min-width: 712px) 595px, (min-width: 640px) 712px, \" \/><\/div><\/a><\/div><\/div><div style=\"padding:5px;\" class=\"fusion-grid-column fusion-gallery-column fusion-gallery-column-3 hover-type-none fusion-element-grid\"><div class=\"fusion-gallery-image\"><a href=\"https:\/\/ascensoresramase.com\/wp-content\/uploads\/5-plataforma-salvaescaleras-vertical-esplugues-llobregat.webp\" rel=\"noreferrer\" data-rel=\"iLightbox[gallery_image_1]\" class=\"fusion-lightbox\" target=\"_self\"><div style=\"background-image:url(https:\/\/ascensoresramase.com\/wp-content\/uploads\/5-plataforma-salvaescaleras-vertical-esplugues-llobregat.webp);padding-top:calc((100% + 10px) * 0.8 - 5px);background-position:;\" class=\"fusion-masonry-element-container\"><img decoding=\"async\" src=\"https:\/\/ascensoresramase.com\/wp-content\/uploads\/5-plataforma-salvaescaleras-vertical-esplugues-llobregat.webp\" width=\"750\" height=\"1000\" alt=\"Plataforma salvaescaleras vertical - Esplugues de Llobregat\" title=\"5-plataforma-salvaescaleras-vertical-esplugues-llobregat\" aria-label=\"5-plataforma-salvaescaleras-vertical-esplugues-llobregat\" class=\"img-responsive wp-image-13460\" srcset=\"https:\/\/ascensoresramase.com\/wp-content\/uploads\/5-plataforma-salvaescaleras-vertical-esplugues-llobregat-200x267.webp 200w, https:\/\/ascensoresramase.com\/wp-content\/uploads\/5-plataforma-salvaescaleras-vertical-esplugues-llobregat-400x533.webp 400w, https:\/\/ascensoresramase.com\/wp-content\/uploads\/5-plataforma-salvaescaleras-vertical-esplugues-llobregat-600x800.webp 600w, https:\/\/ascensoresramase.com\/wp-content\/uploads\/5-plataforma-salvaescaleras-vertical-esplugues-llobregat.webp 750w\" sizes=\"(min-width: 2200px) 100vw, (min-width: 784px) 397px, (min-width: 712px) 595px, (min-width: 640px) 712px, \" \/><\/div><\/a><\/div><\/div><div style=\"padding:5px;\" class=\"fusion-grid-column fusion-gallery-column fusion-gallery-column-3 hover-type-none fusion-element-grid\"><div class=\"fusion-gallery-image\"><a href=\"https:\/\/ascensoresramase.com\/wp-content\/uploads\/6-plataforma-salvaescaleras-vertical-esplugues-llobregat.webp\" rel=\"noreferrer\" data-rel=\"iLightbox[gallery_image_1]\" class=\"fusion-lightbox\" target=\"_self\"><div style=\"background-image:url(https:\/\/ascensoresramase.com\/wp-content\/uploads\/6-plataforma-salvaescaleras-vertical-esplugues-llobregat.webp);padding-top:calc((100% + 10px) * 0.8 - 5px);background-position:;\" class=\"fusion-masonry-element-container\"><img decoding=\"async\" src=\"https:\/\/ascensoresramase.com\/wp-content\/uploads\/6-plataforma-salvaescaleras-vertical-esplugues-llobregat.webp\" width=\"750\" height=\"1000\" alt=\"Plataforma salvaescaleras vertical - Esplugues de Llobregat\" title=\"6-plataforma-salvaescaleras-vertical-esplugues-llobregat\" aria-label=\"6-plataforma-salvaescaleras-vertical-esplugues-llobregat\" class=\"img-responsive wp-image-13462\" srcset=\"https:\/\/ascensoresramase.com\/wp-content\/uploads\/6-plataforma-salvaescaleras-vertical-esplugues-llobregat-200x267.webp 200w, https:\/\/ascensoresramase.com\/wp-content\/uploads\/6-plataforma-salvaescaleras-vertical-esplugues-llobregat-400x533.webp 400w, https:\/\/ascensoresramase.com\/wp-content\/uploads\/6-plataforma-salvaescaleras-vertical-esplugues-llobregat-600x800.webp 600w, https:\/\/ascensoresramase.com\/wp-content\/uploads\/6-plataforma-salvaescaleras-vertical-esplugues-llobregat.webp 750w\" sizes=\"(min-width: 2200px) 100vw, (min-width: 784px) 397px, (min-width: 712px) 595px, (min-width: 640px) 712px, \" \/><\/div><\/a><\/div><\/div><\/div><\/div><\/div><\/div><\/div><\/div><\/p>\n","protected":false},"excerpt":{"rendered":"","protected":false},"author":1,"featured_media":13462,"menu_order":0,"comment_status":"closed","ping_status":"closed","template":"","format":"standard","meta":{"footnotes":""},"portfolio_category":[34],"portfolio_skills":[],"portfolio_tags":[],"class_list":["post-13466","avada_portfolio","type-avada_portfolio","status-publish","format-standard","has-post-thumbnail","hentry","portfolio_category-obres-acabades"],"yoast_head":"<!-- This site is optimized with the Yoast SEO plugin v27.4 - https:\/\/yoast.com\/product\/yoast-seo-wordpress\/ -->\n<title>Instal\u00b7laci\u00f3 plataforma salvaescales vertical - Ascensores Ramase<\/title>\n<meta name=\"description\" content=\"Instal\u00b7laci\u00f3 de plataforma salvaescales vertical, per a donar accessibilitat des de cota 0 al repl\u00e0 on es troba l&#039;ascensor de l&#039;edifici.\" \/>\n<meta name=\"robots\" content=\"index, follow, max-snippet:-1, max-image-preview:large, max-video-preview:-1\" \/>\n<link rel=\"canonical\" href=\"https:\/\/ascensoresramase.com\/ca\/treballs-realitzats\/plataforma-salvaescaleras-vertical-esplugues-de-llobregat\/\" \/>\n<meta property=\"og:locale\" content=\"ca_ES\" \/>\n<meta property=\"og:type\" content=\"article\" \/>\n<meta property=\"og:title\" content=\"Instal\u00b7laci\u00f3 plataforma salvaescales vertical - Ascensores Ramase\" \/>\n<meta property=\"og:description\" content=\"Instal\u00b7laci\u00f3 de plataforma salvaescales vertical, per a donar accessibilitat des de cota 0 al repl\u00e0 on es troba l&#039;ascensor de l&#039;edifici.\" \/>\n<meta property=\"og:url\" content=\"https:\/\/ascensoresramase.com\/ca\/treballs-realitzats\/plataforma-salvaescaleras-vertical-esplugues-de-llobregat\/\" \/>\n<meta property=\"og:site_name\" content=\"Empresa mantenimiento ascensores Barcelona - Ascensores Ramase\" \/>\n<meta property=\"article:modified_time\" content=\"2026-04-27T13:41:21+00:00\" \/>\n<meta property=\"og:image\" content=\"https:\/\/ascensoresramase.com\/wp-content\/uploads\/6-plataforma-salvaescaleras-vertical-esplugues-llobregat.webp\" \/>\n\t<meta property=\"og:image:width\" content=\"750\" \/>\n\t<meta property=\"og:image:height\" content=\"1000\" \/>\n\t<meta property=\"og:image:type\" content=\"image\/webp\" \/>\n<meta name=\"twitter:card\" content=\"summary_large_image\" \/>\n<meta name=\"twitter:label1\" content=\"Temps estimat de lectura\" \/>\n\t<meta name=\"twitter:data1\" content=\"3 minuts\" \/>\n<script type=\"application\/ld+json\" class=\"yoast-schema-graph\">{\"@context\":\"https:\\\/\\\/schema.org\",\"@graph\":[{\"@type\":\"WebPage\",\"@id\":\"https:\\\/\\\/ascensoresramase.com\\\/ca\\\/treballs-realitzats\\\/plataforma-salvaescaleras-vertical-esplugues-de-llobregat\\\/\",\"url\":\"https:\\\/\\\/ascensoresramase.com\\\/ca\\\/treballs-realitzats\\\/plataforma-salvaescaleras-vertical-esplugues-de-llobregat\\\/\",\"name\":\"Instal\u00b7laci\u00f3 plataforma salvaescales vertical - Ascensores Ramase\",\"isPartOf\":{\"@id\":\"https:\\\/\\\/ascensoresramase.com\\\/ca\\\/#website\"},\"primaryImageOfPage\":{\"@id\":\"https:\\\/\\\/ascensoresramase.com\\\/ca\\\/treballs-realitzats\\\/plataforma-salvaescaleras-vertical-esplugues-de-llobregat\\\/#primaryimage\"},\"image\":{\"@id\":\"https:\\\/\\\/ascensoresramase.com\\\/ca\\\/treballs-realitzats\\\/plataforma-salvaescaleras-vertical-esplugues-de-llobregat\\\/#primaryimage\"},\"thumbnailUrl\":\"https:\\\/\\\/ascensoresramase.com\\\/wp-content\\\/uploads\\\/6-plataforma-salvaescaleras-vertical-esplugues-llobregat.webp\",\"datePublished\":\"2025-09-12T09:46:06+00:00\",\"dateModified\":\"2026-04-27T13:41:21+00:00\",\"description\":\"Instal\u00b7laci\u00f3 de plataforma salvaescales vertical, per a donar accessibilitat des de cota 0 al repl\u00e0 on es troba l'ascensor de l'edifici.\",\"breadcrumb\":{\"@id\":\"https:\\\/\\\/ascensoresramase.com\\\/ca\\\/treballs-realitzats\\\/plataforma-salvaescaleras-vertical-esplugues-de-llobregat\\\/#breadcrumb\"},\"inLanguage\":\"ca\",\"potentialAction\":[{\"@type\":\"ReadAction\",\"target\":[\"https:\\\/\\\/ascensoresramase.com\\\/ca\\\/treballs-realitzats\\\/plataforma-salvaescaleras-vertical-esplugues-de-llobregat\\\/\"]}]},{\"@type\":\"ImageObject\",\"inLanguage\":\"ca\",\"@id\":\"https:\\\/\\\/ascensoresramase.com\\\/ca\\\/treballs-realitzats\\\/plataforma-salvaescaleras-vertical-esplugues-de-llobregat\\\/#primaryimage\",\"url\":\"https:\\\/\\\/ascensoresramase.com\\\/wp-content\\\/uploads\\\/6-plataforma-salvaescaleras-vertical-esplugues-llobregat.webp\",\"contentUrl\":\"https:\\\/\\\/ascensoresramase.com\\\/wp-content\\\/uploads\\\/6-plataforma-salvaescaleras-vertical-esplugues-llobregat.webp\",\"width\":750,\"height\":1000,\"caption\":\"Plataforma salvaescaleras vertical - Esplugues de Llobregat\"},{\"@type\":\"BreadcrumbList\",\"@id\":\"https:\\\/\\\/ascensoresramase.com\\\/ca\\\/treballs-realitzats\\\/plataforma-salvaescaleras-vertical-esplugues-de-llobregat\\\/#breadcrumb\",\"itemListElement\":[{\"@type\":\"ListItem\",\"position\":1,\"name\":\"Inicio\",\"item\":\"https:\\\/\\\/ascensoresramase.com\\\/ca\\\/\"},{\"@type\":\"ListItem\",\"position\":2,\"name\":\"Portfolio\",\"item\":\"https:\\\/\\\/ascensoresramase.com\\\/ca\\\/treballs-realitzats\\\/\"},{\"@type\":\"ListItem\",\"position\":3,\"name\":\"Plataforma salvaescales vertical &#8211; Esplugues de Llobregat\"}]},{\"@type\":\"WebSite\",\"@id\":\"https:\\\/\\\/ascensoresramase.com\\\/ca\\\/#website\",\"url\":\"https:\\\/\\\/ascensoresramase.com\\\/ca\\\/\",\"name\":\"Empresa mantenimiento ascensores Barcelona - Ascensores Ramase\",\"description\":\"\",\"publisher\":{\"@id\":\"https:\\\/\\\/ascensoresramase.com\\\/ca\\\/#organization\"},\"potentialAction\":[{\"@type\":\"SearchAction\",\"target\":{\"@type\":\"EntryPoint\",\"urlTemplate\":\"https:\\\/\\\/ascensoresramase.com\\\/ca\\\/?s={search_term_string}\"},\"query-input\":{\"@type\":\"PropertyValueSpecification\",\"valueRequired\":true,\"valueName\":\"search_term_string\"}}],\"inLanguage\":\"ca\"},{\"@type\":\"Organization\",\"@id\":\"https:\\\/\\\/ascensoresramase.com\\\/ca\\\/#organization\",\"name\":\"RAMASE, S.A\",\"url\":\"https:\\\/\\\/ascensoresramase.com\\\/ca\\\/\",\"logo\":{\"@type\":\"ImageObject\",\"inLanguage\":\"ca\",\"@id\":\"https:\\\/\\\/ascensoresramase.com\\\/ca\\\/#\\\/schema\\\/logo\\\/image\\\/\",\"url\":\"https:\\\/\\\/ascensoresramase.com\\\/wp-content\\\/uploads\\\/LOGO_ramase-web-1.png\",\"contentUrl\":\"https:\\\/\\\/ascensoresramase.com\\\/wp-content\\\/uploads\\\/LOGO_ramase-web-1.png\",\"width\":234,\"height\":150,\"caption\":\"RAMASE, S.A\"},\"image\":{\"@id\":\"https:\\\/\\\/ascensoresramase.com\\\/ca\\\/#\\\/schema\\\/logo\\\/image\\\/\"}}]}<\/script>\n<!-- \/ Yoast SEO plugin. -->","yoast_head_json":{"title":"Instal\u00b7laci\u00f3 plataforma salvaescales vertical - Ascensores Ramase","description":"Instal\u00b7laci\u00f3 de plataforma salvaescales vertical, per a donar accessibilitat des de cota 0 al repl\u00e0 on es troba l'ascensor de l'edifici.","robots":{"index":"index","follow":"follow","max-snippet":"max-snippet:-1","max-image-preview":"max-image-preview:large","max-video-preview":"max-video-preview:-1"},"canonical":"https:\/\/ascensoresramase.com\/ca\/treballs-realitzats\/plataforma-salvaescaleras-vertical-esplugues-de-llobregat\/","og_locale":"ca_ES","og_type":"article","og_title":"Instal\u00b7laci\u00f3 plataforma salvaescales vertical - Ascensores Ramase","og_description":"Instal\u00b7laci\u00f3 de plataforma salvaescales vertical, per a donar accessibilitat des de cota 0 al repl\u00e0 on es troba l'ascensor de l'edifici.","og_url":"https:\/\/ascensoresramase.com\/ca\/treballs-realitzats\/plataforma-salvaescaleras-vertical-esplugues-de-llobregat\/","og_site_name":"Empresa mantenimiento ascensores Barcelona - Ascensores Ramase","article_modified_time":"2026-04-27T13:41:21+00:00","og_image":[{"width":750,"height":1000,"url":"https:\/\/ascensoresramase.com\/wp-content\/uploads\/6-plataforma-salvaescaleras-vertical-esplugues-llobregat.webp","type":"image\/webp"}],"twitter_card":"summary_large_image","twitter_misc":{"Temps estimat de lectura":"3 minuts"},"schema":{"@context":"https:\/\/schema.org","@graph":[{"@type":"WebPage","@id":"https:\/\/ascensoresramase.com\/ca\/treballs-realitzats\/plataforma-salvaescaleras-vertical-esplugues-de-llobregat\/","url":"https:\/\/ascensoresramase.com\/ca\/treballs-realitzats\/plataforma-salvaescaleras-vertical-esplugues-de-llobregat\/","name":"Instal\u00b7laci\u00f3 plataforma salvaescales vertical - Ascensores Ramase","isPartOf":{"@id":"https:\/\/ascensoresramase.com\/ca\/#website"},"primaryImageOfPage":{"@id":"https:\/\/ascensoresramase.com\/ca\/treballs-realitzats\/plataforma-salvaescaleras-vertical-esplugues-de-llobregat\/#primaryimage"},"image":{"@id":"https:\/\/ascensoresramase.com\/ca\/treballs-realitzats\/plataforma-salvaescaleras-vertical-esplugues-de-llobregat\/#primaryimage"},"thumbnailUrl":"https:\/\/ascensoresramase.com\/wp-content\/uploads\/6-plataforma-salvaescaleras-vertical-esplugues-llobregat.webp","datePublished":"2025-09-12T09:46:06+00:00","dateModified":"2026-04-27T13:41:21+00:00","description":"Instal\u00b7laci\u00f3 de plataforma salvaescales vertical, per a donar accessibilitat des de cota 0 al repl\u00e0 on es troba l'ascensor de l'edifici.","breadcrumb":{"@id":"https:\/\/ascensoresramase.com\/ca\/treballs-realitzats\/plataforma-salvaescaleras-vertical-esplugues-de-llobregat\/#breadcrumb"},"inLanguage":"ca","potentialAction":[{"@type":"ReadAction","target":["https:\/\/ascensoresramase.com\/ca\/treballs-realitzats\/plataforma-salvaescaleras-vertical-esplugues-de-llobregat\/"]}]},{"@type":"ImageObject","inLanguage":"ca","@id":"https:\/\/ascensoresramase.com\/ca\/treballs-realitzats\/plataforma-salvaescaleras-vertical-esplugues-de-llobregat\/#primaryimage","url":"https:\/\/ascensoresramase.com\/wp-content\/uploads\/6-plataforma-salvaescaleras-vertical-esplugues-llobregat.webp","contentUrl":"https:\/\/ascensoresramase.com\/wp-content\/uploads\/6-plataforma-salvaescaleras-vertical-esplugues-llobregat.webp","width":750,"height":1000,"caption":"Plataforma salvaescaleras vertical - Esplugues de Llobregat"},{"@type":"BreadcrumbList","@id":"https:\/\/ascensoresramase.com\/ca\/treballs-realitzats\/plataforma-salvaescaleras-vertical-esplugues-de-llobregat\/#breadcrumb","itemListElement":[{"@type":"ListItem","position":1,"name":"Inicio","item":"https:\/\/ascensoresramase.com\/ca\/"},{"@type":"ListItem","position":2,"name":"Portfolio","item":"https:\/\/ascensoresramase.com\/ca\/treballs-realitzats\/"},{"@type":"ListItem","position":3,"name":"Plataforma salvaescales vertical &#8211; Esplugues de Llobregat"}]},{"@type":"WebSite","@id":"https:\/\/ascensoresramase.com\/ca\/#website","url":"https:\/\/ascensoresramase.com\/ca\/","name":"Empresa mantenimiento ascensores Barcelona - Ascensores Ramase","description":"","publisher":{"@id":"https:\/\/ascensoresramase.com\/ca\/#organization"},"potentialAction":[{"@type":"SearchAction","target":{"@type":"EntryPoint","urlTemplate":"https:\/\/ascensoresramase.com\/ca\/?s={search_term_string}"},"query-input":{"@type":"PropertyValueSpecification","valueRequired":true,"valueName":"search_term_string"}}],"inLanguage":"ca"},{"@type":"Organization","@id":"https:\/\/ascensoresramase.com\/ca\/#organization","name":"RAMASE, S.A","url":"https:\/\/ascensoresramase.com\/ca\/","logo":{"@type":"ImageObject","inLanguage":"ca","@id":"https:\/\/ascensoresramase.com\/ca\/#\/schema\/logo\/image\/","url":"https:\/\/ascensoresramase.com\/wp-content\/uploads\/LOGO_ramase-web-1.png","contentUrl":"https:\/\/ascensoresramase.com\/wp-content\/uploads\/LOGO_ramase-web-1.png","width":234,"height":150,"caption":"RAMASE, S.A"},"image":{"@id":"https:\/\/ascensoresramase.com\/ca\/#\/schema\/logo\/image\/"}}]}},"_links":{"self":[{"href":"https:\/\/ascensoresramase.com\/ca\/wp-json\/wp\/v2\/avada_portfolio\/13466","targetHints":{"allow":["GET"]}}],"collection":[{"href":"https:\/\/ascensoresramase.com\/ca\/wp-json\/wp\/v2\/avada_portfolio"}],"about":[{"href":"https:\/\/ascensoresramase.com\/ca\/wp-json\/wp\/v2\/types\/avada_portfolio"}],"author":[{"embeddable":true,"href":"https:\/\/ascensoresramase.com\/ca\/wp-json\/wp\/v2\/users\/1"}],"replies":[{"embeddable":true,"href":"https:\/\/ascensoresramase.com\/ca\/wp-json\/wp\/v2\/comments?post=13466"}],"version-history":[{"count":4,"href":"https:\/\/ascensoresramase.com\/ca\/wp-json\/wp\/v2\/avada_portfolio\/13466\/revisions"}],"predecessor-version":[{"id":14979,"href":"https:\/\/ascensoresramase.com\/ca\/wp-json\/wp\/v2\/avada_portfolio\/13466\/revisions\/14979"}],"wp:featuredmedia":[{"embeddable":true,"href":"https:\/\/ascensoresramase.com\/ca\/wp-json\/wp\/v2\/media\/13462"}],"wp:attachment":[{"href":"https:\/\/ascensoresramase.com\/ca\/wp-json\/wp\/v2\/media?parent=13466"}],"wp:term":[{"taxonomy":"portfolio_category","embeddable":true,"href":"https:\/\/ascensoresramase.com\/ca\/wp-json\/wp\/v2\/portfolio_category?post=13466"},{"taxonomy":"portfolio_skills","embeddable":true,"href":"https:\/\/ascensoresramase.com\/ca\/wp-json\/wp\/v2\/portfolio_skills?post=13466"},{"taxonomy":"portfolio_tags","embeddable":true,"href":"https:\/\/ascensoresramase.com\/ca\/wp-json\/wp\/v2\/portfolio_tags?post=13466"}],"curies":[{"name":"wp","href":"https:\/\/api.w.org\/{rel}","templated":true}]}}