{"id":13313,"date":"2025-09-08T13:12:08","date_gmt":"2025-09-08T11:12:08","guid":{"rendered":"https:\/\/ascensoresramase.com\/?post_type=avada_portfolio&#038;p=13313"},"modified":"2026-04-27T15:49:09","modified_gmt":"2026-04-27T13:49:09","slug":"ascensor-sense-cambra-de-maquines-sant-boi","status":"publish","type":"avada_portfolio","link":"https:\/\/ascensoresramase.com\/ca\/treballs-realitzats\/ascensor-sense-cambra-de-maquines-sant-boi\/","title":{"rendered":"Ascensor sense cambra de m\u00e0quines &#8211; Sant Boi"},"content":{"rendered":"<p><div class=\"fusion-fullwidth fullwidth-box fusion-builder-row-1 fusion-flex-container nonhundred-percent-fullwidth non-hundred-percent-height-scrolling\" style=\"--awb-border-radius-top-left:0px;--awb-border-radius-top-right:0px;--awb-border-radius-bottom-right:0px;--awb-border-radius-bottom-left:0px;--awb-flex-wrap:wrap;\" ><div class=\"fusion-builder-row fusion-row fusion-flex-align-items-flex-start fusion-flex-content-wrap\" style=\"max-width:1248px;margin-left: calc(-4% \/ 2 );margin-right: calc(-4% \/ 2 );\"><div class=\"fusion-layout-column fusion_builder_column fusion-builder-column-0 fusion_builder_column_1_1 1_1 fusion-flex-column\" style=\"--awb-padding-top:20px;--awb-padding-bottom:20px;--awb-padding-left:20px;--awb-bg-color:var(--awb-custom13);--awb-bg-color-hover:var(--awb-custom13);--awb-bg-size:cover;--awb-border-color:var(--awb-color6);--awb-border-top:3px;--awb-border-style:solid;--awb-width-large:100%;--awb-margin-top-large:0px;--awb-spacing-right-large:1.92%;--awb-margin-bottom-large:20px;--awb-spacing-left-large:1.92%;--awb-width-medium:100%;--awb-order-medium:0;--awb-spacing-right-medium:1.92%;--awb-spacing-left-medium:1.92%;--awb-width-small:100%;--awb-order-small:0;--awb-spacing-right-small:1.92%;--awb-spacing-left-small:1.92%;\" data-scroll-devices=\"small-visibility,medium-visibility,large-visibility\"><div class=\"fusion-column-wrapper fusion-column-has-shadow fusion-flex-justify-content-flex-start fusion-content-layout-column\"><div class=\"fusion-title title fusion-title-1 fusion-sep-none fusion-title-center fusion-title-text fusion-title-size-three\" style=\"--awb-margin-top-small:10px;--awb-margin-right-small:0px;--awb-margin-bottom-small:10px;--awb-margin-left-small:0px;\"><h3 class=\"fusion-title-heading title-heading-center\" style=\"margin:0;\">Instal\u00b7laci\u00f3 d&#8217;ascensor i accions realitzades<\/h3><\/div><div class=\"fusion-text fusion-text-1\" style=\"--awb-content-alignment:center;\"><p>Aquest projecte se centra en la integraci\u00f3 d&#8217;un <strong>ascensor sense sala de m\u00e0quines<\/strong> en un edifici d&#8217;obra nova, dissenyat espec\u00edficament per a donar servei a una comunitat de propietaris. L&#8217;objectiu principal era maximitzar l&#8217;espai \u00fatil de les zones comunes, instal\u00b7lant un ascensor de <strong>3 parades i capacitat per a 6 persones<\/strong> que garanteixi un tr\u00e0nsit fluid i c\u00f2mode per a tots els ve\u00efns.<\/p>\n<p>Per a aconseguir-ho, es va optar per una soluci\u00f3 tecnol\u00f2gica sense sala de m\u00e0quines, la qual cosa permet que tota la <strong>maquin\u00e0ria quedi allotjada dins del mateix forat<\/strong>, estalviant espai en l&#8217;estructura de l&#8217;edifici. El resultat \u00e9s una <strong>soluci\u00f3 perfectament integrada amb l&#8217;est\u00e8tica<\/strong> i els acabats interiors del repl\u00e0, aportant un disseny net i funcional des del primer dia.<\/p>\n<\/div><\/div><\/div><\/div><\/div><div class=\"fusion-fullwidth fullwidth-box fusion-builder-row-2 fusion-flex-container nonhundred-percent-fullwidth non-hundred-percent-height-scrolling\" style=\"--awb-border-radius-top-left:0px;--awb-border-radius-top-right:0px;--awb-border-radius-bottom-right:0px;--awb-border-radius-bottom-left:0px;--awb-flex-wrap:wrap;\" ><div class=\"fusion-builder-row fusion-row fusion-flex-align-items-stretch fusion-flex-content-wrap\" style=\"max-width:1248px;margin-left: calc(-4% \/ 2 );margin-right: calc(-4% \/ 2 );\"><div class=\"fusion-layout-column fusion_builder_column fusion-builder-column-1 fusion_builder_column_1_1 1_1 fusion-flex-column\" style=\"--awb-bg-size:cover;--awb-width-large:100%;--awb-margin-top-large:0px;--awb-spacing-right-large:1.92%;--awb-margin-bottom-large:20px;--awb-spacing-left-large:1.92%;--awb-width-medium:100%;--awb-order-medium:0;--awb-spacing-right-medium:1.92%;--awb-spacing-left-medium:1.92%;--awb-width-small:100%;--awb-order-small:0;--awb-spacing-right-small:1.92%;--awb-spacing-left-small:1.92%;\"><div class=\"fusion-column-wrapper fusion-column-has-shadow fusion-flex-justify-content-flex-start fusion-content-layout-column\"><div class=\"awb-gallery-wrapper awb-gallery-wrapper-1 button-span-no\" style=\"--more-btn-alignment:center;\"><div style=\"margin:-5px;--awb-bordersize:0px;\" class=\"fusion-gallery fusion-gallery-container fusion-grid-3 fusion-columns-total-8 fusion-gallery-layout-masonry fusion-gallery-1\"><div class=\"fusion-grid-column fusion-gallery-column fusion-gallery-column-3 hover-type-none fusion-grid-sizer\"><\/div><div style=\"padding:5px;\" class=\"fusion-grid-column fusion-gallery-column fusion-gallery-column-3 hover-type-none fusion-element-grid\"><div class=\"fusion-gallery-image\"><a href=\"https:\/\/ascensoresramase.com\/wp-content\/uploads\/1-ascensor-sin-cuarto-de-maquinas-sant-boi-1.webp\" rel=\"noreferrer\" data-rel=\"iLightbox[gallery_image_1]\" class=\"fusion-lightbox\" target=\"_self\"><div style=\"background-image:url(https:\/\/ascensoresramase.com\/wp-content\/uploads\/1-ascensor-sin-cuarto-de-maquinas-sant-boi-1.webp);padding-top:calc((100% + 10px) * 0.8 - 5px);background-position:;\" class=\"fusion-masonry-element-container\"><img decoding=\"async\" src=\"https:\/\/ascensoresramase.com\/wp-content\/uploads\/1-ascensor-sin-cuarto-de-maquinas-sant-boi-1.webp\" width=\"750\" height=\"1000\" alt=\"Ascensor sin cuarto de m\u00e1quinas - Sant Boi\" title=\"1-ascensor-sin-cuarto-de-maquinas-sant-boi\" aria-label=\"1-ascensor-sin-cuarto-de-maquinas-sant-boi\" class=\"img-responsive wp-image-13307\" srcset=\"https:\/\/ascensoresramase.com\/wp-content\/uploads\/1-ascensor-sin-cuarto-de-maquinas-sant-boi-1-200x267.webp 200w, https:\/\/ascensoresramase.com\/wp-content\/uploads\/1-ascensor-sin-cuarto-de-maquinas-sant-boi-1-400x533.webp 400w, https:\/\/ascensoresramase.com\/wp-content\/uploads\/1-ascensor-sin-cuarto-de-maquinas-sant-boi-1-600x800.webp 600w, https:\/\/ascensoresramase.com\/wp-content\/uploads\/1-ascensor-sin-cuarto-de-maquinas-sant-boi-1.webp 750w\" sizes=\"(min-width: 2200px) 100vw, (min-width: 784px) 397px, (min-width: 712px) 595px, (min-width: 640px) 712px, \" \/><\/div><\/a><\/div><\/div><div style=\"padding:5px;\" class=\"fusion-grid-column fusion-gallery-column fusion-gallery-column-3 hover-type-none fusion-element-grid\"><div class=\"fusion-gallery-image\"><a href=\"https:\/\/ascensoresramase.com\/wp-content\/uploads\/1a-ascensor-sin-cuarto-de-maquinas-sant-boi.webp\" rel=\"noreferrer\" data-rel=\"iLightbox[gallery_image_1]\" class=\"fusion-lightbox\" target=\"_self\"><div style=\"background-image:url(https:\/\/ascensoresramase.com\/wp-content\/uploads\/1a-ascensor-sin-cuarto-de-maquinas-sant-boi.webp);padding-top:calc((100% + 10px) * 0.8 - 5px);background-position:;\" class=\"fusion-masonry-element-container\"><img decoding=\"async\" src=\"https:\/\/ascensoresramase.com\/wp-content\/uploads\/1a-ascensor-sin-cuarto-de-maquinas-sant-boi.webp\" width=\"750\" height=\"1000\" alt=\"Ascensor sin cuarto de m\u00e1quinas - Sant Boi\" title=\"1a-ascensor-sin-cuarto-de-maquinas-sant-boi\" aria-label=\"1a-ascensor-sin-cuarto-de-maquinas-sant-boi\" class=\"img-responsive wp-image-13309\" srcset=\"https:\/\/ascensoresramase.com\/wp-content\/uploads\/1a-ascensor-sin-cuarto-de-maquinas-sant-boi-200x267.webp 200w, https:\/\/ascensoresramase.com\/wp-content\/uploads\/1a-ascensor-sin-cuarto-de-maquinas-sant-boi-400x533.webp 400w, https:\/\/ascensoresramase.com\/wp-content\/uploads\/1a-ascensor-sin-cuarto-de-maquinas-sant-boi-600x800.webp 600w, https:\/\/ascensoresramase.com\/wp-content\/uploads\/1a-ascensor-sin-cuarto-de-maquinas-sant-boi.webp 750w\" sizes=\"(min-width: 2200px) 100vw, (min-width: 784px) 397px, (min-width: 712px) 595px, (min-width: 640px) 712px, \" \/><\/div><\/a><\/div><\/div><div style=\"padding:5px;\" class=\"fusion-grid-column fusion-gallery-column fusion-gallery-column-3 hover-type-none fusion-element-grid\"><div class=\"fusion-gallery-image\"><a href=\"https:\/\/ascensoresramase.com\/wp-content\/uploads\/1b-ascensor-sin-cuarto-de-maquinas-sant-boi.webp\" rel=\"noreferrer\" data-rel=\"iLightbox[gallery_image_1]\" class=\"fusion-lightbox\" target=\"_self\"><div style=\"background-image:url(https:\/\/ascensoresramase.com\/wp-content\/uploads\/1b-ascensor-sin-cuarto-de-maquinas-sant-boi.webp);padding-top:calc((100% + 10px) * 0.8 - 5px);background-position:;\" class=\"fusion-masonry-element-container\"><img decoding=\"async\" src=\"https:\/\/ascensoresramase.com\/wp-content\/uploads\/1b-ascensor-sin-cuarto-de-maquinas-sant-boi.webp\" width=\"750\" height=\"1000\" alt=\"Ascensor sin cuarto de m\u00e1quinas - Sant Boi\" title=\"1b-ascensor-sin-cuarto-de-maquinas-sant-boi\" aria-label=\"1b-ascensor-sin-cuarto-de-maquinas-sant-boi\" class=\"img-responsive wp-image-13311\" srcset=\"https:\/\/ascensoresramase.com\/wp-content\/uploads\/1b-ascensor-sin-cuarto-de-maquinas-sant-boi-200x267.webp 200w, https:\/\/ascensoresramase.com\/wp-content\/uploads\/1b-ascensor-sin-cuarto-de-maquinas-sant-boi-400x533.webp 400w, https:\/\/ascensoresramase.com\/wp-content\/uploads\/1b-ascensor-sin-cuarto-de-maquinas-sant-boi-600x800.webp 600w, https:\/\/ascensoresramase.com\/wp-content\/uploads\/1b-ascensor-sin-cuarto-de-maquinas-sant-boi.webp 750w\" sizes=\"(min-width: 2200px) 100vw, (min-width: 784px) 397px, (min-width: 712px) 595px, (min-width: 640px) 712px, \" \/><\/div><\/a><\/div><\/div><div style=\"padding:5px;\" class=\"fusion-grid-column fusion-gallery-column fusion-gallery-column-3 hover-type-none fusion-element-grid\"><div class=\"fusion-gallery-image\"><a href=\"https:\/\/ascensoresramase.com\/wp-content\/uploads\/1c-ascensor-sin-cuarto-de-maquinas-sant-boi.webp\" rel=\"noreferrer\" data-rel=\"iLightbox[gallery_image_1]\" class=\"fusion-lightbox\" target=\"_self\"><div style=\"background-image:url(https:\/\/ascensoresramase.com\/wp-content\/uploads\/1c-ascensor-sin-cuarto-de-maquinas-sant-boi.webp);padding-top:calc((100% + 10px) * 0.8 - 5px);background-position:;\" class=\"fusion-masonry-element-container\"><img decoding=\"async\" src=\"https:\/\/ascensoresramase.com\/wp-content\/uploads\/1c-ascensor-sin-cuarto-de-maquinas-sant-boi.webp\" width=\"750\" height=\"1000\" alt=\"Ascensor sin cuarto de m\u00e1quinas - Sant Boi\" title=\"1c-ascensor-sin-cuarto-de-maquinas-sant-boi\" aria-label=\"1c-ascensor-sin-cuarto-de-maquinas-sant-boi\" class=\"img-responsive wp-image-13297\" srcset=\"https:\/\/ascensoresramase.com\/wp-content\/uploads\/1c-ascensor-sin-cuarto-de-maquinas-sant-boi-200x267.webp 200w, https:\/\/ascensoresramase.com\/wp-content\/uploads\/1c-ascensor-sin-cuarto-de-maquinas-sant-boi-400x533.webp 400w, https:\/\/ascensoresramase.com\/wp-content\/uploads\/1c-ascensor-sin-cuarto-de-maquinas-sant-boi-600x800.webp 600w, https:\/\/ascensoresramase.com\/wp-content\/uploads\/1c-ascensor-sin-cuarto-de-maquinas-sant-boi.webp 750w\" sizes=\"(min-width: 2200px) 100vw, (min-width: 784px) 397px, (min-width: 712px) 595px, (min-width: 640px) 712px, \" \/><\/div><\/a><\/div><\/div><div style=\"padding:5px;\" class=\"fusion-grid-column fusion-gallery-column fusion-gallery-column-3 hover-type-none fusion-element-grid\"><div class=\"fusion-gallery-image\"><a href=\"https:\/\/ascensoresramase.com\/wp-content\/uploads\/1d-ascensor-sin-cuarto-de-maquinas-sant-boi.webp\" rel=\"noreferrer\" data-rel=\"iLightbox[gallery_image_1]\" class=\"fusion-lightbox\" target=\"_self\"><div style=\"background-image:url(https:\/\/ascensoresramase.com\/wp-content\/uploads\/1d-ascensor-sin-cuarto-de-maquinas-sant-boi.webp);padding-top:calc((100% + 10px) * 0.8 - 5px);background-position:;\" class=\"fusion-masonry-element-container\"><img decoding=\"async\" src=\"https:\/\/ascensoresramase.com\/wp-content\/uploads\/1d-ascensor-sin-cuarto-de-maquinas-sant-boi.webp\" width=\"750\" height=\"1000\" alt=\"Ascensor sin cuarto de m\u00e1quinas - Sant Boi\" title=\"1d-ascensor-sin-cuarto-de-maquinas-sant-boi\" aria-label=\"1d-ascensor-sin-cuarto-de-maquinas-sant-boi\" class=\"img-responsive wp-image-13299\" srcset=\"https:\/\/ascensoresramase.com\/wp-content\/uploads\/1d-ascensor-sin-cuarto-de-maquinas-sant-boi-200x267.webp 200w, https:\/\/ascensoresramase.com\/wp-content\/uploads\/1d-ascensor-sin-cuarto-de-maquinas-sant-boi-400x533.webp 400w, https:\/\/ascensoresramase.com\/wp-content\/uploads\/1d-ascensor-sin-cuarto-de-maquinas-sant-boi-600x800.webp 600w, https:\/\/ascensoresramase.com\/wp-content\/uploads\/1d-ascensor-sin-cuarto-de-maquinas-sant-boi.webp 750w\" sizes=\"(min-width: 2200px) 100vw, (min-width: 784px) 397px, (min-width: 712px) 595px, (min-width: 640px) 712px, \" \/><\/div><\/a><\/div><\/div><div style=\"padding:5px;\" class=\"fusion-grid-column fusion-gallery-column fusion-gallery-column-3 hover-type-none fusion-element-grid\"><div class=\"fusion-gallery-image\"><a href=\"https:\/\/ascensoresramase.com\/wp-content\/uploads\/1-e-ascensor-sin-cuarto-de-maquinas-sant-boi.webp\" rel=\"noreferrer\" data-rel=\"iLightbox[gallery_image_1]\" class=\"fusion-lightbox\" target=\"_self\"><div style=\"background-image:url(https:\/\/ascensoresramase.com\/wp-content\/uploads\/1-e-ascensor-sin-cuarto-de-maquinas-sant-boi.webp);padding-top:calc((100% + 10px) * 0.8 - 5px);background-position:;\" class=\"fusion-masonry-element-container\"><img decoding=\"async\" src=\"https:\/\/ascensoresramase.com\/wp-content\/uploads\/1-e-ascensor-sin-cuarto-de-maquinas-sant-boi.webp\" width=\"750\" height=\"1000\" alt=\"Ascensor sin cuarto de m\u00e1quinas - Sant Boi\" title=\"1-e-ascensor-sin-cuarto-de-maquinas-sant-boi\" aria-label=\"1-e-ascensor-sin-cuarto-de-maquinas-sant-boi\" class=\"img-responsive wp-image-13301\" srcset=\"https:\/\/ascensoresramase.com\/wp-content\/uploads\/1-e-ascensor-sin-cuarto-de-maquinas-sant-boi-200x267.webp 200w, https:\/\/ascensoresramase.com\/wp-content\/uploads\/1-e-ascensor-sin-cuarto-de-maquinas-sant-boi-400x533.webp 400w, https:\/\/ascensoresramase.com\/wp-content\/uploads\/1-e-ascensor-sin-cuarto-de-maquinas-sant-boi-600x800.webp 600w, https:\/\/ascensoresramase.com\/wp-content\/uploads\/1-e-ascensor-sin-cuarto-de-maquinas-sant-boi.webp 750w\" sizes=\"(min-width: 2200px) 100vw, (min-width: 784px) 397px, (min-width: 712px) 595px, (min-width: 640px) 712px, \" \/><\/div><\/a><\/div><\/div><div style=\"padding:5px;\" class=\"fusion-grid-column fusion-gallery-column fusion-gallery-column-3 hover-type-none fusion-element-grid\"><div class=\"fusion-gallery-image\"><a href=\"https:\/\/ascensoresramase.com\/wp-content\/uploads\/1-f-ascensor-sin-cuarto-de-maquinas-sant-boi.webp\" rel=\"noreferrer\" data-rel=\"iLightbox[gallery_image_1]\" class=\"fusion-lightbox\" target=\"_self\"><div style=\"background-image:url(https:\/\/ascensoresramase.com\/wp-content\/uploads\/1-f-ascensor-sin-cuarto-de-maquinas-sant-boi.webp);padding-top:calc((100% + 10px) * 0.8 - 5px);background-position:;\" class=\"fusion-masonry-element-container\"><img decoding=\"async\" src=\"https:\/\/ascensoresramase.com\/wp-content\/uploads\/1-f-ascensor-sin-cuarto-de-maquinas-sant-boi.webp\" width=\"750\" height=\"1000\" alt=\"Ascensor sin cuarto de m\u00e1quinas - Sant Boi\" title=\"1-f-ascensor-sin-cuarto-de-maquinas-sant-boi\" aria-label=\"1-f-ascensor-sin-cuarto-de-maquinas-sant-boi\" class=\"img-responsive wp-image-13303\" srcset=\"https:\/\/ascensoresramase.com\/wp-content\/uploads\/1-f-ascensor-sin-cuarto-de-maquinas-sant-boi-200x267.webp 200w, https:\/\/ascensoresramase.com\/wp-content\/uploads\/1-f-ascensor-sin-cuarto-de-maquinas-sant-boi-400x533.webp 400w, https:\/\/ascensoresramase.com\/wp-content\/uploads\/1-f-ascensor-sin-cuarto-de-maquinas-sant-boi-600x800.webp 600w, https:\/\/ascensoresramase.com\/wp-content\/uploads\/1-f-ascensor-sin-cuarto-de-maquinas-sant-boi.webp 750w\" sizes=\"(min-width: 2200px) 100vw, (min-width: 784px) 397px, (min-width: 712px) 595px, (min-width: 640px) 712px, \" \/><\/div><\/a><\/div><\/div><div style=\"padding:5px;\" class=\"fusion-grid-column fusion-gallery-column fusion-gallery-column-3 hover-type-none fusion-element-grid\"><div class=\"fusion-gallery-image\"><a href=\"https:\/\/ascensoresramase.com\/wp-content\/uploads\/1-g-ascensor-sin-cuarto-de-maquinas-sant-boi.webp\" rel=\"noreferrer\" data-rel=\"iLightbox[gallery_image_1]\" class=\"fusion-lightbox\" target=\"_self\"><div style=\"background-image:url(https:\/\/ascensoresramase.com\/wp-content\/uploads\/1-g-ascensor-sin-cuarto-de-maquinas-sant-boi.webp);padding-top:calc((100% + 10px) * 0.8 - 5px);background-position:;\" class=\"fusion-masonry-element-container\"><img decoding=\"async\" src=\"https:\/\/ascensoresramase.com\/wp-content\/uploads\/1-g-ascensor-sin-cuarto-de-maquinas-sant-boi.webp\" width=\"750\" height=\"1000\" alt=\"Ascensor sin cuarto de m\u00e1quinas - Sant Boi\" title=\"1-g-ascensor-sin-cuarto-de-maquinas-sant-boi\" aria-label=\"1-g-ascensor-sin-cuarto-de-maquinas-sant-boi\" class=\"img-responsive wp-image-13305\" srcset=\"https:\/\/ascensoresramase.com\/wp-content\/uploads\/1-g-ascensor-sin-cuarto-de-maquinas-sant-boi-200x267.webp 200w, https:\/\/ascensoresramase.com\/wp-content\/uploads\/1-g-ascensor-sin-cuarto-de-maquinas-sant-boi-400x533.webp 400w, https:\/\/ascensoresramase.com\/wp-content\/uploads\/1-g-ascensor-sin-cuarto-de-maquinas-sant-boi-600x800.webp 600w, https:\/\/ascensoresramase.com\/wp-content\/uploads\/1-g-ascensor-sin-cuarto-de-maquinas-sant-boi.webp 750w\" sizes=\"(min-width: 2200px) 100vw, (min-width: 784px) 397px, (min-width: 712px) 595px, (min-width: 640px) 712px, \" \/><\/div><\/a><\/div><\/div><\/div><\/div><\/div><\/div><\/div><\/div><\/p>\n","protected":false},"excerpt":{"rendered":"","protected":false},"author":1,"featured_media":13305,"menu_order":0,"comment_status":"closed","ping_status":"closed","template":"","format":"standard","meta":{"footnotes":""},"portfolio_category":[34],"portfolio_skills":[],"portfolio_tags":[],"class_list":["post-13313","avada_portfolio","type-avada_portfolio","status-publish","format-standard","has-post-thumbnail","hentry","portfolio_category-obres-acabades"],"yoast_head":"<!-- This site is optimized with the Yoast SEO plugin v27.4 - https:\/\/yoast.com\/product\/yoast-seo-wordpress\/ -->\n<title>Ascensor sense sala de m\u00e0quines - Ascensores Ramase<\/title>\n<meta name=\"description\" content=\"Ascensor sense sala de m\u00e0quines d&#039;obra nova per a comunitat de propietaris, 3 parades i capacitat per a 6 persones a Sant Boi.\" \/>\n<meta name=\"robots\" content=\"index, follow, max-snippet:-1, max-image-preview:large, max-video-preview:-1\" \/>\n<link rel=\"canonical\" href=\"https:\/\/ascensoresramase.com\/ca\/treballs-realitzats\/ascensor-sense-cambra-de-maquines-sant-boi\/\" \/>\n<meta property=\"og:locale\" content=\"ca_ES\" \/>\n<meta property=\"og:type\" content=\"article\" \/>\n<meta property=\"og:title\" content=\"Ascensor sense sala de m\u00e0quines - Ascensores Ramase\" \/>\n<meta property=\"og:description\" content=\"Ascensor sense sala de m\u00e0quines d&#039;obra nova per a comunitat de propietaris, 3 parades i capacitat per a 6 persones a Sant Boi.\" \/>\n<meta property=\"og:url\" content=\"https:\/\/ascensoresramase.com\/ca\/treballs-realitzats\/ascensor-sense-cambra-de-maquines-sant-boi\/\" \/>\n<meta property=\"og:site_name\" content=\"Empresa mantenimiento ascensores Barcelona - Ascensores Ramase\" \/>\n<meta property=\"article:modified_time\" content=\"2026-04-27T13:49:09+00:00\" \/>\n<meta property=\"og:image\" content=\"https:\/\/ascensoresramase.com\/wp-content\/uploads\/1-g-ascensor-sin-cuarto-de-maquinas-sant-boi.webp\" \/>\n\t<meta property=\"og:image:width\" content=\"750\" \/>\n\t<meta property=\"og:image:height\" content=\"1000\" \/>\n\t<meta property=\"og:image:type\" content=\"image\/webp\" \/>\n<meta name=\"twitter:card\" content=\"summary_large_image\" \/>\n<meta name=\"twitter:label1\" content=\"Temps estimat de lectura\" \/>\n\t<meta name=\"twitter:data1\" content=\"3 minuts\" \/>\n<script type=\"application\/ld+json\" class=\"yoast-schema-graph\">{\"@context\":\"https:\\\/\\\/schema.org\",\"@graph\":[{\"@type\":\"WebPage\",\"@id\":\"https:\\\/\\\/ascensoresramase.com\\\/ca\\\/treballs-realitzats\\\/ascensor-sense-cambra-de-maquines-sant-boi\\\/\",\"url\":\"https:\\\/\\\/ascensoresramase.com\\\/ca\\\/treballs-realitzats\\\/ascensor-sense-cambra-de-maquines-sant-boi\\\/\",\"name\":\"Ascensor sense sala de m\u00e0quines - Ascensores Ramase\",\"isPartOf\":{\"@id\":\"https:\\\/\\\/ascensoresramase.com\\\/ca\\\/#website\"},\"primaryImageOfPage\":{\"@id\":\"https:\\\/\\\/ascensoresramase.com\\\/ca\\\/treballs-realitzats\\\/ascensor-sense-cambra-de-maquines-sant-boi\\\/#primaryimage\"},\"image\":{\"@id\":\"https:\\\/\\\/ascensoresramase.com\\\/ca\\\/treballs-realitzats\\\/ascensor-sense-cambra-de-maquines-sant-boi\\\/#primaryimage\"},\"thumbnailUrl\":\"https:\\\/\\\/ascensoresramase.com\\\/wp-content\\\/uploads\\\/1-g-ascensor-sin-cuarto-de-maquinas-sant-boi.webp\",\"datePublished\":\"2025-09-08T11:12:08+00:00\",\"dateModified\":\"2026-04-27T13:49:09+00:00\",\"description\":\"Ascensor sense sala de m\u00e0quines d'obra nova per a comunitat de propietaris, 3 parades i capacitat per a 6 persones a Sant Boi.\",\"breadcrumb\":{\"@id\":\"https:\\\/\\\/ascensoresramase.com\\\/ca\\\/treballs-realitzats\\\/ascensor-sense-cambra-de-maquines-sant-boi\\\/#breadcrumb\"},\"inLanguage\":\"ca\",\"potentialAction\":[{\"@type\":\"ReadAction\",\"target\":[\"https:\\\/\\\/ascensoresramase.com\\\/ca\\\/treballs-realitzats\\\/ascensor-sense-cambra-de-maquines-sant-boi\\\/\"]}]},{\"@type\":\"ImageObject\",\"inLanguage\":\"ca\",\"@id\":\"https:\\\/\\\/ascensoresramase.com\\\/ca\\\/treballs-realitzats\\\/ascensor-sense-cambra-de-maquines-sant-boi\\\/#primaryimage\",\"url\":\"https:\\\/\\\/ascensoresramase.com\\\/wp-content\\\/uploads\\\/1-g-ascensor-sin-cuarto-de-maquinas-sant-boi.webp\",\"contentUrl\":\"https:\\\/\\\/ascensoresramase.com\\\/wp-content\\\/uploads\\\/1-g-ascensor-sin-cuarto-de-maquinas-sant-boi.webp\",\"width\":750,\"height\":1000,\"caption\":\"Ascensor sin cuarto de m\u00e1quinas - Sant Boi\"},{\"@type\":\"BreadcrumbList\",\"@id\":\"https:\\\/\\\/ascensoresramase.com\\\/ca\\\/treballs-realitzats\\\/ascensor-sense-cambra-de-maquines-sant-boi\\\/#breadcrumb\",\"itemListElement\":[{\"@type\":\"ListItem\",\"position\":1,\"name\":\"Inicio\",\"item\":\"https:\\\/\\\/ascensoresramase.com\\\/ca\\\/\"},{\"@type\":\"ListItem\",\"position\":2,\"name\":\"Portfolio\",\"item\":\"https:\\\/\\\/ascensoresramase.com\\\/ca\\\/treballs-realitzats\\\/\"},{\"@type\":\"ListItem\",\"position\":3,\"name\":\"Ascensor sense cambra de m\u00e0quines &#8211; Sant Boi\"}]},{\"@type\":\"WebSite\",\"@id\":\"https:\\\/\\\/ascensoresramase.com\\\/ca\\\/#website\",\"url\":\"https:\\\/\\\/ascensoresramase.com\\\/ca\\\/\",\"name\":\"Empresa mantenimiento ascensores Barcelona - Ascensores Ramase\",\"description\":\"\",\"publisher\":{\"@id\":\"https:\\\/\\\/ascensoresramase.com\\\/ca\\\/#organization\"},\"potentialAction\":[{\"@type\":\"SearchAction\",\"target\":{\"@type\":\"EntryPoint\",\"urlTemplate\":\"https:\\\/\\\/ascensoresramase.com\\\/ca\\\/?s={search_term_string}\"},\"query-input\":{\"@type\":\"PropertyValueSpecification\",\"valueRequired\":true,\"valueName\":\"search_term_string\"}}],\"inLanguage\":\"ca\"},{\"@type\":\"Organization\",\"@id\":\"https:\\\/\\\/ascensoresramase.com\\\/ca\\\/#organization\",\"name\":\"RAMASE, S.A\",\"url\":\"https:\\\/\\\/ascensoresramase.com\\\/ca\\\/\",\"logo\":{\"@type\":\"ImageObject\",\"inLanguage\":\"ca\",\"@id\":\"https:\\\/\\\/ascensoresramase.com\\\/ca\\\/#\\\/schema\\\/logo\\\/image\\\/\",\"url\":\"https:\\\/\\\/ascensoresramase.com\\\/wp-content\\\/uploads\\\/LOGO_ramase-web-1.png\",\"contentUrl\":\"https:\\\/\\\/ascensoresramase.com\\\/wp-content\\\/uploads\\\/LOGO_ramase-web-1.png\",\"width\":234,\"height\":150,\"caption\":\"RAMASE, S.A\"},\"image\":{\"@id\":\"https:\\\/\\\/ascensoresramase.com\\\/ca\\\/#\\\/schema\\\/logo\\\/image\\\/\"}}]}<\/script>\n<!-- \/ Yoast SEO plugin. -->","yoast_head_json":{"title":"Ascensor sense sala de m\u00e0quines - Ascensores Ramase","description":"Ascensor sense sala de m\u00e0quines d'obra nova per a comunitat de propietaris, 3 parades i capacitat per a 6 persones a Sant Boi.","robots":{"index":"index","follow":"follow","max-snippet":"max-snippet:-1","max-image-preview":"max-image-preview:large","max-video-preview":"max-video-preview:-1"},"canonical":"https:\/\/ascensoresramase.com\/ca\/treballs-realitzats\/ascensor-sense-cambra-de-maquines-sant-boi\/","og_locale":"ca_ES","og_type":"article","og_title":"Ascensor sense sala de m\u00e0quines - Ascensores Ramase","og_description":"Ascensor sense sala de m\u00e0quines d'obra nova per a comunitat de propietaris, 3 parades i capacitat per a 6 persones a Sant Boi.","og_url":"https:\/\/ascensoresramase.com\/ca\/treballs-realitzats\/ascensor-sense-cambra-de-maquines-sant-boi\/","og_site_name":"Empresa mantenimiento ascensores Barcelona - Ascensores Ramase","article_modified_time":"2026-04-27T13:49:09+00:00","og_image":[{"width":750,"height":1000,"url":"https:\/\/ascensoresramase.com\/wp-content\/uploads\/1-g-ascensor-sin-cuarto-de-maquinas-sant-boi.webp","type":"image\/webp"}],"twitter_card":"summary_large_image","twitter_misc":{"Temps estimat de lectura":"3 minuts"},"schema":{"@context":"https:\/\/schema.org","@graph":[{"@type":"WebPage","@id":"https:\/\/ascensoresramase.com\/ca\/treballs-realitzats\/ascensor-sense-cambra-de-maquines-sant-boi\/","url":"https:\/\/ascensoresramase.com\/ca\/treballs-realitzats\/ascensor-sense-cambra-de-maquines-sant-boi\/","name":"Ascensor sense sala de m\u00e0quines - Ascensores Ramase","isPartOf":{"@id":"https:\/\/ascensoresramase.com\/ca\/#website"},"primaryImageOfPage":{"@id":"https:\/\/ascensoresramase.com\/ca\/treballs-realitzats\/ascensor-sense-cambra-de-maquines-sant-boi\/#primaryimage"},"image":{"@id":"https:\/\/ascensoresramase.com\/ca\/treballs-realitzats\/ascensor-sense-cambra-de-maquines-sant-boi\/#primaryimage"},"thumbnailUrl":"https:\/\/ascensoresramase.com\/wp-content\/uploads\/1-g-ascensor-sin-cuarto-de-maquinas-sant-boi.webp","datePublished":"2025-09-08T11:12:08+00:00","dateModified":"2026-04-27T13:49:09+00:00","description":"Ascensor sense sala de m\u00e0quines d'obra nova per a comunitat de propietaris, 3 parades i capacitat per a 6 persones a Sant Boi.","breadcrumb":{"@id":"https:\/\/ascensoresramase.com\/ca\/treballs-realitzats\/ascensor-sense-cambra-de-maquines-sant-boi\/#breadcrumb"},"inLanguage":"ca","potentialAction":[{"@type":"ReadAction","target":["https:\/\/ascensoresramase.com\/ca\/treballs-realitzats\/ascensor-sense-cambra-de-maquines-sant-boi\/"]}]},{"@type":"ImageObject","inLanguage":"ca","@id":"https:\/\/ascensoresramase.com\/ca\/treballs-realitzats\/ascensor-sense-cambra-de-maquines-sant-boi\/#primaryimage","url":"https:\/\/ascensoresramase.com\/wp-content\/uploads\/1-g-ascensor-sin-cuarto-de-maquinas-sant-boi.webp","contentUrl":"https:\/\/ascensoresramase.com\/wp-content\/uploads\/1-g-ascensor-sin-cuarto-de-maquinas-sant-boi.webp","width":750,"height":1000,"caption":"Ascensor sin cuarto de m\u00e1quinas - Sant Boi"},{"@type":"BreadcrumbList","@id":"https:\/\/ascensoresramase.com\/ca\/treballs-realitzats\/ascensor-sense-cambra-de-maquines-sant-boi\/#breadcrumb","itemListElement":[{"@type":"ListItem","position":1,"name":"Inicio","item":"https:\/\/ascensoresramase.com\/ca\/"},{"@type":"ListItem","position":2,"name":"Portfolio","item":"https:\/\/ascensoresramase.com\/ca\/treballs-realitzats\/"},{"@type":"ListItem","position":3,"name":"Ascensor sense cambra de m\u00e0quines &#8211; Sant Boi"}]},{"@type":"WebSite","@id":"https:\/\/ascensoresramase.com\/ca\/#website","url":"https:\/\/ascensoresramase.com\/ca\/","name":"Empresa mantenimiento ascensores Barcelona - Ascensores Ramase","description":"","publisher":{"@id":"https:\/\/ascensoresramase.com\/ca\/#organization"},"potentialAction":[{"@type":"SearchAction","target":{"@type":"EntryPoint","urlTemplate":"https:\/\/ascensoresramase.com\/ca\/?s={search_term_string}"},"query-input":{"@type":"PropertyValueSpecification","valueRequired":true,"valueName":"search_term_string"}}],"inLanguage":"ca"},{"@type":"Organization","@id":"https:\/\/ascensoresramase.com\/ca\/#organization","name":"RAMASE, S.A","url":"https:\/\/ascensoresramase.com\/ca\/","logo":{"@type":"ImageObject","inLanguage":"ca","@id":"https:\/\/ascensoresramase.com\/ca\/#\/schema\/logo\/image\/","url":"https:\/\/ascensoresramase.com\/wp-content\/uploads\/LOGO_ramase-web-1.png","contentUrl":"https:\/\/ascensoresramase.com\/wp-content\/uploads\/LOGO_ramase-web-1.png","width":234,"height":150,"caption":"RAMASE, S.A"},"image":{"@id":"https:\/\/ascensoresramase.com\/ca\/#\/schema\/logo\/image\/"}}]}},"_links":{"self":[{"href":"https:\/\/ascensoresramase.com\/ca\/wp-json\/wp\/v2\/avada_portfolio\/13313","targetHints":{"allow":["GET"]}}],"collection":[{"href":"https:\/\/ascensoresramase.com\/ca\/wp-json\/wp\/v2\/avada_portfolio"}],"about":[{"href":"https:\/\/ascensoresramase.com\/ca\/wp-json\/wp\/v2\/types\/avada_portfolio"}],"author":[{"embeddable":true,"href":"https:\/\/ascensoresramase.com\/ca\/wp-json\/wp\/v2\/users\/1"}],"replies":[{"embeddable":true,"href":"https:\/\/ascensoresramase.com\/ca\/wp-json\/wp\/v2\/comments?post=13313"}],"version-history":[{"count":3,"href":"https:\/\/ascensoresramase.com\/ca\/wp-json\/wp\/v2\/avada_portfolio\/13313\/revisions"}],"predecessor-version":[{"id":14983,"href":"https:\/\/ascensoresramase.com\/ca\/wp-json\/wp\/v2\/avada_portfolio\/13313\/revisions\/14983"}],"wp:featuredmedia":[{"embeddable":true,"href":"https:\/\/ascensoresramase.com\/ca\/wp-json\/wp\/v2\/media\/13305"}],"wp:attachment":[{"href":"https:\/\/ascensoresramase.com\/ca\/wp-json\/wp\/v2\/media?parent=13313"}],"wp:term":[{"taxonomy":"portfolio_category","embeddable":true,"href":"https:\/\/ascensoresramase.com\/ca\/wp-json\/wp\/v2\/portfolio_category?post=13313"},{"taxonomy":"portfolio_skills","embeddable":true,"href":"https:\/\/ascensoresramase.com\/ca\/wp-json\/wp\/v2\/portfolio_skills?post=13313"},{"taxonomy":"portfolio_tags","embeddable":true,"href":"https:\/\/ascensoresramase.com\/ca\/wp-json\/wp\/v2\/portfolio_tags?post=13313"}],"curies":[{"name":"wp","href":"https:\/\/api.w.org\/{rel}","templated":true}]}}