{"id":10440,"date":"2024-09-02T11:29:00","date_gmt":"2024-09-02T09:29:00","guid":{"rendered":"https:\/\/ascensoresramase.com\/?post_type=avada_portfolio&#038;p=10440"},"modified":"2026-03-17T17:08:18","modified_gmt":"2026-03-17T16:08:18","slug":"instalacio-dascensor-a-vilanova-del-cami","status":"publish","type":"avada_portfolio","link":"https:\/\/ascensoresramase.com\/ca\/treballs-realitzats\/instalacio-dascensor-a-vilanova-del-cami\/","title":{"rendered":"Ascensor d&#8217;obra nova &#8211; Vilanova del Cam\u00ed"},"content":{"rendered":"<p><div class=\"fusion-fullwidth fullwidth-box fusion-builder-row-1 fusion-flex-container nonhundred-percent-fullwidth non-hundred-percent-height-scrolling\" style=\"--awb-border-radius-top-left:0px;--awb-border-radius-top-right:0px;--awb-border-radius-bottom-right:0px;--awb-border-radius-bottom-left:0px;--awb-flex-wrap:wrap;\" ><div class=\"fusion-builder-row fusion-row fusion-flex-align-items-flex-start fusion-flex-content-wrap\" style=\"max-width:1248px;margin-left: calc(-4% \/ 2 );margin-right: calc(-4% \/ 2 );\"><div class=\"fusion-layout-column fusion_builder_column fusion-builder-column-0 fusion_builder_column_1_1 1_1 fusion-flex-column\" style=\"--awb-padding-top:25px;--awb-padding-right:25px;--awb-padding-bottom:10px;--awb-padding-left:25px;--awb-bg-color:var(--awb-custom13);--awb-bg-color-hover:var(--awb-custom13);--awb-bg-size:cover;--awb-border-color:var(--awb-color6);--awb-border-top:3px;--awb-border-style:solid;--awb-width-large:100%;--awb-margin-top-large:0px;--awb-spacing-right-large:1.92%;--awb-margin-bottom-large:20px;--awb-spacing-left-large:1.92%;--awb-width-medium:100%;--awb-order-medium:0;--awb-spacing-right-medium:1.92%;--awb-spacing-left-medium:1.92%;--awb-width-small:100%;--awb-order-small:0;--awb-spacing-right-small:1.92%;--awb-spacing-left-small:1.92%;\" data-scroll-devices=\"small-visibility,medium-visibility,large-visibility\"><div class=\"fusion-column-wrapper fusion-column-has-shadow fusion-flex-justify-content-flex-start fusion-content-layout-column\"><div class=\"fusion-title title fusion-title-1 fusion-sep-none fusion-title-center fusion-title-text fusion-title-size-three\" style=\"--awb-margin-top-small:10px;--awb-margin-right-small:0px;--awb-margin-bottom-small:10px;--awb-margin-left-small:0px;\"><h3 class=\"fusion-title-heading title-heading-center\" style=\"margin:0;\">Instal\u00b7laci\u00f3 d&#8217;ascensor i accions realitzades<\/h3><\/div><div class=\"fusion-text fusion-text-1\" style=\"--awb-content-alignment:center;\"><p>En un edifici de p\u00fablica concurr\u00e8ncia situat a Vilanova del Cam\u00ed, la prioritat absoluta \u00e9s garantir un tr\u00e0nsit fluid i sense barreres per a tots els usuaris. Amb aquest objectiu, s&#8217;ha completat la instal\u00b7laci\u00f3 d&#8217;un <strong>ascensor de 630 kg<\/strong> dissenyat per a suportar un \u00fas intensiu i constant en un entorn de serveis.<\/p>\n<p>L&#8217;equip dona servei a <strong>2 parades<\/strong>, oferint una soluci\u00f3 de transport vertical robusta i eficient. En tractar-se d&#8217;una obra nova, la integraci\u00f3 de l&#8217;elevador s&#8217;ha realitzat buscant la <strong>m\u00e0xima harmonia amb el disseny arquitect\u00f2nic<\/strong> de l&#8217;immoble, assegurant que l&#8217;acc\u00e9s entre nivells sigui c\u00f2mode, r\u00e0pid i totalment adaptat a les necessitats d&#8217;un espai amb gran aflu\u00e8ncia de persones.<\/p>\n<\/div><\/div><\/div><\/div><\/div><div class=\"fusion-fullwidth fullwidth-box fusion-builder-row-2 fusion-flex-container nonhundred-percent-fullwidth non-hundred-percent-height-scrolling\" style=\"--awb-border-radius-top-left:0px;--awb-border-radius-top-right:0px;--awb-border-radius-bottom-right:0px;--awb-border-radius-bottom-left:0px;--awb-flex-wrap:wrap;\" ><div class=\"fusion-builder-row fusion-row fusion-flex-align-items-stretch fusion-flex-content-wrap\" style=\"max-width:1248px;margin-left: calc(-4% \/ 2 );margin-right: calc(-4% \/ 2 );\"><div class=\"fusion-layout-column fusion_builder_column fusion-builder-column-1 fusion_builder_column_1_1 1_1 fusion-flex-column\" style=\"--awb-bg-size:cover;--awb-width-large:100%;--awb-margin-top-large:0px;--awb-spacing-right-large:1.92%;--awb-margin-bottom-large:20px;--awb-spacing-left-large:1.92%;--awb-width-medium:100%;--awb-order-medium:0;--awb-spacing-right-medium:1.92%;--awb-spacing-left-medium:1.92%;--awb-width-small:100%;--awb-order-small:0;--awb-spacing-right-small:1.92%;--awb-spacing-left-small:1.92%;\"><div class=\"fusion-column-wrapper fusion-column-has-shadow fusion-flex-justify-content-flex-start fusion-content-layout-column\"><div class=\"awb-gallery-wrapper awb-gallery-wrapper-1 button-span-no\" style=\"--more-btn-alignment:center;\"><div style=\"margin:-5px;--awb-bordersize:0px;\" class=\"fusion-gallery fusion-gallery-container fusion-grid-3 fusion-columns-total-18 fusion-gallery-layout-masonry fusion-gallery-1\"><div class=\"fusion-grid-column fusion-gallery-column fusion-gallery-column-3 hover-type-none fusion-grid-sizer\"><\/div><div style=\"padding:5px;\" class=\"fusion-grid-column fusion-gallery-column fusion-gallery-column-3 hover-type-none fusion-element-grid\"><div class=\"fusion-gallery-image\"><a href=\"https:\/\/ascensoresramase.com\/wp-content\/uploads\/vilanovacami-1.webp\" rel=\"noreferrer\" data-rel=\"iLightbox[gallery_image_1]\" class=\"fusion-lightbox\" target=\"_self\"><div style=\"background-image:url(https:\/\/ascensoresramase.com\/wp-content\/uploads\/vilanovacami-1.webp);padding-top:calc((100% + 10px) * 0.8 - 5px);background-position:;\" class=\"fusion-masonry-element-container\"><img decoding=\"async\" src=\"https:\/\/ascensoresramase.com\/wp-content\/uploads\/vilanovacami-1.webp\" width=\"1067\" height=\"800\" alt=\"\" title=\"vilanovacami-1\" aria-label=\"vilanovacami-1\" class=\"img-responsive wp-image-10430\" srcset=\"https:\/\/ascensoresramase.com\/wp-content\/uploads\/vilanovacami-1-200x150.webp 200w, https:\/\/ascensoresramase.com\/wp-content\/uploads\/vilanovacami-1-400x300.webp 400w, https:\/\/ascensoresramase.com\/wp-content\/uploads\/vilanovacami-1-600x450.webp 600w, https:\/\/ascensoresramase.com\/wp-content\/uploads\/vilanovacami-1-800x600.webp 800w, https:\/\/ascensoresramase.com\/wp-content\/uploads\/vilanovacami-1.webp 1067w\" sizes=\"(min-width: 2200px) 100vw, (min-width: 784px) 397px, (min-width: 712px) 595px, (min-width: 640px) 712px, \" \/><\/div><\/a><\/div><\/div><div style=\"padding:5px;\" class=\"fusion-grid-column fusion-gallery-column fusion-gallery-column-3 hover-type-none fusion-element-grid\"><div class=\"fusion-gallery-image\"><a href=\"https:\/\/ascensoresramase.com\/wp-content\/uploads\/vilanovacami-2.webp\" rel=\"noreferrer\" data-rel=\"iLightbox[gallery_image_1]\" class=\"fusion-lightbox\" target=\"_self\"><div style=\"background-image:url(https:\/\/ascensoresramase.com\/wp-content\/uploads\/vilanovacami-2.webp);padding-top:calc((100% + 10px) * 0.8 - 5px);background-position:;\" class=\"fusion-masonry-element-container\"><img decoding=\"async\" src=\"https:\/\/ascensoresramase.com\/wp-content\/uploads\/vilanovacami-2.webp\" width=\"800\" height=\"1067\" alt=\"\" title=\"vilanovacami-2\" aria-label=\"vilanovacami-2\" class=\"img-responsive wp-image-10432\" srcset=\"https:\/\/ascensoresramase.com\/wp-content\/uploads\/vilanovacami-2-200x267.webp 200w, https:\/\/ascensoresramase.com\/wp-content\/uploads\/vilanovacami-2-400x534.webp 400w, https:\/\/ascensoresramase.com\/wp-content\/uploads\/vilanovacami-2-600x800.webp 600w, https:\/\/ascensoresramase.com\/wp-content\/uploads\/vilanovacami-2.webp 800w\" sizes=\"(min-width: 2200px) 100vw, (min-width: 784px) 397px, (min-width: 712px) 595px, (min-width: 640px) 712px, \" \/><\/div><\/a><\/div><\/div><div style=\"padding:5px;\" class=\"fusion-grid-column fusion-gallery-column fusion-gallery-column-3 hover-type-none fusion-element-grid\"><div class=\"fusion-gallery-image\"><a href=\"https:\/\/ascensoresramase.com\/wp-content\/uploads\/vilanovacami-3.webp\" rel=\"noreferrer\" data-rel=\"iLightbox[gallery_image_1]\" class=\"fusion-lightbox\" target=\"_self\"><div style=\"background-image:url(https:\/\/ascensoresramase.com\/wp-content\/uploads\/vilanovacami-3.webp);padding-top:calc((100% + 10px) * 0.8 - 5px);background-position:;\" class=\"fusion-masonry-element-container\"><img decoding=\"async\" src=\"https:\/\/ascensoresramase.com\/wp-content\/uploads\/vilanovacami-3.webp\" width=\"800\" height=\"1067\" alt=\"\" title=\"vilanovacami-3\" aria-label=\"vilanovacami-3\" class=\"img-responsive wp-image-10434\" srcset=\"https:\/\/ascensoresramase.com\/wp-content\/uploads\/vilanovacami-3-200x267.webp 200w, https:\/\/ascensoresramase.com\/wp-content\/uploads\/vilanovacami-3-400x534.webp 400w, https:\/\/ascensoresramase.com\/wp-content\/uploads\/vilanovacami-3-600x800.webp 600w, https:\/\/ascensoresramase.com\/wp-content\/uploads\/vilanovacami-3.webp 800w\" sizes=\"(min-width: 2200px) 100vw, (min-width: 784px) 397px, (min-width: 712px) 595px, (min-width: 640px) 712px, \" \/><\/div><\/a><\/div><\/div><div style=\"padding:5px;\" class=\"fusion-grid-column fusion-gallery-column fusion-gallery-column-3 hover-type-none fusion-element-grid\"><div class=\"fusion-gallery-image\"><a href=\"https:\/\/ascensoresramase.com\/wp-content\/uploads\/vilanovacami-4.webp\" rel=\"noreferrer\" data-rel=\"iLightbox[gallery_image_1]\" class=\"fusion-lightbox\" target=\"_self\"><div style=\"background-image:url(https:\/\/ascensoresramase.com\/wp-content\/uploads\/vilanovacami-4.webp);padding-top:calc((100% + 10px) * 0.8 - 5px);background-position:;\" class=\"fusion-masonry-element-container\"><img decoding=\"async\" src=\"https:\/\/ascensoresramase.com\/wp-content\/uploads\/vilanovacami-4.webp\" width=\"800\" height=\"1067\" alt=\"\" title=\"vilanovacami-4\" aria-label=\"vilanovacami-4\" class=\"img-responsive wp-image-10436\" srcset=\"https:\/\/ascensoresramase.com\/wp-content\/uploads\/vilanovacami-4-200x267.webp 200w, https:\/\/ascensoresramase.com\/wp-content\/uploads\/vilanovacami-4-400x534.webp 400w, https:\/\/ascensoresramase.com\/wp-content\/uploads\/vilanovacami-4-600x800.webp 600w, https:\/\/ascensoresramase.com\/wp-content\/uploads\/vilanovacami-4.webp 800w\" sizes=\"(min-width: 2200px) 100vw, (min-width: 784px) 397px, (min-width: 712px) 595px, (min-width: 640px) 712px, \" \/><\/div><\/a><\/div><\/div><div style=\"padding:5px;\" class=\"fusion-grid-column fusion-gallery-column fusion-gallery-column-3 hover-type-none fusion-element-grid\"><div class=\"fusion-gallery-image\"><a href=\"https:\/\/ascensoresramase.com\/wp-content\/uploads\/vilanovacami-5.webp\" rel=\"noreferrer\" data-rel=\"iLightbox[gallery_image_1]\" class=\"fusion-lightbox\" target=\"_self\"><div style=\"background-image:url(https:\/\/ascensoresramase.com\/wp-content\/uploads\/vilanovacami-5.webp);padding-top:calc((100% + 10px) * 0.8 - 5px);background-position:;\" class=\"fusion-masonry-element-container\"><img decoding=\"async\" src=\"https:\/\/ascensoresramase.com\/wp-content\/uploads\/vilanovacami-5.webp\" width=\"800\" height=\"1067\" alt=\"\" title=\"vilanovacami-5\" aria-label=\"vilanovacami-5\" class=\"img-responsive wp-image-10438\" srcset=\"https:\/\/ascensoresramase.com\/wp-content\/uploads\/vilanovacami-5-200x267.webp 200w, https:\/\/ascensoresramase.com\/wp-content\/uploads\/vilanovacami-5-400x534.webp 400w, https:\/\/ascensoresramase.com\/wp-content\/uploads\/vilanovacami-5-600x800.webp 600w, https:\/\/ascensoresramase.com\/wp-content\/uploads\/vilanovacami-5.webp 800w\" sizes=\"(min-width: 2200px) 100vw, (min-width: 784px) 397px, (min-width: 712px) 595px, (min-width: 640px) 712px, \" \/><\/div><\/a><\/div><\/div><div style=\"padding:5px;\" class=\"fusion-grid-column fusion-gallery-column fusion-gallery-column-3 hover-type-none fusion-element-grid\"><div class=\"fusion-gallery-image\"><a href=\"https:\/\/ascensoresramase.com\/wp-content\/uploads\/vilanovacami-6.webp\" rel=\"noreferrer\" data-rel=\"iLightbox[gallery_image_1]\" class=\"fusion-lightbox\" target=\"_self\"><div style=\"background-image:url(https:\/\/ascensoresramase.com\/wp-content\/uploads\/vilanovacami-6.webp);padding-top:calc((100% + 10px) * 0.8 - 5px);background-position:;\" class=\"fusion-masonry-element-container\"><img decoding=\"async\" src=\"https:\/\/ascensoresramase.com\/wp-content\/uploads\/vilanovacami-6.webp\" width=\"800\" height=\"1067\" alt=\"\" title=\"vilanovacami-6\" aria-label=\"vilanovacami-6\" class=\"img-responsive wp-image-10410\" srcset=\"https:\/\/ascensoresramase.com\/wp-content\/uploads\/vilanovacami-6-200x267.webp 200w, https:\/\/ascensoresramase.com\/wp-content\/uploads\/vilanovacami-6-400x534.webp 400w, https:\/\/ascensoresramase.com\/wp-content\/uploads\/vilanovacami-6-600x800.webp 600w, https:\/\/ascensoresramase.com\/wp-content\/uploads\/vilanovacami-6.webp 800w\" sizes=\"(min-width: 2200px) 100vw, (min-width: 784px) 397px, (min-width: 712px) 595px, (min-width: 640px) 712px, \" \/><\/div><\/a><\/div><\/div><div style=\"padding:5px;\" class=\"fusion-grid-column fusion-gallery-column fusion-gallery-column-3 hover-type-none fusion-element-grid\"><div class=\"fusion-gallery-image\"><a href=\"https:\/\/ascensoresramase.com\/wp-content\/uploads\/vilanovacami-7.webp\" rel=\"noreferrer\" data-rel=\"iLightbox[gallery_image_1]\" class=\"fusion-lightbox\" target=\"_self\"><div style=\"background-image:url(https:\/\/ascensoresramase.com\/wp-content\/uploads\/vilanovacami-7.webp);padding-top:calc((100% + 10px) * 0.8 - 5px);background-position:;\" class=\"fusion-masonry-element-container\"><img decoding=\"async\" src=\"https:\/\/ascensoresramase.com\/wp-content\/uploads\/vilanovacami-7.webp\" width=\"800\" height=\"1067\" alt=\"\" title=\"vilanovacami-7\" aria-label=\"vilanovacami-7\" class=\"img-responsive wp-image-10412\" srcset=\"https:\/\/ascensoresramase.com\/wp-content\/uploads\/vilanovacami-7-200x267.webp 200w, https:\/\/ascensoresramase.com\/wp-content\/uploads\/vilanovacami-7-400x534.webp 400w, https:\/\/ascensoresramase.com\/wp-content\/uploads\/vilanovacami-7-600x800.webp 600w, https:\/\/ascensoresramase.com\/wp-content\/uploads\/vilanovacami-7.webp 800w\" sizes=\"(min-width: 2200px) 100vw, (min-width: 784px) 397px, (min-width: 712px) 595px, (min-width: 640px) 712px, \" \/><\/div><\/a><\/div><\/div><div style=\"padding:5px;\" class=\"fusion-grid-column fusion-gallery-column fusion-gallery-column-3 hover-type-none fusion-element-grid\"><div class=\"fusion-gallery-image\"><a href=\"https:\/\/ascensoresramase.com\/wp-content\/uploads\/vilanovacami-8.webp\" rel=\"noreferrer\" data-rel=\"iLightbox[gallery_image_1]\" class=\"fusion-lightbox\" target=\"_self\"><div style=\"background-image:url(https:\/\/ascensoresramase.com\/wp-content\/uploads\/vilanovacami-8.webp);padding-top:calc((100% + 10px) * 0.8 - 5px);background-position:;\" class=\"fusion-masonry-element-container\"><img decoding=\"async\" src=\"https:\/\/ascensoresramase.com\/wp-content\/uploads\/vilanovacami-8.webp\" width=\"800\" height=\"1067\" alt=\"\" title=\"vilanovacami-8\" aria-label=\"vilanovacami-8\" class=\"img-responsive wp-image-10414\" srcset=\"https:\/\/ascensoresramase.com\/wp-content\/uploads\/vilanovacami-8-200x267.webp 200w, https:\/\/ascensoresramase.com\/wp-content\/uploads\/vilanovacami-8-400x534.webp 400w, https:\/\/ascensoresramase.com\/wp-content\/uploads\/vilanovacami-8-600x800.webp 600w, https:\/\/ascensoresramase.com\/wp-content\/uploads\/vilanovacami-8.webp 800w\" sizes=\"(min-width: 2200px) 100vw, (min-width: 784px) 397px, (min-width: 712px) 595px, (min-width: 640px) 712px, \" \/><\/div><\/a><\/div><\/div><div style=\"padding:5px;\" class=\"fusion-grid-column fusion-gallery-column fusion-gallery-column-3 hover-type-none fusion-element-grid\"><div class=\"fusion-gallery-image\"><a href=\"https:\/\/ascensoresramase.com\/wp-content\/uploads\/vilanovacami-9.webp\" rel=\"noreferrer\" data-rel=\"iLightbox[gallery_image_1]\" class=\"fusion-lightbox\" target=\"_self\"><div style=\"background-image:url(https:\/\/ascensoresramase.com\/wp-content\/uploads\/vilanovacami-9.webp);padding-top:calc((100% + 10px) * 0.8 - 5px);background-position:;\" class=\"fusion-masonry-element-container\"><img decoding=\"async\" src=\"https:\/\/ascensoresramase.com\/wp-content\/uploads\/vilanovacami-9.webp\" width=\"800\" height=\"1067\" alt=\"\" title=\"vilanovacami-9\" aria-label=\"vilanovacami-9\" class=\"img-responsive wp-image-10416\" srcset=\"https:\/\/ascensoresramase.com\/wp-content\/uploads\/vilanovacami-9-200x267.webp 200w, https:\/\/ascensoresramase.com\/wp-content\/uploads\/vilanovacami-9-400x534.webp 400w, https:\/\/ascensoresramase.com\/wp-content\/uploads\/vilanovacami-9-600x800.webp 600w, https:\/\/ascensoresramase.com\/wp-content\/uploads\/vilanovacami-9.webp 800w\" sizes=\"(min-width: 2200px) 100vw, (min-width: 784px) 397px, (min-width: 712px) 595px, (min-width: 640px) 712px, \" \/><\/div><\/a><\/div><\/div><div style=\"padding:5px;\" class=\"fusion-grid-column fusion-gallery-column fusion-gallery-column-3 hover-type-none fusion-element-grid\"><div class=\"fusion-gallery-image\"><a href=\"https:\/\/ascensoresramase.com\/wp-content\/uploads\/vilanovacami-10.webp\" rel=\"noreferrer\" data-rel=\"iLightbox[gallery_image_1]\" class=\"fusion-lightbox\" target=\"_self\"><div style=\"background-image:url(https:\/\/ascensoresramase.com\/wp-content\/uploads\/vilanovacami-10.webp);padding-top:calc((100% + 10px) * 0.8 - 5px);background-position:;\" class=\"fusion-masonry-element-container\"><img decoding=\"async\" src=\"https:\/\/ascensoresramase.com\/wp-content\/uploads\/vilanovacami-10.webp\" width=\"800\" height=\"1067\" alt=\"\" title=\"vilanovacami-10\" aria-label=\"vilanovacami-10\" class=\"img-responsive wp-image-10418\" srcset=\"https:\/\/ascensoresramase.com\/wp-content\/uploads\/vilanovacami-10-200x267.webp 200w, https:\/\/ascensoresramase.com\/wp-content\/uploads\/vilanovacami-10-400x534.webp 400w, https:\/\/ascensoresramase.com\/wp-content\/uploads\/vilanovacami-10-600x800.webp 600w, https:\/\/ascensoresramase.com\/wp-content\/uploads\/vilanovacami-10.webp 800w\" sizes=\"(min-width: 2200px) 100vw, (min-width: 784px) 397px, (min-width: 712px) 595px, (min-width: 640px) 712px, \" \/><\/div><\/a><\/div><\/div><div style=\"padding:5px;\" class=\"fusion-grid-column fusion-gallery-column fusion-gallery-column-3 hover-type-none fusion-element-grid\"><div class=\"fusion-gallery-image\"><a href=\"https:\/\/ascensoresramase.com\/wp-content\/uploads\/vilanovacami-11.webp\" rel=\"noreferrer\" data-rel=\"iLightbox[gallery_image_1]\" class=\"fusion-lightbox\" target=\"_self\"><div style=\"background-image:url(https:\/\/ascensoresramase.com\/wp-content\/uploads\/vilanovacami-11.webp);padding-top:calc((100% + 10px) * 0.8 - 5px);background-position:;\" class=\"fusion-masonry-element-container\"><img decoding=\"async\" src=\"https:\/\/ascensoresramase.com\/wp-content\/uploads\/vilanovacami-11.webp\" width=\"800\" height=\"1067\" alt=\"\" title=\"vilanovacami-11\" aria-label=\"vilanovacami-11\" class=\"img-responsive wp-image-10420\" srcset=\"https:\/\/ascensoresramase.com\/wp-content\/uploads\/vilanovacami-11-200x267.webp 200w, https:\/\/ascensoresramase.com\/wp-content\/uploads\/vilanovacami-11-400x534.webp 400w, https:\/\/ascensoresramase.com\/wp-content\/uploads\/vilanovacami-11-600x800.webp 600w, https:\/\/ascensoresramase.com\/wp-content\/uploads\/vilanovacami-11.webp 800w\" sizes=\"(min-width: 2200px) 100vw, (min-width: 784px) 397px, (min-width: 712px) 595px, (min-width: 640px) 712px, \" \/><\/div><\/a><\/div><\/div><div style=\"padding:5px;\" class=\"fusion-grid-column fusion-gallery-column fusion-gallery-column-3 hover-type-none fusion-element-grid\"><div class=\"fusion-gallery-image\"><a href=\"https:\/\/ascensoresramase.com\/wp-content\/uploads\/vilanovacami-12.webp\" rel=\"noreferrer\" data-rel=\"iLightbox[gallery_image_1]\" class=\"fusion-lightbox\" target=\"_self\"><div style=\"background-image:url(https:\/\/ascensoresramase.com\/wp-content\/uploads\/vilanovacami-12.webp);padding-top:calc((100% + 10px) * 0.8 - 5px);background-position:;\" class=\"fusion-masonry-element-container\"><img decoding=\"async\" src=\"https:\/\/ascensoresramase.com\/wp-content\/uploads\/vilanovacami-12.webp\" width=\"800\" height=\"1067\" alt=\"\" title=\"vilanovacami-12\" aria-label=\"vilanovacami-12\" class=\"img-responsive wp-image-10422\" srcset=\"https:\/\/ascensoresramase.com\/wp-content\/uploads\/vilanovacami-12-200x267.webp 200w, https:\/\/ascensoresramase.com\/wp-content\/uploads\/vilanovacami-12-400x534.webp 400w, https:\/\/ascensoresramase.com\/wp-content\/uploads\/vilanovacami-12-600x800.webp 600w, https:\/\/ascensoresramase.com\/wp-content\/uploads\/vilanovacami-12.webp 800w\" sizes=\"(min-width: 2200px) 100vw, (min-width: 784px) 397px, (min-width: 712px) 595px, (min-width: 640px) 712px, \" \/><\/div><\/a><\/div><\/div><div style=\"padding:5px;\" class=\"fusion-grid-column fusion-gallery-column fusion-gallery-column-3 hover-type-none fusion-element-grid\"><div class=\"fusion-gallery-image\"><a href=\"https:\/\/ascensoresramase.com\/wp-content\/uploads\/vilanovacami-13.webp\" rel=\"noreferrer\" data-rel=\"iLightbox[gallery_image_1]\" class=\"fusion-lightbox\" target=\"_self\"><div style=\"background-image:url(https:\/\/ascensoresramase.com\/wp-content\/uploads\/vilanovacami-13.webp);padding-top:calc((100% + 10px) * 0.8 - 5px);background-position:;\" class=\"fusion-masonry-element-container\"><img decoding=\"async\" src=\"https:\/\/ascensoresramase.com\/wp-content\/uploads\/vilanovacami-13.webp\" width=\"800\" height=\"1067\" alt=\"\" title=\"vilanovacami-13\" aria-label=\"vilanovacami-13\" class=\"img-responsive wp-image-10424\" srcset=\"https:\/\/ascensoresramase.com\/wp-content\/uploads\/vilanovacami-13-200x267.webp 200w, https:\/\/ascensoresramase.com\/wp-content\/uploads\/vilanovacami-13-400x534.webp 400w, https:\/\/ascensoresramase.com\/wp-content\/uploads\/vilanovacami-13-600x800.webp 600w, https:\/\/ascensoresramase.com\/wp-content\/uploads\/vilanovacami-13.webp 800w\" sizes=\"(min-width: 2200px) 100vw, (min-width: 784px) 397px, (min-width: 712px) 595px, (min-width: 640px) 712px, \" \/><\/div><\/a><\/div><\/div><div style=\"padding:5px;\" class=\"fusion-grid-column fusion-gallery-column fusion-gallery-column-3 hover-type-none fusion-element-grid\"><div class=\"fusion-gallery-image\"><a href=\"https:\/\/ascensoresramase.com\/wp-content\/uploads\/vilanovacami-14.webp\" rel=\"noreferrer\" data-rel=\"iLightbox[gallery_image_1]\" class=\"fusion-lightbox\" target=\"_self\"><div style=\"background-image:url(https:\/\/ascensoresramase.com\/wp-content\/uploads\/vilanovacami-14.webp);padding-top:calc((100% + 10px) * 0.8 - 5px);background-position:;\" class=\"fusion-masonry-element-container\"><img decoding=\"async\" src=\"https:\/\/ascensoresramase.com\/wp-content\/uploads\/vilanovacami-14.webp\" width=\"800\" height=\"1067\" alt=\"\" title=\"vilanovacami-14\" aria-label=\"vilanovacami-14\" class=\"img-responsive wp-image-10426\" srcset=\"https:\/\/ascensoresramase.com\/wp-content\/uploads\/vilanovacami-14-200x267.webp 200w, https:\/\/ascensoresramase.com\/wp-content\/uploads\/vilanovacami-14-400x534.webp 400w, https:\/\/ascensoresramase.com\/wp-content\/uploads\/vilanovacami-14-600x800.webp 600w, https:\/\/ascensoresramase.com\/wp-content\/uploads\/vilanovacami-14.webp 800w\" sizes=\"(min-width: 2200px) 100vw, (min-width: 784px) 397px, (min-width: 712px) 595px, (min-width: 640px) 712px, \" \/><\/div><\/a><\/div><\/div><div style=\"padding:5px;\" class=\"fusion-grid-column fusion-gallery-column fusion-gallery-column-3 hover-type-none fusion-element-grid\"><div class=\"fusion-gallery-image\"><a href=\"https:\/\/ascensoresramase.com\/wp-content\/uploads\/vilanovacami-15.webp\" rel=\"noreferrer\" data-rel=\"iLightbox[gallery_image_1]\" class=\"fusion-lightbox\" target=\"_self\"><div style=\"background-image:url(https:\/\/ascensoresramase.com\/wp-content\/uploads\/vilanovacami-15.webp);padding-top:calc((100% + 10px) * 0.8 - 5px);background-position:;\" class=\"fusion-masonry-element-container\"><img decoding=\"async\" src=\"https:\/\/ascensoresramase.com\/wp-content\/uploads\/vilanovacami-15.webp\" width=\"800\" height=\"1067\" alt=\"\" title=\"vilanovacami-15\" aria-label=\"vilanovacami-15\" class=\"img-responsive wp-image-10428\" srcset=\"https:\/\/ascensoresramase.com\/wp-content\/uploads\/vilanovacami-15-200x267.webp 200w, https:\/\/ascensoresramase.com\/wp-content\/uploads\/vilanovacami-15-400x534.webp 400w, https:\/\/ascensoresramase.com\/wp-content\/uploads\/vilanovacami-15-600x800.webp 600w, https:\/\/ascensoresramase.com\/wp-content\/uploads\/vilanovacami-15.webp 800w\" sizes=\"(min-width: 2200px) 100vw, (min-width: 784px) 397px, (min-width: 712px) 595px, (min-width: 640px) 712px, \" \/><\/div><\/a><\/div><\/div><div style=\"padding:5px;\" class=\"fusion-grid-column fusion-gallery-column fusion-gallery-column-3 hover-type-none fusion-element-grid\"><div class=\"fusion-gallery-image\"><a href=\"https:\/\/ascensoresramase.com\/wp-content\/uploads\/IMG-20240117-WA0013.webp\" rel=\"noreferrer\" data-rel=\"iLightbox[gallery_image_1]\" class=\"fusion-lightbox\" target=\"_self\"><div style=\"background-image:url(https:\/\/ascensoresramase.com\/wp-content\/uploads\/IMG-20240117-WA0013.webp);padding-top:calc((100% + 10px) * 0.8 - 5px);background-position:;\" class=\"fusion-masonry-element-container\"><img decoding=\"async\" src=\"https:\/\/ascensoresramase.com\/wp-content\/uploads\/IMG-20240117-WA0013.webp\" width=\"1200\" height=\"1600\" alt=\"Instalaci\u00f3n de ascensor en Vilanova del Cam\u00ed\" title=\"IMG-20240117-WA0013\" aria-label=\"IMG-20240117-WA0013\" class=\"img-responsive wp-image-12316\" srcset=\"https:\/\/ascensoresramase.com\/wp-content\/uploads\/IMG-20240117-WA0013-200x267.webp 200w, https:\/\/ascensoresramase.com\/wp-content\/uploads\/IMG-20240117-WA0013-400x533.webp 400w, https:\/\/ascensoresramase.com\/wp-content\/uploads\/IMG-20240117-WA0013-600x800.webp 600w, https:\/\/ascensoresramase.com\/wp-content\/uploads\/IMG-20240117-WA0013-800x1067.webp 800w, https:\/\/ascensoresramase.com\/wp-content\/uploads\/IMG-20240117-WA0013.webp 1200w\" sizes=\"(min-width: 2200px) 100vw, (min-width: 784px) 397px, (min-width: 712px) 595px, (min-width: 640px) 712px, \" \/><\/div><\/a><\/div><\/div><div style=\"padding:5px;\" class=\"fusion-grid-column fusion-gallery-column fusion-gallery-column-3 hover-type-none fusion-element-grid\"><div class=\"fusion-gallery-image\"><a href=\"https:\/\/ascensoresramase.com\/wp-content\/uploads\/IMG-20240117-WA0011.webp\" rel=\"noreferrer\" data-rel=\"iLightbox[gallery_image_1]\" class=\"fusion-lightbox\" target=\"_self\"><div style=\"background-image:url(https:\/\/ascensoresramase.com\/wp-content\/uploads\/IMG-20240117-WA0011.webp);padding-top:calc((100% + 10px) * 0.8 - 5px);background-position:;\" class=\"fusion-masonry-element-container\"><img decoding=\"async\" src=\"https:\/\/ascensoresramase.com\/wp-content\/uploads\/IMG-20240117-WA0011.webp\" width=\"1200\" height=\"1600\" alt=\"Instalaci\u00f3n de ascensor en Vilanova del Cam\u00ed\" title=\"IMG-20240117-WA0011\" aria-label=\"IMG-20240117-WA0011\" class=\"img-responsive wp-image-12314\" srcset=\"https:\/\/ascensoresramase.com\/wp-content\/uploads\/IMG-20240117-WA0011-200x267.webp 200w, https:\/\/ascensoresramase.com\/wp-content\/uploads\/IMG-20240117-WA0011-400x533.webp 400w, https:\/\/ascensoresramase.com\/wp-content\/uploads\/IMG-20240117-WA0011-600x800.webp 600w, https:\/\/ascensoresramase.com\/wp-content\/uploads\/IMG-20240117-WA0011-800x1067.webp 800w, https:\/\/ascensoresramase.com\/wp-content\/uploads\/IMG-20240117-WA0011.webp 1200w\" sizes=\"(min-width: 2200px) 100vw, (min-width: 784px) 397px, (min-width: 712px) 595px, (min-width: 640px) 712px, \" \/><\/div><\/a><\/div><\/div><div style=\"padding:5px;\" class=\"fusion-grid-column fusion-gallery-column fusion-gallery-column-3 hover-type-none fusion-element-grid\"><div class=\"fusion-gallery-image\"><a href=\"https:\/\/ascensoresramase.com\/wp-content\/uploads\/IMG-20240117-WA0010.webp\" rel=\"noreferrer\" data-rel=\"iLightbox[gallery_image_1]\" class=\"fusion-lightbox\" target=\"_self\"><div style=\"background-image:url(https:\/\/ascensoresramase.com\/wp-content\/uploads\/IMG-20240117-WA0010.webp);padding-top:calc((100% + 10px) * 0.8 - 5px);background-position:;\" class=\"fusion-masonry-element-container\"><img decoding=\"async\" src=\"https:\/\/ascensoresramase.com\/wp-content\/uploads\/IMG-20240117-WA0010.webp\" width=\"1200\" height=\"1600\" alt=\"Instalaci\u00f3n de ascensor en Vilanova del Cam\u00ed\" title=\"IMG-20240117-WA0010\" aria-label=\"IMG-20240117-WA0010\" class=\"img-responsive wp-image-12312\" srcset=\"https:\/\/ascensoresramase.com\/wp-content\/uploads\/IMG-20240117-WA0010-200x267.webp 200w, https:\/\/ascensoresramase.com\/wp-content\/uploads\/IMG-20240117-WA0010-400x533.webp 400w, https:\/\/ascensoresramase.com\/wp-content\/uploads\/IMG-20240117-WA0010-600x800.webp 600w, https:\/\/ascensoresramase.com\/wp-content\/uploads\/IMG-20240117-WA0010-800x1067.webp 800w, https:\/\/ascensoresramase.com\/wp-content\/uploads\/IMG-20240117-WA0010.webp 1200w\" sizes=\"(min-width: 2200px) 100vw, (min-width: 784px) 397px, (min-width: 712px) 595px, (min-width: 640px) 712px, \" \/><\/div><\/a><\/div><\/div><\/div><\/div><\/div><\/div><\/div><\/div><\/p>\n","protected":false},"excerpt":{"rendered":"","protected":false},"author":1,"featured_media":12312,"menu_order":0,"comment_status":"closed","ping_status":"closed","template":"","format":"standard","meta":{"footnotes":""},"portfolio_category":[34],"portfolio_skills":[],"portfolio_tags":[],"class_list":["post-10440","avada_portfolio","type-avada_portfolio","status-publish","format-standard","has-post-thumbnail","hentry","portfolio_category-obres-acabades"],"yoast_head":"<!-- This site is optimized with the Yoast SEO plugin v27.4 - https:\/\/yoast.com\/product\/yoast-seo-wordpress\/ -->\n<title>Ascensor d&#039;obra nova a Vilanova del Cam\u00ed - Ascensores Ramase<\/title>\n<meta name=\"description\" content=\"Instal\u00b7laci\u00f3 d&#039;ascensor d&#039;obra nova a un edifici de p\u00fablica concurr\u00e8ncia situat a Vilanova del Cam\u00ed. Amb 630 kg de capacitat y dues parades.\" \/>\n<meta name=\"robots\" content=\"index, follow, max-snippet:-1, max-image-preview:large, max-video-preview:-1\" \/>\n<link rel=\"canonical\" href=\"https:\/\/ascensoresramase.com\/ca\/treballs-realitzats\/instalacio-dascensor-a-vilanova-del-cami\/\" \/>\n<meta property=\"og:locale\" content=\"ca_ES\" \/>\n<meta property=\"og:type\" content=\"article\" \/>\n<meta property=\"og:title\" content=\"Ascensor d&#039;obra nova a Vilanova del Cam\u00ed - Ascensores Ramase\" \/>\n<meta property=\"og:description\" content=\"Instal\u00b7laci\u00f3 d&#039;ascensor d&#039;obra nova a un edifici de p\u00fablica concurr\u00e8ncia situat a Vilanova del Cam\u00ed. Amb 630 kg de capacitat y dues parades.\" \/>\n<meta property=\"og:url\" content=\"https:\/\/ascensoresramase.com\/ca\/treballs-realitzats\/instalacio-dascensor-a-vilanova-del-cami\/\" \/>\n<meta property=\"og:site_name\" content=\"Empresa mantenimiento ascensores Barcelona - Ascensores Ramase\" \/>\n<meta property=\"article:modified_time\" content=\"2026-03-17T16:08:18+00:00\" \/>\n<meta property=\"og:image\" content=\"https:\/\/ascensoresramase.com\/wp-content\/uploads\/IMG-20240117-WA0010.webp\" \/>\n\t<meta property=\"og:image:width\" content=\"1200\" \/>\n\t<meta property=\"og:image:height\" content=\"1600\" \/>\n\t<meta property=\"og:image:type\" content=\"image\/webp\" \/>\n<meta name=\"twitter:card\" content=\"summary_large_image\" \/>\n<meta name=\"twitter:label1\" content=\"Temps estimat de lectura\" \/>\n\t<meta name=\"twitter:data1\" content=\"5 minuts\" \/>\n<script type=\"application\/ld+json\" class=\"yoast-schema-graph\">{\"@context\":\"https:\\\/\\\/schema.org\",\"@graph\":[{\"@type\":\"WebPage\",\"@id\":\"https:\\\/\\\/ascensoresramase.com\\\/ca\\\/treballs-realitzats\\\/instalacio-dascensor-a-vilanova-del-cami\\\/\",\"url\":\"https:\\\/\\\/ascensoresramase.com\\\/ca\\\/treballs-realitzats\\\/instalacio-dascensor-a-vilanova-del-cami\\\/\",\"name\":\"Ascensor d'obra nova a Vilanova del Cam\u00ed - Ascensores Ramase\",\"isPartOf\":{\"@id\":\"https:\\\/\\\/ascensoresramase.com\\\/ca\\\/#website\"},\"primaryImageOfPage\":{\"@id\":\"https:\\\/\\\/ascensoresramase.com\\\/ca\\\/treballs-realitzats\\\/instalacio-dascensor-a-vilanova-del-cami\\\/#primaryimage\"},\"image\":{\"@id\":\"https:\\\/\\\/ascensoresramase.com\\\/ca\\\/treballs-realitzats\\\/instalacio-dascensor-a-vilanova-del-cami\\\/#primaryimage\"},\"thumbnailUrl\":\"https:\\\/\\\/ascensoresramase.com\\\/wp-content\\\/uploads\\\/IMG-20240117-WA0010.webp\",\"datePublished\":\"2024-09-02T09:29:00+00:00\",\"dateModified\":\"2026-03-17T16:08:18+00:00\",\"description\":\"Instal\u00b7laci\u00f3 d'ascensor d'obra nova a un edifici de p\u00fablica concurr\u00e8ncia situat a Vilanova del Cam\u00ed. Amb 630 kg de capacitat y dues parades.\",\"breadcrumb\":{\"@id\":\"https:\\\/\\\/ascensoresramase.com\\\/ca\\\/treballs-realitzats\\\/instalacio-dascensor-a-vilanova-del-cami\\\/#breadcrumb\"},\"inLanguage\":\"ca\",\"potentialAction\":[{\"@type\":\"ReadAction\",\"target\":[\"https:\\\/\\\/ascensoresramase.com\\\/ca\\\/treballs-realitzats\\\/instalacio-dascensor-a-vilanova-del-cami\\\/\"]}]},{\"@type\":\"ImageObject\",\"inLanguage\":\"ca\",\"@id\":\"https:\\\/\\\/ascensoresramase.com\\\/ca\\\/treballs-realitzats\\\/instalacio-dascensor-a-vilanova-del-cami\\\/#primaryimage\",\"url\":\"https:\\\/\\\/ascensoresramase.com\\\/wp-content\\\/uploads\\\/IMG-20240117-WA0010.webp\",\"contentUrl\":\"https:\\\/\\\/ascensoresramase.com\\\/wp-content\\\/uploads\\\/IMG-20240117-WA0010.webp\",\"width\":1200,\"height\":1600,\"caption\":\"Instalaci\u00f3n de ascensor en Vilanova del Cam\u00ed\"},{\"@type\":\"BreadcrumbList\",\"@id\":\"https:\\\/\\\/ascensoresramase.com\\\/ca\\\/treballs-realitzats\\\/instalacio-dascensor-a-vilanova-del-cami\\\/#breadcrumb\",\"itemListElement\":[{\"@type\":\"ListItem\",\"position\":1,\"name\":\"Inicio\",\"item\":\"https:\\\/\\\/ascensoresramase.com\\\/ca\\\/\"},{\"@type\":\"ListItem\",\"position\":2,\"name\":\"Portfolio\",\"item\":\"https:\\\/\\\/ascensoresramase.com\\\/ca\\\/treballs-realitzats\\\/\"},{\"@type\":\"ListItem\",\"position\":3,\"name\":\"Ascensor d&#8217;obra nova &#8211; Vilanova del Cam\u00ed\"}]},{\"@type\":\"WebSite\",\"@id\":\"https:\\\/\\\/ascensoresramase.com\\\/ca\\\/#website\",\"url\":\"https:\\\/\\\/ascensoresramase.com\\\/ca\\\/\",\"name\":\"Empresa mantenimiento ascensores Barcelona - Ascensores Ramase\",\"description\":\"\",\"publisher\":{\"@id\":\"https:\\\/\\\/ascensoresramase.com\\\/ca\\\/#organization\"},\"potentialAction\":[{\"@type\":\"SearchAction\",\"target\":{\"@type\":\"EntryPoint\",\"urlTemplate\":\"https:\\\/\\\/ascensoresramase.com\\\/ca\\\/?s={search_term_string}\"},\"query-input\":{\"@type\":\"PropertyValueSpecification\",\"valueRequired\":true,\"valueName\":\"search_term_string\"}}],\"inLanguage\":\"ca\"},{\"@type\":\"Organization\",\"@id\":\"https:\\\/\\\/ascensoresramase.com\\\/ca\\\/#organization\",\"name\":\"RAMASE, S.A\",\"url\":\"https:\\\/\\\/ascensoresramase.com\\\/ca\\\/\",\"logo\":{\"@type\":\"ImageObject\",\"inLanguage\":\"ca\",\"@id\":\"https:\\\/\\\/ascensoresramase.com\\\/ca\\\/#\\\/schema\\\/logo\\\/image\\\/\",\"url\":\"https:\\\/\\\/ascensoresramase.com\\\/wp-content\\\/uploads\\\/LOGO_ramase-web-1.png\",\"contentUrl\":\"https:\\\/\\\/ascensoresramase.com\\\/wp-content\\\/uploads\\\/LOGO_ramase-web-1.png\",\"width\":234,\"height\":150,\"caption\":\"RAMASE, S.A\"},\"image\":{\"@id\":\"https:\\\/\\\/ascensoresramase.com\\\/ca\\\/#\\\/schema\\\/logo\\\/image\\\/\"}}]}<\/script>\n<!-- \/ Yoast SEO plugin. -->","yoast_head_json":{"title":"Ascensor d'obra nova a Vilanova del Cam\u00ed - Ascensores Ramase","description":"Instal\u00b7laci\u00f3 d'ascensor d'obra nova a un edifici de p\u00fablica concurr\u00e8ncia situat a Vilanova del Cam\u00ed. Amb 630 kg de capacitat y dues parades.","robots":{"index":"index","follow":"follow","max-snippet":"max-snippet:-1","max-image-preview":"max-image-preview:large","max-video-preview":"max-video-preview:-1"},"canonical":"https:\/\/ascensoresramase.com\/ca\/treballs-realitzats\/instalacio-dascensor-a-vilanova-del-cami\/","og_locale":"ca_ES","og_type":"article","og_title":"Ascensor d'obra nova a Vilanova del Cam\u00ed - Ascensores Ramase","og_description":"Instal\u00b7laci\u00f3 d'ascensor d'obra nova a un edifici de p\u00fablica concurr\u00e8ncia situat a Vilanova del Cam\u00ed. Amb 630 kg de capacitat y dues parades.","og_url":"https:\/\/ascensoresramase.com\/ca\/treballs-realitzats\/instalacio-dascensor-a-vilanova-del-cami\/","og_site_name":"Empresa mantenimiento ascensores Barcelona - Ascensores Ramase","article_modified_time":"2026-03-17T16:08:18+00:00","og_image":[{"width":1200,"height":1600,"url":"https:\/\/ascensoresramase.com\/wp-content\/uploads\/IMG-20240117-WA0010.webp","type":"image\/webp"}],"twitter_card":"summary_large_image","twitter_misc":{"Temps estimat de lectura":"5 minuts"},"schema":{"@context":"https:\/\/schema.org","@graph":[{"@type":"WebPage","@id":"https:\/\/ascensoresramase.com\/ca\/treballs-realitzats\/instalacio-dascensor-a-vilanova-del-cami\/","url":"https:\/\/ascensoresramase.com\/ca\/treballs-realitzats\/instalacio-dascensor-a-vilanova-del-cami\/","name":"Ascensor d'obra nova a Vilanova del Cam\u00ed - Ascensores Ramase","isPartOf":{"@id":"https:\/\/ascensoresramase.com\/ca\/#website"},"primaryImageOfPage":{"@id":"https:\/\/ascensoresramase.com\/ca\/treballs-realitzats\/instalacio-dascensor-a-vilanova-del-cami\/#primaryimage"},"image":{"@id":"https:\/\/ascensoresramase.com\/ca\/treballs-realitzats\/instalacio-dascensor-a-vilanova-del-cami\/#primaryimage"},"thumbnailUrl":"https:\/\/ascensoresramase.com\/wp-content\/uploads\/IMG-20240117-WA0010.webp","datePublished":"2024-09-02T09:29:00+00:00","dateModified":"2026-03-17T16:08:18+00:00","description":"Instal\u00b7laci\u00f3 d'ascensor d'obra nova a un edifici de p\u00fablica concurr\u00e8ncia situat a Vilanova del Cam\u00ed. Amb 630 kg de capacitat y dues parades.","breadcrumb":{"@id":"https:\/\/ascensoresramase.com\/ca\/treballs-realitzats\/instalacio-dascensor-a-vilanova-del-cami\/#breadcrumb"},"inLanguage":"ca","potentialAction":[{"@type":"ReadAction","target":["https:\/\/ascensoresramase.com\/ca\/treballs-realitzats\/instalacio-dascensor-a-vilanova-del-cami\/"]}]},{"@type":"ImageObject","inLanguage":"ca","@id":"https:\/\/ascensoresramase.com\/ca\/treballs-realitzats\/instalacio-dascensor-a-vilanova-del-cami\/#primaryimage","url":"https:\/\/ascensoresramase.com\/wp-content\/uploads\/IMG-20240117-WA0010.webp","contentUrl":"https:\/\/ascensoresramase.com\/wp-content\/uploads\/IMG-20240117-WA0010.webp","width":1200,"height":1600,"caption":"Instalaci\u00f3n de ascensor en Vilanova del Cam\u00ed"},{"@type":"BreadcrumbList","@id":"https:\/\/ascensoresramase.com\/ca\/treballs-realitzats\/instalacio-dascensor-a-vilanova-del-cami\/#breadcrumb","itemListElement":[{"@type":"ListItem","position":1,"name":"Inicio","item":"https:\/\/ascensoresramase.com\/ca\/"},{"@type":"ListItem","position":2,"name":"Portfolio","item":"https:\/\/ascensoresramase.com\/ca\/treballs-realitzats\/"},{"@type":"ListItem","position":3,"name":"Ascensor d&#8217;obra nova &#8211; Vilanova del Cam\u00ed"}]},{"@type":"WebSite","@id":"https:\/\/ascensoresramase.com\/ca\/#website","url":"https:\/\/ascensoresramase.com\/ca\/","name":"Empresa mantenimiento ascensores Barcelona - Ascensores Ramase","description":"","publisher":{"@id":"https:\/\/ascensoresramase.com\/ca\/#organization"},"potentialAction":[{"@type":"SearchAction","target":{"@type":"EntryPoint","urlTemplate":"https:\/\/ascensoresramase.com\/ca\/?s={search_term_string}"},"query-input":{"@type":"PropertyValueSpecification","valueRequired":true,"valueName":"search_term_string"}}],"inLanguage":"ca"},{"@type":"Organization","@id":"https:\/\/ascensoresramase.com\/ca\/#organization","name":"RAMASE, S.A","url":"https:\/\/ascensoresramase.com\/ca\/","logo":{"@type":"ImageObject","inLanguage":"ca","@id":"https:\/\/ascensoresramase.com\/ca\/#\/schema\/logo\/image\/","url":"https:\/\/ascensoresramase.com\/wp-content\/uploads\/LOGO_ramase-web-1.png","contentUrl":"https:\/\/ascensoresramase.com\/wp-content\/uploads\/LOGO_ramase-web-1.png","width":234,"height":150,"caption":"RAMASE, S.A"},"image":{"@id":"https:\/\/ascensoresramase.com\/ca\/#\/schema\/logo\/image\/"}}]}},"_links":{"self":[{"href":"https:\/\/ascensoresramase.com\/ca\/wp-json\/wp\/v2\/avada_portfolio\/10440","targetHints":{"allow":["GET"]}}],"collection":[{"href":"https:\/\/ascensoresramase.com\/ca\/wp-json\/wp\/v2\/avada_portfolio"}],"about":[{"href":"https:\/\/ascensoresramase.com\/ca\/wp-json\/wp\/v2\/types\/avada_portfolio"}],"author":[{"embeddable":true,"href":"https:\/\/ascensoresramase.com\/ca\/wp-json\/wp\/v2\/users\/1"}],"replies":[{"embeddable":true,"href":"https:\/\/ascensoresramase.com\/ca\/wp-json\/wp\/v2\/comments?post=10440"}],"version-history":[{"count":2,"href":"https:\/\/ascensoresramase.com\/ca\/wp-json\/wp\/v2\/avada_portfolio\/10440\/revisions"}],"predecessor-version":[{"id":14534,"href":"https:\/\/ascensoresramase.com\/ca\/wp-json\/wp\/v2\/avada_portfolio\/10440\/revisions\/14534"}],"wp:featuredmedia":[{"embeddable":true,"href":"https:\/\/ascensoresramase.com\/ca\/wp-json\/wp\/v2\/media\/12312"}],"wp:attachment":[{"href":"https:\/\/ascensoresramase.com\/ca\/wp-json\/wp\/v2\/media?parent=10440"}],"wp:term":[{"taxonomy":"portfolio_category","embeddable":true,"href":"https:\/\/ascensoresramase.com\/ca\/wp-json\/wp\/v2\/portfolio_category?post=10440"},{"taxonomy":"portfolio_skills","embeddable":true,"href":"https:\/\/ascensoresramase.com\/ca\/wp-json\/wp\/v2\/portfolio_skills?post=10440"},{"taxonomy":"portfolio_tags","embeddable":true,"href":"https:\/\/ascensoresramase.com\/ca\/wp-json\/wp\/v2\/portfolio_tags?post=10440"}],"curies":[{"name":"wp","href":"https:\/\/api.w.org\/{rel}","templated":true}]}}