{"id":10302,"date":"2023-01-16T10:39:43","date_gmt":"2023-01-16T09:39:43","guid":{"rendered":"https:\/\/ascensoresramase.com\/?post_type=avada_portfolio&#038;p=10302"},"modified":"2026-03-18T16:39:34","modified_gmt":"2026-03-18T15:39:34","slug":"ascensor-2-persones-a-prat-de-llobregat","status":"publish","type":"avada_portfolio","link":"https:\/\/ascensoresramase.com\/ca\/treballs-realitzats\/ascensor-2-persones-a-prat-de-llobregat\/","title":{"rendered":"Ascensor oleodin\u00e1mic en finca existent &#8211; Prat de Llobregat"},"content":{"rendered":"<p><div class=\"fusion-fullwidth fullwidth-box fusion-builder-row-1 fusion-flex-container nonhundred-percent-fullwidth non-hundred-percent-height-scrolling\" style=\"--awb-border-radius-top-left:0px;--awb-border-radius-top-right:0px;--awb-border-radius-bottom-right:0px;--awb-border-radius-bottom-left:0px;--awb-flex-wrap:wrap;\" ><div class=\"fusion-builder-row fusion-row fusion-flex-align-items-flex-start fusion-flex-content-wrap\" style=\"max-width:1248px;margin-left: calc(-4% \/ 2 );margin-right: calc(-4% \/ 2 );\"><div class=\"fusion-layout-column fusion_builder_column fusion-builder-column-0 fusion_builder_column_1_1 1_1 fusion-flex-column\" style=\"--awb-padding-top:25px;--awb-padding-right:25px;--awb-padding-bottom:10px;--awb-padding-left:25px;--awb-bg-color:var(--awb-custom13);--awb-bg-color-hover:var(--awb-custom13);--awb-bg-size:cover;--awb-border-color:var(--awb-color6);--awb-border-top:3px;--awb-border-style:solid;--awb-width-large:100%;--awb-margin-top-large:0px;--awb-spacing-right-large:1.92%;--awb-margin-bottom-large:20px;--awb-spacing-left-large:1.92%;--awb-width-medium:100%;--awb-order-medium:0;--awb-spacing-right-medium:1.92%;--awb-spacing-left-medium:1.92%;--awb-width-small:100%;--awb-order-small:0;--awb-spacing-right-small:1.92%;--awb-spacing-left-small:1.92%;\" data-scroll-devices=\"small-visibility,medium-visibility,large-visibility\"><div class=\"fusion-column-wrapper fusion-column-has-shadow fusion-flex-justify-content-flex-start fusion-content-layout-column\"><div class=\"fusion-title title fusion-title-1 fusion-sep-none fusion-title-center fusion-title-text fusion-title-size-three\" style=\"--awb-margin-top-small:10px;--awb-margin-right-small:0px;--awb-margin-bottom-small:10px;--awb-margin-left-small:0px;\"><h3 class=\"fusion-title-heading title-heading-center\" style=\"margin:0;\">Instal\u00b7laci\u00f3 d&#8217;ascensor i accions realitzades<\/h3><\/div><div class=\"fusion-text fusion-text-1\" style=\"--awb-content-alignment:center;\"><p>En aquesta comunitat de propietaris del Prat de Llobregat, s&#8217;ha realitzat una intervenci\u00f3 integral d&#8217;alta complexitat t\u00e8cnica per a dotar a l&#8217;edifici d&#8217;un sistema d&#8217;elevaci\u00f3 complet. El projecte ha requerit una redistribuci\u00f3 de l&#8217;espai com\u00fa, incloent-hi la retallada de les escales existents i el despla\u00e7ament de les portes dels habitatges, maniobres necess\u00e0ries per a crear el buit on s&#8217;ha situat el nou <strong>ascensor oleodin\u00e1mic<\/strong> en finca existent.<\/p>\n<p>La instal\u00b7laci\u00f3 s&#8217;ha dissenyat per a cobrir totes les necessitats dels ve\u00efns, estenent el servei fins a una <strong>parada en el terrat<\/strong> per a facilitar l&#8217;acc\u00e9s a les zones comunes superiors. A m\u00e9s, per a garantir que la finca sigui 100% accessible des del nivell de carrer, s&#8217;ha <strong>instal\u00b7lat un salvaescales en la planta baixa<\/strong>, eliminant aix\u00ed l&#8217;\u00faltim obstacle arquitect\u00f2nic del vest\u00edbul.<\/p>\n<\/div><\/div><\/div><\/div><\/div><div class=\"fusion-fullwidth fullwidth-box fusion-builder-row-2 fusion-flex-container nonhundred-percent-fullwidth non-hundred-percent-height-scrolling\" style=\"--awb-border-radius-top-left:0px;--awb-border-radius-top-right:0px;--awb-border-radius-bottom-right:0px;--awb-border-radius-bottom-left:0px;--awb-flex-wrap:wrap;\" ><div class=\"fusion-builder-row fusion-row fusion-flex-align-items-stretch fusion-flex-content-wrap\" style=\"max-width:1248px;margin-left: calc(-4% \/ 2 );margin-right: calc(-4% \/ 2 );\"><div class=\"fusion-layout-column fusion_builder_column fusion-builder-column-1 fusion_builder_column_1_1 1_1 fusion-flex-column\" style=\"--awb-bg-size:cover;--awb-width-large:100%;--awb-margin-top-large:0px;--awb-spacing-right-large:1.92%;--awb-margin-bottom-large:20px;--awb-spacing-left-large:1.92%;--awb-width-medium:100%;--awb-order-medium:0;--awb-spacing-right-medium:1.92%;--awb-spacing-left-medium:1.92%;--awb-width-small:100%;--awb-order-small:0;--awb-spacing-right-small:1.92%;--awb-spacing-left-small:1.92%;\"><div class=\"fusion-column-wrapper fusion-column-has-shadow fusion-flex-justify-content-flex-start fusion-content-layout-column\"><div class=\"awb-gallery-wrapper awb-gallery-wrapper-1 button-span-no\" style=\"--more-btn-alignment:center;\"><div style=\"margin:-5px;--awb-bordersize:0px;\" class=\"fusion-gallery fusion-gallery-container fusion-grid-3 fusion-columns-total-24 fusion-gallery-layout-masonry fusion-gallery-1\"><div class=\"fusion-grid-column fusion-gallery-column fusion-gallery-column-3 hover-type-none fusion-grid-sizer\"><\/div><div style=\"padding:5px;\" class=\"fusion-grid-column fusion-gallery-column fusion-gallery-column-3 hover-type-none fusion-element-grid\"><div class=\"fusion-gallery-image\"><a href=\"https:\/\/ascensoresramase.com\/wp-content\/uploads\/pratllobregat-1.webp\" rel=\"noreferrer\" data-rel=\"iLightbox[gallery_image_1]\" class=\"fusion-lightbox\" target=\"_self\"><div style=\"background-image:url(https:\/\/ascensoresramase.com\/wp-content\/uploads\/pratllobregat-1.webp);padding-top:calc((100% + 10px) * 0.8 - 5px);background-position:;\" class=\"fusion-masonry-element-container\"><img decoding=\"async\" src=\"https:\/\/ascensoresramase.com\/wp-content\/uploads\/pratllobregat-1.webp\" width=\"600\" height=\"1067\" alt=\"\" title=\"Ascensor 2 personas en Prat de Llobregat\" aria-label=\"Ascensor 2 personas en Prat de Llobregat\" class=\"img-responsive wp-image-10290\" srcset=\"https:\/\/ascensoresramase.com\/wp-content\/uploads\/pratllobregat-1-200x356.webp 200w, https:\/\/ascensoresramase.com\/wp-content\/uploads\/pratllobregat-1-400x711.webp 400w, https:\/\/ascensoresramase.com\/wp-content\/uploads\/pratllobregat-1.webp 600w\" sizes=\"(min-width: 2200px) 100vw, (min-width: 784px) 397px, (min-width: 712px) 595px, (min-width: 640px) 712px, \" \/><\/div><\/a><\/div><\/div><div style=\"padding:5px;\" class=\"fusion-grid-column fusion-gallery-column fusion-gallery-column-3 hover-type-none fusion-element-grid\"><div class=\"fusion-gallery-image\"><a href=\"https:\/\/ascensoresramase.com\/wp-content\/uploads\/pratllobregat-2.webp\" rel=\"noreferrer\" data-rel=\"iLightbox[gallery_image_1]\" class=\"fusion-lightbox\" target=\"_self\"><div style=\"background-image:url(https:\/\/ascensoresramase.com\/wp-content\/uploads\/pratllobregat-2.webp);padding-top:calc((100% + 10px) * 0.8 - 5px);background-position:;\" class=\"fusion-masonry-element-container\"><img decoding=\"async\" src=\"https:\/\/ascensoresramase.com\/wp-content\/uploads\/pratllobregat-2.webp\" width=\"600\" height=\"1067\" alt=\"\" title=\"Ascensor 2 personas en Prat de Llobregat\" aria-label=\"Ascensor 2 personas en Prat de Llobregat\" class=\"img-responsive wp-image-10298\" srcset=\"https:\/\/ascensoresramase.com\/wp-content\/uploads\/pratllobregat-2-200x356.webp 200w, https:\/\/ascensoresramase.com\/wp-content\/uploads\/pratllobregat-2-400x711.webp 400w, https:\/\/ascensoresramase.com\/wp-content\/uploads\/pratllobregat-2.webp 600w\" sizes=\"(min-width: 2200px) 100vw, (min-width: 784px) 397px, (min-width: 712px) 595px, (min-width: 640px) 712px, \" \/><\/div><\/a><\/div><\/div><div style=\"padding:5px;\" class=\"fusion-grid-column fusion-gallery-column fusion-gallery-column-3 hover-type-none fusion-element-grid\"><div class=\"fusion-gallery-image\"><a href=\"https:\/\/ascensoresramase.com\/wp-content\/uploads\/pratllobregat-3.webp\" rel=\"noreferrer\" data-rel=\"iLightbox[gallery_image_1]\" class=\"fusion-lightbox\" target=\"_self\"><div style=\"background-image:url(https:\/\/ascensoresramase.com\/wp-content\/uploads\/pratllobregat-3.webp);padding-top:calc((100% + 10px) * 0.8 - 5px);background-position:;\" class=\"fusion-masonry-element-container\"><img decoding=\"async\" src=\"https:\/\/ascensoresramase.com\/wp-content\/uploads\/pratllobregat-3.webp\" width=\"600\" height=\"1067\" alt=\"\" title=\"Ascensor 2 personas en Prat de Llobregat\" aria-label=\"Ascensor 2 personas en Prat de Llobregat\" class=\"img-responsive wp-image-10296\" srcset=\"https:\/\/ascensoresramase.com\/wp-content\/uploads\/pratllobregat-3-200x356.webp 200w, https:\/\/ascensoresramase.com\/wp-content\/uploads\/pratllobregat-3-400x711.webp 400w, https:\/\/ascensoresramase.com\/wp-content\/uploads\/pratllobregat-3.webp 600w\" sizes=\"(min-width: 2200px) 100vw, (min-width: 784px) 397px, (min-width: 712px) 595px, (min-width: 640px) 712px, \" \/><\/div><\/a><\/div><\/div><div style=\"padding:5px;\" class=\"fusion-grid-column fusion-gallery-column fusion-gallery-column-3 hover-type-none fusion-element-grid\"><div class=\"fusion-gallery-image\"><a href=\"https:\/\/ascensoresramase.com\/wp-content\/uploads\/pratllobregat-4.webp\" rel=\"noreferrer\" data-rel=\"iLightbox[gallery_image_1]\" class=\"fusion-lightbox\" target=\"_self\"><div style=\"background-image:url(https:\/\/ascensoresramase.com\/wp-content\/uploads\/pratllobregat-4.webp);padding-top:calc((100% + 10px) * 0.8 - 5px);background-position:;\" class=\"fusion-masonry-element-container\"><img decoding=\"async\" src=\"https:\/\/ascensoresramase.com\/wp-content\/uploads\/pratllobregat-4.webp\" width=\"600\" height=\"1067\" alt=\"\" title=\"Ascensor 2 personas en Prat de Llobregat\" aria-label=\"Ascensor 2 personas en Prat de Llobregat\" class=\"img-responsive wp-image-10294\" srcset=\"https:\/\/ascensoresramase.com\/wp-content\/uploads\/pratllobregat-4-200x356.webp 200w, https:\/\/ascensoresramase.com\/wp-content\/uploads\/pratllobregat-4-400x711.webp 400w, https:\/\/ascensoresramase.com\/wp-content\/uploads\/pratllobregat-4.webp 600w\" sizes=\"(min-width: 2200px) 100vw, (min-width: 784px) 397px, (min-width: 712px) 595px, (min-width: 640px) 712px, \" \/><\/div><\/a><\/div><\/div><div style=\"padding:5px;\" class=\"fusion-grid-column fusion-gallery-column fusion-gallery-column-3 hover-type-none fusion-element-grid\"><div class=\"fusion-gallery-image\"><a href=\"https:\/\/ascensoresramase.com\/wp-content\/uploads\/pratllobregat-5.webp\" rel=\"noreferrer\" data-rel=\"iLightbox[gallery_image_1]\" class=\"fusion-lightbox\" target=\"_self\"><div style=\"background-image:url(https:\/\/ascensoresramase.com\/wp-content\/uploads\/pratllobregat-5.webp);padding-top:calc((100% + 10px) * 0.8 - 5px);background-position:;\" class=\"fusion-masonry-element-container\"><img decoding=\"async\" src=\"https:\/\/ascensoresramase.com\/wp-content\/uploads\/pratllobregat-5.webp\" width=\"600\" height=\"1067\" alt=\"\" title=\"Ascensor 2 personas en Prat de Llobregat\" aria-label=\"Ascensor 2 personas en Prat de Llobregat\" class=\"img-responsive wp-image-10292\" srcset=\"https:\/\/ascensoresramase.com\/wp-content\/uploads\/pratllobregat-5-200x356.webp 200w, https:\/\/ascensoresramase.com\/wp-content\/uploads\/pratllobregat-5-400x711.webp 400w, https:\/\/ascensoresramase.com\/wp-content\/uploads\/pratllobregat-5.webp 600w\" sizes=\"(min-width: 2200px) 100vw, (min-width: 784px) 397px, (min-width: 712px) 595px, (min-width: 640px) 712px, \" \/><\/div><\/a><\/div><\/div><div style=\"padding:5px;\" class=\"fusion-grid-column fusion-gallery-column fusion-gallery-column-3 hover-type-none fusion-element-grid\"><div class=\"fusion-gallery-image\"><a href=\"https:\/\/ascensoresramase.com\/wp-content\/uploads\/pratllobregat-6.webp\" rel=\"noreferrer\" data-rel=\"iLightbox[gallery_image_1]\" class=\"fusion-lightbox\" target=\"_self\"><div style=\"background-image:url(https:\/\/ascensoresramase.com\/wp-content\/uploads\/pratllobregat-6.webp);padding-top:calc((100% + 10px) * 0.8 - 5px);background-position:;\" class=\"fusion-masonry-element-container\"><img decoding=\"async\" src=\"https:\/\/ascensoresramase.com\/wp-content\/uploads\/pratllobregat-6.webp\" width=\"600\" height=\"1067\" alt=\"\" title=\"Ascensor 2 personas en Prat de Llobregat\" aria-label=\"Ascensor 2 personas en Prat de Llobregat\" class=\"img-responsive wp-image-10268\" srcset=\"https:\/\/ascensoresramase.com\/wp-content\/uploads\/pratllobregat-6-200x356.webp 200w, https:\/\/ascensoresramase.com\/wp-content\/uploads\/pratllobregat-6-400x711.webp 400w, https:\/\/ascensoresramase.com\/wp-content\/uploads\/pratllobregat-6.webp 600w\" sizes=\"(min-width: 2200px) 100vw, (min-width: 784px) 397px, (min-width: 712px) 595px, (min-width: 640px) 712px, \" \/><\/div><\/a><\/div><\/div><div style=\"padding:5px;\" class=\"fusion-grid-column fusion-gallery-column fusion-gallery-column-3 hover-type-none fusion-element-grid\"><div class=\"fusion-gallery-image\"><a href=\"https:\/\/ascensoresramase.com\/wp-content\/uploads\/pratllobregat-7.webp\" rel=\"noreferrer\" data-rel=\"iLightbox[gallery_image_1]\" class=\"fusion-lightbox\" target=\"_self\"><div style=\"background-image:url(https:\/\/ascensoresramase.com\/wp-content\/uploads\/pratllobregat-7.webp);padding-top:calc((100% + 10px) * 0.8 - 5px);background-position:;\" class=\"fusion-masonry-element-container\"><img decoding=\"async\" src=\"https:\/\/ascensoresramase.com\/wp-content\/uploads\/pratllobregat-7.webp\" width=\"600\" height=\"1067\" alt=\"\" title=\"Ascensor 2 personas en Prat de Llobregat\" aria-label=\"Ascensor 2 personas en Prat de Llobregat\" class=\"img-responsive wp-image-10266\" srcset=\"https:\/\/ascensoresramase.com\/wp-content\/uploads\/pratllobregat-7-200x356.webp 200w, https:\/\/ascensoresramase.com\/wp-content\/uploads\/pratllobregat-7-400x711.webp 400w, https:\/\/ascensoresramase.com\/wp-content\/uploads\/pratllobregat-7.webp 600w\" sizes=\"(min-width: 2200px) 100vw, (min-width: 784px) 397px, (min-width: 712px) 595px, (min-width: 640px) 712px, \" \/><\/div><\/a><\/div><\/div><div style=\"padding:5px;\" class=\"fusion-grid-column fusion-gallery-column fusion-gallery-column-3 hover-type-none fusion-element-grid\"><div class=\"fusion-gallery-image\"><a href=\"https:\/\/ascensoresramase.com\/wp-content\/uploads\/pratllobregat-8.webp\" rel=\"noreferrer\" data-rel=\"iLightbox[gallery_image_1]\" class=\"fusion-lightbox\" target=\"_self\"><div style=\"background-image:url(https:\/\/ascensoresramase.com\/wp-content\/uploads\/pratllobregat-8.webp);padding-top:calc((100% + 10px) * 0.8 - 5px);background-position:;\" class=\"fusion-masonry-element-container\"><img decoding=\"async\" src=\"https:\/\/ascensoresramase.com\/wp-content\/uploads\/pratllobregat-8.webp\" width=\"1067\" height=\"800\" alt=\"\" title=\"Ascensor 2 personas en Prat de Llobregat\" aria-label=\"Ascensor 2 personas en Prat de Llobregat\" class=\"img-responsive wp-image-10264\" srcset=\"https:\/\/ascensoresramase.com\/wp-content\/uploads\/pratllobregat-8-200x150.webp 200w, https:\/\/ascensoresramase.com\/wp-content\/uploads\/pratllobregat-8-400x300.webp 400w, https:\/\/ascensoresramase.com\/wp-content\/uploads\/pratllobregat-8-600x450.webp 600w, https:\/\/ascensoresramase.com\/wp-content\/uploads\/pratllobregat-8-800x600.webp 800w, https:\/\/ascensoresramase.com\/wp-content\/uploads\/pratllobregat-8.webp 1067w\" sizes=\"(min-width: 2200px) 100vw, (min-width: 784px) 397px, (min-width: 712px) 595px, (min-width: 640px) 712px, \" \/><\/div><\/a><\/div><\/div><div style=\"padding:5px;\" class=\"fusion-grid-column fusion-gallery-column fusion-gallery-column-3 hover-type-none fusion-element-grid\"><div class=\"fusion-gallery-image\"><a href=\"https:\/\/ascensoresramase.com\/wp-content\/uploads\/pratllobregat-9.webp\" rel=\"noreferrer\" data-rel=\"iLightbox[gallery_image_1]\" class=\"fusion-lightbox\" target=\"_self\"><div style=\"background-image:url(https:\/\/ascensoresramase.com\/wp-content\/uploads\/pratllobregat-9.webp);padding-top:calc((100% + 10px) * 0.8 - 5px);background-position:;\" class=\"fusion-masonry-element-container\"><img decoding=\"async\" src=\"https:\/\/ascensoresramase.com\/wp-content\/uploads\/pratllobregat-9.webp\" width=\"600\" height=\"1067\" alt=\"\" title=\"Ascensor 2 personas en Prat de Llobregat\" aria-label=\"Ascensor 2 personas en Prat de Llobregat\" class=\"img-responsive wp-image-10262\" srcset=\"https:\/\/ascensoresramase.com\/wp-content\/uploads\/pratllobregat-9-200x356.webp 200w, https:\/\/ascensoresramase.com\/wp-content\/uploads\/pratllobregat-9-400x711.webp 400w, https:\/\/ascensoresramase.com\/wp-content\/uploads\/pratllobregat-9.webp 600w\" sizes=\"(min-width: 2200px) 100vw, (min-width: 784px) 397px, (min-width: 712px) 595px, (min-width: 640px) 712px, \" \/><\/div><\/a><\/div><\/div><div style=\"padding:5px;\" class=\"fusion-grid-column fusion-gallery-column fusion-gallery-column-3 hover-type-none fusion-element-grid\"><div class=\"fusion-gallery-image\"><a href=\"https:\/\/ascensoresramase.com\/wp-content\/uploads\/pratllobregat-10.webp\" rel=\"noreferrer\" data-rel=\"iLightbox[gallery_image_1]\" class=\"fusion-lightbox\" target=\"_self\"><div style=\"background-image:url(https:\/\/ascensoresramase.com\/wp-content\/uploads\/pratllobregat-10.webp);padding-top:calc((100% + 10px) * 0.8 - 5px);background-position:;\" class=\"fusion-masonry-element-container\"><img decoding=\"async\" src=\"https:\/\/ascensoresramase.com\/wp-content\/uploads\/pratllobregat-10.webp\" width=\"800\" height=\"1070\" alt=\"\" title=\"Ascensor 2 personas en Prat de Llobregat\" aria-label=\"Ascensor 2 personas en Prat de Llobregat\" class=\"img-responsive wp-image-10260\" srcset=\"https:\/\/ascensoresramase.com\/wp-content\/uploads\/pratllobregat-10-200x268.webp 200w, https:\/\/ascensoresramase.com\/wp-content\/uploads\/pratllobregat-10-400x535.webp 400w, https:\/\/ascensoresramase.com\/wp-content\/uploads\/pratllobregat-10-600x803.webp 600w, https:\/\/ascensoresramase.com\/wp-content\/uploads\/pratllobregat-10.webp 800w\" sizes=\"(min-width: 2200px) 100vw, (min-width: 784px) 397px, (min-width: 712px) 595px, (min-width: 640px) 712px, \" \/><\/div><\/a><\/div><\/div><div style=\"padding:5px;\" class=\"fusion-grid-column fusion-gallery-column fusion-gallery-column-3 hover-type-none fusion-element-portrait\"><div class=\"fusion-gallery-image\"><a href=\"https:\/\/ascensoresramase.com\/wp-content\/uploads\/pratllobregat-11.webp\" rel=\"noreferrer\" data-rel=\"iLightbox[gallery_image_1]\" class=\"fusion-lightbox\" target=\"_self\"><div style=\"background-image:url(https:\/\/ascensoresramase.com\/wp-content\/uploads\/pratllobregat-11.webp);padding-top:calc((100% + 10px) * 1.6);background-position:;\" class=\"fusion-masonry-element-container\"><img decoding=\"async\" src=\"https:\/\/ascensoresramase.com\/wp-content\/uploads\/pratllobregat-11.webp\" width=\"600\" height=\"1301\" alt=\"\" title=\"Ascensor 2 personas en Prat de Llobregat\" aria-label=\"Ascensor 2 personas en Prat de Llobregat\" class=\"img-responsive wp-image-10258\" srcset=\"https:\/\/ascensoresramase.com\/wp-content\/uploads\/pratllobregat-11-200x434.webp 200w, https:\/\/ascensoresramase.com\/wp-content\/uploads\/pratllobregat-11-400x867.webp 400w, https:\/\/ascensoresramase.com\/wp-content\/uploads\/pratllobregat-11.webp 600w\" sizes=\"(min-width: 2200px) 100vw, (min-width: 784px) 397px, (min-width: 712px) 595px, (min-width: 640px) 712px, \" \/><\/div><\/a><\/div><\/div><div style=\"padding:5px;\" class=\"fusion-grid-column fusion-gallery-column fusion-gallery-column-3 hover-type-none fusion-element-landscape\"><div class=\"fusion-gallery-image\"><a href=\"https:\/\/ascensoresramase.com\/wp-content\/uploads\/pratllobregat-12.webp\" rel=\"noreferrer\" data-rel=\"iLightbox[gallery_image_1]\" class=\"fusion-lightbox\" target=\"_self\"><div style=\"background-image:url(https:\/\/ascensoresramase.com\/wp-content\/uploads\/pratllobregat-12.webp);padding-top:calc((100% + 10px) * 0.4 - 5px);background-position:;\" class=\"fusion-masonry-element-container\"><img decoding=\"async\" src=\"https:\/\/ascensoresramase.com\/wp-content\/uploads\/pratllobregat-12.webp\" width=\"1301\" height=\"600\" alt=\"\" title=\"Ascensor 2 personas en Prat de Llobregat\" aria-label=\"Ascensor 2 personas en Prat de Llobregat\" class=\"img-responsive wp-image-10256\" srcset=\"https:\/\/ascensoresramase.com\/wp-content\/uploads\/pratllobregat-12-200x92.webp 200w, https:\/\/ascensoresramase.com\/wp-content\/uploads\/pratllobregat-12-400x184.webp 400w, https:\/\/ascensoresramase.com\/wp-content\/uploads\/pratllobregat-12-600x277.webp 600w, https:\/\/ascensoresramase.com\/wp-content\/uploads\/pratllobregat-12-800x369.webp 800w, https:\/\/ascensoresramase.com\/wp-content\/uploads\/pratllobregat-12-1200x553.webp 1200w, https:\/\/ascensoresramase.com\/wp-content\/uploads\/pratllobregat-12.webp 1301w\" sizes=\"(min-width: 2200px) 100vw, (min-width: 640px) 1200px, \" \/><\/div><\/a><\/div><\/div><div style=\"padding:5px;\" class=\"fusion-grid-column fusion-gallery-column fusion-gallery-column-3 hover-type-none fusion-element-grid\"><div class=\"fusion-gallery-image\"><a href=\"https:\/\/ascensoresramase.com\/wp-content\/uploads\/pratllobregat-13.webp\" rel=\"noreferrer\" data-rel=\"iLightbox[gallery_image_1]\" class=\"fusion-lightbox\" target=\"_self\"><div style=\"background-image:url(https:\/\/ascensoresramase.com\/wp-content\/uploads\/pratllobregat-13.webp);padding-top:calc((100% + 10px) * 0.8 - 5px);background-position:;\" class=\"fusion-masonry-element-container\"><img decoding=\"async\" src=\"https:\/\/ascensoresramase.com\/wp-content\/uploads\/pratllobregat-13.webp\" width=\"800\" height=\"1067\" alt=\"\" title=\"Ascensor 2 personas en Prat de Llobregat\" aria-label=\"Ascensor 2 personas en Prat de Llobregat\" class=\"img-responsive wp-image-10254\" srcset=\"https:\/\/ascensoresramase.com\/wp-content\/uploads\/pratllobregat-13-200x267.webp 200w, https:\/\/ascensoresramase.com\/wp-content\/uploads\/pratllobregat-13-400x534.webp 400w, https:\/\/ascensoresramase.com\/wp-content\/uploads\/pratllobregat-13-600x800.webp 600w, https:\/\/ascensoresramase.com\/wp-content\/uploads\/pratllobregat-13.webp 800w\" sizes=\"(min-width: 2200px) 100vw, (min-width: 784px) 397px, (min-width: 712px) 595px, (min-width: 640px) 712px, \" \/><\/div><\/a><\/div><\/div><div style=\"padding:5px;\" class=\"fusion-grid-column fusion-gallery-column fusion-gallery-column-3 hover-type-none fusion-element-grid\"><div class=\"fusion-gallery-image\"><a href=\"https:\/\/ascensoresramase.com\/wp-content\/uploads\/pratllobregat-14.webp\" rel=\"noreferrer\" data-rel=\"iLightbox[gallery_image_1]\" class=\"fusion-lightbox\" target=\"_self\"><div style=\"background-image:url(https:\/\/ascensoresramase.com\/wp-content\/uploads\/pratllobregat-14.webp);padding-top:calc((100% + 10px) * 0.8 - 5px);background-position:;\" class=\"fusion-masonry-element-container\"><img decoding=\"async\" src=\"https:\/\/ascensoresramase.com\/wp-content\/uploads\/pratllobregat-14.webp\" width=\"1067\" height=\"800\" alt=\"\" title=\"Ascensor 2 personas en Prat de Llobregat\" aria-label=\"Ascensor 2 personas en Prat de Llobregat\" class=\"img-responsive wp-image-10300\" srcset=\"https:\/\/ascensoresramase.com\/wp-content\/uploads\/pratllobregat-14-200x150.webp 200w, https:\/\/ascensoresramase.com\/wp-content\/uploads\/pratllobregat-14-400x300.webp 400w, https:\/\/ascensoresramase.com\/wp-content\/uploads\/pratllobregat-14-600x450.webp 600w, https:\/\/ascensoresramase.com\/wp-content\/uploads\/pratllobregat-14-800x600.webp 800w, https:\/\/ascensoresramase.com\/wp-content\/uploads\/pratllobregat-14.webp 1067w\" sizes=\"(min-width: 2200px) 100vw, (min-width: 784px) 397px, (min-width: 712px) 595px, (min-width: 640px) 712px, \" \/><\/div><\/a><\/div><\/div><div style=\"padding:5px;\" class=\"fusion-grid-column fusion-gallery-column fusion-gallery-column-3 hover-type-none fusion-element-grid\"><div class=\"fusion-gallery-image\"><a href=\"https:\/\/ascensoresramase.com\/wp-content\/uploads\/pratllobregat-15.webp\" rel=\"noreferrer\" data-rel=\"iLightbox[gallery_image_1]\" class=\"fusion-lightbox\" target=\"_self\"><div style=\"background-image:url(https:\/\/ascensoresramase.com\/wp-content\/uploads\/pratllobregat-15.webp);padding-top:calc((100% + 10px) * 0.8 - 5px);background-position:;\" class=\"fusion-masonry-element-container\"><img decoding=\"async\" src=\"https:\/\/ascensoresramase.com\/wp-content\/uploads\/pratllobregat-15.webp\" width=\"1067\" height=\"800\" alt=\"\" title=\"Ascensor 2 personas en Prat de Llobregat\" aria-label=\"Ascensor 2 personas en Prat de Llobregat\" class=\"img-responsive wp-image-10274\" srcset=\"https:\/\/ascensoresramase.com\/wp-content\/uploads\/pratllobregat-15-200x150.webp 200w, https:\/\/ascensoresramase.com\/wp-content\/uploads\/pratllobregat-15-400x300.webp 400w, https:\/\/ascensoresramase.com\/wp-content\/uploads\/pratllobregat-15-600x450.webp 600w, https:\/\/ascensoresramase.com\/wp-content\/uploads\/pratllobregat-15-800x600.webp 800w, https:\/\/ascensoresramase.com\/wp-content\/uploads\/pratllobregat-15.webp 1067w\" sizes=\"(min-width: 2200px) 100vw, (min-width: 784px) 397px, (min-width: 712px) 595px, (min-width: 640px) 712px, \" \/><\/div><\/a><\/div><\/div><div style=\"padding:5px;\" class=\"fusion-grid-column fusion-gallery-column fusion-gallery-column-3 hover-type-none fusion-element-grid\"><div class=\"fusion-gallery-image\"><a href=\"https:\/\/ascensoresramase.com\/wp-content\/uploads\/pratllobregat-16.webp\" rel=\"noreferrer\" data-rel=\"iLightbox[gallery_image_1]\" class=\"fusion-lightbox\" target=\"_self\"><div style=\"background-image:url(https:\/\/ascensoresramase.com\/wp-content\/uploads\/pratllobregat-16.webp);padding-top:calc((100% + 10px) * 0.8 - 5px);background-position:;\" class=\"fusion-masonry-element-container\"><img decoding=\"async\" src=\"https:\/\/ascensoresramase.com\/wp-content\/uploads\/pratllobregat-16.webp\" width=\"1067\" height=\"800\" alt=\"\" title=\"Ascensor 2 personas en Prat de Llobregat\" aria-label=\"Ascensor 2 personas en Prat de Llobregat\" class=\"img-responsive wp-image-10272\" srcset=\"https:\/\/ascensoresramase.com\/wp-content\/uploads\/pratllobregat-16-200x150.webp 200w, https:\/\/ascensoresramase.com\/wp-content\/uploads\/pratllobregat-16-400x300.webp 400w, https:\/\/ascensoresramase.com\/wp-content\/uploads\/pratllobregat-16-600x450.webp 600w, https:\/\/ascensoresramase.com\/wp-content\/uploads\/pratllobregat-16-800x600.webp 800w, https:\/\/ascensoresramase.com\/wp-content\/uploads\/pratllobregat-16.webp 1067w\" sizes=\"(min-width: 2200px) 100vw, (min-width: 784px) 397px, (min-width: 712px) 595px, (min-width: 640px) 712px, \" \/><\/div><\/a><\/div><\/div><div style=\"padding:5px;\" class=\"fusion-grid-column fusion-gallery-column fusion-gallery-column-3 hover-type-none fusion-element-grid\"><div class=\"fusion-gallery-image\"><a href=\"https:\/\/ascensoresramase.com\/wp-content\/uploads\/pratllobregat-17.webp\" rel=\"noreferrer\" data-rel=\"iLightbox[gallery_image_1]\" class=\"fusion-lightbox\" target=\"_self\"><div style=\"background-image:url(https:\/\/ascensoresramase.com\/wp-content\/uploads\/pratllobregat-17.webp);padding-top:calc((100% + 10px) * 0.8 - 5px);background-position:;\" class=\"fusion-masonry-element-container\"><img decoding=\"async\" src=\"https:\/\/ascensoresramase.com\/wp-content\/uploads\/pratllobregat-17.webp\" width=\"1067\" height=\"800\" alt=\"\" title=\"Ascensor 2 personas en Prat de Llobregat\" aria-label=\"Ascensor 2 personas en Prat de Llobregat\" class=\"img-responsive wp-image-10270\" srcset=\"https:\/\/ascensoresramase.com\/wp-content\/uploads\/pratllobregat-17-200x150.webp 200w, https:\/\/ascensoresramase.com\/wp-content\/uploads\/pratllobregat-17-400x300.webp 400w, https:\/\/ascensoresramase.com\/wp-content\/uploads\/pratllobregat-17-600x450.webp 600w, https:\/\/ascensoresramase.com\/wp-content\/uploads\/pratllobregat-17-800x600.webp 800w, https:\/\/ascensoresramase.com\/wp-content\/uploads\/pratllobregat-17.webp 1067w\" sizes=\"(min-width: 2200px) 100vw, (min-width: 784px) 397px, (min-width: 712px) 595px, (min-width: 640px) 712px, \" \/><\/div><\/a><\/div><\/div><div style=\"padding:5px;\" class=\"fusion-grid-column fusion-gallery-column fusion-gallery-column-3 hover-type-none fusion-element-grid\"><div class=\"fusion-gallery-image\"><a href=\"https:\/\/ascensoresramase.com\/wp-content\/uploads\/pratllobregat-18.webp\" rel=\"noreferrer\" data-rel=\"iLightbox[gallery_image_1]\" class=\"fusion-lightbox\" target=\"_self\"><div style=\"background-image:url(https:\/\/ascensoresramase.com\/wp-content\/uploads\/pratllobregat-18.webp);padding-top:calc((100% + 10px) * 0.8 - 5px);background-position:;\" class=\"fusion-masonry-element-container\"><img decoding=\"async\" src=\"https:\/\/ascensoresramase.com\/wp-content\/uploads\/pratllobregat-18.webp\" width=\"1067\" height=\"800\" alt=\"\" title=\"Ascensor 2 personas en Prat de Llobregat\" aria-label=\"Ascensor 2 personas en Prat de Llobregat\" class=\"img-responsive wp-image-10288\" srcset=\"https:\/\/ascensoresramase.com\/wp-content\/uploads\/pratllobregat-18-200x150.webp 200w, https:\/\/ascensoresramase.com\/wp-content\/uploads\/pratllobregat-18-400x300.webp 400w, https:\/\/ascensoresramase.com\/wp-content\/uploads\/pratllobregat-18-600x450.webp 600w, https:\/\/ascensoresramase.com\/wp-content\/uploads\/pratllobregat-18-800x600.webp 800w, https:\/\/ascensoresramase.com\/wp-content\/uploads\/pratllobregat-18.webp 1067w\" sizes=\"(min-width: 2200px) 100vw, (min-width: 784px) 397px, (min-width: 712px) 595px, (min-width: 640px) 712px, \" \/><\/div><\/a><\/div><\/div><div style=\"padding:5px;\" class=\"fusion-grid-column fusion-gallery-column fusion-gallery-column-3 hover-type-none fusion-element-grid\"><div class=\"fusion-gallery-image\"><a href=\"https:\/\/ascensoresramase.com\/wp-content\/uploads\/pratllobregat-19.webp\" rel=\"noreferrer\" data-rel=\"iLightbox[gallery_image_1]\" class=\"fusion-lightbox\" target=\"_self\"><div style=\"background-image:url(https:\/\/ascensoresramase.com\/wp-content\/uploads\/pratllobregat-19.webp);padding-top:calc((100% + 10px) * 0.8 - 5px);background-position:;\" class=\"fusion-masonry-element-container\"><img decoding=\"async\" src=\"https:\/\/ascensoresramase.com\/wp-content\/uploads\/pratllobregat-19.webp\" width=\"800\" height=\"1067\" alt=\"Ascensor oleodin\u00e1mico en finca existente - Ascensores Ramasee\" title=\"Ascensor 2 personas en Prat de Llobregat\" aria-label=\"Ascensor 2 personas en Prat de Llobregat\" class=\"img-responsive wp-image-10286\" srcset=\"https:\/\/ascensoresramase.com\/wp-content\/uploads\/pratllobregat-19-200x267.webp 200w, https:\/\/ascensoresramase.com\/wp-content\/uploads\/pratllobregat-19-400x534.webp 400w, https:\/\/ascensoresramase.com\/wp-content\/uploads\/pratllobregat-19-600x800.webp 600w, https:\/\/ascensoresramase.com\/wp-content\/uploads\/pratllobregat-19.webp 800w\" sizes=\"(min-width: 2200px) 100vw, (min-width: 784px) 397px, (min-width: 712px) 595px, (min-width: 640px) 712px, \" \/><\/div><\/a><\/div><\/div><div style=\"padding:5px;\" class=\"fusion-grid-column fusion-gallery-column fusion-gallery-column-3 hover-type-none fusion-element-grid\"><div class=\"fusion-gallery-image\"><a href=\"https:\/\/ascensoresramase.com\/wp-content\/uploads\/pratllobregat-20.webp\" rel=\"noreferrer\" data-rel=\"iLightbox[gallery_image_1]\" class=\"fusion-lightbox\" target=\"_self\"><div style=\"background-image:url(https:\/\/ascensoresramase.com\/wp-content\/uploads\/pratllobregat-20.webp);padding-top:calc((100% + 10px) * 0.8 - 5px);background-position:;\" class=\"fusion-masonry-element-container\"><img decoding=\"async\" src=\"https:\/\/ascensoresramase.com\/wp-content\/uploads\/pratllobregat-20.webp\" width=\"1067\" height=\"800\" alt=\"\" title=\"Ascensor 2 personas en Prat de Llobregat\" aria-label=\"Ascensor 2 personas en Prat de Llobregat\" class=\"img-responsive wp-image-10284\" srcset=\"https:\/\/ascensoresramase.com\/wp-content\/uploads\/pratllobregat-20-200x150.webp 200w, https:\/\/ascensoresramase.com\/wp-content\/uploads\/pratllobregat-20-400x300.webp 400w, https:\/\/ascensoresramase.com\/wp-content\/uploads\/pratllobregat-20-600x450.webp 600w, https:\/\/ascensoresramase.com\/wp-content\/uploads\/pratllobregat-20-800x600.webp 800w, https:\/\/ascensoresramase.com\/wp-content\/uploads\/pratllobregat-20.webp 1067w\" sizes=\"(min-width: 2200px) 100vw, (min-width: 784px) 397px, (min-width: 712px) 595px, (min-width: 640px) 712px, \" \/><\/div><\/a><\/div><\/div><div style=\"padding:5px;\" class=\"fusion-grid-column fusion-gallery-column fusion-gallery-column-3 hover-type-none fusion-element-grid\"><div class=\"fusion-gallery-image\"><a href=\"https:\/\/ascensoresramase.com\/wp-content\/uploads\/pratllobregat-21.webp\" rel=\"noreferrer\" data-rel=\"iLightbox[gallery_image_1]\" class=\"fusion-lightbox\" target=\"_self\"><div style=\"background-image:url(https:\/\/ascensoresramase.com\/wp-content\/uploads\/pratllobregat-21.webp);padding-top:calc((100% + 10px) * 0.8 - 5px);background-position:;\" class=\"fusion-masonry-element-container\"><img decoding=\"async\" src=\"https:\/\/ascensoresramase.com\/wp-content\/uploads\/pratllobregat-21.webp\" width=\"800\" height=\"1067\" alt=\"\" title=\"Ascensor 2 personas en Prat de Llobregat\" aria-label=\"Ascensor 2 personas en Prat de Llobregat\" class=\"img-responsive wp-image-10282\" srcset=\"https:\/\/ascensoresramase.com\/wp-content\/uploads\/pratllobregat-21-200x267.webp 200w, https:\/\/ascensoresramase.com\/wp-content\/uploads\/pratllobregat-21-400x534.webp 400w, https:\/\/ascensoresramase.com\/wp-content\/uploads\/pratllobregat-21-600x800.webp 600w, https:\/\/ascensoresramase.com\/wp-content\/uploads\/pratllobregat-21.webp 800w\" sizes=\"(min-width: 2200px) 100vw, (min-width: 784px) 397px, (min-width: 712px) 595px, (min-width: 640px) 712px, \" \/><\/div><\/a><\/div><\/div><div style=\"padding:5px;\" class=\"fusion-grid-column fusion-gallery-column fusion-gallery-column-3 hover-type-none fusion-element-grid\"><div class=\"fusion-gallery-image\"><a href=\"https:\/\/ascensoresramase.com\/wp-content\/uploads\/pratllobregat-22.webp\" rel=\"noreferrer\" data-rel=\"iLightbox[gallery_image_1]\" class=\"fusion-lightbox\" target=\"_self\"><div style=\"background-image:url(https:\/\/ascensoresramase.com\/wp-content\/uploads\/pratllobregat-22.webp);padding-top:calc((100% + 10px) * 0.8 - 5px);background-position:;\" class=\"fusion-masonry-element-container\"><img decoding=\"async\" src=\"https:\/\/ascensoresramase.com\/wp-content\/uploads\/pratllobregat-22.webp\" width=\"1067\" height=\"800\" alt=\"\" title=\"Ascensor 2 personas en Prat de Llobregat\" aria-label=\"Ascensor 2 personas en Prat de Llobregat\" class=\"img-responsive wp-image-10280\" srcset=\"https:\/\/ascensoresramase.com\/wp-content\/uploads\/pratllobregat-22-200x150.webp 200w, https:\/\/ascensoresramase.com\/wp-content\/uploads\/pratllobregat-22-400x300.webp 400w, https:\/\/ascensoresramase.com\/wp-content\/uploads\/pratllobregat-22-600x450.webp 600w, https:\/\/ascensoresramase.com\/wp-content\/uploads\/pratllobregat-22-800x600.webp 800w, https:\/\/ascensoresramase.com\/wp-content\/uploads\/pratllobregat-22.webp 1067w\" sizes=\"(min-width: 2200px) 100vw, (min-width: 784px) 397px, (min-width: 712px) 595px, (min-width: 640px) 712px, \" \/><\/div><\/a><\/div><\/div><div style=\"padding:5px;\" class=\"fusion-grid-column fusion-gallery-column fusion-gallery-column-3 hover-type-none fusion-element-grid\"><div class=\"fusion-gallery-image\"><a href=\"https:\/\/ascensoresramase.com\/wp-content\/uploads\/pratllobregat-23.webp\" rel=\"noreferrer\" data-rel=\"iLightbox[gallery_image_1]\" class=\"fusion-lightbox\" target=\"_self\"><div style=\"background-image:url(https:\/\/ascensoresramase.com\/wp-content\/uploads\/pratllobregat-23.webp);padding-top:calc((100% + 10px) * 0.8 - 5px);background-position:;\" class=\"fusion-masonry-element-container\"><img decoding=\"async\" src=\"https:\/\/ascensoresramase.com\/wp-content\/uploads\/pratllobregat-23.webp\" width=\"800\" height=\"1067\" alt=\"\" title=\"Ascensor 2 personas en Prat de Llobregat\" aria-label=\"Ascensor 2 personas en Prat de Llobregat\" class=\"img-responsive wp-image-10278\" srcset=\"https:\/\/ascensoresramase.com\/wp-content\/uploads\/pratllobregat-23-200x267.webp 200w, https:\/\/ascensoresramase.com\/wp-content\/uploads\/pratllobregat-23-400x534.webp 400w, https:\/\/ascensoresramase.com\/wp-content\/uploads\/pratllobregat-23-600x800.webp 600w, https:\/\/ascensoresramase.com\/wp-content\/uploads\/pratllobregat-23.webp 800w\" sizes=\"(min-width: 2200px) 100vw, (min-width: 784px) 397px, (min-width: 712px) 595px, (min-width: 640px) 712px, \" \/><\/div><\/a><\/div><\/div><div style=\"padding:5px;\" class=\"fusion-grid-column fusion-gallery-column fusion-gallery-column-3 hover-type-none fusion-element-grid\"><div class=\"fusion-gallery-image\"><a href=\"https:\/\/ascensoresramase.com\/wp-content\/uploads\/pratllobregat-24.webp\" rel=\"noreferrer\" data-rel=\"iLightbox[gallery_image_1]\" class=\"fusion-lightbox\" target=\"_self\"><div style=\"background-image:url(https:\/\/ascensoresramase.com\/wp-content\/uploads\/pratllobregat-24.webp);padding-top:calc((100% + 10px) * 0.8 - 5px);background-position:;\" class=\"fusion-masonry-element-container\"><img decoding=\"async\" src=\"https:\/\/ascensoresramase.com\/wp-content\/uploads\/pratllobregat-24.webp\" width=\"800\" height=\"1067\" alt=\"\" title=\"Ascensor 2 personas en Prat de Llobregat\" aria-label=\"Ascensor 2 personas en Prat de Llobregat\" class=\"img-responsive wp-image-10276\" srcset=\"https:\/\/ascensoresramase.com\/wp-content\/uploads\/pratllobregat-24-200x267.webp 200w, https:\/\/ascensoresramase.com\/wp-content\/uploads\/pratllobregat-24-400x534.webp 400w, https:\/\/ascensoresramase.com\/wp-content\/uploads\/pratllobregat-24-600x800.webp 600w, https:\/\/ascensoresramase.com\/wp-content\/uploads\/pratllobregat-24.webp 800w\" sizes=\"(min-width: 2200px) 100vw, (min-width: 784px) 397px, (min-width: 712px) 595px, (min-width: 640px) 712px, \" \/><\/div><\/a><\/div><\/div><\/div><\/div><\/div><\/div><\/div><\/div><\/p>\n","protected":false},"excerpt":{"rendered":"","protected":false},"author":1,"featured_media":10286,"menu_order":0,"comment_status":"closed","ping_status":"closed","template":"","format":"standard","meta":{"footnotes":""},"portfolio_category":[34],"portfolio_skills":[],"portfolio_tags":[],"class_list":["post-10302","avada_portfolio","type-avada_portfolio","status-publish","format-standard","has-post-thumbnail","hentry","portfolio_category-obres-acabades"],"yoast_head":"<!-- This site is optimized with the Yoast SEO plugin v27.4 - https:\/\/yoast.com\/product\/yoast-seo-wordpress\/ -->\n<title>Ascensor oleodin\u00e1mic en finca existent - Ascensores Ramase<\/title>\n<meta name=\"description\" content=\"Ascensor oleodin\u00e1mic en finca existent movent portes i escales. Amb parada en terrat. Instal\u00b7laci\u00f3 de salvaescales en planta baixa.\" \/>\n<meta name=\"robots\" content=\"index, follow, max-snippet:-1, max-image-preview:large, max-video-preview:-1\" \/>\n<link rel=\"canonical\" href=\"https:\/\/ascensoresramase.com\/ca\/treballs-realitzats\/ascensor-2-persones-a-prat-de-llobregat\/\" \/>\n<meta property=\"og:locale\" content=\"ca_ES\" \/>\n<meta property=\"og:type\" content=\"article\" \/>\n<meta property=\"og:title\" content=\"Ascensor oleodin\u00e1mic en finca existent - Ascensores Ramase\" \/>\n<meta property=\"og:description\" content=\"Ascensor oleodin\u00e1mic en finca existent movent portes i escales. Amb parada en terrat. Instal\u00b7laci\u00f3 de salvaescales en planta baixa.\" \/>\n<meta property=\"og:url\" content=\"https:\/\/ascensoresramase.com\/ca\/treballs-realitzats\/ascensor-2-persones-a-prat-de-llobregat\/\" \/>\n<meta property=\"og:site_name\" content=\"Empresa mantenimiento ascensores Barcelona - Ascensores Ramase\" \/>\n<meta property=\"article:modified_time\" content=\"2026-03-18T15:39:34+00:00\" \/>\n<meta property=\"og:image\" content=\"https:\/\/ascensoresramase.com\/wp-content\/uploads\/pratllobregat-19.webp\" \/>\n\t<meta property=\"og:image:width\" content=\"800\" \/>\n\t<meta property=\"og:image:height\" content=\"1067\" \/>\n\t<meta property=\"og:image:type\" content=\"image\/webp\" \/>\n<meta name=\"twitter:card\" content=\"summary_large_image\" \/>\n<meta name=\"twitter:label1\" content=\"Temps estimat de lectura\" \/>\n\t<meta name=\"twitter:data1\" content=\"6 minuts\" \/>\n<script type=\"application\/ld+json\" class=\"yoast-schema-graph\">{\"@context\":\"https:\\\/\\\/schema.org\",\"@graph\":[{\"@type\":\"WebPage\",\"@id\":\"https:\\\/\\\/ascensoresramase.com\\\/ca\\\/treballs-realitzats\\\/ascensor-2-persones-a-prat-de-llobregat\\\/\",\"url\":\"https:\\\/\\\/ascensoresramase.com\\\/ca\\\/treballs-realitzats\\\/ascensor-2-persones-a-prat-de-llobregat\\\/\",\"name\":\"Ascensor oleodin\u00e1mic en finca existent - Ascensores Ramase\",\"isPartOf\":{\"@id\":\"https:\\\/\\\/ascensoresramase.com\\\/ca\\\/#website\"},\"primaryImageOfPage\":{\"@id\":\"https:\\\/\\\/ascensoresramase.com\\\/ca\\\/treballs-realitzats\\\/ascensor-2-persones-a-prat-de-llobregat\\\/#primaryimage\"},\"image\":{\"@id\":\"https:\\\/\\\/ascensoresramase.com\\\/ca\\\/treballs-realitzats\\\/ascensor-2-persones-a-prat-de-llobregat\\\/#primaryimage\"},\"thumbnailUrl\":\"https:\\\/\\\/ascensoresramase.com\\\/wp-content\\\/uploads\\\/pratllobregat-19.webp\",\"datePublished\":\"2023-01-16T09:39:43+00:00\",\"dateModified\":\"2026-03-18T15:39:34+00:00\",\"description\":\"Ascensor oleodin\u00e1mic en finca existent movent portes i escales. Amb parada en terrat. Instal\u00b7laci\u00f3 de salvaescales en planta baixa.\",\"breadcrumb\":{\"@id\":\"https:\\\/\\\/ascensoresramase.com\\\/ca\\\/treballs-realitzats\\\/ascensor-2-persones-a-prat-de-llobregat\\\/#breadcrumb\"},\"inLanguage\":\"ca\",\"potentialAction\":[{\"@type\":\"ReadAction\",\"target\":[\"https:\\\/\\\/ascensoresramase.com\\\/ca\\\/treballs-realitzats\\\/ascensor-2-persones-a-prat-de-llobregat\\\/\"]}]},{\"@type\":\"ImageObject\",\"inLanguage\":\"ca\",\"@id\":\"https:\\\/\\\/ascensoresramase.com\\\/ca\\\/treballs-realitzats\\\/ascensor-2-persones-a-prat-de-llobregat\\\/#primaryimage\",\"url\":\"https:\\\/\\\/ascensoresramase.com\\\/wp-content\\\/uploads\\\/pratllobregat-19.webp\",\"contentUrl\":\"https:\\\/\\\/ascensoresramase.com\\\/wp-content\\\/uploads\\\/pratllobregat-19.webp\",\"width\":800,\"height\":1067,\"caption\":\"Ascensor oleodin\u00e1mico en finca existente - Ascensores Ramasee\"},{\"@type\":\"BreadcrumbList\",\"@id\":\"https:\\\/\\\/ascensoresramase.com\\\/ca\\\/treballs-realitzats\\\/ascensor-2-persones-a-prat-de-llobregat\\\/#breadcrumb\",\"itemListElement\":[{\"@type\":\"ListItem\",\"position\":1,\"name\":\"Inicio\",\"item\":\"https:\\\/\\\/ascensoresramase.com\\\/ca\\\/\"},{\"@type\":\"ListItem\",\"position\":2,\"name\":\"Portfolio\",\"item\":\"https:\\\/\\\/ascensoresramase.com\\\/ca\\\/treballs-realitzats\\\/\"},{\"@type\":\"ListItem\",\"position\":3,\"name\":\"Ascensor oleodin\u00e1mic en finca existent &#8211; Prat de Llobregat\"}]},{\"@type\":\"WebSite\",\"@id\":\"https:\\\/\\\/ascensoresramase.com\\\/ca\\\/#website\",\"url\":\"https:\\\/\\\/ascensoresramase.com\\\/ca\\\/\",\"name\":\"Empresa mantenimiento ascensores Barcelona - Ascensores Ramase\",\"description\":\"\",\"publisher\":{\"@id\":\"https:\\\/\\\/ascensoresramase.com\\\/ca\\\/#organization\"},\"potentialAction\":[{\"@type\":\"SearchAction\",\"target\":{\"@type\":\"EntryPoint\",\"urlTemplate\":\"https:\\\/\\\/ascensoresramase.com\\\/ca\\\/?s={search_term_string}\"},\"query-input\":{\"@type\":\"PropertyValueSpecification\",\"valueRequired\":true,\"valueName\":\"search_term_string\"}}],\"inLanguage\":\"ca\"},{\"@type\":\"Organization\",\"@id\":\"https:\\\/\\\/ascensoresramase.com\\\/ca\\\/#organization\",\"name\":\"RAMASE, S.A\",\"url\":\"https:\\\/\\\/ascensoresramase.com\\\/ca\\\/\",\"logo\":{\"@type\":\"ImageObject\",\"inLanguage\":\"ca\",\"@id\":\"https:\\\/\\\/ascensoresramase.com\\\/ca\\\/#\\\/schema\\\/logo\\\/image\\\/\",\"url\":\"https:\\\/\\\/ascensoresramase.com\\\/wp-content\\\/uploads\\\/LOGO_ramase-web-1.png\",\"contentUrl\":\"https:\\\/\\\/ascensoresramase.com\\\/wp-content\\\/uploads\\\/LOGO_ramase-web-1.png\",\"width\":234,\"height\":150,\"caption\":\"RAMASE, S.A\"},\"image\":{\"@id\":\"https:\\\/\\\/ascensoresramase.com\\\/ca\\\/#\\\/schema\\\/logo\\\/image\\\/\"}}]}<\/script>\n<!-- \/ Yoast SEO plugin. -->","yoast_head_json":{"title":"Ascensor oleodin\u00e1mic en finca existent - Ascensores Ramase","description":"Ascensor oleodin\u00e1mic en finca existent movent portes i escales. Amb parada en terrat. Instal\u00b7laci\u00f3 de salvaescales en planta baixa.","robots":{"index":"index","follow":"follow","max-snippet":"max-snippet:-1","max-image-preview":"max-image-preview:large","max-video-preview":"max-video-preview:-1"},"canonical":"https:\/\/ascensoresramase.com\/ca\/treballs-realitzats\/ascensor-2-persones-a-prat-de-llobregat\/","og_locale":"ca_ES","og_type":"article","og_title":"Ascensor oleodin\u00e1mic en finca existent - Ascensores Ramase","og_description":"Ascensor oleodin\u00e1mic en finca existent movent portes i escales. Amb parada en terrat. Instal\u00b7laci\u00f3 de salvaescales en planta baixa.","og_url":"https:\/\/ascensoresramase.com\/ca\/treballs-realitzats\/ascensor-2-persones-a-prat-de-llobregat\/","og_site_name":"Empresa mantenimiento ascensores Barcelona - Ascensores Ramase","article_modified_time":"2026-03-18T15:39:34+00:00","og_image":[{"width":800,"height":1067,"url":"https:\/\/ascensoresramase.com\/wp-content\/uploads\/pratllobregat-19.webp","type":"image\/webp"}],"twitter_card":"summary_large_image","twitter_misc":{"Temps estimat de lectura":"6 minuts"},"schema":{"@context":"https:\/\/schema.org","@graph":[{"@type":"WebPage","@id":"https:\/\/ascensoresramase.com\/ca\/treballs-realitzats\/ascensor-2-persones-a-prat-de-llobregat\/","url":"https:\/\/ascensoresramase.com\/ca\/treballs-realitzats\/ascensor-2-persones-a-prat-de-llobregat\/","name":"Ascensor oleodin\u00e1mic en finca existent - Ascensores Ramase","isPartOf":{"@id":"https:\/\/ascensoresramase.com\/ca\/#website"},"primaryImageOfPage":{"@id":"https:\/\/ascensoresramase.com\/ca\/treballs-realitzats\/ascensor-2-persones-a-prat-de-llobregat\/#primaryimage"},"image":{"@id":"https:\/\/ascensoresramase.com\/ca\/treballs-realitzats\/ascensor-2-persones-a-prat-de-llobregat\/#primaryimage"},"thumbnailUrl":"https:\/\/ascensoresramase.com\/wp-content\/uploads\/pratllobregat-19.webp","datePublished":"2023-01-16T09:39:43+00:00","dateModified":"2026-03-18T15:39:34+00:00","description":"Ascensor oleodin\u00e1mic en finca existent movent portes i escales. Amb parada en terrat. Instal\u00b7laci\u00f3 de salvaescales en planta baixa.","breadcrumb":{"@id":"https:\/\/ascensoresramase.com\/ca\/treballs-realitzats\/ascensor-2-persones-a-prat-de-llobregat\/#breadcrumb"},"inLanguage":"ca","potentialAction":[{"@type":"ReadAction","target":["https:\/\/ascensoresramase.com\/ca\/treballs-realitzats\/ascensor-2-persones-a-prat-de-llobregat\/"]}]},{"@type":"ImageObject","inLanguage":"ca","@id":"https:\/\/ascensoresramase.com\/ca\/treballs-realitzats\/ascensor-2-persones-a-prat-de-llobregat\/#primaryimage","url":"https:\/\/ascensoresramase.com\/wp-content\/uploads\/pratllobregat-19.webp","contentUrl":"https:\/\/ascensoresramase.com\/wp-content\/uploads\/pratllobregat-19.webp","width":800,"height":1067,"caption":"Ascensor oleodin\u00e1mico en finca existente - Ascensores Ramasee"},{"@type":"BreadcrumbList","@id":"https:\/\/ascensoresramase.com\/ca\/treballs-realitzats\/ascensor-2-persones-a-prat-de-llobregat\/#breadcrumb","itemListElement":[{"@type":"ListItem","position":1,"name":"Inicio","item":"https:\/\/ascensoresramase.com\/ca\/"},{"@type":"ListItem","position":2,"name":"Portfolio","item":"https:\/\/ascensoresramase.com\/ca\/treballs-realitzats\/"},{"@type":"ListItem","position":3,"name":"Ascensor oleodin\u00e1mic en finca existent &#8211; Prat de Llobregat"}]},{"@type":"WebSite","@id":"https:\/\/ascensoresramase.com\/ca\/#website","url":"https:\/\/ascensoresramase.com\/ca\/","name":"Empresa mantenimiento ascensores Barcelona - Ascensores Ramase","description":"","publisher":{"@id":"https:\/\/ascensoresramase.com\/ca\/#organization"},"potentialAction":[{"@type":"SearchAction","target":{"@type":"EntryPoint","urlTemplate":"https:\/\/ascensoresramase.com\/ca\/?s={search_term_string}"},"query-input":{"@type":"PropertyValueSpecification","valueRequired":true,"valueName":"search_term_string"}}],"inLanguage":"ca"},{"@type":"Organization","@id":"https:\/\/ascensoresramase.com\/ca\/#organization","name":"RAMASE, S.A","url":"https:\/\/ascensoresramase.com\/ca\/","logo":{"@type":"ImageObject","inLanguage":"ca","@id":"https:\/\/ascensoresramase.com\/ca\/#\/schema\/logo\/image\/","url":"https:\/\/ascensoresramase.com\/wp-content\/uploads\/LOGO_ramase-web-1.png","contentUrl":"https:\/\/ascensoresramase.com\/wp-content\/uploads\/LOGO_ramase-web-1.png","width":234,"height":150,"caption":"RAMASE, S.A"},"image":{"@id":"https:\/\/ascensoresramase.com\/ca\/#\/schema\/logo\/image\/"}}]}},"_links":{"self":[{"href":"https:\/\/ascensoresramase.com\/ca\/wp-json\/wp\/v2\/avada_portfolio\/10302","targetHints":{"allow":["GET"]}}],"collection":[{"href":"https:\/\/ascensoresramase.com\/ca\/wp-json\/wp\/v2\/avada_portfolio"}],"about":[{"href":"https:\/\/ascensoresramase.com\/ca\/wp-json\/wp\/v2\/types\/avada_portfolio"}],"author":[{"embeddable":true,"href":"https:\/\/ascensoresramase.com\/ca\/wp-json\/wp\/v2\/users\/1"}],"replies":[{"embeddable":true,"href":"https:\/\/ascensoresramase.com\/ca\/wp-json\/wp\/v2\/comments?post=10302"}],"version-history":[{"count":4,"href":"https:\/\/ascensoresramase.com\/ca\/wp-json\/wp\/v2\/avada_portfolio\/10302\/revisions"}],"predecessor-version":[{"id":14601,"href":"https:\/\/ascensoresramase.com\/ca\/wp-json\/wp\/v2\/avada_portfolio\/10302\/revisions\/14601"}],"wp:featuredmedia":[{"embeddable":true,"href":"https:\/\/ascensoresramase.com\/ca\/wp-json\/wp\/v2\/media\/10286"}],"wp:attachment":[{"href":"https:\/\/ascensoresramase.com\/ca\/wp-json\/wp\/v2\/media?parent=10302"}],"wp:term":[{"taxonomy":"portfolio_category","embeddable":true,"href":"https:\/\/ascensoresramase.com\/ca\/wp-json\/wp\/v2\/portfolio_category?post=10302"},{"taxonomy":"portfolio_skills","embeddable":true,"href":"https:\/\/ascensoresramase.com\/ca\/wp-json\/wp\/v2\/portfolio_skills?post=10302"},{"taxonomy":"portfolio_tags","embeddable":true,"href":"https:\/\/ascensoresramase.com\/ca\/wp-json\/wp\/v2\/portfolio_tags?post=10302"}],"curies":[{"name":"wp","href":"https:\/\/api.w.org\/{rel}","templated":true}]}}