{"id":10245,"date":"2023-01-16T10:12:38","date_gmt":"2023-01-16T09:12:38","guid":{"rendered":"https:\/\/ascensoresramase.com\/?post_type=avada_portfolio&#038;p=10245"},"modified":"2026-03-18T16:59:20","modified_gmt":"2026-03-18T15:59:20","slug":"renovacio-total-per-substitucio-viladecans","status":"publish","type":"avada_portfolio","link":"https:\/\/ascensoresramase.com\/ca\/treballs-realitzats\/renovacio-total-per-substitucio-viladecans\/","title":{"rendered":"Substituci\u00f3 completa d&#8217;ascensor existent &#8211; Viladecans"},"content":{"rendered":"<p><div class=\"fusion-fullwidth fullwidth-box fusion-builder-row-1 fusion-flex-container nonhundred-percent-fullwidth non-hundred-percent-height-scrolling\" style=\"--awb-border-radius-top-left:0px;--awb-border-radius-top-right:0px;--awb-border-radius-bottom-right:0px;--awb-border-radius-bottom-left:0px;--awb-flex-wrap:wrap;\" ><div class=\"fusion-builder-row fusion-row fusion-flex-align-items-flex-start fusion-flex-content-wrap\" style=\"max-width:1248px;margin-left: calc(-4% \/ 2 );margin-right: calc(-4% \/ 2 );\"><div class=\"fusion-layout-column fusion_builder_column fusion-builder-column-0 fusion_builder_column_1_1 1_1 fusion-flex-column\" style=\"--awb-padding-top:25px;--awb-padding-right:25px;--awb-padding-bottom:10px;--awb-padding-left:25px;--awb-bg-color:var(--awb-custom13);--awb-bg-color-hover:var(--awb-custom13);--awb-bg-size:cover;--awb-border-color:var(--awb-color6);--awb-border-top:3px;--awb-border-style:solid;--awb-width-large:100%;--awb-margin-top-large:0px;--awb-spacing-right-large:1.92%;--awb-margin-bottom-large:20px;--awb-spacing-left-large:1.92%;--awb-width-medium:100%;--awb-order-medium:0;--awb-spacing-right-medium:1.92%;--awb-spacing-left-medium:1.92%;--awb-width-small:100%;--awb-order-small:0;--awb-spacing-right-small:1.92%;--awb-spacing-left-small:1.92%;\" data-scroll-devices=\"small-visibility,medium-visibility,large-visibility\"><div class=\"fusion-column-wrapper fusion-column-has-shadow fusion-flex-justify-content-flex-start fusion-content-layout-column\"><div class=\"fusion-title title fusion-title-1 fusion-sep-none fusion-title-center fusion-title-text fusion-title-size-three\" style=\"--awb-margin-top-small:10px;--awb-margin-right-small:0px;--awb-margin-bottom-small:10px;--awb-margin-left-small:0px;\"><h3 class=\"fusion-title-heading title-heading-center\" style=\"margin:0;\">Instal\u00b7laci\u00f3 d&#8217;ascensor i accions realitzades<\/h3><\/div><div class=\"fusion-text fusion-text-1\" style=\"--awb-content-alignment:center;\"><p>S&#8217;ha realitzat una <strong>substituci\u00f3 completa d&#8217;ascensor existent<\/strong> en una comunitat de propietaris de Viladecans. el projecte s&#8217;ha centrat canviar l&#8217;antic ascensor per un sistema d&#8217;\u00faltima generaci\u00f3. L&#8217;objectiu principal de la intervenci\u00f3 ha estat <strong>elevar els est\u00e0ndards de qualitat<\/strong> de la finca, eliminant les defici\u00e8ncies de la instal\u00b7laci\u00f3 anterior per a oferir un servei superior en termes de confort i silenci.<\/p>\n<p>El nou equip instal\u00b7lat \u00e9s un <strong>ascensor gearless de 450 kg<\/strong>, una tecnologia sense engranatges que garanteix un despla\u00e7ament extremadament suau i redueix dr\u00e0sticament el soroll durant el trajecte en les seves <strong>5 parades<\/strong>. Gr\u00e0cies a aquesta actualitzaci\u00f3, els residents no sols gaudeixen d&#8217;una major fiabilitat i rapidesa, sin\u00f3 tamb\u00e9 d&#8217;una notable millora en l&#8217;efici\u00e8ncia energ\u00e8tica i el benestar ac\u00fastic dins dels seus habitatges.<\/p>\n<\/div><\/div><\/div><\/div><\/div><div class=\"fusion-fullwidth fullwidth-box fusion-builder-row-2 fusion-flex-container nonhundred-percent-fullwidth non-hundred-percent-height-scrolling\" style=\"--awb-border-radius-top-left:0px;--awb-border-radius-top-right:0px;--awb-border-radius-bottom-right:0px;--awb-border-radius-bottom-left:0px;--awb-flex-wrap:wrap;\" ><div class=\"fusion-builder-row fusion-row fusion-flex-align-items-stretch fusion-flex-content-wrap\" style=\"max-width:1248px;margin-left: calc(-4% \/ 2 );margin-right: calc(-4% \/ 2 );\"><div class=\"fusion-layout-column fusion_builder_column fusion-builder-column-1 fusion_builder_column_1_1 1_1 fusion-flex-column\" style=\"--awb-bg-size:cover;--awb-width-large:100%;--awb-margin-top-large:0px;--awb-spacing-right-large:1.92%;--awb-margin-bottom-large:20px;--awb-spacing-left-large:1.92%;--awb-width-medium:100%;--awb-order-medium:0;--awb-spacing-right-medium:1.92%;--awb-spacing-left-medium:1.92%;--awb-width-small:100%;--awb-order-small:0;--awb-spacing-right-small:1.92%;--awb-spacing-left-small:1.92%;\"><div class=\"fusion-column-wrapper fusion-column-has-shadow fusion-flex-justify-content-flex-start fusion-content-layout-column\"><div class=\"awb-gallery-wrapper awb-gallery-wrapper-1 button-span-no\" style=\"--more-btn-alignment:center;\"><div style=\"margin:-5px;--awb-bordersize:0px;\" class=\"fusion-gallery fusion-gallery-container fusion-grid-3 fusion-columns-total-16 fusion-gallery-layout-masonry fusion-gallery-1\"><div class=\"fusion-grid-column fusion-gallery-column fusion-gallery-column-3 hover-type-none fusion-grid-sizer\"><\/div><div style=\"padding:5px;\" class=\"fusion-grid-column fusion-gallery-column fusion-gallery-column-3 hover-type-none fusion-element-grid\"><div class=\"fusion-gallery-image\"><a href=\"https:\/\/ascensoresramase.com\/wp-content\/uploads\/viladecans-1.webp\" rel=\"noreferrer\" data-rel=\"iLightbox[gallery_image_1]\" class=\"fusion-lightbox\" target=\"_self\"><div style=\"background-image:url(https:\/\/ascensoresramase.com\/wp-content\/uploads\/viladecans-1.webp);padding-top:calc((100% + 10px) * 0.8 - 5px);background-position:;\" class=\"fusion-masonry-element-container\"><img decoding=\"async\" src=\"https:\/\/ascensoresramase.com\/wp-content\/uploads\/viladecans-1.webp\" width=\"600\" height=\"1067\" alt=\"\" title=\"viladecans-1\" aria-label=\"viladecans-1\" class=\"img-responsive wp-image-10213\" srcset=\"https:\/\/ascensoresramase.com\/wp-content\/uploads\/viladecans-1-200x356.webp 200w, https:\/\/ascensoresramase.com\/wp-content\/uploads\/viladecans-1-400x711.webp 400w, https:\/\/ascensoresramase.com\/wp-content\/uploads\/viladecans-1.webp 600w\" sizes=\"(min-width: 2200px) 100vw, (min-width: 784px) 397px, (min-width: 712px) 595px, (min-width: 640px) 712px, \" \/><\/div><\/a><\/div><\/div><div style=\"padding:5px;\" class=\"fusion-grid-column fusion-gallery-column fusion-gallery-column-3 hover-type-none fusion-element-grid\"><div class=\"fusion-gallery-image\"><a href=\"https:\/\/ascensoresramase.com\/wp-content\/uploads\/viladecans-2.webp\" rel=\"noreferrer\" data-rel=\"iLightbox[gallery_image_1]\" class=\"fusion-lightbox\" target=\"_self\"><div style=\"background-image:url(https:\/\/ascensoresramase.com\/wp-content\/uploads\/viladecans-2.webp);padding-top:calc((100% + 10px) * 0.8 - 5px);background-position:;\" class=\"fusion-masonry-element-container\"><img decoding=\"async\" src=\"https:\/\/ascensoresramase.com\/wp-content\/uploads\/viladecans-2.webp\" width=\"800\" height=\"1067\" alt=\"\" title=\"viladecans-2\" aria-label=\"viladecans-2\" class=\"img-responsive wp-image-10243\" srcset=\"https:\/\/ascensoresramase.com\/wp-content\/uploads\/viladecans-2-200x267.webp 200w, https:\/\/ascensoresramase.com\/wp-content\/uploads\/viladecans-2-400x534.webp 400w, https:\/\/ascensoresramase.com\/wp-content\/uploads\/viladecans-2-600x800.webp 600w, https:\/\/ascensoresramase.com\/wp-content\/uploads\/viladecans-2.webp 800w\" sizes=\"(min-width: 2200px) 100vw, (min-width: 784px) 397px, (min-width: 712px) 595px, (min-width: 640px) 712px, \" \/><\/div><\/a><\/div><\/div><div style=\"padding:5px;\" class=\"fusion-grid-column fusion-gallery-column fusion-gallery-column-3 hover-type-none fusion-element-grid\"><div class=\"fusion-gallery-image\"><a href=\"https:\/\/ascensoresramase.com\/wp-content\/uploads\/viladecans-3.webp\" rel=\"noreferrer\" data-rel=\"iLightbox[gallery_image_1]\" class=\"fusion-lightbox\" target=\"_self\"><div style=\"background-image:url(https:\/\/ascensoresramase.com\/wp-content\/uploads\/viladecans-3.webp);padding-top:calc((100% + 10px) * 0.8 - 5px);background-position:;\" class=\"fusion-masonry-element-container\"><img decoding=\"async\" src=\"https:\/\/ascensoresramase.com\/wp-content\/uploads\/viladecans-3.webp\" width=\"800\" height=\"1067\" alt=\"\" title=\"viladecans-3\" aria-label=\"viladecans-3\" class=\"img-responsive wp-image-10241\" srcset=\"https:\/\/ascensoresramase.com\/wp-content\/uploads\/viladecans-3-200x267.webp 200w, https:\/\/ascensoresramase.com\/wp-content\/uploads\/viladecans-3-400x534.webp 400w, https:\/\/ascensoresramase.com\/wp-content\/uploads\/viladecans-3-600x800.webp 600w, https:\/\/ascensoresramase.com\/wp-content\/uploads\/viladecans-3.webp 800w\" sizes=\"(min-width: 2200px) 100vw, (min-width: 784px) 397px, (min-width: 712px) 595px, (min-width: 640px) 712px, \" \/><\/div><\/a><\/div><\/div><div style=\"padding:5px;\" class=\"fusion-grid-column fusion-gallery-column fusion-gallery-column-3 hover-type-none fusion-element-grid\"><div class=\"fusion-gallery-image\"><a href=\"https:\/\/ascensoresramase.com\/wp-content\/uploads\/viladecans-4.webp\" rel=\"noreferrer\" data-rel=\"iLightbox[gallery_image_1]\" class=\"fusion-lightbox\" target=\"_self\"><div style=\"background-image:url(https:\/\/ascensoresramase.com\/wp-content\/uploads\/viladecans-4.webp);padding-top:calc((100% + 10px) * 0.8 - 5px);background-position:;\" class=\"fusion-masonry-element-container\"><img decoding=\"async\" src=\"https:\/\/ascensoresramase.com\/wp-content\/uploads\/viladecans-4.webp\" width=\"800\" height=\"1067\" alt=\"\" title=\"viladecans-4\" aria-label=\"viladecans-4\" class=\"img-responsive wp-image-10239\" srcset=\"https:\/\/ascensoresramase.com\/wp-content\/uploads\/viladecans-4-200x267.webp 200w, https:\/\/ascensoresramase.com\/wp-content\/uploads\/viladecans-4-400x534.webp 400w, https:\/\/ascensoresramase.com\/wp-content\/uploads\/viladecans-4-600x800.webp 600w, https:\/\/ascensoresramase.com\/wp-content\/uploads\/viladecans-4.webp 800w\" sizes=\"(min-width: 2200px) 100vw, (min-width: 784px) 397px, (min-width: 712px) 595px, (min-width: 640px) 712px, \" \/><\/div><\/a><\/div><\/div><div style=\"padding:5px;\" class=\"fusion-grid-column fusion-gallery-column fusion-gallery-column-3 hover-type-none fusion-element-grid\"><div class=\"fusion-gallery-image\"><a href=\"https:\/\/ascensoresramase.com\/wp-content\/uploads\/viladecans-5.webp\" rel=\"noreferrer\" data-rel=\"iLightbox[gallery_image_1]\" class=\"fusion-lightbox\" target=\"_self\"><div style=\"background-image:url(https:\/\/ascensoresramase.com\/wp-content\/uploads\/viladecans-5.webp);padding-top:calc((100% + 10px) * 0.8 - 5px);background-position:;\" class=\"fusion-masonry-element-container\"><img decoding=\"async\" src=\"https:\/\/ascensoresramase.com\/wp-content\/uploads\/viladecans-5.webp\" width=\"600\" height=\"1067\" alt=\"\" title=\"viladecans-5\" aria-label=\"viladecans-5\" class=\"img-responsive wp-image-10237\" srcset=\"https:\/\/ascensoresramase.com\/wp-content\/uploads\/viladecans-5-200x356.webp 200w, https:\/\/ascensoresramase.com\/wp-content\/uploads\/viladecans-5-400x711.webp 400w, https:\/\/ascensoresramase.com\/wp-content\/uploads\/viladecans-5.webp 600w\" sizes=\"(min-width: 2200px) 100vw, (min-width: 784px) 397px, (min-width: 712px) 595px, (min-width: 640px) 712px, \" \/><\/div><\/a><\/div><\/div><div style=\"padding:5px;\" class=\"fusion-grid-column fusion-gallery-column fusion-gallery-column-3 hover-type-none fusion-element-grid\"><div class=\"fusion-gallery-image\"><a href=\"https:\/\/ascensoresramase.com\/wp-content\/uploads\/viladecans-6.webp\" rel=\"noreferrer\" data-rel=\"iLightbox[gallery_image_1]\" class=\"fusion-lightbox\" target=\"_self\"><div style=\"background-image:url(https:\/\/ascensoresramase.com\/wp-content\/uploads\/viladecans-6.webp);padding-top:calc((100% + 10px) * 0.8 - 5px);background-position:;\" class=\"fusion-masonry-element-container\"><img decoding=\"async\" src=\"https:\/\/ascensoresramase.com\/wp-content\/uploads\/viladecans-6.webp\" width=\"600\" height=\"1067\" alt=\"\" title=\"viladecans-6\" aria-label=\"viladecans-6\" class=\"img-responsive wp-image-10235\" srcset=\"https:\/\/ascensoresramase.com\/wp-content\/uploads\/viladecans-6-200x356.webp 200w, https:\/\/ascensoresramase.com\/wp-content\/uploads\/viladecans-6-400x711.webp 400w, https:\/\/ascensoresramase.com\/wp-content\/uploads\/viladecans-6.webp 600w\" sizes=\"(min-width: 2200px) 100vw, (min-width: 784px) 397px, (min-width: 712px) 595px, (min-width: 640px) 712px, \" \/><\/div><\/a><\/div><\/div><div style=\"padding:5px;\" class=\"fusion-grid-column fusion-gallery-column fusion-gallery-column-3 hover-type-none fusion-element-grid\"><div class=\"fusion-gallery-image\"><a href=\"https:\/\/ascensoresramase.com\/wp-content\/uploads\/viladecans-7.webp\" rel=\"noreferrer\" data-rel=\"iLightbox[gallery_image_1]\" class=\"fusion-lightbox\" target=\"_self\"><div style=\"background-image:url(https:\/\/ascensoresramase.com\/wp-content\/uploads\/viladecans-7.webp);padding-top:calc((100% + 10px) * 0.8 - 5px);background-position:;\" class=\"fusion-masonry-element-container\"><img decoding=\"async\" src=\"https:\/\/ascensoresramase.com\/wp-content\/uploads\/viladecans-7.webp\" width=\"800\" height=\"1067\" alt=\"\" title=\"viladecans-7\" aria-label=\"viladecans-7\" class=\"img-responsive wp-image-10233\" srcset=\"https:\/\/ascensoresramase.com\/wp-content\/uploads\/viladecans-7-200x267.webp 200w, https:\/\/ascensoresramase.com\/wp-content\/uploads\/viladecans-7-400x534.webp 400w, https:\/\/ascensoresramase.com\/wp-content\/uploads\/viladecans-7-600x800.webp 600w, https:\/\/ascensoresramase.com\/wp-content\/uploads\/viladecans-7.webp 800w\" sizes=\"(min-width: 2200px) 100vw, (min-width: 784px) 397px, (min-width: 712px) 595px, (min-width: 640px) 712px, \" \/><\/div><\/a><\/div><\/div><div style=\"padding:5px;\" class=\"fusion-grid-column fusion-gallery-column fusion-gallery-column-3 hover-type-none fusion-element-grid\"><div class=\"fusion-gallery-image\"><a href=\"https:\/\/ascensoresramase.com\/wp-content\/uploads\/viladecans-8.webp\" rel=\"noreferrer\" data-rel=\"iLightbox[gallery_image_1]\" class=\"fusion-lightbox\" target=\"_self\"><div style=\"background-image:url(https:\/\/ascensoresramase.com\/wp-content\/uploads\/viladecans-8.webp);padding-top:calc((100% + 10px) * 0.8 - 5px);background-position:;\" class=\"fusion-masonry-element-container\"><img decoding=\"async\" src=\"https:\/\/ascensoresramase.com\/wp-content\/uploads\/viladecans-8.webp\" width=\"600\" height=\"1067\" alt=\"\" title=\"viladecans-8\" aria-label=\"viladecans-8\" class=\"img-responsive wp-image-10231\" srcset=\"https:\/\/ascensoresramase.com\/wp-content\/uploads\/viladecans-8-200x356.webp 200w, https:\/\/ascensoresramase.com\/wp-content\/uploads\/viladecans-8-400x711.webp 400w, https:\/\/ascensoresramase.com\/wp-content\/uploads\/viladecans-8.webp 600w\" sizes=\"(min-width: 2200px) 100vw, (min-width: 784px) 397px, (min-width: 712px) 595px, (min-width: 640px) 712px, \" \/><\/div><\/a><\/div><\/div><div style=\"padding:5px;\" class=\"fusion-grid-column fusion-gallery-column fusion-gallery-column-3 hover-type-none fusion-element-grid\"><div class=\"fusion-gallery-image\"><a href=\"https:\/\/ascensoresramase.com\/wp-content\/uploads\/viladecans-9.webp\" rel=\"noreferrer\" data-rel=\"iLightbox[gallery_image_1]\" class=\"fusion-lightbox\" target=\"_self\"><div style=\"background-image:url(https:\/\/ascensoresramase.com\/wp-content\/uploads\/viladecans-9.webp);padding-top:calc((100% + 10px) * 0.8 - 5px);background-position:;\" class=\"fusion-masonry-element-container\"><img decoding=\"async\" src=\"https:\/\/ascensoresramase.com\/wp-content\/uploads\/viladecans-9.webp\" width=\"600\" height=\"1067\" alt=\"\" title=\"viladecans-9\" aria-label=\"viladecans-9\" class=\"img-responsive wp-image-10229\" srcset=\"https:\/\/ascensoresramase.com\/wp-content\/uploads\/viladecans-9-200x356.webp 200w, https:\/\/ascensoresramase.com\/wp-content\/uploads\/viladecans-9-400x711.webp 400w, https:\/\/ascensoresramase.com\/wp-content\/uploads\/viladecans-9.webp 600w\" sizes=\"(min-width: 2200px) 100vw, (min-width: 784px) 397px, (min-width: 712px) 595px, (min-width: 640px) 712px, \" \/><\/div><\/a><\/div><\/div><div style=\"padding:5px;\" class=\"fusion-grid-column fusion-gallery-column fusion-gallery-column-3 hover-type-none fusion-element-grid\"><div class=\"fusion-gallery-image\"><a href=\"https:\/\/ascensoresramase.com\/wp-content\/uploads\/viladecans-10.webp\" rel=\"noreferrer\" data-rel=\"iLightbox[gallery_image_1]\" class=\"fusion-lightbox\" target=\"_self\"><div style=\"background-image:url(https:\/\/ascensoresramase.com\/wp-content\/uploads\/viladecans-10.webp);padding-top:calc((100% + 10px) * 0.8 - 5px);background-position:;\" class=\"fusion-masonry-element-container\"><img decoding=\"async\" src=\"https:\/\/ascensoresramase.com\/wp-content\/uploads\/viladecans-10.webp\" width=\"600\" height=\"1067\" alt=\"\" title=\"viladecans-10\" aria-label=\"viladecans-10\" class=\"img-responsive wp-image-10227\" srcset=\"https:\/\/ascensoresramase.com\/wp-content\/uploads\/viladecans-10-200x356.webp 200w, https:\/\/ascensoresramase.com\/wp-content\/uploads\/viladecans-10-400x711.webp 400w, https:\/\/ascensoresramase.com\/wp-content\/uploads\/viladecans-10.webp 600w\" sizes=\"(min-width: 2200px) 100vw, (min-width: 784px) 397px, (min-width: 712px) 595px, (min-width: 640px) 712px, \" \/><\/div><\/a><\/div><\/div><div style=\"padding:5px;\" class=\"fusion-grid-column fusion-gallery-column fusion-gallery-column-3 hover-type-none fusion-element-grid\"><div class=\"fusion-gallery-image\"><a href=\"https:\/\/ascensoresramase.com\/wp-content\/uploads\/viladecans-11.webp\" rel=\"noreferrer\" data-rel=\"iLightbox[gallery_image_1]\" class=\"fusion-lightbox\" target=\"_self\"><div style=\"background-image:url(https:\/\/ascensoresramase.com\/wp-content\/uploads\/viladecans-11.webp);padding-top:calc((100% + 10px) * 0.8 - 5px);background-position:;\" class=\"fusion-masonry-element-container\"><img decoding=\"async\" src=\"https:\/\/ascensoresramase.com\/wp-content\/uploads\/viladecans-11.webp\" width=\"600\" height=\"1067\" alt=\"\" title=\"viladecans-11\" aria-label=\"viladecans-11\" class=\"img-responsive wp-image-10225\" srcset=\"https:\/\/ascensoresramase.com\/wp-content\/uploads\/viladecans-11-200x356.webp 200w, https:\/\/ascensoresramase.com\/wp-content\/uploads\/viladecans-11-400x711.webp 400w, https:\/\/ascensoresramase.com\/wp-content\/uploads\/viladecans-11.webp 600w\" sizes=\"(min-width: 2200px) 100vw, (min-width: 784px) 397px, (min-width: 712px) 595px, (min-width: 640px) 712px, \" \/><\/div><\/a><\/div><\/div><div style=\"padding:5px;\" class=\"fusion-grid-column fusion-gallery-column fusion-gallery-column-3 hover-type-none fusion-element-grid\"><div class=\"fusion-gallery-image\"><a href=\"https:\/\/ascensoresramase.com\/wp-content\/uploads\/viladecans-12.webp\" rel=\"noreferrer\" data-rel=\"iLightbox[gallery_image_1]\" class=\"fusion-lightbox\" target=\"_self\"><div style=\"background-image:url(https:\/\/ascensoresramase.com\/wp-content\/uploads\/viladecans-12.webp);padding-top:calc((100% + 10px) * 0.8 - 5px);background-position:;\" class=\"fusion-masonry-element-container\"><img decoding=\"async\" src=\"https:\/\/ascensoresramase.com\/wp-content\/uploads\/viladecans-12.webp\" width=\"800\" height=\"1067\" alt=\"\" title=\"viladecans-12\" aria-label=\"viladecans-12\" class=\"img-responsive wp-image-10223\" srcset=\"https:\/\/ascensoresramase.com\/wp-content\/uploads\/viladecans-12-200x267.webp 200w, https:\/\/ascensoresramase.com\/wp-content\/uploads\/viladecans-12-400x534.webp 400w, https:\/\/ascensoresramase.com\/wp-content\/uploads\/viladecans-12-600x800.webp 600w, https:\/\/ascensoresramase.com\/wp-content\/uploads\/viladecans-12.webp 800w\" sizes=\"(min-width: 2200px) 100vw, (min-width: 784px) 397px, (min-width: 712px) 595px, (min-width: 640px) 712px, \" \/><\/div><\/a><\/div><\/div><div style=\"padding:5px;\" class=\"fusion-grid-column fusion-gallery-column fusion-gallery-column-3 hover-type-none fusion-element-grid\"><div class=\"fusion-gallery-image\"><a href=\"https:\/\/ascensoresramase.com\/wp-content\/uploads\/viladecans-13.webp\" rel=\"noreferrer\" data-rel=\"iLightbox[gallery_image_1]\" class=\"fusion-lightbox\" target=\"_self\"><div style=\"background-image:url(https:\/\/ascensoresramase.com\/wp-content\/uploads\/viladecans-13.webp);padding-top:calc((100% + 10px) * 0.8 - 5px);background-position:;\" class=\"fusion-masonry-element-container\"><img decoding=\"async\" src=\"https:\/\/ascensoresramase.com\/wp-content\/uploads\/viladecans-13.webp\" width=\"800\" height=\"1067\" alt=\"\" title=\"viladecans-13\" aria-label=\"viladecans-13\" class=\"img-responsive wp-image-10221\" srcset=\"https:\/\/ascensoresramase.com\/wp-content\/uploads\/viladecans-13-200x267.webp 200w, https:\/\/ascensoresramase.com\/wp-content\/uploads\/viladecans-13-400x534.webp 400w, https:\/\/ascensoresramase.com\/wp-content\/uploads\/viladecans-13-600x800.webp 600w, https:\/\/ascensoresramase.com\/wp-content\/uploads\/viladecans-13.webp 800w\" sizes=\"(min-width: 2200px) 100vw, (min-width: 784px) 397px, (min-width: 712px) 595px, (min-width: 640px) 712px, \" \/><\/div><\/a><\/div><\/div><div style=\"padding:5px;\" class=\"fusion-grid-column fusion-gallery-column fusion-gallery-column-3 hover-type-none fusion-element-grid\"><div class=\"fusion-gallery-image\"><a href=\"https:\/\/ascensoresramase.com\/wp-content\/uploads\/viladecans-14.webp\" rel=\"noreferrer\" data-rel=\"iLightbox[gallery_image_1]\" class=\"fusion-lightbox\" target=\"_self\"><div style=\"background-image:url(https:\/\/ascensoresramase.com\/wp-content\/uploads\/viladecans-14.webp);padding-top:calc((100% + 10px) * 0.8 - 5px);background-position:;\" class=\"fusion-masonry-element-container\"><img decoding=\"async\" src=\"https:\/\/ascensoresramase.com\/wp-content\/uploads\/viladecans-14.webp\" width=\"800\" height=\"1067\" alt=\"\" title=\"viladecans-14\" aria-label=\"viladecans-14\" class=\"img-responsive wp-image-10219\" srcset=\"https:\/\/ascensoresramase.com\/wp-content\/uploads\/viladecans-14-200x267.webp 200w, https:\/\/ascensoresramase.com\/wp-content\/uploads\/viladecans-14-400x534.webp 400w, https:\/\/ascensoresramase.com\/wp-content\/uploads\/viladecans-14-600x800.webp 600w, https:\/\/ascensoresramase.com\/wp-content\/uploads\/viladecans-14.webp 800w\" sizes=\"(min-width: 2200px) 100vw, (min-width: 784px) 397px, (min-width: 712px) 595px, (min-width: 640px) 712px, \" \/><\/div><\/a><\/div><\/div><div style=\"padding:5px;\" class=\"fusion-grid-column fusion-gallery-column fusion-gallery-column-3 hover-type-none fusion-element-grid\"><div class=\"fusion-gallery-image\"><a href=\"https:\/\/ascensoresramase.com\/wp-content\/uploads\/viladecans-15.webp\" rel=\"noreferrer\" data-rel=\"iLightbox[gallery_image_1]\" class=\"fusion-lightbox\" target=\"_self\"><div style=\"background-image:url(https:\/\/ascensoresramase.com\/wp-content\/uploads\/viladecans-15.webp);padding-top:calc((100% + 10px) * 0.8 - 5px);background-position:;\" class=\"fusion-masonry-element-container\"><img decoding=\"async\" src=\"https:\/\/ascensoresramase.com\/wp-content\/uploads\/viladecans-15.webp\" width=\"800\" height=\"1067\" alt=\"\" title=\"viladecans-15\" aria-label=\"viladecans-15\" class=\"img-responsive wp-image-10217\" srcset=\"https:\/\/ascensoresramase.com\/wp-content\/uploads\/viladecans-15-200x267.webp 200w, https:\/\/ascensoresramase.com\/wp-content\/uploads\/viladecans-15-400x534.webp 400w, https:\/\/ascensoresramase.com\/wp-content\/uploads\/viladecans-15-600x800.webp 600w, https:\/\/ascensoresramase.com\/wp-content\/uploads\/viladecans-15.webp 800w\" sizes=\"(min-width: 2200px) 100vw, (min-width: 784px) 397px, (min-width: 712px) 595px, (min-width: 640px) 712px, \" \/><\/div><\/a><\/div><\/div><div style=\"padding:5px;\" class=\"fusion-grid-column fusion-gallery-column fusion-gallery-column-3 hover-type-none fusion-element-grid\"><div class=\"fusion-gallery-image\"><a href=\"https:\/\/ascensoresramase.com\/wp-content\/uploads\/viladecans-16.webp\" rel=\"noreferrer\" data-rel=\"iLightbox[gallery_image_1]\" class=\"fusion-lightbox\" target=\"_self\"><div style=\"background-image:url(https:\/\/ascensoresramase.com\/wp-content\/uploads\/viladecans-16.webp);padding-top:calc((100% + 10px) * 0.8 - 5px);background-position:;\" class=\"fusion-masonry-element-container\"><img decoding=\"async\" src=\"https:\/\/ascensoresramase.com\/wp-content\/uploads\/viladecans-16.webp\" width=\"800\" height=\"1067\" alt=\"Sustituci\u00f3n completa de ascensor existente - Ascensores Ramase\" title=\"viladecans-16\" aria-label=\"viladecans-16\" class=\"img-responsive wp-image-10215\" srcset=\"https:\/\/ascensoresramase.com\/wp-content\/uploads\/viladecans-16-200x267.webp 200w, https:\/\/ascensoresramase.com\/wp-content\/uploads\/viladecans-16-400x534.webp 400w, https:\/\/ascensoresramase.com\/wp-content\/uploads\/viladecans-16-600x800.webp 600w, https:\/\/ascensoresramase.com\/wp-content\/uploads\/viladecans-16.webp 800w\" sizes=\"(min-width: 2200px) 100vw, (min-width: 784px) 397px, (min-width: 712px) 595px, (min-width: 640px) 712px, \" \/><\/div><\/a><\/div><\/div><\/div><\/div><\/div><\/div><\/div><\/div><\/p>\n","protected":false},"excerpt":{"rendered":"","protected":false},"author":1,"featured_media":10215,"menu_order":0,"comment_status":"closed","ping_status":"closed","template":"","format":"standard","meta":{"footnotes":""},"portfolio_category":[34],"portfolio_skills":[],"portfolio_tags":[],"class_list":["post-10245","avada_portfolio","type-avada_portfolio","status-publish","format-standard","has-post-thumbnail","hentry","portfolio_category-obres-acabades"],"yoast_head":"<!-- This site is optimized with the Yoast SEO plugin v27.4 - https:\/\/yoast.com\/product\/yoast-seo-wordpress\/ -->\n<title>Substituci\u00f3 completa d&#039;ascensor existent - Ascensores Ramase<\/title>\n<meta name=\"description\" content=\"S&#039;ha procedit a la substituci\u00f3 completa d&#039;ascensor existent en una finca de Viladecans per un sistema gearless m\u00e9s eficient.\" \/>\n<meta name=\"robots\" content=\"index, follow, max-snippet:-1, max-image-preview:large, max-video-preview:-1\" \/>\n<link rel=\"canonical\" href=\"https:\/\/ascensoresramase.com\/ca\/treballs-realitzats\/renovacio-total-per-substitucio-viladecans\/\" \/>\n<meta property=\"og:locale\" content=\"ca_ES\" \/>\n<meta property=\"og:type\" content=\"article\" \/>\n<meta property=\"og:title\" content=\"Substituci\u00f3 completa d&#039;ascensor existent - Ascensores Ramase\" \/>\n<meta property=\"og:description\" content=\"S&#039;ha procedit a la substituci\u00f3 completa d&#039;ascensor existent en una finca de Viladecans per un sistema gearless m\u00e9s eficient.\" \/>\n<meta property=\"og:url\" content=\"https:\/\/ascensoresramase.com\/ca\/treballs-realitzats\/renovacio-total-per-substitucio-viladecans\/\" \/>\n<meta property=\"og:site_name\" content=\"Empresa mantenimiento ascensores Barcelona - Ascensores Ramase\" \/>\n<meta property=\"article:modified_time\" content=\"2026-03-18T15:59:20+00:00\" \/>\n<meta property=\"og:image\" content=\"https:\/\/ascensoresramase.com\/wp-content\/uploads\/viladecans-16.webp\" \/>\n\t<meta property=\"og:image:width\" content=\"800\" \/>\n\t<meta property=\"og:image:height\" content=\"1067\" \/>\n\t<meta property=\"og:image:type\" content=\"image\/webp\" \/>\n<meta name=\"twitter:card\" content=\"summary_large_image\" \/>\n<meta name=\"twitter:label1\" content=\"Temps estimat de lectura\" \/>\n\t<meta name=\"twitter:data1\" content=\"4 minuts\" \/>\n<script type=\"application\/ld+json\" class=\"yoast-schema-graph\">{\"@context\":\"https:\\\/\\\/schema.org\",\"@graph\":[{\"@type\":\"WebPage\",\"@id\":\"https:\\\/\\\/ascensoresramase.com\\\/ca\\\/treballs-realitzats\\\/renovacio-total-per-substitucio-viladecans\\\/\",\"url\":\"https:\\\/\\\/ascensoresramase.com\\\/ca\\\/treballs-realitzats\\\/renovacio-total-per-substitucio-viladecans\\\/\",\"name\":\"Substituci\u00f3 completa d'ascensor existent - Ascensores Ramase\",\"isPartOf\":{\"@id\":\"https:\\\/\\\/ascensoresramase.com\\\/ca\\\/#website\"},\"primaryImageOfPage\":{\"@id\":\"https:\\\/\\\/ascensoresramase.com\\\/ca\\\/treballs-realitzats\\\/renovacio-total-per-substitucio-viladecans\\\/#primaryimage\"},\"image\":{\"@id\":\"https:\\\/\\\/ascensoresramase.com\\\/ca\\\/treballs-realitzats\\\/renovacio-total-per-substitucio-viladecans\\\/#primaryimage\"},\"thumbnailUrl\":\"https:\\\/\\\/ascensoresramase.com\\\/wp-content\\\/uploads\\\/viladecans-16.webp\",\"datePublished\":\"2023-01-16T09:12:38+00:00\",\"dateModified\":\"2026-03-18T15:59:20+00:00\",\"description\":\"S'ha procedit a la substituci\u00f3 completa d'ascensor existent en una finca de Viladecans per un sistema gearless m\u00e9s eficient.\",\"breadcrumb\":{\"@id\":\"https:\\\/\\\/ascensoresramase.com\\\/ca\\\/treballs-realitzats\\\/renovacio-total-per-substitucio-viladecans\\\/#breadcrumb\"},\"inLanguage\":\"ca\",\"potentialAction\":[{\"@type\":\"ReadAction\",\"target\":[\"https:\\\/\\\/ascensoresramase.com\\\/ca\\\/treballs-realitzats\\\/renovacio-total-per-substitucio-viladecans\\\/\"]}]},{\"@type\":\"ImageObject\",\"inLanguage\":\"ca\",\"@id\":\"https:\\\/\\\/ascensoresramase.com\\\/ca\\\/treballs-realitzats\\\/renovacio-total-per-substitucio-viladecans\\\/#primaryimage\",\"url\":\"https:\\\/\\\/ascensoresramase.com\\\/wp-content\\\/uploads\\\/viladecans-16.webp\",\"contentUrl\":\"https:\\\/\\\/ascensoresramase.com\\\/wp-content\\\/uploads\\\/viladecans-16.webp\",\"width\":800,\"height\":1067,\"caption\":\"Sustituci\u00f3n completa de ascensor existente - Ascensores Ramase\"},{\"@type\":\"BreadcrumbList\",\"@id\":\"https:\\\/\\\/ascensoresramase.com\\\/ca\\\/treballs-realitzats\\\/renovacio-total-per-substitucio-viladecans\\\/#breadcrumb\",\"itemListElement\":[{\"@type\":\"ListItem\",\"position\":1,\"name\":\"Inicio\",\"item\":\"https:\\\/\\\/ascensoresramase.com\\\/ca\\\/\"},{\"@type\":\"ListItem\",\"position\":2,\"name\":\"Portfolio\",\"item\":\"https:\\\/\\\/ascensoresramase.com\\\/ca\\\/treballs-realitzats\\\/\"},{\"@type\":\"ListItem\",\"position\":3,\"name\":\"Substituci\u00f3 completa d&#8217;ascensor existent &#8211; Viladecans\"}]},{\"@type\":\"WebSite\",\"@id\":\"https:\\\/\\\/ascensoresramase.com\\\/ca\\\/#website\",\"url\":\"https:\\\/\\\/ascensoresramase.com\\\/ca\\\/\",\"name\":\"Empresa mantenimiento ascensores Barcelona - Ascensores Ramase\",\"description\":\"\",\"publisher\":{\"@id\":\"https:\\\/\\\/ascensoresramase.com\\\/ca\\\/#organization\"},\"potentialAction\":[{\"@type\":\"SearchAction\",\"target\":{\"@type\":\"EntryPoint\",\"urlTemplate\":\"https:\\\/\\\/ascensoresramase.com\\\/ca\\\/?s={search_term_string}\"},\"query-input\":{\"@type\":\"PropertyValueSpecification\",\"valueRequired\":true,\"valueName\":\"search_term_string\"}}],\"inLanguage\":\"ca\"},{\"@type\":\"Organization\",\"@id\":\"https:\\\/\\\/ascensoresramase.com\\\/ca\\\/#organization\",\"name\":\"RAMASE, S.A\",\"url\":\"https:\\\/\\\/ascensoresramase.com\\\/ca\\\/\",\"logo\":{\"@type\":\"ImageObject\",\"inLanguage\":\"ca\",\"@id\":\"https:\\\/\\\/ascensoresramase.com\\\/ca\\\/#\\\/schema\\\/logo\\\/image\\\/\",\"url\":\"https:\\\/\\\/ascensoresramase.com\\\/wp-content\\\/uploads\\\/LOGO_ramase-web-1.png\",\"contentUrl\":\"https:\\\/\\\/ascensoresramase.com\\\/wp-content\\\/uploads\\\/LOGO_ramase-web-1.png\",\"width\":234,\"height\":150,\"caption\":\"RAMASE, S.A\"},\"image\":{\"@id\":\"https:\\\/\\\/ascensoresramase.com\\\/ca\\\/#\\\/schema\\\/logo\\\/image\\\/\"}}]}<\/script>\n<!-- \/ Yoast SEO plugin. -->","yoast_head_json":{"title":"Substituci\u00f3 completa d'ascensor existent - Ascensores Ramase","description":"S'ha procedit a la substituci\u00f3 completa d'ascensor existent en una finca de Viladecans per un sistema gearless m\u00e9s eficient.","robots":{"index":"index","follow":"follow","max-snippet":"max-snippet:-1","max-image-preview":"max-image-preview:large","max-video-preview":"max-video-preview:-1"},"canonical":"https:\/\/ascensoresramase.com\/ca\/treballs-realitzats\/renovacio-total-per-substitucio-viladecans\/","og_locale":"ca_ES","og_type":"article","og_title":"Substituci\u00f3 completa d'ascensor existent - Ascensores Ramase","og_description":"S'ha procedit a la substituci\u00f3 completa d'ascensor existent en una finca de Viladecans per un sistema gearless m\u00e9s eficient.","og_url":"https:\/\/ascensoresramase.com\/ca\/treballs-realitzats\/renovacio-total-per-substitucio-viladecans\/","og_site_name":"Empresa mantenimiento ascensores Barcelona - Ascensores Ramase","article_modified_time":"2026-03-18T15:59:20+00:00","og_image":[{"width":800,"height":1067,"url":"https:\/\/ascensoresramase.com\/wp-content\/uploads\/viladecans-16.webp","type":"image\/webp"}],"twitter_card":"summary_large_image","twitter_misc":{"Temps estimat de lectura":"4 minuts"},"schema":{"@context":"https:\/\/schema.org","@graph":[{"@type":"WebPage","@id":"https:\/\/ascensoresramase.com\/ca\/treballs-realitzats\/renovacio-total-per-substitucio-viladecans\/","url":"https:\/\/ascensoresramase.com\/ca\/treballs-realitzats\/renovacio-total-per-substitucio-viladecans\/","name":"Substituci\u00f3 completa d'ascensor existent - Ascensores Ramase","isPartOf":{"@id":"https:\/\/ascensoresramase.com\/ca\/#website"},"primaryImageOfPage":{"@id":"https:\/\/ascensoresramase.com\/ca\/treballs-realitzats\/renovacio-total-per-substitucio-viladecans\/#primaryimage"},"image":{"@id":"https:\/\/ascensoresramase.com\/ca\/treballs-realitzats\/renovacio-total-per-substitucio-viladecans\/#primaryimage"},"thumbnailUrl":"https:\/\/ascensoresramase.com\/wp-content\/uploads\/viladecans-16.webp","datePublished":"2023-01-16T09:12:38+00:00","dateModified":"2026-03-18T15:59:20+00:00","description":"S'ha procedit a la substituci\u00f3 completa d'ascensor existent en una finca de Viladecans per un sistema gearless m\u00e9s eficient.","breadcrumb":{"@id":"https:\/\/ascensoresramase.com\/ca\/treballs-realitzats\/renovacio-total-per-substitucio-viladecans\/#breadcrumb"},"inLanguage":"ca","potentialAction":[{"@type":"ReadAction","target":["https:\/\/ascensoresramase.com\/ca\/treballs-realitzats\/renovacio-total-per-substitucio-viladecans\/"]}]},{"@type":"ImageObject","inLanguage":"ca","@id":"https:\/\/ascensoresramase.com\/ca\/treballs-realitzats\/renovacio-total-per-substitucio-viladecans\/#primaryimage","url":"https:\/\/ascensoresramase.com\/wp-content\/uploads\/viladecans-16.webp","contentUrl":"https:\/\/ascensoresramase.com\/wp-content\/uploads\/viladecans-16.webp","width":800,"height":1067,"caption":"Sustituci\u00f3n completa de ascensor existente - Ascensores Ramase"},{"@type":"BreadcrumbList","@id":"https:\/\/ascensoresramase.com\/ca\/treballs-realitzats\/renovacio-total-per-substitucio-viladecans\/#breadcrumb","itemListElement":[{"@type":"ListItem","position":1,"name":"Inicio","item":"https:\/\/ascensoresramase.com\/ca\/"},{"@type":"ListItem","position":2,"name":"Portfolio","item":"https:\/\/ascensoresramase.com\/ca\/treballs-realitzats\/"},{"@type":"ListItem","position":3,"name":"Substituci\u00f3 completa d&#8217;ascensor existent &#8211; Viladecans"}]},{"@type":"WebSite","@id":"https:\/\/ascensoresramase.com\/ca\/#website","url":"https:\/\/ascensoresramase.com\/ca\/","name":"Empresa mantenimiento ascensores Barcelona - Ascensores Ramase","description":"","publisher":{"@id":"https:\/\/ascensoresramase.com\/ca\/#organization"},"potentialAction":[{"@type":"SearchAction","target":{"@type":"EntryPoint","urlTemplate":"https:\/\/ascensoresramase.com\/ca\/?s={search_term_string}"},"query-input":{"@type":"PropertyValueSpecification","valueRequired":true,"valueName":"search_term_string"}}],"inLanguage":"ca"},{"@type":"Organization","@id":"https:\/\/ascensoresramase.com\/ca\/#organization","name":"RAMASE, S.A","url":"https:\/\/ascensoresramase.com\/ca\/","logo":{"@type":"ImageObject","inLanguage":"ca","@id":"https:\/\/ascensoresramase.com\/ca\/#\/schema\/logo\/image\/","url":"https:\/\/ascensoresramase.com\/wp-content\/uploads\/LOGO_ramase-web-1.png","contentUrl":"https:\/\/ascensoresramase.com\/wp-content\/uploads\/LOGO_ramase-web-1.png","width":234,"height":150,"caption":"RAMASE, S.A"},"image":{"@id":"https:\/\/ascensoresramase.com\/ca\/#\/schema\/logo\/image\/"}}]}},"_links":{"self":[{"href":"https:\/\/ascensoresramase.com\/ca\/wp-json\/wp\/v2\/avada_portfolio\/10245","targetHints":{"allow":["GET"]}}],"collection":[{"href":"https:\/\/ascensoresramase.com\/ca\/wp-json\/wp\/v2\/avada_portfolio"}],"about":[{"href":"https:\/\/ascensoresramase.com\/ca\/wp-json\/wp\/v2\/types\/avada_portfolio"}],"author":[{"embeddable":true,"href":"https:\/\/ascensoresramase.com\/ca\/wp-json\/wp\/v2\/users\/1"}],"replies":[{"embeddable":true,"href":"https:\/\/ascensoresramase.com\/ca\/wp-json\/wp\/v2\/comments?post=10245"}],"version-history":[{"count":3,"href":"https:\/\/ascensoresramase.com\/ca\/wp-json\/wp\/v2\/avada_portfolio\/10245\/revisions"}],"predecessor-version":[{"id":14613,"href":"https:\/\/ascensoresramase.com\/ca\/wp-json\/wp\/v2\/avada_portfolio\/10245\/revisions\/14613"}],"wp:featuredmedia":[{"embeddable":true,"href":"https:\/\/ascensoresramase.com\/ca\/wp-json\/wp\/v2\/media\/10215"}],"wp:attachment":[{"href":"https:\/\/ascensoresramase.com\/ca\/wp-json\/wp\/v2\/media?parent=10245"}],"wp:term":[{"taxonomy":"portfolio_category","embeddable":true,"href":"https:\/\/ascensoresramase.com\/ca\/wp-json\/wp\/v2\/portfolio_category?post=10245"},{"taxonomy":"portfolio_skills","embeddable":true,"href":"https:\/\/ascensoresramase.com\/ca\/wp-json\/wp\/v2\/portfolio_skills?post=10245"},{"taxonomy":"portfolio_tags","embeddable":true,"href":"https:\/\/ascensoresramase.com\/ca\/wp-json\/wp\/v2\/portfolio_tags?post=10245"}],"curies":[{"name":"wp","href":"https:\/\/api.w.org\/{rel}","templated":true}]}}